{"id":3434,"date":"2025-05-02T13:22:29","date_gmt":"2025-05-02T11:22:29","guid":{"rendered":"https:\/\/forte-cultura.com\/?post_type=tribe_events&#038;p=3434"},"modified":"2025-05-02T13:24:49","modified_gmt":"2025-05-02T11:24:49","slug":"3-miedzynarodowy-mityng-w-skoku-wzwyz-w-cytadeli-spandau","status":"publish","type":"tribe_events","link":"https:\/\/forte-cultura.com\/pl\/event\/3-internationales-hochsprung-meeting-in-der-spandauer-zitadelle\/","title":{"rendered":"3. mi\u0119dzynarodowe zawody w skoku wzwy\u017c w Cytadeli Spandau"},"content":{"rendered":"<div  class=\"tribe-events-schedule tribe-clearfix\" >\n\t<p class=\"tribe-events-schedule__datetime\">\n\t\t<span class=\"tribe-events-schedule__date tribe-events-schedule__date--start\">\n\t\t\t10. maj 2025\t\t<\/span>\n\n\t\t\t\t\t<span class=\"tribe-events-schedule__all-day\">Ca\u0142y dzie\u0144<\/span>\n\t\t\n\t\t\t<\/p>\n<\/div>\n\n\n\n<p class=\"eplus-wrapper\">Tegoroczne zawody w skokach wzwy\u017c zapowiadaj\u0105 si\u0119 na wyj\u0105tkowe wydarzenie, a organizatorzy, TSV Spandau 1860, ju\u017c nie mog\u0105 si\u0119 doczeka\u0107 powitania wszystkich!<\/p>\n\n\n\n<p class=\"eplus-wrapper\">O godzinie 10.00 dziewcz\u0119ta ze szk\u00f3\u0142 podstawowych w Spandau z wadami s\u0142uchu i bez nich b\u0119d\u0105 rywalizowa\u0107 razem w II Mistrzostwach Szk\u00f3\u0142 Podstawowych w Skoku Wzwy\u017c. Odb\u0119d\u0105 si\u0119 zawody indywidualne i dru\u017cynowe.<\/p>\n\n\n\n<p class=\"eplus-wrapper\">O godzinie 12:00 w po\u0142udnie juniorzy Niemieckiego Zwi\u0105zku Lekkiej Atletyki, prowadzeni przez Kir\u0119 Kalb, aktualn\u0105 mistrzyni\u0119 Europy U18 i zwyci\u0119\u017cczyni\u0119 Igrzysk Olimpijskich M\u0142odzie\u017cy, Ell\u0119 Obet\u0119, b\u0119d\u0105 rywalizowa\u0107 razem z nies\u0142ysz\u0105cymi kobietami. Sw\u00f3j udzia\u0142 potwierdzi\u0142a mistrzyni Europy Iris Breginska ze S\u0142owenii.<\/p>\n\n\n\n<p class=\"eplus-wrapper\">W obu konkurencjach osoby niepe\u0142nosprawne i pe\u0142nosprawne prezentuj\u0105 swoje umiej\u0119tno\u015bci. Jest to obecnie unikalne rozwi\u0105zanie w Niemczech.<\/p>\n\n\n\n<p class=\"eplus-wrapper\">\u015awiatowa elita kobiet b\u0119dzie skaka\u0107 o godzinie 14:00. Tegoroczne zawody poprowadz\u0105 aktualna mistrzyni Azji z Kazachstanu, Kristina Ovchinnikova oraz finalistka olimpijska z Pary\u017ca, Buse Savaskas z Turcji. Krajow\u0105 elit\u0119 reprezentowa\u0107 b\u0119d\u0105 Bianca Stichling, aktualna halowa mistrzyni Niemiec, oraz Johanna G\u00f6ring, zawodniczka, kt\u00f3ra zaj\u0119\u0142a trzecie miejsce.<\/p>\n\n\n\n<p class=\"eplus-wrapper\">Poniewa\u017c sezon jest jeszcze bardzo m\u0142ody, nie ma faworyta i zapowiada si\u0119 ekscytuj\u0105ca rywalizacja.<\/p>\n\n\n\n<p class=\"eplus-wrapper\">By\u0142oby fantastycznie, gdyby\u015b pom\u00f3g\u0142 nam wesprze\u0107 to wyj\u0105tkowe wydarzenie.<\/p>\n\n\n\n<p class=\"eplus-wrapper\">Przyprowad\u017a swoje rodziny, przyjaci\u00f3\u0142, krewnych i s\u0105siad\u00f3w - wszyscy s\u0105 serdecznie zaproszeni! A przy odrobinie szcz\u0119\u015bcia mo\u017cesz wygra\u0107 darmowe bilety na ISTAF, prezentowane przez Berlinho, kt\u00f3re po raz kolejny zapewni \u015bwietn\u0105 atmosfer\u0119.<\/p>\n\n\n\n<p class=\"eplus-wrapper\">Im wi\u0119cej, tym bardziej niezapomniane b\u0119dzie nasze wsp\u00f3lne do\u015bwiadczenie!<\/p>\n\n\n\n<p class=\"eplus-wrapper\">Opr\u00f3cz emocji zwi\u0105zanych ze sportem, mo\u017cna spodziewa\u0107 si\u0119 pokazu sztucznych ogni z atrakcjami, kt\u00f3re zachwyc\u0105 zar\u00f3wno m\u0142odych, jak i starszych. <strong>Wst\u0119p jest bezp\u0142atny<\/strong><\/p>\n\n\n\n<p class=\"eplus-wrapper\"><strong>Nasze atrakcje dla m\u0142odszych go\u015bci&nbsp;<\/strong><\/p>\n\n\n<ul class=\"wp-block-list eplus-wrapper eplus-styles-uid-99a83a\"><li class=\"eplus-wrapper eplus-styles-uid-8d9cae\">Gigantyczny dmuchany zamek, kt\u00f3ry katapultuje maluchy do si\u00f3dmego nieba!<\/li>\n\n<li class=\"eplus-wrapper eplus-styles-uid-8d9cae\">Strzelanie goli w pi\u0142ce no\u017cnej, w kt\u00f3rym mo\u017cesz udowodni\u0107 swoje umiej\u0119tno\u015bci bramkarskie!<\/li>\n\n<li class=\"eplus-wrapper eplus-styles-uid-8d9cae\">Kurs Ninja, kt\u00f3ry wystawia na pr\u00f3b\u0119 umiej\u0119tno\u015bci i odwag\u0119 - b\u0105d\u017a gotowy!<\/li>\n\n<li class=\"eplus-wrapper eplus-styles-uid-8d9cae\">\u0141owienie kaczek - zabawa dla m\u0142odszych i starszych, gdzie mo\u017cna spr\u00f3bowa\u0107 szcz\u0119\u015bcia!<\/li>\n\n<li class=\"eplus-wrapper eplus-styles-uid-8d9cae\">Wy\u015bcig z lekkimi przeszkodami, w kt\u00f3rym pr\u0119dko\u015b\u0107 jest najwa\u017cniejsza!<\/li>\n\n<li class=\"eplus-wrapper eplus-styles-uid-8d9cae\">Parcour dla niewidomych, gdzie mo\u017cna zanurzy\u0107 si\u0119 w \u015bwiecie z \"punktu widzenia\" os\u00f3b niewidomych i niedowidz\u0105cych!<\/li>\n\n<li class=\"eplus-wrapper eplus-styles-uid-8d9cae\"><strong>A to tylko ma\u0142y przedsmak tego, czego mo\u017cesz si\u0119 spodziewa\u0107!<\/strong><\/li><\/ul>\n\n\n<p class=\"eplus-wrapper\">Dla doros\u0142ych przekszta\u0142cili\u015bmy nasze stanowisko do grillowania w prawdziw\u0105 oaz\u0119 przyjemno\u015bci! Delektuj si\u0119 ch\u0142odnymi napojami, takimi jak orze\u017awiaj\u0105ce piwo, gazowana cola i woda gazowana, wygrzewaj\u0105c si\u0119 na s\u0142o\u0144cu i ch\u0142on\u0105c sportow\u0105 atmosfer\u0119.<\/p>\n\n\n\n<figure class=\"wp-block-image size-large eplus-wrapper\"><img loading=\"lazy\" decoding=\"async\" width=\"738\" height=\"1024\" src=\"https:\/\/forte-cultura.com\/wp-content\/uploads\/Scan_20250425-738x1024.jpg\" alt=\"\" class=\"wp-image-3435\" srcset=\"https:\/\/forte-cultura.com\/wp-content\/uploads\/Scan_20250425-738x1024.jpg 738w, https:\/\/forte-cultura.com\/wp-content\/uploads\/Scan_20250425-216x300.jpg 216w, https:\/\/forte-cultura.com\/wp-content\/uploads\/Scan_20250425-768x1066.jpg 768w, https:\/\/forte-cultura.com\/wp-content\/uploads\/Scan_20250425-1106x1536.jpg 1106w, https:\/\/forte-cultura.com\/wp-content\/uploads\/Scan_20250425-1475x2048.jpg 1475w, https:\/\/forte-cultura.com\/wp-content\/uploads\/Scan_20250425-9x12.jpg 9w, https:\/\/forte-cultura.com\/wp-content\/uploads\/Scan_20250425-scaled.jpg 1844w\" sizes=\"auto, (max-width: 738px) 100vw, 738px\" \/><\/figure>\n\n\n<div  class=\"tribe-block tribe-block__event-price\" >\n\t\t<\/div>\n\n\n<div  class=\"tribe-block tribe-block__organizer__details tribe-clearfix\" >\n\t<div class=\"tribe-block__organizer__title\">\n\t\t<h3>TSV Spandau 1860<\/h3>\n\t<\/div>\n\t\t\t\t\t<p class=\"tribe-block__organizer__email\">info@spandauer-hochsprungmeeting.de<\/p>\n\t<\/div>\n\n\n<div  class=\"tribe-block tribe-block__venue tribe-clearfix tribe-block__venue--has-map\" >\n\t\n\t\n<div class=\"tribe-block__venue__meta\">\n\t<div class=\"tribe-block__venue__name\">\n\t\t<h3>Cytadela Spandau<\/h3>\n\t<\/div>\n\n\t\n\t\t\t\t\t\t<address class=\"tribe-block__venue__address\">\n\t\t\t\t<span class=\"tribe-address\">\n\n<span class=\"tribe-street-address\">Am Juliusturm 64<\/span>\n\t\n\t\t<br>\n\t\t<span class=\"tribe-locality\">Berlin<\/span><span class=\"tribe-delimiter\">,<\/span>\n\n\n\t<span class=\"tribe-postal-code\">13599<\/span>\n\n\t<span class=\"tribe-country-name\">Niemcy<\/span>\n\n<\/span>\n\n\t\t\t\t\t\t\t\t\t<a class=\"tribe-events-gmap\" href=\"https:\/\/maps.google.com\/maps?f=q&#038;source=s_q&#038;hl=en&#038;geocode=&#038;q=Am+Juliusturm+64+Berlin+13599+Germany\" title=\"Kliknij, aby zobaczy\u0107 map\u0119 Google\" target=\"_blank\" rel=\"noreferrer noopener\">+ Mapa Google<\/a>\t\t\t\t\t\t\t<\/address>\n\t\t\n\t\t\n\t\t\t\t\t<span class=\"tribe-block__venue__website\"><a href=\"http:\/\/www.zitadelle-berlin.de\/\" target=\"_self\" rel=\"external noopener\">Zobacz witryn\u0119 internetow\u0105 Miejsce<\/a><\/span><br \/>\n\t\t\t\n\t<\/div>\n\t\n<div class=\"tribe-block__venue__map\">\n\t<div id=\"tribe-events-gmap-0\" style=\"height: 256px; width: 310px\" aria-hidden=\"true\"><\/div><!-- #tribe-events-gmap- -->\n<\/div>\n\n\t<\/div>\n\n\n<div  class=\"tribe-block tribe-block__event-website\" >\n\t<a href=\"https:\/\/www.spandauer-hochsprungmeeting.de\/\" target=\"_self\" rel=\"noopener\">\n\t\tStrona internetowa wydarzenia\t<\/a>\n<\/div>\n\n\n\t<div  class=\"tribe-block tribe-block__events-link\" >\n\t\t<div class=\"tribe-events tribe-common\">\n\t\t\t<div class=\"tribe-events-c-subscribe-dropdown__container\">\n\t\t\t\t<div class=\"tribe-events-c-subscribe-dropdown\">\n\t\t\t\t\t<div class=\"tribe-common-c-btn-border tribe-events-c-subscribe-dropdown__button\">\n\t\t\t\t\t\t<svg\n\t class=\"tribe-common-c-svgicon tribe-common-c-svgicon--cal-export tribe-events-c-subscribe-dropdown__export-icon\" \taria-hidden=\"true\"\n\tviewbox=\"0 0 23 17\"\n\txmlns=\"http:\/\/www.w3.org\/2000\/svg\"\n>\n\t<path fill-rule=\"evenodd\" clip-rule=\"evenodd\" d=\"M.128.896V16.13c0 .211.145.383.323.383h15.354c.179 0 .323-.172.323-.383V.896c0-.212-.144-.383-.323-.383H.451C.273.513.128.684.128.896Zm16 6.742h-.901V4.679H1.009v10.729h14.218v-3.336h.901V7.638ZM1.01 1.614h14.218v2.058H1.009V1.614Z\" \/>\n\t<path d=\"M20.5 9.846H8.312M18.524 6.953l2.89 2.909-2.855 2.855\" stroke-width=\"1.2\" stroke-linecap=\"round\" stroke-linejoin=\"round\"\/>\n<\/svg>\n\t\t\t\t\t\t<button\n\t\t\t\t\t\t\tclass=\"tribe-events-c-subscribe-dropdown__button-text\"\n\t\t\t\t\t\t\taria-expanded=\"false\"\n\t\t\t\t\t\t\taria-controls=\"tribe-events-subscribe-dropdown-content\"\n\t\t\t\t\t\t\taria-label=\"Wy\u015bwietl linki do dodawania wydarze\u0144 do kalendarza\"\n\t\t\t\t\t\t>\n\t\t\t\t\t\t\tDodaj do kalendarza\t\t\t\t\t\t<\/button>\n\t\t\t\t\t\t<svg\n\t class=\"tribe-common-c-svgicon tribe-common-c-svgicon--caret-down tribe-events-c-subscribe-dropdown__button-icon\" \taria-hidden=\"true\"\n\tviewbox=\"0 0 10 7\"\n\txmlns=\"http:\/\/www.w3.org\/2000\/svg\"\n>\n\t<path fill-rule=\"evenodd\" clip-rule=\"evenodd\" d=\"M1.008.609L5 4.6 8.992.61l.958.958L5 6.517.05 1.566l.958-.958z\" class=\"tribe-common-c-svgicon__svg-fill\"\/>\n<\/svg>\n\t\t\t\t\t<\/div>\n\t\t\t\t\t<div id=\"tribe-events-subscribe-dropdown-content\" class=\"tribe-events-c-subscribe-dropdown__content\">\n\t\t\t\t\t\t<ul class=\"tribe-events-c-subscribe-dropdown__list\">\n\t\t\t\t\t\t\t\t\t\t\t\t\t\t\t<li class=\"tribe-events-c-subscribe-dropdown__list-item tribe-events-c-subscribe-dropdown__list-item--gcal\">\n\t\t\t\t\t\t\t\t\t<a href=\"https:\/\/www.google.com\/calendar\/event?action=TEMPLATE&#038;dates=20250510T000000\/20250510T235959&#038;text=3.%20Internationales%20Hochsprung-Meeting%20in%20der%20Spandauer%20Zitadelle&#038;details=%3Cp+class%3D%22+eplus-wrapper%22%3EDieses+Jahr+verspricht+das+Hochsprungmeeting+ein+ganz+besonderes+Ereignis+zu+werden%2C+und+der+ausrichtende+TSV+Spandau+1860+freut+sich+schon+jetzt+riesig+darauf%2C+euch+alle+begr%C3%BC%C3%9Fen+zu+d%C3%BCrfen%21%3C%2Fp%3E+%3Cp+class%3D%22+eplus-wrapper%22%3EUm+10%3A00h+springen+die+Spandauer+Grundsch%C3%BClerinnen+mit+und+ohne+H%C3%B6rbeeintr%C3%A4chtigungen+gemeinsam+um+die+2.+Grundschul-Hochsprungmeisterschaft.+Es+wird+eine+Einzel+-+und+Mannschaftswertung+geben.%3C%2Fp%3E+%3Cp+class%3D%22+eplus-wrapper%22%3EUm+12%3A00h+springt+der+Nachwuchskader+des+deutschen+Leichtathletik-Verbandes%2C+angef%C3%BChrt+von+Kira+Kalb%2C+der+amtierenden+U18+Europameisterin%2C+und+der+Siegerin+der+Jugendolympiade%2C+Ella+Obeta%2C+gemeinsam+mit+den+geh%C3%B6rlosen+Frauen+in+einem+Wettbewerb.+Die+Europameisterin+Iris+Breginska+aus+Slowenien+hat+zugesagt.%3C%2Fp%3E+%3Cp+class%3D%22+eplus-wrapper%22%3Ein+beiden+Wettbewerben+zeigen+Menschen+mit+und+ohne+Beeintr%C3%A4chtigungen+ihre+Leistungsf%C3%A4higkeit.+Das+ist+zur+Zeit+in+Deutschland+einzigartig.%3C%2Fp%3E+%3Cp+class%3D%22+e+%28Zobacz+pe%C5%82ny+opis+wydarzenie+tutaj%3A+https%3A%2F%2Fforte-cultura.com%2Fpl%2Fevent%2F3-internationales-hochsprung-meeting-in-der-spandauer-zitadelle%2F%29&#038;location=Zitadelle%20Spandau,%20Am%20Juliusturm%2064,%20Berlin,%2013599,%20Germany&#038;trp=false&#038;ctz=Europe\/Berlin&#038;sprop=website:https:\/\/forte-cultura.com\/pl\" class=\"tribe-events-c-subscribe-dropdown__list-item-link\" target=\"_blank\" rel=\"noopener noreferrer nofollow noindex\">\n\t\t\t\t\t\t\t\t\t\tKalendarz Google\t\t\t\t\t\t\t\t\t<\/a>\n\t\t\t\t\t\t\t\t<\/li>\n\t\t\t\t\t\t\t\t\t\t\t\t\t\t\t<li class=\"tribe-events-c-subscribe-dropdown__list-item tribe-events-c-subscribe-dropdown__list-item--ical\">\n\t\t\t\t\t\t\t\t\t<a\n\t\t\t\t\t\t\t\t\t\thref=\"\"\n\t\t\t\t\t\t\t\t\t\tclass=\"tribe-events-c-subscribe-dropdown__list-item-link\"\n\t\t\t\t\t\t\t\t\t\ttarget=\"_blank\"\n\t\t\t\t\t\t\t\t\t\trel=\"noopener noreferrer nofollow noindex\"\n\t\t\t\t\t\t\t\t\t>\n\t\t\t\t\t\t\t\t\t\tiKalendarz\t\t\t\t\t\t\t\t\t<\/a>\n\t\t\t\t\t\t\t\t<\/li>\n\t\t\t\t\t\t\t\t\t\t\t\t\t\t\t<li class=\"tribe-events-c-subscribe-dropdown__list-item tribe-events-c-subscribe-dropdown__list-item--outlook-365\">\n\t\t\t\t\t\t\t\t\t<a\n\t\t\t\t\t\t\t\t\t\thref=\"\"\n\t\t\t\t\t\t\t\t\t\tclass=\"tribe-events-c-subscribe-dropdown__list-item-link\"\n\t\t\t\t\t\t\t\t\t\ttarget=\"_blank\"\n\t\t\t\t\t\t\t\t\t\trel=\"noopener noreferrer nofollow noindex\"\n\t\t\t\t\t\t\t\t\t>\n\t\t\t\t\t\t\t\t\t\tOutlook 365\t\t\t\t\t\t\t\t\t<\/a>\n\t\t\t\t\t\t\t\t<\/li>\n\t\t\t\t\t\t\t\t\t\t\t\t\t\t\t<li class=\"tribe-events-c-subscribe-dropdown__list-item tribe-events-c-subscribe-dropdown__list-item--outlook-live\">\n\t\t\t\t\t\t\t\t\t<a\n\t\t\t\t\t\t\t\t\t\thref=\"\"\n\t\t\t\t\t\t\t\t\t\tclass=\"tribe-events-c-subscribe-dropdown__list-item-link\"\n\t\t\t\t\t\t\t\t\t\ttarget=\"_blank\"\n\t\t\t\t\t\t\t\t\t\trel=\"noopener noreferrer nofollow noindex\"\n\t\t\t\t\t\t\t\t\t>\n\t\t\t\t\t\t\t\t\t\tOutlook na \u017cywo\t\t\t\t\t\t\t\t\t<\/a>\n\t\t\t\t\t\t\t\t<\/li>\n\t\t\t\t\t\t\t\t\t\t\t\t\t<\/ul>\n\t\t\t\t\t<\/div>\n\t\t\t\t<\/div>\n\t\t\t<\/div>\n\t\t<\/div>\n\t<\/div>","protected":false},"excerpt":{"rendered":"<p>Dieses Jahr verspricht das Hochsprungmeeting ein ganz besonderes Ereignis zu werden, und der ausrichtende TSV Spandau 1860 freut sich schon jetzt riesig darauf, euch alle begr\u00fc\u00dfen zu d\u00fcrfen! Um 10:00h [&hellip;]<\/p>\n","protected":false},"author":1,"featured_media":3442,"template":"","meta":{"editor_plus_copied_stylings":"{}","pgc_sgb_lightbox_settings":"","_price":"","_stock":"","_tribe_ticket_header":"","_tribe_default_ticket_provider":"","_tribe_ticket_capacity":"","_ticket_start_date":"","_ticket_end_date":"","_tribe_ticket_show_description":"","_tribe_ticket_show_not_going":false,"_tribe_ticket_use_global_stock":"","_tribe_ticket_global_stock_level":"","_global_stock_mode":"","_global_stock_cap":"","_tribe_rsvp_for_event":"","_tribe_ticket_going_count":"","_tribe_ticket_not_going_count":"","_tribe_tickets_list":"[]","_tribe_ticket_has_attendee_info_fields":false,"_EventAllDay":true,"_EventTimezone":"Europe\/Berlin","_EventStartDate":"2025-05-10 00:00:00","_EventEndDate":"2025-05-10 23:59:59","_EventStartDateUTC":"2025-05-09 22:00:00","_EventEndDateUTC":"2025-05-10 21:59:59","_EventShowMap":false,"_EventShowMapLink":false,"_EventURL":"https:\/\/www.spandauer-hochsprungmeeting.de\/","_EventCost":"","_EventCostDescription":"","_EventCurrencySymbol":"\u20ac","_EventCurrencyCode":"EUR","_EventCurrencyPosition":"prefix","_EventDateTimeSeparator":" @ ","_EventTimeRangeSeparator":" - ","_EventOrganizerID":[3437],"_EventVenueID":[3438],"_OrganizerEmail":"","_OrganizerPhone":"","_OrganizerWebsite":"","_VenueAddress":"","_VenueCity":"","_VenueCountry":"","_VenueProvince":"","_VenueState":"","_VenueZip":"","_VenuePhone":"","_VenueURL":"","_VenueStateProvince":"","_VenueLat":"","_VenueLng":"","_VenueShowMap":false,"_VenueShowMapLink":false,"_tribe_events_status":"","_tribe_events_status_reason":"","footnotes":"","_tec_slr_enabled":"","_tec_slr_layout":""},"tags":[491,461,460,472],"tribe_events_cat":[],"class_list":["post-3434","tribe_events","type-tribe_events","status-publish","has-post-thumbnail","hentry","tag-berlin","tag-familie","tag-kids","tag-sport"],"ticketed":false,"_links":{"self":[{"href":"https:\/\/forte-cultura.com\/pl\/wp-json\/wp\/v2\/tribe_events\/3434","targetHints":{"allow":["GET"]}}],"collection":[{"href":"https:\/\/forte-cultura.com\/pl\/wp-json\/wp\/v2\/tribe_events"}],"about":[{"href":"https:\/\/forte-cultura.com\/pl\/wp-json\/wp\/v2\/types\/tribe_events"}],"author":[{"embeddable":true,"href":"https:\/\/forte-cultura.com\/pl\/wp-json\/wp\/v2\/users\/1"}],"version-history":[{"count":0,"href":"https:\/\/forte-cultura.com\/pl\/wp-json\/wp\/v2\/tribe_events\/3434\/revisions"}],"wp:featuredmedia":[{"embeddable":true,"href":"https:\/\/forte-cultura.com\/pl\/wp-json\/wp\/v2\/media\/3442"}],"wp:attachment":[{"href":"https:\/\/forte-cultura.com\/pl\/wp-json\/wp\/v2\/media?parent=3434"}],"wp:term":[{"taxonomy":"post_tag","embeddable":true,"href":"https:\/\/forte-cultura.com\/pl\/wp-json\/wp\/v2\/tags?post=3434"},{"taxonomy":"tribe_events_cat","embeddable":true,"href":"https:\/\/forte-cultura.com\/pl\/wp-json\/wp\/v2\/tribe_events_cat?post=3434"}],"curies":[{"name":"wp","href":"https:\/\/api.w.org\/{rel}","templated":true}]}}