{"id":3007,"date":"2024-11-03T08:23:08","date_gmt":"2024-11-03T07:23:08","guid":{"rendered":"https:\/\/forte-cultura.com\/?post_type=tribe_events&#038;p=3007"},"modified":"2024-11-03T08:23:09","modified_gmt":"2024-11-03T07:23:09","slug":"skradziona-pamiec-wystawa-specjalna-w-musee-memorial-walbourg-1870-1945-fr","status":"publish","type":"tribe_events","link":"https:\/\/forte-cultura.com\/pl\/event\/stolen-memory-sonderausstellung-im-musee-memorial-walbourg-1870-1945-fr\/","title":{"rendered":"\"Skradziona pami\u0119\u0107\" - wystawa specjalna w Mus\u00e9e M\u00e9morial Walbourg 1870-1945 (FR)"},"content":{"rendered":"<div  class=\"tribe-events-schedule tribe-clearfix\" >\n\t<p class=\"tribe-events-schedule__datetime\">\n\t\t<span class=\"tribe-events-schedule__date tribe-events-schedule__date--start\">\n\t\t\t15. grudzie\u0144 2024\t\t<\/span>\n\n\t\t\t\t\t<span class=\"tribe-events-schedule__separator tribe-events-schedule__separator--date\">\n\t\t\t\t@\t\t\t<\/span>\n\t\t\t<span class=\"tribe-events-schedule__time tribe-events-schedule__time--start\">\n\t\t\t\t15:00\t\t\t<\/span>\n\t\t\n\t\t\t\t\t\t\t\t\t<span class=\"tribe-events-schedule__separator tribe-events-schedule__separator--time\">\n\t\t\t\t\t\u2013\t\t\t\t<\/span>\n\t\t\t\n\t\t\t\t\t\t\t<span class=\"tribe-events-schedule__time tribe-events-schedule__time--end\">\n\t\t\t\t\t20:00\t\t\t\t<\/span>\n\t\t\t\n\t\t\t\t\t\t\t<span class=\"tribe-events-schedule__timezone\">CET<\/span>\n\t\t\t\t\t\t<\/p>\n<\/div>\n\n\n\n<p class=\"eplus-wrapper\">Od po\u0142owy grudnia mamy szcz\u0119\u015bcie i zaszczyt go\u015bci\u0107 wystaw\u0119 #StolenMemory, kt\u00f3ra jest sponsorowana przez Archiwum Bad Arolsen i wspierana przez francuskie Ministerstwo Europy i Spraw Zagranicznych, Fondation pour la M\u00e9moire de la Shoah oraz Komisarza Rz\u0105du Federalnego ds. Kultury i Medi\u00f3w.<\/p>\n\n\n\n<p class=\"eplus-wrapper\">Wernisa\u017c wystawy odb\u0119dzie si\u0119 15 grudnia 2024 r. o godz. 15:00, a po nim nast\u0105pi <strong>Wyk\u0142ad Audrey Kichelewski<\/strong>wyk\u0142adowca historii wsp\u00f3\u0142czesnej na Uniwersytecie w Strasburgu, specjalista w zakresie Zag\u0142ady i pami\u0119ci o polskich \u017bydach.<\/p>\n\n\n\n<p class=\"eplus-wrapper\">Wszystkie przydatne informacje znajduj\u0105 si\u0119 w za\u0142\u0105czniku <strong><a href=\"https:\/\/forte-cultura.com\/wp-content\/uploads\/STOLEN-Aff-15dec24.pdf\" target=\"_blank\" rel=\"noreferrer noopener nofollow\">Plakat<\/a><\/strong>.<\/p>\n\n\n\n<p class=\"eplus-wrapper\">Mamy nadziej\u0119, \u017ce zobaczymy wielu z Was na tym wydarzeniu, kt\u00f3re po\u0142\u0105czy upami\u0119tnienie wyzwolenia naszego kraju i inne aspekty zwi\u0105zane z zako\u0144czeniem II wojny \u015bwiatowej, takie jak niezb\u0119dna restytucja wyw\u0142aszczonego mienia.<\/p>\n\n\n<div  class=\"tribe-block tribe-block__event-price\" >\n\t\t<\/div>\n\n\n<div  class=\"tribe-block tribe-block__organizer__details tribe-clearfix\" >\n\t<div class=\"tribe-block__organizer__title\">\n\t\t<h3>Mus\u00e9e M\u00e9morial Walbourg 1870 - 1945<\/h3>\n\t<\/div>\n\t\t\t<p class=\"tribe-block__organizer__phone\">+33 6 82 70 93 63<\/p>\n\t\t\t\t<p class=\"tribe-block__organizer__website\"><a href=\"http:\/\/www.2mcladn.fr\/\" target=\"_blank\" rel=\"noopener noreferrer\">Zobacz witryn\u0119 internetow\u0105 organizatora<\/a><\/p>\n\t\t<\/div>\n\n\n<div  class=\"tribe-block tribe-block__venue tribe-clearfix tribe-block__venue--has-map\" >\n\t\n\t\n<div class=\"tribe-block__venue__meta\">\n\t<div class=\"tribe-block__venue__name\">\n\t\t<h3>Mus\u00e9e M\u00e9morial Walbourg 1870 - 1945<\/h3>\n\t<\/div>\n\n\t\n\t\t\t\t\t\t<address class=\"tribe-block__venue__address\">\n\t\t\t\t<span class=\"tribe-address\">\n\n<span class=\"tribe-street-address\">Rue de l&#039;\u00c9glise<\/span>\n\t\n\t\t<br>\n\t\t<span class=\"tribe-locality\">Walbourg<\/span><span class=\"tribe-delimiter\">,<\/span>\n\n\n\t<span class=\"tribe-postal-code\">67360<\/span>\n\n\t<span class=\"tribe-country-name\">Francja<\/span>\n\n<\/span>\n\n\t\t\t\t\t\t\t\t\t<a class=\"tribe-events-gmap\" href=\"https:\/\/maps.google.com\/maps?f=q&#038;source=s_q&#038;hl=en&#038;geocode=&#038;q=Rue+de+l%26%23039%3B%C3%89glise+Walbourg+67360+France\" title=\"Kliknij, aby zobaczy\u0107 map\u0119 Google\" target=\"_blank\" rel=\"noreferrer noopener\">+ Mapa Google<\/a>\t\t\t\t\t\t\t<\/address>\n\t\t\n\t\t\n\t\t\t\t\t<span class=\"tribe-block__venue__website\"><a href=\"http:\/\/www.2mcladn.fr\/\" target=\"_self\" rel=\"external noopener\">Zobacz witryn\u0119 internetow\u0105 Miejsce<\/a><\/span><br \/>\n\t\t\t\n\t<\/div>\n\t\n<div class=\"tribe-block__venue__map\">\n\t<div id=\"tribe-events-gmap-0\" style=\"height: 256px; width: 310px\" aria-hidden=\"true\"><\/div><!-- #tribe-events-gmap- -->\n<\/div>\n\n\t<\/div>\n\n\n\n\n\t<div  class=\"tribe-block tribe-block__events-link\" >\n\t\t<div class=\"tribe-events tribe-common\">\n\t\t\t<div class=\"tribe-events-c-subscribe-dropdown__container\">\n\t\t\t\t<div class=\"tribe-events-c-subscribe-dropdown\">\n\t\t\t\t\t<div class=\"tribe-common-c-btn-border tribe-events-c-subscribe-dropdown__button\">\n\t\t\t\t\t\t<svg\n\t class=\"tribe-common-c-svgicon tribe-common-c-svgicon--cal-export tribe-events-c-subscribe-dropdown__export-icon\" \taria-hidden=\"true\"\n\tviewbox=\"0 0 23 17\"\n\txmlns=\"http:\/\/www.w3.org\/2000\/svg\"\n>\n\t<path fill-rule=\"evenodd\" clip-rule=\"evenodd\" d=\"M.128.896V16.13c0 .211.145.383.323.383h15.354c.179 0 .323-.172.323-.383V.896c0-.212-.144-.383-.323-.383H.451C.273.513.128.684.128.896Zm16 6.742h-.901V4.679H1.009v10.729h14.218v-3.336h.901V7.638ZM1.01 1.614h14.218v2.058H1.009V1.614Z\" \/>\n\t<path d=\"M20.5 9.846H8.312M18.524 6.953l2.89 2.909-2.855 2.855\" stroke-width=\"1.2\" stroke-linecap=\"round\" stroke-linejoin=\"round\"\/>\n<\/svg>\n\t\t\t\t\t\t<button\n\t\t\t\t\t\t\tclass=\"tribe-events-c-subscribe-dropdown__button-text\"\n\t\t\t\t\t\t\taria-expanded=\"false\"\n\t\t\t\t\t\t\taria-controls=\"tribe-events-subscribe-dropdown-content\"\n\t\t\t\t\t\t\taria-label=\"Wy\u015bwietl linki do dodawania wydarze\u0144 do kalendarza\"\n\t\t\t\t\t\t>\n\t\t\t\t\t\t\tDodaj do kalendarza\t\t\t\t\t\t<\/button>\n\t\t\t\t\t\t<svg\n\t class=\"tribe-common-c-svgicon tribe-common-c-svgicon--caret-down tribe-events-c-subscribe-dropdown__button-icon\" \taria-hidden=\"true\"\n\tviewbox=\"0 0 10 7\"\n\txmlns=\"http:\/\/www.w3.org\/2000\/svg\"\n>\n\t<path fill-rule=\"evenodd\" clip-rule=\"evenodd\" d=\"M1.008.609L5 4.6 8.992.61l.958.958L5 6.517.05 1.566l.958-.958z\" class=\"tribe-common-c-svgicon__svg-fill\"\/>\n<\/svg>\n\t\t\t\t\t<\/div>\n\t\t\t\t\t<div id=\"tribe-events-subscribe-dropdown-content\" class=\"tribe-events-c-subscribe-dropdown__content\">\n\t\t\t\t\t\t<ul class=\"tribe-events-c-subscribe-dropdown__list\">\n\t\t\t\t\t\t\t\t\t\t\t\t\t\t\t<li class=\"tribe-events-c-subscribe-dropdown__list-item tribe-events-c-subscribe-dropdown__list-item--gcal\">\n\t\t\t\t\t\t\t\t\t<a href=\"https:\/\/www.google.com\/calendar\/event?action=TEMPLATE&#038;dates=20241215T150000\/20241215T200000&#038;text=%26%238222%3BStolen%20Memory%26%238220%3B%20%26%238211%3B%20Sonderausstellung%20im%20Mus%C3%A9e%20M%C3%A9morial%20Walbourg%201870-1945%20%28FR%29&#038;details=%3Cp+class%3D%22+eplus-wrapper%22%3EAb+Mitte+Dezember+haben+wir+das+Gl%C3%BCck+und+die+Ehre%2C+die+Ausstellung+%23StolenMemory+zu+beherbergen%2C+die+vom+Archiv+Bad+Arolsen+getragen+und+vom+franz%C3%B6sischen+Ministerium+f%C3%BCr+Europa+und+Ausw%C3%A4rtige+Angelegenheiten%2C+der+Fondation+pour+la+M%C3%A9moire+de+la+Shoah+und+Die+Beauftragte+der+Bundesregierung+f%C3%BCr+Kultur+und+Medien+unterst%C3%BCtzt+wird.%3C%2Fp%3E+%3Cp+class%3D%22+eplus-wrapper%22%3EDie+Er%C3%B6ffnung+dieser+Ausstellung+findet+am+15.+Dezember+2024+um+15+Uhr+statt%2C+gefolgt+von+einem+%3Cstrong%3EVortrag+von+Audrey+Kichelewski%3C%2Fstrong%3E%2C+Dozentin+f%C3%BCr+Zeitgeschichte+an+der+Universit%C3%A4t+Stra%C3%9Fburg+und+Spezialistin+f%C3%BCr+die+Shoah+und+die+Erinnerung+an+die+polnischen+Juden.%3C%2Fp%3E+%3Cp+class%3D%22+eplus-wrapper%22%3EAlle+n%C3%BCtzlichen+Informationen+finden+Sie+auf+dem+beigef%C3%BCgten+%3Cstrong%3E%3Ca+href%3D%22https%3A%2F%2Fforte-cultura.com%2Fwp-content%2Fuploads%2FSTOLEN-Aff-15dec24.pdf%22+target%3D%22_blank%22+rel%3D%22noreferrer+noopener+nofollow%22%3EPoster%3C%2Fa%3E%3C%2Fstrong%3E.%3C%2Fp%3E+%3Cp+class%3D%22+eplus-wrapper%22%3EIn+der+Hoffnung%2C+Sie+z%3C%2Fp%3E+%28Zobacz+pe%C5%82ny+opis+wydarzenie+tutaj%3A+https%3A%2F%2Fforte-cultura.com%2Fpl%2Fevent%2Fstolen-memory-sonderausstellung-im-musee-memorial-walbourg-1870-1945-fr%2F%29&#038;location=Mus\u00e9e%20M\u00e9morial%20Walbourg%201870%20\u2013%201945,%20Rue%20de%20l&#039;\u00c9glise,%20Walbourg,%2067360,%20France&#038;trp=false&#038;ctz=Europe\/Berlin&#038;sprop=website:https:\/\/forte-cultura.com\/pl\" class=\"tribe-events-c-subscribe-dropdown__list-item-link\" target=\"_blank\" rel=\"noopener noreferrer nofollow noindex\">\n\t\t\t\t\t\t\t\t\t\tKalendarz Google\t\t\t\t\t\t\t\t\t<\/a>\n\t\t\t\t\t\t\t\t<\/li>\n\t\t\t\t\t\t\t\t\t\t\t\t\t\t\t<li class=\"tribe-events-c-subscribe-dropdown__list-item tribe-events-c-subscribe-dropdown__list-item--ical\">\n\t\t\t\t\t\t\t\t\t<a\n\t\t\t\t\t\t\t\t\t\thref=\"\"\n\t\t\t\t\t\t\t\t\t\tclass=\"tribe-events-c-subscribe-dropdown__list-item-link\"\n\t\t\t\t\t\t\t\t\t\ttarget=\"_blank\"\n\t\t\t\t\t\t\t\t\t\trel=\"noopener noreferrer nofollow noindex\"\n\t\t\t\t\t\t\t\t\t>\n\t\t\t\t\t\t\t\t\t\tiKalendarz\t\t\t\t\t\t\t\t\t<\/a>\n\t\t\t\t\t\t\t\t<\/li>\n\t\t\t\t\t\t\t\t\t\t\t\t\t\t\t<li class=\"tribe-events-c-subscribe-dropdown__list-item tribe-events-c-subscribe-dropdown__list-item--outlook-365\">\n\t\t\t\t\t\t\t\t\t<a\n\t\t\t\t\t\t\t\t\t\thref=\"\"\n\t\t\t\t\t\t\t\t\t\tclass=\"tribe-events-c-subscribe-dropdown__list-item-link\"\n\t\t\t\t\t\t\t\t\t\ttarget=\"_blank\"\n\t\t\t\t\t\t\t\t\t\trel=\"noopener noreferrer nofollow noindex\"\n\t\t\t\t\t\t\t\t\t>\n\t\t\t\t\t\t\t\t\t\tOutlook 365\t\t\t\t\t\t\t\t\t<\/a>\n\t\t\t\t\t\t\t\t<\/li>\n\t\t\t\t\t\t\t\t\t\t\t\t\t\t\t<li class=\"tribe-events-c-subscribe-dropdown__list-item tribe-events-c-subscribe-dropdown__list-item--outlook-live\">\n\t\t\t\t\t\t\t\t\t<a\n\t\t\t\t\t\t\t\t\t\thref=\"\"\n\t\t\t\t\t\t\t\t\t\tclass=\"tribe-events-c-subscribe-dropdown__list-item-link\"\n\t\t\t\t\t\t\t\t\t\ttarget=\"_blank\"\n\t\t\t\t\t\t\t\t\t\trel=\"noopener noreferrer nofollow noindex\"\n\t\t\t\t\t\t\t\t\t>\n\t\t\t\t\t\t\t\t\t\tOutlook na \u017cywo\t\t\t\t\t\t\t\t\t<\/a>\n\t\t\t\t\t\t\t\t<\/li>\n\t\t\t\t\t\t\t\t\t\t\t\t\t<\/ul>\n\t\t\t\t\t<\/div>\n\t\t\t\t<\/div>\n\t\t\t<\/div>\n\t\t<\/div>\n\t<\/div>","protected":false},"excerpt":{"rendered":"<p>Ab Mitte Dezember haben wir das Gl\u00fcck und die Ehre, die Ausstellung #StolenMemory zu beherbergen, die vom Archiv Bad Arolsen getragen und vom franz\u00f6sischen Ministerium f\u00fcr Europa und Ausw\u00e4rtige Angelegenheiten, [&hellip;]<\/p>\n","protected":false},"author":1,"featured_media":0,"template":"","meta":{"editor_plus_copied_stylings":"{}","pgc_sgb_lightbox_settings":"","_price":"","_stock":"","_tribe_ticket_header":"","_tribe_default_ticket_provider":"","_tribe_ticket_capacity":"0","_ticket_start_date":"","_ticket_end_date":"","_tribe_ticket_show_description":"","_tribe_ticket_show_not_going":false,"_tribe_ticket_use_global_stock":"","_tribe_ticket_global_stock_level":"","_global_stock_mode":"","_global_stock_cap":"","_tribe_rsvp_for_event":"","_tribe_ticket_going_count":"","_tribe_ticket_not_going_count":"","_tribe_tickets_list":"[]","_tribe_ticket_has_attendee_info_fields":false,"_EventAllDay":false,"_EventTimezone":"Europe\/Berlin","_EventStartDate":"2024-12-15 15:00:00","_EventEndDate":"2024-12-15 20:00:00","_EventStartDateUTC":"2024-12-15 14:00:00","_EventEndDateUTC":"2024-12-15 19:00:00","_EventShowMap":false,"_EventShowMapLink":false,"_EventURL":"","_EventCost":"","_EventCostDescription":"","_EventCurrencySymbol":"\u20ac","_EventCurrencyCode":"EUR","_EventCurrencyPosition":"prefix","_EventDateTimeSeparator":"@","_EventTimeRangeSeparator":"-","_EventOrganizerID":[2899],"_EventVenueID":[3008],"_OrganizerEmail":"","_OrganizerPhone":"","_OrganizerWebsite":"","_VenueAddress":"","_VenueCity":"","_VenueCountry":"","_VenueProvince":"","_VenueState":"","_VenueZip":"","_VenuePhone":"","_VenueURL":"","_VenueStateProvince":"","_VenueLat":"","_VenueLng":"","_VenueShowMap":false,"_VenueShowMapLink":false,"_tribe_events_status":"","_tribe_events_status_reason":"","footnotes":"","_tec_slr_enabled":"","_tec_slr_layout":""},"tags":[463,67],"tribe_events_cat":[483],"class_list":["post-3007","tribe_events","type-tribe_events","status-publish","hentry","tag-museum","tag-zweiter-weltkrieg","tribe_events_cat-80-jahre-ende-ww2","cat_80-jahre-ende-ww2"],"ticketed":false,"_links":{"self":[{"href":"https:\/\/forte-cultura.com\/pl\/wp-json\/wp\/v2\/tribe_events\/3007","targetHints":{"allow":["GET"]}}],"collection":[{"href":"https:\/\/forte-cultura.com\/pl\/wp-json\/wp\/v2\/tribe_events"}],"about":[{"href":"https:\/\/forte-cultura.com\/pl\/wp-json\/wp\/v2\/types\/tribe_events"}],"author":[{"embeddable":true,"href":"https:\/\/forte-cultura.com\/pl\/wp-json\/wp\/v2\/users\/1"}],"version-history":[{"count":0,"href":"https:\/\/forte-cultura.com\/pl\/wp-json\/wp\/v2\/tribe_events\/3007\/revisions"}],"wp:attachment":[{"href":"https:\/\/forte-cultura.com\/pl\/wp-json\/wp\/v2\/media?parent=3007"}],"wp:term":[{"taxonomy":"post_tag","embeddable":true,"href":"https:\/\/forte-cultura.com\/pl\/wp-json\/wp\/v2\/tags?post=3007"},{"taxonomy":"tribe_events_cat","embeddable":true,"href":"https:\/\/forte-cultura.com\/pl\/wp-json\/wp\/v2\/tribe_events_cat?post=3007"}],"curies":[{"name":"wp","href":"https:\/\/api.w.org\/{rel}","templated":true}]}}