{"id":465,"date":"2023-11-21T12:56:27","date_gmt":"2023-11-21T11:56:27","guid":{"rendered":"https:\/\/forte-cultura.com\/?page_id=465"},"modified":"2025-11-08T08:44:57","modified_gmt":"2025-11-08T07:44:57","slug":"forte-cultura-travel-world","status":"publish","type":"page","link":"https:\/\/forte-cultura.com\/pl\/forte-cultura-reisewelt\/","title":{"rendered":"FORTE CULTURA Travel World"},"content":{"rendered":"<div style=\"height:13px\" aria-hidden=\"true\" class=\"wp-block-spacer eplus-wrapper\"><\/div>\n\n\n\n<p class=\"is-style-default has-text-align-center has-heading-font-family eplus-wrapper\" style=\"font-size:clamp(1.071rem, 1.071rem + ((1vw - 0.2rem) * 0.982), 1.66rem);font-style:italic;font-weight:400\">FORTE CULTURA \u0142\u0105czy najpi\u0119kniejsze miejsca w Europie z ich historycznymi zabytkami fortecznymi. <br>Odkryj ekscytuj\u0105c\u0105 histori\u0119 Europy dzi\u0119ki naszym wycieczkom kulturalnym, aktywnym wycieczkom lub wycieczkom edukacyjnym.<\/p>\n\n\n\n<div style=\"height:11px\" aria-hidden=\"true\" class=\"wp-block-spacer eplus-wrapper\"><\/div>\n\n\n\n<hr class=\"is-style-wide wp-block-separator aligncenter has-text-color has-accent-2-color has-alpha-channel-opacity has-accent-2-background-color has-background eplus-wrapper\" style=\"margin-top:var(--wp--preset--spacing--20);margin-bottom:var(--wp--preset--spacing--10)\"\/>\n\n\n<div class=\"wp-block-columns eplus-wrapper is-layout-flex wp-container-core-columns-is-layout-c5150b4a wp-block-columns-is-layout-flex eplus-styles-uid-102911\">\n<div class=\"wp-block-column has-accent-5-background-color has-background eplus-wrapper is-layout-flow wp-container-core-column-is-layout-64d94144 wp-block-column-is-layout-flow\" style=\"padding-top:var(--wp--preset--spacing--20);padding-right:var(--wp--preset--spacing--10);padding-bottom:var(--wp--preset--spacing--20);padding-left:var(--wp--preset--spacing--10)\">\n<h3 class=\"wp-block-heading has-text-align-center eplus-wrapper\" style=\"padding-right:0;padding-left:0\">Regiony forteczne FORTE CULTURA<\/h3>\n\n\n\n<p class=\"has-text-align-center eplus-wrapper\" style=\"padding-right:0;padding-left:0\">Poznaj histori\u0119 ca\u0142ych region\u00f3w fortecznych i dowiedz si\u0119, jak budownictwo forteczne rozwija\u0142o si\u0119 pod wp\u0142ywem regionalnej i ponadregionalnej polityki, tradycji i kultur.<\/p>\n<\/div>\n\n\n\n<div class=\"wp-block-column has-accent-background-color has-background eplus-wrapper is-layout-flow wp-block-column-is-layout-flow\" style=\"padding-top:var(--wp--preset--spacing--20);padding-right:var(--wp--preset--spacing--10);padding-bottom:var(--wp--preset--spacing--20);padding-left:var(--wp--preset--spacing--10)\">\n<h3 class=\"wp-block-heading has-text-align-center eplus-wrapper\"><a href=\"https:\/\/forte-cultura.com\/forte-cultura-reiseempfehlungen\/\" data-type=\"page\" data-id=\"506\">Zalecenia dotycz\u0105ce podr\u00f3\u017cy FORTE CULTURA<\/a><\/h3>\n\n\n\n<p class=\"has-text-align-center eplus-wrapper\">Niech nasz <br>Rekomendacje dotycz\u0105ce podr\u00f3\u017cy inspiruj\u0105. <br>Odkryj ekscytuj\u0105ce <br>FORTE CULTURA Twierdze <br>w ca\u0142ej Europie.  <\/p>\n<\/div>\n\n\n\n<div class=\"wp-block-column has-accent-2-background-color has-background eplus-wrapper is-layout-flow wp-block-column-is-layout-flow\" style=\"padding-top:var(--wp--preset--spacing--20);padding-right:var(--wp--preset--spacing--10);padding-bottom:var(--wp--preset--spacing--20);padding-left:var(--wp--preset--spacing--10)\">\n<h3 class=\"wp-block-heading has-text-align-center eplus-wrapper\">FORTE CULTURA <br>Podr\u00f3\u017cowanie<\/h3>\n\n\n\n<p class=\"has-text-align-center eplus-wrapper\">Skorzystaj z ofert podr\u00f3\u017cy do twierdzy od naszych partner\u00f3w lub stw\u00f3rz w\u0142asn\u0105 indywidualn\u0105 wycieczk\u0119 do twierdzy z r\u00f3\u017cnych modu\u0142\u00f3w podr\u00f3\u017cy.<\/p>\n<\/div>\n<\/div>\n\n\n<hr class=\"is-style-wide wp-block-separator aligncenter has-text-color has-accent-2-color has-alpha-channel-opacity has-accent-2-background-color has-background eplus-wrapper\" style=\"margin-top:var(--wp--preset--spacing--20);margin-bottom:var(--wp--preset--spacing--10)\"\/>\n\n\n\n<div class=\"wp-block-group alignwide has-custom-verlauf-1-gradient-background has-background eplus-wrapper has-global-padding is-layout-constrained wp-container-core-group-is-layout-2bcd15f1 wp-block-group-is-layout-constrained\" style=\"border-radius:5px;margin-top:0;margin-bottom:0;padding-top:var(--wp--preset--spacing--30);padding-right:var(--wp--preset--spacing--40);padding-bottom:var(--wp--preset--spacing--30);padding-left:var(--wp--preset--spacing--40)\"><div class=\"wp-block-columns alignwide are-vertically-aligned-center eplus-wrapper is-layout-flex wp-container-core-columns-is-layout-47c06fe3 wp-block-columns-is-layout-flex eplus-styles-uid-f37e09\">\n<div class=\"wp-block-column is-vertically-aligned-center eplus-wrapper is-layout-flow wp-block-column-is-layout-flow\" style=\"flex-basis:44%\">\n<h2 class=\"wp-block-heading eplus-wrapper translation-block\">Zabytki kulturowe pasma fortecznego<br>nad \u0141ab\u0105<\/h2>\n\n\n\n<p class=\"is-style-checkmark-list eplus-wrapper\">Od \u017ar\u00f3d\u0142a w czeskich Karkonoszach do uj\u015bcia do Morza P\u00f3\u0142nocnego w pobli\u017cu Cuxhaven, \u0141aba \u0142\u0105czy 1091 kilometr\u00f3w wspania\u0142ych krajobraz\u00f3w kulturowych.<\/p>\n\n\n\n<p class=\"eplus-wrapper translation-block\">Zdob\u0105d\u017a twierdze <strong>FORTE CULTURA Elbe<\/strong> i odkryj region z nowej perspektywy.<\/p>\n\n\n\n<div class=\"wp-block-buttons eplus-wrapper is-layout-flex wp-block-buttons-is-layout-flex\"><div class=\"is-style-outline wp-block-button eplus-wrapper is-style-outline--1 eplus-styles-uid-65c680\"><a class=\"wp-block-button__link wp-element-button\" href=\"https:\/\/forte-cultura.com\/kulturerbe-elbe-festungen-de-cz\/\">Dowiedz si\u0119 wi\u0119cej<\/a><\/div><\/div>\n<\/div>\n\n\n\n<div class=\"wp-block-column is-vertically-aligned-center eplus-wrapper is-layout-flow wp-container-core-column-is-layout-43dc041e wp-block-column-is-layout-flow\" style=\"padding-top:0;padding-right:0;padding-bottom:0;padding-left:0;flex-basis:56%\">\n<figure class=\"is-style-rounded wp-block-image aligncenter size-full has-custom-border eplus-wrapper is-style-rounded--2\"><img loading=\"lazy\" decoding=\"async\" width=\"1500\" height=\"1043\" src=\"https:\/\/forte-cultura.com\/wp-content\/uploads\/BASISKARTE_Elbe_2021419_web.jpg\" alt=\"\" class=\"wp-image-471\" style=\"border-radius:15px;object-fit:cover\" srcset=\"https:\/\/forte-cultura.com\/wp-content\/uploads\/BASISKARTE_Elbe_2021419_web.jpg 1500w, https:\/\/forte-cultura.com\/wp-content\/uploads\/BASISKARTE_Elbe_2021419_web-300x209.jpg 300w, https:\/\/forte-cultura.com\/wp-content\/uploads\/BASISKARTE_Elbe_2021419_web-1024x712.jpg 1024w, https:\/\/forte-cultura.com\/wp-content\/uploads\/BASISKARTE_Elbe_2021419_web-768x534.jpg 768w, https:\/\/forte-cultura.com\/wp-content\/uploads\/BASISKARTE_Elbe_2021419_web-200x139.jpg 200w\" sizes=\"auto, (max-width: 1500px) 100vw, 1500px\" \/><\/figure>\n<\/div>\n<\/div><\/div>\n\n\n\n<hr class=\"is-style-wide wp-block-separator aligncenter has-text-color has-accent-2-color has-alpha-channel-opacity has-accent-2-background-color has-background eplus-wrapper\" style=\"margin-top:var(--wp--preset--spacing--10);margin-bottom:var(--wp--preset--spacing--10)\"\/>\n\n\n\n<div class=\"wp-block-group alignwide has-custom-verlauf-1-gradient-background has-background eplus-wrapper has-global-padding is-layout-constrained wp-container-core-group-is-layout-2bcd15f1 wp-block-group-is-layout-constrained\" style=\"border-radius:5px;margin-top:0;margin-bottom:0;padding-top:var(--wp--preset--spacing--30);padding-right:var(--wp--preset--spacing--40);padding-bottom:var(--wp--preset--spacing--30);padding-left:var(--wp--preset--spacing--40)\"><div class=\"wp-block-columns alignwide are-vertically-aligned-center eplus-wrapper is-layout-flex wp-container-core-columns-is-layout-47c06fe3 wp-block-columns-is-layout-flex eplus-styles-uid-bbeeb4\">\n<div class=\"wp-block-column is-vertically-aligned-center eplus-wrapper is-layout-flow wp-container-core-column-is-layout-43dc041e wp-block-column-is-layout-flow\" style=\"padding-top:0;padding-right:0;padding-bottom:0;padding-left:0;flex-basis:44%\">\n<figure class=\"wp-block-image size-full has-custom-border eplus-wrapper\"><img decoding=\"async\" src=\"https:\/\/forte-cultura.com\/wp-content\/uploads\/map_upper-rhine_%C2%A9ECCOFORT1-e1700571920353.jpg\" alt=\"\" class=\"wp-image-487\" style=\"border-radius:15px\"><\/figure>\n<\/div>\n\n\n\n<div class=\"wp-block-column is-vertically-aligned-center eplus-wrapper is-layout-flow wp-block-column-is-layout-flow\" style=\"flex-basis:56%\">\n<h2 class=\"wp-block-heading eplus-wrapper translation-block\">Dziedzictwo kulturowe zabytk\u00f3w fortecznych<br>regionu G\u00f3rnego Renu<\/h2>\n\n\n\n<p class=\"eplus-wrapper\">Region G\u00f3rnego Renu jest jednym z najbardziej spornych region\u00f3w w Europie. Ufortyfikowane zabytki ze wszystkich epok \u015bwiadcz\u0105 o tej ekscytuj\u0105cej historii kultury. Dzi\u015b s\u0105 to zabytki pe\u0142ne \u017cycia i kultury.<\/p>\n\n\n\n<p class=\"eplus-wrapper translation-block\">Odkryj histori\u0119 budowy twierdz na przestrzeni ostatnich 350 lat w <strong>30 fortecach i muzeach FORTE CULTURA nad G\u00f3rnym Renem<\/strong>.<\/p>\n\n\n\n<div class=\"wp-block-buttons eplus-wrapper is-layout-flex wp-block-buttons-is-layout-flex\"><div class=\"is-style-outline wp-block-button eplus-wrapper is-style-outline--3 eplus-styles-uid-fd6edc\"><a class=\"wp-block-button__link wp-element-button\" href=\"https:\/\/forte-cultura.com\/kulturerbe-festungsmonumente-in-der-region-oberrhein-de-fr\/\">Dowiedz si\u0119 wi\u0119cej<\/a><\/div><\/div>\n<\/div>\n<\/div><\/div>\n\n\n\n<hr class=\"is-style-wide wp-block-separator aligncenter has-text-color has-accent-2-color has-alpha-channel-opacity has-accent-2-background-color has-background eplus-wrapper\" style=\"margin-top:var(--wp--preset--spacing--20);margin-bottom:var(--wp--preset--spacing--10)\"\/>\n\n\n\n<div class=\"eplus-wrapper wp-block-group alignwide has-custom-verlauf-1-gradient-background has-background has-global-padding is-layout-constrained wp-container-core-group-is-layout-2bcd15f1 wp-block-group-is-layout-constrained\" style=\"border-radius:5px;margin-top:0;margin-bottom:0;padding-top:var(--wp--preset--spacing--30);padding-right:var(--wp--preset--spacing--40);padding-bottom:var(--wp--preset--spacing--30);padding-left:var(--wp--preset--spacing--40)\"><div class=\"eplus-wrapper wp-block-columns alignwide are-vertically-aligned-center is-layout-flex wp-container-core-columns-is-layout-47c06fe3 wp-block-columns-is-layout-flex eplus-styles-uid-18b762\">\n<div class=\"eplus-wrapper wp-block-column is-vertically-aligned-center is-layout-flow wp-container-core-column-is-layout-43dc041e wp-block-column-is-layout-flow\" style=\"padding-top:0;padding-right:0;padding-bottom:0;padding-left:0;flex-basis:44%\">\n<figure class=\"eplus-wrapper wp-block-image size-full has-custom-border\"><img loading=\"lazy\" decoding=\"async\" width=\"844\" height=\"448\" src=\"https:\/\/forte-cultura.com\/wp-content\/uploads\/title-boehmen.jpg\" alt=\"\" class=\"wp-image-4208\" style=\"border-radius:15px\" srcset=\"https:\/\/forte-cultura.com\/wp-content\/uploads\/title-boehmen.jpg 844w, https:\/\/forte-cultura.com\/wp-content\/uploads\/title-boehmen-300x159.jpg 300w, https:\/\/forte-cultura.com\/wp-content\/uploads\/title-boehmen-768x408.jpg 768w, https:\/\/forte-cultura.com\/wp-content\/uploads\/title-boehmen-18x10.jpg 18w\" sizes=\"auto, (max-width: 844px) 100vw, 844px\" \/><\/figure>\n<\/div>\n\n\n\n<div class=\"eplus-wrapper wp-block-column is-vertically-aligned-center is-layout-flow wp-block-column-is-layout-flow\" style=\"flex-basis:56%\">\n<h2 class=\"eplus-wrapper wp-block-heading\">Cesarskie twierdze Czech (CZ)<\/h2>\n\n\n\n<p class=\"eplus-wrapper\">Cesarskie twierdze w Czechach (CZ) to du\u017ce ufortyfikowane miasta, z kt\u00f3rych niekt\u00f3re zosta\u0142y zbudowane przez cesarzy Habsburg\u00f3w w XVII i XVIII wieku. Odkryj najwi\u0119ksze twierdze w Europie z czas\u00f3w rozkwitu nowoczesnego budownictwa fortecznego.<\/p>\n\n\n\n<div class=\"eplus-wrapper wp-block-buttons is-layout-flex wp-block-buttons-is-layout-flex\"><div class=\"is-style-outline eplus-wrapper wp-block-button is-style-outline--4 eplus-styles-uid-fab19c\"><a class=\"wp-block-button__link wp-element-button\" href=\"https:\/\/forte-cultura.com\/kaiserliche-festungen-in-boehmen-cz\/\">Dowiedz si\u0119 wi\u0119cej<\/a><\/div><\/div>\n<\/div>\n<\/div><\/div>\n\n\n\n<hr class=\"is-style-wide wp-block-separator aligncenter has-text-color has-accent-2-color has-alpha-channel-opacity has-accent-2-background-color has-background eplus-wrapper\" style=\"margin-top:var(--wp--preset--spacing--20);margin-bottom:var(--wp--preset--spacing--10)\"\/>\n\n\n\n<div class=\"wp-block-group alignwide eplus-wrapper has-custom-verlauf-1-gradient-background has-background has-global-padding is-layout-constrained wp-container-core-group-is-layout-2bcd15f1 wp-block-group-is-layout-constrained\" style=\"border-radius:5px;margin-top:0;margin-bottom:0;padding-top:var(--wp--preset--spacing--30);padding-right:var(--wp--preset--spacing--40);padding-bottom:var(--wp--preset--spacing--30);padding-left:var(--wp--preset--spacing--40)\">\n<div class=\"wp-block-columns alignwide are-vertically-aligned-center eplus-wrapper is-layout-flex wp-container-core-columns-is-layout-47c06fe3 wp-block-columns-is-layout-flex\">\n<div class=\"wp-block-column is-vertically-aligned-center eplus-wrapper is-layout-flow wp-container-core-column-is-layout-43dc041e wp-block-column-is-layout-flow\" style=\"padding-top:0;padding-right:0;padding-bottom:0;padding-left:0;flex-basis:44%\">\n<figure class=\"wp-block-image size-full has-custom-border eplus-wrapper\"><img loading=\"lazy\" decoding=\"async\" width=\"537\" height=\"396\" src=\"https:\/\/forte-cultura.com\/wp-content\/uploads\/Elsassroute.jpg\" alt=\"\" class=\"wp-image-3259\" style=\"border-radius:15px\" srcset=\"https:\/\/forte-cultura.com\/wp-content\/uploads\/Elsassroute.jpg 537w, https:\/\/forte-cultura.com\/wp-content\/uploads\/Elsassroute-300x221.jpg 300w, https:\/\/forte-cultura.com\/wp-content\/uploads\/Elsassroute-16x12.jpg 16w\" sizes=\"auto, (max-width: 537px) 100vw, 537px\" \/><\/figure>\n<\/div>\n\n\n\n<div class=\"wp-block-column is-vertically-aligned-center eplus-wrapper is-layout-flow wp-block-column-is-layout-flow\" style=\"flex-basis:56%\">\n<h2 class=\"wp-block-heading eplus-wrapper\">Szlak zamk\u00f3w i ufortyfikowanych miast w Alzacji<\/h2>\n\n\n\n<p class=\"eplus-wrapper\">Szlak zamk\u00f3w i ufortyfikowanych miast w Alzacji obejmuje ponad 50 miejsc. Odkryj romantyczne ruiny zamk\u00f3w, urokliwe historyczne miasteczka i wspania\u0142e widoki. Poznaj ludzi, kt\u00f3rzy ka\u017cdego dnia o\u017cywiaj\u0105 to dziedzictwo kulturowe. Zanurz si\u0119 w historii Alzacji i daj si\u0119 ponie\u015b\u0107 magii tych miejsc przesi\u0105kni\u0119tych histori\u0105.<\/p>\n\n\n\n<div class=\"wp-block-buttons eplus-wrapper is-layout-flex wp-block-buttons-is-layout-flex\">\n<div class=\"wp-block-button is-style-outline eplus-wrapper is-style-outline--5\"><a class=\"wp-block-button__link wp-element-button\" href=\"https:\/\/forte-cultura.com\/route-der-burgen-und-befestigten-staedte-im-elsass\/\">Dowiedz si\u0119 wi\u0119cej<\/a><\/div>\n<\/div>\n<\/div>\n<\/div>\n<\/div>\n\n\n\n<hr class=\"is-style-wide wp-block-separator aligncenter has-text-color has-accent-2-color has-alpha-channel-opacity has-accent-2-background-color has-background eplus-wrapper\" style=\"margin-top:var(--wp--preset--spacing--20);margin-bottom:var(--wp--preset--spacing--10)\"\/>\n\n\n\n<div class=\"eplus-wrapper wp-block-group alignwide has-custom-verlauf-1-gradient-background has-background has-global-padding is-layout-constrained wp-container-core-group-is-layout-2bcd15f1 wp-block-group-is-layout-constrained\" style=\"border-radius:5px;margin-top:0;margin-bottom:0;padding-top:var(--wp--preset--spacing--30);padding-right:var(--wp--preset--spacing--40);padding-bottom:var(--wp--preset--spacing--30);padding-left:var(--wp--preset--spacing--40)\"><div class=\"eplus-wrapper wp-block-columns alignwide are-vertically-aligned-center is-layout-flex wp-container-core-columns-is-layout-47c06fe3 wp-block-columns-is-layout-flex eplus-styles-uid-bbc13f\">\n<div class=\"eplus-wrapper wp-block-column is-vertically-aligned-center is-layout-flow wp-container-core-column-is-layout-43dc041e wp-block-column-is-layout-flow\" style=\"padding-top:0;padding-right:0;padding-bottom:0;padding-left:0;flex-basis:44%\">\n<figure class=\"eplus-wrapper wp-block-image size-full has-custom-border\"><img loading=\"lazy\" decoding=\"async\" width=\"543\" height=\"360\" src=\"https:\/\/forte-cultura.com\/wp-content\/uploads\/Screenshot-2025-10-06-152011.png\" alt=\"\" class=\"wp-image-4142\" style=\"border-radius:15px\" srcset=\"https:\/\/forte-cultura.com\/wp-content\/uploads\/Screenshot-2025-10-06-152011.png 543w, https:\/\/forte-cultura.com\/wp-content\/uploads\/Screenshot-2025-10-06-152011-300x200.png 300w, https:\/\/forte-cultura.com\/wp-content\/uploads\/Screenshot-2025-10-06-152011-18x12.png 18w\" sizes=\"auto, (max-width: 543px) 100vw, 543px\" \/><\/figure>\n<\/div>\n\n\n\n<div class=\"eplus-wrapper wp-block-column is-vertically-aligned-center is-layout-flow wp-block-column-is-layout-flow\" style=\"flex-basis:56%\">\n<h2 class=\"eplus-wrapper wp-block-heading\">Szlak historii i pami\u0119ci wojskowej w Alzacji<\/h2>\n\n\n\n<p class=\"eplus-wrapper\">Alzacja to kraina pami\u0119ci. Ze wzgl\u0119du na swoj\u0105 histori\u0119 i r\u00f3\u017cne wojny, region ten nosi brzemi\u0119 tych tragicznych chwil, ale tak\u017ce pojednania i budowania trwa\u0142ego pokoju, kt\u00f3ry po\u0142o\u017cy\u0142 podwaliny pod jedno\u015b\u0107 i siedzib\u0119 instytucji europejskich.<\/p>\n\n\n\n<div class=\"eplus-wrapper wp-block-buttons is-layout-flex wp-block-buttons-is-layout-flex\"><div class=\"is-style-outline eplus-wrapper wp-block-button is-style-outline--6 eplus-styles-uid-f98f27\"><a class=\"wp-block-button__link wp-element-button\" href=\"https:\/\/forte-cultura.com\/de_de\/route-der-militaergeschichte-und-erinnerung-im-elsass\/\">Dowiedz si\u0119 wi\u0119cej<\/a><\/div><\/div>\n<\/div>\n<\/div><\/div>\n\n\n\n<hr class=\"is-style-wide wp-block-separator aligncenter has-text-color has-accent-2-color has-alpha-channel-opacity has-accent-2-background-color has-background eplus-wrapper\" style=\"margin-top:var(--wp--preset--spacing--20);margin-bottom:var(--wp--preset--spacing--10)\"\/>\n\n\n\n<figure class=\"wp-embed-aspect-16-9 wp-has-aspect-ratio wp-block-embed is-type-video is-provider-youtube wp-block-embed-youtube eplus-wrapper\"><div class=\"wp-block-embed__wrapper\">\n<iframe loading=\"lazy\" title=\"FORTE CULTURA\u00ae\" width=\"500\" height=\"281\" src=\"https:\/\/www.youtube.com\/embed\/t22sTXBdT88?feature=oembed\" frameborder=\"0\" allow=\"accelerometer; autoplay; clipboard-write; encrypted-media; gyroscope; picture-in-picture; web-share\" referrerpolicy=\"strict-origin-when-cross-origin\" allowfullscreen><\/iframe>\n<\/div><figcaption class=\"wp-element-caption\">Film wizerunkowy FORTE CULTURA na tras\u0119 koncertow\u0105 2014<\/figcaption><\/figure>\n\n\n\n<hr class=\"is-style-wide wp-block-separator aligncenter has-text-color has-accent-2-color has-alpha-channel-opacity has-accent-2-background-color has-background eplus-wrapper\" style=\"margin-top:var(--wp--preset--spacing--20);margin-bottom:var(--wp--preset--spacing--10)\"\/>\n\n\n<div class=\"wp-block-columns eplus-wrapper is-layout-flex wp-container-core-columns-is-layout-28f84493 wp-block-columns-is-layout-flex eplus-styles-uid-076420\">\n<div class=\"wp-block-column has-custom-verlauf-1-gradient-background has-background eplus-wrapper is-layout-flow wp-block-column-is-layout-flow\" style=\"padding-top:var(--wp--preset--spacing--10);padding-right:var(--wp--preset--spacing--10);padding-bottom:var(--wp--preset--spacing--10);padding-left:var(--wp--preset--spacing--10)\">\n<h2 class=\"wp-block-heading has-text-align-center has-custom-farbe-1-color has-text-color has-link-color eplus-wrapper wp-elements-258e434520fd5323d5e99c7e3a953f71\" style=\"font-size:clamp(0.875rem, 0.875rem + ((1vw - 0.2rem) * 0.542), 1.2rem);font-style:normal;font-weight:600;line-height:1.9\">Stacje FORTE CULTURA wed\u0142ug regionu<\/h2>\n\n\n\n<hr class=\"is-style-wide wp-block-separator has-text-color has-custom-farbe-1-color has-alpha-channel-opacity has-custom-farbe-1-background-color has-background eplus-wrapper\" style=\"margin-top:0;margin-bottom:0\">\n\n\n<div class=\"wp-block-columns eplus-wrapper is-layout-flex wp-container-core-columns-is-layout-28f84493 wp-block-columns-is-layout-flex eplus-styles-uid-c291cf\">\n<div class=\"wp-block-column eplus-wrapper is-layout-flow wp-block-column-is-layout-flow\">\n<div class=\"wp-block-kadence-advancedbtn kb-buttons-wrap kb-btns465_5fa52c-dc\"><a class=\"kb-button kt-button button kb-btn465_189876-a7 kt-btn-size-small kt-btn-width-type-full kb-btn-global-fill  kt-btn-has-text-true kt-btn-has-svg-false  wp-block-kadence-singlebtn\" href=\"https:\/\/forte-cultura.com\/forte-cultura-reisewelt\/kulturerbe-festungsmonumente-in-der-region-oberrhein-de-fr\/\"><span class=\"kt-btn-inner-text\">Dziedzictwo twierdzy G\u00f3rny Ren (10)<\/span><\/a><\/div>\n<\/div>\n\n\n\n<div class=\"wp-block-column eplus-wrapper is-layout-flow wp-block-column-is-layout-flow\">\n<div class=\"wp-block-kadence-advancedbtn kb-buttons-wrap kb-btns465_b11fd5-9c\"><a class=\"kb-button kt-button button kb-btn465_8b87cb-13 kt-btn-size-small kt-btn-width-type-full kb-btn-global-fill  kt-btn-has-text-true kt-btn-has-svg-false  wp-block-kadence-singlebtn\" href=\"https:\/\/forte-cultura.com\/forte-cultura-reisewelt\/kulturerbe-elbe-festungen-de-cz\/\"><span class=\"kt-btn-inner-text\">Dziedzictwo kulturowe Twierdze nad \u0141ab\u0105 (7)<\/span><\/a><\/div>\n<\/div>\n\n\n\n<div class=\"wp-block-column eplus-wrapper is-layout-flow wp-block-column-is-layout-flow\">\n<div class=\"wp-block-kadence-advancedbtn kb-buttons-wrap kb-btns465_1b77e5-96\"><a class=\"kb-button kt-button button kb-btn465_9ca0ed-0e kt-btn-size-small kt-btn-width-type-full kb-btn-global-fill  kt-btn-has-text-true kt-btn-has-svg-false  wp-block-kadence-singlebtn\" href=\"https:\/\/forte-cultura.com\/kaiserliche-festungen-in-boehmen-cz\/\"><span class=\"kt-btn-inner-text\">Dziedzictwo Twierdzy Bohemia (3)<\/span><\/a><\/div>\n<\/div>\n\n\n\n<div class=\"wp-block-column eplus-wrapper is-layout-flow wp-block-column-is-layout-flow\">\n<div class=\"wp-block-kadence-advancedbtn kb-buttons-wrap kb-btns465_7fee5a-58\"><a class=\"kb-button kt-button button kb-btn465_2eedfa-83 kt-btn-size-small kt-btn-width-type-full kb-btn-global-fill  kt-btn-has-text-true kt-btn-has-svg-false  wp-block-kadence-singlebtn\" href=\"https:\/\/forte-cultura.com\/de_de\/tag\/donau\/\"><span class=\"kt-btn-inner-text\">Dziedzictwo naddunajskiej twierdzy (3)<\/span><\/a><\/div>\n<\/div>\n<\/div>\n\n<div class=\"wp-block-columns eplus-wrapper is-layout-flex wp-container-core-columns-is-layout-28f84493 wp-block-columns-is-layout-flex eplus-styles-uid-532426\">\n<div class=\"wp-block-column eplus-wrapper is-layout-flow wp-block-column-is-layout-flow\">\n<div class=\"wp-block-kadence-advancedbtn kb-buttons-wrap kb-btns465_20171e-87\"><a class=\"kb-button kt-button button kb-btn465_d172d7-42 kt-btn-size-small kt-btn-width-type-full kb-btn-global-fill  kt-btn-has-text-true kt-btn-has-svg-false  wp-block-kadence-singlebtn\" href=\"https:\/\/forte-cultura.com\/de_de\/festungen-und-wehrgeschichte-am-oberrhein-1870-1999-de-fr\/\"><span class=\"kt-btn-inner-text\">Twierdze i historia obrony G\u00f3rny Ren 1870-1999 (8)<\/span><\/a><\/div>\n<\/div>\n\n\n\n<div class=\"wp-block-column eplus-wrapper is-layout-flow wp-block-column-is-layout-flow\">\n<div class=\"wp-block-kadence-advancedbtn kb-buttons-wrap kb-btns465_f9a8a5-eb\"><a class=\"kb-button kt-button button kb-btn465_a01af2-da kt-btn-size-small kt-btn-width-type-full kb-btn-global-fill  kt-btn-has-text-true kt-btn-has-svg-false  wp-block-kadence-singlebtn\" href=\"https:\/\/forte-cultura.com\/de_de\/forte-cultura-reisewelt\/festungsmonumente-der-gdke-de\/\"><span class=\"kt-btn-inner-text\">Twierdze Dyrekcji Generalnej ds. Dziedzictwa Kulturowego Nadrenii-Palatynatu (10)<\/span><\/a><\/div>\n<\/div>\n\n\n\n<div class=\"wp-block-column eplus-wrapper is-layout-flow wp-block-column-is-layout-flow\">\n<div class=\"wp-block-kadence-advancedbtn kb-buttons-wrap kb-btns465_593a6b-7a\"><a class=\"kb-button kt-button button kb-btn465_a46d24-4c kt-btn-size-small kt-btn-width-type-full kb-btn-global-fill  kt-btn-has-text-true kt-btn-has-svg-false  wp-block-kadence-singlebtn\" href=\"https:\/\/forte-cultura.com\/burgen-festungen-und-geschichte-im-elsass-fr\/\"><span class=\"kt-btn-inner-text\">Zamki, twierdze i historia w Alzacji (FR)<\/span><\/a>\n\n<a class=\"kb-button kt-button button kb-btn465_085a2e-61 kt-btn-size-small kt-btn-width-type-full kb-btn-global-fill  kt-btn-has-text-true kt-btn-has-svg-false  wp-block-kadence-singlebtn\" href=\"https:\/\/forte-cultura.com\/de_de\/route-der-militaergeschichte-und-erinnerung-im-elsass\/\"><span class=\"kt-btn-inner-text\">Szlak historii i pami\u0119ci wojskowej w Alzacji (FR)<\/span><\/a><\/div>\n<\/div>\n<\/div><\/div>\n<\/div>\n\n\n<hr class=\"is-style-wide wp-block-separator aligncenter has-text-color has-accent-2-color has-alpha-channel-opacity has-accent-2-background-color has-background eplus-wrapper\" style=\"margin-top:var(--wp--preset--spacing--20);margin-bottom:var(--wp--preset--spacing--10)\"\/>\n\n\n\n<div class=\"wp-block-group alignwide has-base-color has-custom-farbe-1-gradient-background has-text-color has-background has-link-color eplus-wrapper wp-elements-056a4f366d85cc4dd9225c02322e0a70\" style=\"border-radius:5px;margin-top:0;margin-bottom:0;padding-top:var(--wp--preset--spacing--30);padding-right:var(--wp--preset--spacing--50);padding-bottom:var(--wp--preset--spacing--30);padding-left:var(--wp--preset--spacing--50)\">\n<h3 class=\"wp-block-heading alignwide has-text-align-center has-base-color has-text-color has-link-color eplus-wrapper wp-elements-4efd6919e9a3f43b55c687a43f9cf109\" style=\"font-size:clamp(1.743rem, 1.743rem + ((1vw - 0.2rem) * 2.095), 3rem);letter-spacing:-0.02em\">Twierdza INCLUSIVE<\/h3>\n\n\n\n<div class=\"wp-block-group alignwide eplus-wrapper is-layout-flow wp-block-group-is-layout-flow\">\n<p class=\"has-text-align-center eplus-wrapper translation-block\" style=\"font-size:clamp(0.901rem, 0.901rem + ((1vw - 0.2rem) * 0.748), 1.35rem);\">Jako europejski szlak kulturowy, FORTE CULTURA pomaga zachowa\u0107 wa\u017cne dziedzictwo kulturowe zabytk\u00f3w twierdzy i uczyni\u0107 je <strong>dost\u0119pnym dla wszystkich ludzi<\/strong>.<\/p>\n\n\n\n<hr class=\"is-style-wide wp-block-separator has-text-color has-base-color has-alpha-channel-opacity has-base-background-color has-background eplus-wrapper\"\/>\n\n\n\n<details class=\"is-style-default wp-block-details has-medium-font-size eplus-wrapper is-layout-flow wp-block-details-is-layout-flow\" style=\"border-top-style:none;border-top-width:0px;border-right-style:none;border-right-width:0px;border-bottom-color:var(--wp--preset--color--base);border-bottom-style:solid;border-bottom-width:1px;border-left-style:none;border-left-width:0px;margin-top:0\"><summary>Projekty w\u0142\u0105czaj\u0105ce FORTE CULTURA<\/summary>\n<p class=\"has-contrast-1-color has-text-color has-link-color eplus-wrapper wp-elements-0abd63c265c93f28764048f1af21da56\">Wraz z loteri\u0105 Aktion Mensch, FORTE CULTURA regularnie inicjuje projekty maj\u0105ce na celu uczynienie krajobrazu twierdz w Niemczech bardziej inkluzywnym i wolnym od barier, np. w ramach programu Aktion Mensch \"#1 Barrier Less\". Dzielimy si\u0119 informacjami z naszych projekt\u00f3w z naszymi partnerskimi twierdzami w ca\u0142ej Europie na mi\u0119dzynarodowych konferencjach, podnosz\u0105c w ten spos\u00f3b \u015bwiadomo\u015b\u0107 na temat integracji w turystyce fortecznej i wspieraj\u0105c nowe projekty.<\/p>\n\n\n\n<p class=\"eplus-wrapper\">Je\u015bli chcesz wesprze\u0107 nasze inicjatywy, skontaktuj si\u0119 z naszym biurem sieci.<\/p>\n<\/details>\n\n\n\n<details class=\"is-style-default wp-block-details has-medium-font-size eplus-wrapper is-layout-flow wp-block-details-is-layout-flow\" style=\"border-top-style:none;border-top-width:0px;border-right-style:none;border-right-width:0px;border-bottom-color:var(--wp--preset--color--base);border-bottom-style:solid;border-bottom-width:1px;border-left-style:none;border-left-width:0px;margin-top:0\"><summary>Programy dla os\u00f3b niepe\u0142nosprawnych<\/summary>\n<p class=\"has-contrast-1-color has-text-color has-link-color eplus-wrapper wp-elements-69780cb187e11e27f97a612cade61cd7\">FORTE CULTURA stworzy\u0142a nast\u0119puj\u0105ce do\u015bwiadczenia bez barier w fortecach:<\/p>\n\n\n<ul class=\"wp-block-list eplus-wrapper eplus-styles-uid-c94cff\">\n<li class=\"eplus-wrapper\">Twierdza Germersheim: Wycieczka dla os\u00f3b niewidomych i niedowidz\u0105cych z plikami audio i informacjami w alfabecie Braille'a,<\/li>\n\n\n\n<li class=\"eplus-wrapper\">Feste Kaiser Franz Koblenz: okr\u0119\u017cna trasa audio w \u0142atwym j\u0119zyku,<\/li>\n\n\n\n<li class=\"eplus-wrapper\">Fort Gorgast: polsko-niemieckie drogowskazy i trasa okr\u0119\u017cna w \u0142atwym j\u0119zyku.<\/li>\n<\/ul><\/details>\n\n\n\n<div style=\"margin-top:var(--wp--preset--spacing--10);margin-bottom:0;height:var(--wp--preset--spacing--10)\" aria-hidden=\"true\" class=\"wp-block-spacer eplus-wrapper\"><\/div>\n<\/div>\n<\/div>","protected":false},"excerpt":{"rendered":"<p>FORTE CULTURA verbindet die sch\u00f6nsten Reiseziele in Europa mit ihren historischen Festungsmonumenten. Entdecken Sie spannende europ\u00e4ische Geschichte mit unseren Kulturreisen, Aktivtouren oder Bildungsreisen. FORTE CULTURA Festungsregionen Erleben Sie die Geschichte [&hellip;]<\/p>\n","protected":false},"author":1,"featured_media":502,"parent":0,"menu_order":0,"comment_status":"closed","ping_status":"closed","template":"","meta":{"editor_plus_copied_stylings":"{}","pgc_sgb_lightbox_settings":"","_price":"","_stock":"","_tribe_ticket_header":"","_tribe_default_ticket_provider":"","_tribe_ticket_capacity":"0","_ticket_start_date":"","_ticket_end_date":"","_tribe_ticket_show_description":"","_tribe_ticket_show_not_going":false,"_tribe_ticket_use_global_stock":"","_tribe_ticket_global_stock_level":"","_global_stock_mode":"","_global_stock_cap":"","_tribe_rsvp_for_event":"","_tribe_ticket_going_count":"","_tribe_ticket_not_going_count":"","_tribe_tickets_list":"[]","_tribe_ticket_has_attendee_info_fields":false,"_EventAllDay":false,"_EventTimezone":"","_EventStartDate":"","_EventEndDate":"","_EventStartDateUTC":"","_EventEndDateUTC":"","_EventShowMap":false,"_EventShowMapLink":false,"_EventURL":"","_EventCost":"","_EventCostDescription":"","_EventCurrencySymbol":"","_EventCurrencyCode":"","_EventCurrencyPosition":"","_EventDateTimeSeparator":"","_EventTimeRangeSeparator":"","_EventOrganizerID":[],"_EventVenueID":[],"_OrganizerEmail":"","_OrganizerPhone":"","_OrganizerWebsite":"","_VenueAddress":"","_VenueCity":"","_VenueCountry":"","_VenueProvince":"","_VenueState":"","_VenueZip":"","_VenuePhone":"","_VenueURL":"","_VenueStateProvince":"","_VenueLat":"","_VenueLng":"","_VenueShowMap":false,"_VenueShowMapLink":false,"footnotes":""},"class_list":["post-465","page","type-page","status-publish","has-post-thumbnail","hentry"],"_links":{"self":[{"href":"https:\/\/forte-cultura.com\/pl\/wp-json\/wp\/v2\/pages\/465","targetHints":{"allow":["GET"]}}],"collection":[{"href":"https:\/\/forte-cultura.com\/pl\/wp-json\/wp\/v2\/pages"}],"about":[{"href":"https:\/\/forte-cultura.com\/pl\/wp-json\/wp\/v2\/types\/page"}],"author":[{"embeddable":true,"href":"https:\/\/forte-cultura.com\/pl\/wp-json\/wp\/v2\/users\/1"}],"replies":[{"embeddable":true,"href":"https:\/\/forte-cultura.com\/pl\/wp-json\/wp\/v2\/comments?post=465"}],"version-history":[{"count":0,"href":"https:\/\/forte-cultura.com\/pl\/wp-json\/wp\/v2\/pages\/465\/revisions"}],"wp:featuredmedia":[{"embeddable":true,"href":"https:\/\/forte-cultura.com\/pl\/wp-json\/wp\/v2\/media\/502"}],"wp:attachment":[{"href":"https:\/\/forte-cultura.com\/pl\/wp-json\/wp\/v2\/media?parent=465"}],"curies":[{"name":"wp","href":"https:\/\/api.w.org\/{rel}","templated":true}]}}