{"id":2128,"date":"2024-01-25T15:20:33","date_gmt":"2024-01-25T14:20:33","guid":{"rendered":"https:\/\/forte-cultura.com\/?page_id=2128"},"modified":"2026-01-15T14:05:23","modified_gmt":"2026-01-15T13:05:23","slug":"duze-fortece","status":"publish","type":"page","link":"https:\/\/forte-cultura.com\/pl\/kulturerbe-festungsmonumente\/geschichte-des-festungsbaus\/festungsbau-vom-15-19-jahrhundert\/grossfestungen\/","title":{"rendered":"Du\u017ce fortece"},"content":{"rendered":"<h2 class=\"wp-block-heading has-custom-farbe-1-color has-text-color has-link-color has-large-font-size eplus-wrapper wp-elements-8f36db9c78551fef2e78612ceb45f9d6\"><strong>Rozbudowana obrona<\/strong><\/h2>\n\n\n<div class=\"wp-block-columns are-vertically-aligned-center is-not-stacked-on-mobile eplus-wrapper is-layout-flex wp-container-core-columns-is-layout-28f84493 wp-block-columns-is-layout-flex eplus-styles-uid-4ae337\">\n<div class=\"wp-block-column is-vertically-aligned-center eplus-wrapper is-layout-flow wp-block-column-is-layout-flow\" style=\"flex-basis:10%\">\n<figure class=\"wp-block-image size-full is-resized eplus-wrapper\"><img loading=\"lazy\" decoding=\"async\" width=\"1771\" height=\"1696\" src=\"https:\/\/forte-cultura.com\/wp-content\/uploads\/grossfestung_mittel.png\" alt=\"\" class=\"wp-image-1909\" style=\"width:60px;height:auto\" srcset=\"https:\/\/forte-cultura.com\/wp-content\/uploads\/grossfestung_mittel.png 1771w, https:\/\/forte-cultura.com\/wp-content\/uploads\/grossfestung_mittel-300x287.png 300w, https:\/\/forte-cultura.com\/wp-content\/uploads\/grossfestung_mittel-1024x981.png 1024w, https:\/\/forte-cultura.com\/wp-content\/uploads\/grossfestung_mittel-768x735.png 768w, https:\/\/forte-cultura.com\/wp-content\/uploads\/grossfestung_mittel-1536x1471.png 1536w, https:\/\/forte-cultura.com\/wp-content\/uploads\/grossfestung_mittel-13x12.png 13w, https:\/\/forte-cultura.com\/wp-content\/uploads\/grossfestung_mittel-200x192.png 200w\" sizes=\"auto, (max-width: 1771px) 100vw, 1771px\" \/><\/figure>\n<\/div>\n\n\n\n<div class=\"wp-block-column is-vertically-aligned-center eplus-wrapper is-layout-flow wp-block-column-is-layout-flow\" style=\"flex-basis:90%\">\n<p class=\"has-small-font-size eplus-wrapper\">Centralna forteca z \u0142a\u0144cuchem fortyfikacji w kszta\u0142cie pier\u015bcienia przed ni\u0105, takich jak forty i baterie, w celu zabezpieczenia miast i p\u00f3l bitewnych.<br><em>Przyk\u0142adowe zdj\u0119cie na ok\u0142adce: system twierdzy Srebrna G\u00f3ra, Srebrna G\u00f3ra (PL)<\/em><\/p>\n<\/div>\n<\/div>\n\n\n<p class=\"eplus-wrapper\">\"Galopuj\u0105ca artyleria\" Napoleona po prostu omija\u0142a wiele pojedynczych fortyfikacji pod koniec XVIII wieku, czyni\u0105c je nieskutecznymi. Wi\u0119kszo\u015b\u0107 obro\u0144c\u00f3w by\u0142a gorsza od wysokiej mobilno\u015bci i zwi\u0119kszonego zasi\u0119gu jego dzia\u0142 w swoich samotnych twierdzach. Nowa generacja konstrukcji fortecznych mia\u0142a temu przeciwdzia\u0142a\u0107: system du\u017cych fortec do obrony strategicznie wa\u017cnych krajobraz\u00f3w i du\u017cych miast.<\/p>\n\n\n\n<p class=\"eplus-wrapper\">Wok\u00f3\u0142 centrum miasta, w odst\u0119pach do 5 kilometr\u00f3w, zbudowano kilka pier\u015bcieni fort\u00f3w ze stanowiskami dzia\u0142 i umocnieniami po\u015brednimi, aby utrzyma\u0107 wroga na dystans. Ze wzgl\u0119du na stale zwi\u0119kszaj\u0105cy si\u0119 zasi\u0119g dzia\u0142, poszczeg\u00f3lne forty znajdowa\u0142y si\u0119 w odleg\u0142o\u015bci do 15 kilometr\u00f3w od centr\u00f3w miast. Chroni\u0142y one wa\u017cne drogi, linie kolejowe i obszary osadnicze.<\/p>\n\n\n\n<p class=\"eplus-wrapper\">W szczeg\u00f3lno\u015bci Prusy praktykowa\u0142y takie fortyfikacje na wschodzie przeciwko swojemu rosyjskiemu s\u0105siadowi, podczas gdy Rosja ufortyfikowa\u0142a w ten spos\u00f3b \u00f3wczesne Kr\u00f3lestwo Polskie przeciwko Prusom.<\/p>\n\n\n\n<p class=\"eplus-wrapper\">Fascynuj\u0105ce \u015blady tych gigantycznych obiekt\u00f3w s\u0105 do dzi\u015b widoczne w wielu miastach Europy \u015arodkowej i poza ni\u0105. Pozna\u0144, Toru\u0144, Krak\u00f3w czy Przemy\u015bl (Polska), <strong>Ulm, Koblencja, Moguncja <\/strong>lub Magdeburg (Niemcy), <strong>Komarno\/Komarom<\/strong> po obu stronach Dunaju (S\u0142owacja\/W\u0119gry), Rzym, Genua (W\u0142ochy), Kowno (Litwa), Antwerpia (Belgia) i Pary\u017c (Francja) s\u0105 znanymi przyk\u0142adami tego typu twierdz.<\/p>\n\n\n\n<p class=\"eplus-wrapper translation-block\">Monarchia Habsburg\u00f3w rozwin\u0119\u0142a <strong>czworok\u0105t fortec Werona - Peschiera del Garda - Mantua - Legnago<\/strong> w jeden z najwi\u0119kszych regionalnych system\u00f3w fortec w Europie, aby utrzyma\u0107 okupowane p\u00f3\u0142nocne terytoria W\u0142och, wci\u0105\u017c stosunkowo nieznane do\u015bwiadczenie turystyczne.<\/p>\n\n\n\n<div style=\"height:20px\" aria-hidden=\"true\" class=\"wp-block-spacer eplus-wrapper\"><\/div>\n\n\n\n<h4 class=\"wp-block-heading has-text-align-center has-custom-farbe-1-color has-text-color has-link-color eplus-wrapper wp-elements-7ac1d66d1224814d58c9f34e0fd8223d\">Odkryj systemy festiwalowe na du\u017c\u0105 skal\u0119 z FORTE CULTURA<\/h4>\n\n\n\n<hr class=\"is-style-wide wp-block-separator aligncenter has-text-color has-custom-farbe-1-color has-alpha-channel-opacity has-custom-farbe-1-background-color has-background eplus-wrapper\"\/>\n\n\n<div  class=\"ultp-post-grid-block wp-block-ultimate-post-post-grid-1 ultp-block-349980\"><div class=\"ultp-block-wrapper\"><div class=\"ultp-loading\"><div class=\"ultp-loading-blocks\" style=\"width:100%;height:100%;\"><div style=\"left: 0;top: 0;animation-delay:0s;\"><\/div><div style=\"left: 21px;top: 0;animation-delay:0.125s;\"><\/div><div style=\"left: 42px;top: 0;animation-delay:0.25s;\"><\/div><div style=\"left: 0;top: 21px;animation-delay:0.875s;\"><\/div><div style=\"left: 42px;top: 21px;animation-delay:0.375s;\"><\/div><div style=\"left: 0;top: 42px;animation-delay:0.75s;\"><\/div><div style=\"left: 42px;top: 42px;animation-delay:0.625s;\"><\/div><div style=\"left: 21px;top: 42px;animation-delay:0.5s;\"><\/div><\/div><\/div><div class=\"ultp-block-items-wrap ultp-block-row ultp-pg1a-style1 ultp-grid1-responsive ultp-block-column-4 1 ultp-xs-column-1 ultp-layout1\"><div class=\"ultp-block-item post-id-610\"><div class=\"ultp-block-content-wrap\"><div class=\"ultp-block-image ultp-block-image-opacity\"><a href=\"https:\/\/forte-cultura.com\/pl\/gizycko-pl\/\" ><img decoding=\"async\"  class=\"ultp-block-image-content\"  alt=\"Gi\u017cycko (PL)\"  src=\"https:\/\/forte-cultura.com\/wp-content\/uploads\/2023\/11\/feste-boyen_Gizycko-\u00a9hotelmasovia-870x570.jpg\" \/><\/a><\/div><div class=\"ultp-block-content\"><h3 class=\"ultp-block-title\"><a href=\"https:\/\/forte-cultura.com\/pl\/gizycko-pl\/\" >Gi\u017cycko (PL)<\/a><\/h3><\/div><\/div><\/div><div class=\"ultp-block-item post-id-698\"><div class=\"ultp-block-content-wrap\"><div class=\"ultp-block-image ultp-block-image-opacity\"><a href=\"https:\/\/forte-cultura.com\/pl\/ingolstadt-de\/\" ><img decoding=\"async\"  class=\"ultp-block-image-content\"  alt=\"Ingolstadt (DE)\"  src=\"https:\/\/forte-cultura.com\/wp-content\/uploads\/2023\/11\/Ingolstadt_Feste-Tilly_c-Gerd-Schmidbauer-870x570.jpg\" \/><\/a><\/div><div class=\"ultp-block-content\"><h3 class=\"ultp-block-title\"><a href=\"https:\/\/forte-cultura.com\/pl\/ingolstadt-de\/\" >Ingolstadt (DE)<\/a><\/h3><\/div><\/div><\/div><div class=\"ultp-block-item post-id-704\"><div class=\"ultp-block-content-wrap\"><div class=\"ultp-block-image ultp-block-image-opacity\"><a href=\"https:\/\/forte-cultura.com\/pl\/koblenz-de\/\" ><img decoding=\"async\"  class=\"ultp-block-image-content\"  alt=\"Koblenz (DE)\"  src=\"https:\/\/forte-cultura.com\/wp-content\/uploads\/2023\/11\/Festungssystem-Koblenz-870x570.jpg\" \/><\/a><\/div><div class=\"ultp-block-content\"><h3 class=\"ultp-block-title\"><a href=\"https:\/\/forte-cultura.com\/pl\/koblenz-de\/\" >Koblenz (DE)<\/a><\/h3><\/div><\/div><\/div><div class=\"ultp-block-item post-id-862\"><div class=\"ultp-block-content-wrap\"><div class=\"ultp-block-image ultp-block-image-opacity\"><a href=\"https:\/\/forte-cultura.com\/pl\/kostrzyn-nad-odra-pl\/\" ><img decoding=\"async\"  class=\"ultp-block-image-content\"  alt=\"Kostrzyn nad Odr\u0105 (PL)\"  src=\"https:\/\/forte-cultura.com\/wp-content\/uploads\/Festungssystem-Kostrzyn-870x570.jpg\" \/><\/a><\/div><div class=\"ultp-block-content\"><h3 class=\"ultp-block-title\"><a href=\"https:\/\/forte-cultura.com\/pl\/kostrzyn-nad-odra-pl\/\" >Kostrzyn nad Odr\u0105 (PL)<\/a><\/h3><\/div><\/div><\/div><div class=\"ultp-block-item post-id-909\"><div class=\"ultp-block-content-wrap\"><div class=\"ultp-block-image ultp-block-image-opacity\"><a href=\"https:\/\/forte-cultura.com\/pl\/mainz-de\/\" ><img decoding=\"async\"  class=\"ultp-block-image-content\"  alt=\"Cytadela w Moguncji (DE) Zdj\u0119cie mainzplus\"  src=\"https:\/\/forte-cultura.com\/wp-content\/uploads\/Mainz_Foto-mainzplus-870x570.jpg\" \/><\/a><\/div><div class=\"ultp-block-content\"><h3 class=\"ultp-block-title\"><a href=\"https:\/\/forte-cultura.com\/pl\/mainz-de\/\" >Mainz (DE)<\/a><\/h3><\/div><\/div><\/div><div class=\"ultp-block-item post-id-963\"><div class=\"ultp-block-content-wrap\"><div class=\"ultp-block-image ultp-block-image-opacity\"><a href=\"https:\/\/forte-cultura.com\/pl\/rastatt-de\/\" ><img decoding=\"async\"  class=\"ultp-block-image-content\"  alt=\"WGM Muzeum Historii Obronno\u015bci Rastatt (DE)\"  src=\"https:\/\/forte-cultura.com\/wp-content\/uploads\/WGM-Rastatt-870x570.jpg\" \/><\/a><\/div><div class=\"ultp-block-content\"><h3 class=\"ultp-block-title\"><a href=\"https:\/\/forte-cultura.com\/pl\/rastatt-de\/\" >Rastatt (DE)<\/a><\/h3><\/div><\/div><\/div><div class=\"ultp-block-item post-id-978\"><div class=\"ultp-block-content-wrap\"><div class=\"ultp-block-image ultp-block-image-opacity\"><a href=\"https:\/\/forte-cultura.com\/pl\/san-marino-smr\/\" ><img decoding=\"async\"  class=\"ultp-block-image-content\"  alt=\"Widok na g\u00f3r\u0119 Titano, San Marino \u00a9Commonists\"  src=\"https:\/\/forte-cultura.com\/wp-content\/uploads\/San-Marino-870x570.jpg\" \/><\/a><\/div><div class=\"ultp-block-content\"><h3 class=\"ultp-block-title\"><a href=\"https:\/\/forte-cultura.com\/pl\/san-marino-smr\/\" >San Marino (SMR)<\/a><\/h3><\/div><\/div><\/div><div class=\"ultp-block-item post-id-1009\"><div class=\"ultp-block-content-wrap\"><div class=\"ultp-block-image ultp-block-image-opacity\"><a href=\"https:\/\/forte-cultura.com\/pl\/sibenik-hr\/\" ><img decoding=\"async\"  class=\"ultp-block-image-content\"  alt=\"\u0160ibenik (HR)\"  src=\"https:\/\/forte-cultura.com\/wp-content\/uploads\/Sibenik-St-John-870x570.jpg\" \/><\/a><\/div><div class=\"ultp-block-content\"><h3 class=\"ultp-block-title\"><a href=\"https:\/\/forte-cultura.com\/pl\/sibenik-hr\/\" >\u0160ibenik (HR)<\/a><\/h3><\/div><\/div><\/div><div class=\"ultp-block-item post-id-1015\"><div class=\"ultp-block-content-wrap\"><div class=\"ultp-block-image ultp-block-image-opacity\"><a href=\"https:\/\/forte-cultura.com\/pl\/srebrna-gora-pl\/\" ><img decoding=\"async\"  class=\"ultp-block-image-content\"  alt=\"Srebrna G\u00f3ra (PL)\"  src=\"https:\/\/forte-cultura.com\/wp-content\/uploads\/Srebrna-Gora-870x570.jpg\" \/><\/a><\/div><div class=\"ultp-block-content\"><h3 class=\"ultp-block-title\"><a href=\"https:\/\/forte-cultura.com\/pl\/srebrna-gora-pl\/\" >Srebrna G\u00f3ra (PL)<\/a><\/h3><\/div><\/div><\/div><div class=\"ultp-block-item post-id-1038\"><div class=\"ultp-block-content-wrap\"><div class=\"ultp-block-image ultp-block-image-opacity\"><a href=\"https:\/\/forte-cultura.com\/pl\/torgau-de\/\" ><img decoding=\"async\"  class=\"ultp-block-image-content\"  alt=\"Torgau (DE)\"  src=\"https:\/\/forte-cultura.com\/wp-content\/uploads\/Schloss-Heratenfels-Torgau-DE-870x570.jpg\" \/><\/a><\/div><div class=\"ultp-block-content\"><h3 class=\"ultp-block-title\"><a href=\"https:\/\/forte-cultura.com\/pl\/torgau-de\/\" >Torgau (DE)<\/a><\/h3><\/div><\/div><\/div><div class=\"ultp-block-item post-id-1042\"><div class=\"ultp-block-content-wrap\"><div class=\"ultp-block-image ultp-block-image-opacity\"><a href=\"https:\/\/forte-cultura.com\/pl\/ulm-de\/\" ><img decoding=\"async\"  class=\"ultp-block-image-content\"  alt=\"Ulm (DE)\"  src=\"https:\/\/forte-cultura.com\/wp-content\/uploads\/Wilhelmsburg-Ulm-870x570.jpg\" \/><\/a><\/div><div class=\"ultp-block-content\"><h3 class=\"ultp-block-title\"><a href=\"https:\/\/forte-cultura.com\/pl\/ulm-de\/\" >Ulm (DE)<\/a><\/h3><\/div><\/div><\/div><div class=\"ultp-block-item post-id-2721\"><div class=\"ultp-block-content-wrap\"><div class=\"ultp-block-image ultp-block-image-opacity\"><a href=\"https:\/\/forte-cultura.com\/pl\/kiew-ua\/\" ><img decoding=\"async\"  class=\"ultp-block-image-content\"  alt=\"Twierdza Kij\u00f3w, UA\"  src=\"https:\/\/forte-cultura.com\/wp-content\/uploads\/0014-870x570.jpg\" \/><\/a><\/div><div class=\"ultp-block-content\"><h3 class=\"ultp-block-title\"><a href=\"https:\/\/forte-cultura.com\/pl\/kiew-ua\/\" >Kij\u00f3w (UA)<\/a><\/h3><\/div><\/div><\/div><div class=\"ultp-block-item post-id-3474\"><div class=\"ultp-block-content-wrap\"><div class=\"ultp-block-image ultp-block-image-opacity\"><a href=\"https:\/\/forte-cultura.com\/pl\/belfort-fr\/\" ><img decoding=\"async\"  class=\"ultp-block-image-content\"  alt=\"Belfort (FR)\"  src=\"https:\/\/forte-cultura.com\/wp-content\/uploads\/Belfort-Lion_\u00a9D.Roeder_1-870x570.jpg\" \/><\/a><\/div><div class=\"ultp-block-content\"><h3 class=\"ultp-block-title\"><a href=\"https:\/\/forte-cultura.com\/pl\/belfort-fr\/\" >Belfort (FR)<\/a><\/h3><\/div><\/div><\/div><\/div><\/div><div class=\"pagination-block-html\" aria-hidden=\"true\" style=\"display: none;\"><\/div><\/div>\n\n\n<hr class=\"is-style-wide wp-block-separator aligncenter has-text-color has-custom-farbe-1-color has-alpha-channel-opacity has-custom-farbe-1-background-color has-background eplus-wrapper\"\/>\n\n\n\n<div style=\"height:20px\" aria-hidden=\"true\" class=\"wp-block-spacer eplus-wrapper\"><\/div>\n\n\n\n<h4 class=\"wp-block-heading has-text-align-center has-custom-farbe-1-color has-text-color has-link-color eplus-wrapper wp-elements-a7d2d3a8d25651e68e2ee5c6bb9430b6\">Odkryj forty z FORTE CULTURA<\/h4>\n\n\n<div class=\"wp-block-columns are-vertically-aligned-center eplus-wrapper is-layout-flex wp-container-core-columns-is-layout-28f84493 wp-block-columns-is-layout-flex eplus-styles-uid-ee2ffe\">\n<div class=\"wp-block-column is-vertically-aligned-center eplus-wrapper is-layout-flow wp-block-column-is-layout-flow\" style=\"flex-basis:10%\">\n<figure class=\"wp-block-image aligncenter size-full is-resized eplus-wrapper\"><img loading=\"lazy\" decoding=\"async\" width=\"212\" height=\"120\" src=\"https:\/\/forte-cultura.com\/wp-content\/uploads\/Fort.png\" alt=\"\" class=\"wp-image-2135\" style=\"width:76px;height:auto\" srcset=\"https:\/\/forte-cultura.com\/wp-content\/uploads\/Fort.png 212w, https:\/\/forte-cultura.com\/wp-content\/uploads\/Fort-18x10.png 18w, https:\/\/forte-cultura.com\/wp-content\/uploads\/Fort-200x113.png 200w\" sizes=\"auto, (max-width: 212px) 100vw, 212px\" \/><\/figure>\n<\/div>\n\n\n\n<div class=\"wp-block-column is-vertically-aligned-center eplus-wrapper is-layout-flow wp-block-column-is-layout-flow\" style=\"flex-basis:90%\">\n<p class=\"eplus-wrapper translation-block\">Forty s\u0105 cz\u0119sto elementami du\u017cych system\u00f3w fortyfikacyjnych. S\u0105 to w du\u017cej mierze samowystarczalne twierdze, czasami o znacznych rozmiarach, np. <strong>Fort Monostor<\/strong> w Komarom (HU) jako cz\u0119\u015b\u0107 systemu fortyfikacji Komarno\/Komarom (SI\/HU) po obu stronach Dunaju.<\/p>\n<\/div>\n<\/div>\n\n<div  class=\"ultp-post-grid-block wp-block-ultimate-post-post-grid-1 ultp-block-ca29e1 aligncenter\"><div class=\"ultp-block-wrapper\"><div class=\"ultp-loading\"><div class=\"ultp-loading-blocks\" style=\"width:100%;height:100%;\"><div style=\"left: 0;top: 0;animation-delay:0s;\"><\/div><div style=\"left: 21px;top: 0;animation-delay:0.125s;\"><\/div><div style=\"left: 42px;top: 0;animation-delay:0.25s;\"><\/div><div style=\"left: 0;top: 21px;animation-delay:0.875s;\"><\/div><div style=\"left: 42px;top: 21px;animation-delay:0.375s;\"><\/div><div style=\"left: 0;top: 42px;animation-delay:0.75s;\"><\/div><div style=\"left: 42px;top: 42px;animation-delay:0.625s;\"><\/div><div style=\"left: 21px;top: 42px;animation-delay:0.5s;\"><\/div><\/div><\/div><div class=\"ultp-block-items-wrap ultp-block-row ultp-pg1a-style1 ultp-grid1-responsive ultp-block-column-4 1 ultp-xs-column-1 ultp-layout1\"><div class=\"ultp-block-item post-id-623\"><div class=\"ultp-block-content-wrap\"><div class=\"ultp-block-image ultp-block-image-opacity\"><a href=\"https:\/\/forte-cultura.com\/pl\/gorgast-de\/\" ><img decoding=\"async\"  class=\"ultp-block-image-content\"  alt=\"Gorgast (DE)\"  src=\"https:\/\/forte-cultura.com\/wp-content\/uploads\/2023\/11\/Torhaus-Gorgast_\u00a9Dirk_Roeder_web-1-870x570.jpg\" \/><\/a><\/div><div class=\"ultp-block-content\"><h3 class=\"ultp-block-title\"><a href=\"https:\/\/forte-cultura.com\/pl\/gorgast-de\/\" >Gorgast (DE)<\/a><\/h3><\/div><\/div><\/div><div class=\"ultp-block-item post-id-854\"><div class=\"ultp-block-content-wrap\"><div class=\"ultp-block-image ultp-block-image-opacity\"><a href=\"https:\/\/forte-cultura.com\/pl\/komarom-hr\/\" ><img decoding=\"async\"  class=\"ultp-block-image-content\"  alt=\"Kom\u00e1rom (HU)\"  src=\"https:\/\/forte-cultura.com\/wp-content\/uploads\/Fort-Monostor-Komarom-870x570.jpg\" \/><\/a><\/div><div class=\"ultp-block-content\"><h3 class=\"ultp-block-title\"><a href=\"https:\/\/forte-cultura.com\/pl\/komarom-hr\/\" >Kom\u00e1rom (HU)<\/a><\/h3><\/div><\/div><\/div><div class=\"ultp-block-item post-id-3310\"><div class=\"ultp-block-content-wrap\"><div class=\"ultp-block-image ultp-block-image-opacity\"><a href=\"https:\/\/forte-cultura.com\/pl\/fort-prusy-nysa-pl\/\" ><img decoding=\"async\"  class=\"ultp-block-image-content\"  alt=\"Nysa (PL)\"  src=\"https:\/\/forte-cultura.com\/wp-content\/uploads\/Fort-Prusy-870x570.jpg\" \/><\/a><\/div><div class=\"ultp-block-content\"><h3 class=\"ultp-block-title\"><a href=\"https:\/\/forte-cultura.com\/pl\/fort-prusy-nysa-pl\/\" >Nysa (PL)<\/a><\/h3><\/div><\/div><\/div><\/div><\/div><div class=\"pagination-block-html\" aria-hidden=\"true\" style=\"display: none;\"><\/div><\/div>\n\n\n<hr class=\"is-style-wide wp-block-separator aligncenter has-text-color has-custom-farbe-1-color has-alpha-channel-opacity has-custom-farbe-1-background-color has-background eplus-wrapper\"\/>\n\n\n<div id=\"travelersmap-container-69f723c615656\" class=\"travelersmap-container\" style=\"z-index: 1; min-height: 10px; min-width:10px; height:600px;width:100%; max-width:1280px; max-height:500px; position:relative;\"><div style=\"position:absolute; z-index:-1;top: 50%;text-align: center;display: block;left: 50%;transform: translate(-50%,-50%);\">Travellers' Map \u0142aduje si\u0119...<br>Je\u015bli zobaczysz to po ca\u0142kowitym za\u0142adowaniu strony, brakuje plik\u00f3w leafletJS.<\/div><\/div>\n\n\n\n<div style=\"height:20px\" aria-hidden=\"true\" class=\"wp-block-spacer eplus-wrapper\"><\/div>\n\n\n\n<p class=\"has-medium-font-size eplus-wrapper\"><a href=\"https:\/\/forte-cultura.com\/kulturerbe-festungsmonumente\/geschichte-des-festungsbaus\/festungsbau-vom-15-19-jahrhundert\/\">Budowa twierdzy od XV do XIX wieku<\/a><\/p>\n\n\n\n<div style=\"margin-top:0;margin-bottom:0;height:20px\" aria-hidden=\"true\" class=\"wp-block-spacer eplus-wrapper\"><\/div>\n\n\n<div id=\"mega-menu-wrap-max_mega_menu_2\" class=\"mega-menu-wrap\"><div class=\"mega-menu-toggle\"><div class=\"mega-toggle-blocks-left\"><\/div><div class=\"mega-toggle-blocks-center\"><\/div><div class=\"mega-toggle-blocks-right\"><div class='mega-toggle-block mega-menu-toggle-animated-block mega-toggle-block-0' id='mega-toggle-block-0'><button aria-controls=\"mega-menu-max_mega_menu_2\" aria-expanded=\"false\" aria-haspopup=\"true\" aria-label=\"Toggle Menu\" class=\"mega-toggle-animated mega-toggle-animated-slider\" type=\"button\">\n                  <span class=\"mega-toggle-animated-box\">\n                    <span class=\"mega-toggle-animated-inner\"><\/span>\n                  <\/span>\n                <\/button><\/div><\/div><\/div><ul id=\"mega-menu-max_mega_menu_2\" class=\"mega-menu max-mega-menu mega-menu-horizontal mega-no-js\" data-event=\"hover_intent\" data-effect=\"fade_up\" data-effect-speed=\"200\" data-effect-mobile=\"disabled\" data-effect-speed-mobile=\"0\" data-mobile-force-width=\"false\" data-second-click=\"go\" data-document-click=\"collapse\" data-vertical-behaviour=\"standard\" data-breakpoint=\"768\" data-unbind=\"true\" data-mobile-state=\"collapse_all\" data-mobile-direction=\"vertical\"><li class=\"mega-menu-item mega-menu-item-type-post_type mega-menu-item-object-page mega-align-bottom-left mega-menu-flyout mega-menu-item-2026\" id=\"mega-menu-item-2026\"><a class=\"mega-menu-link\" href=\"https:\/\/forte-cultura.com\/pl\/kulturerbe-festungsmonumente\/geschichte-des-festungsbaus\/festungsbau-vom-15-19-jahrhundert\/einzelfestungen\/\">Poszczeg\u00f3lne fortyfikacje<\/a><\/li><li class=\"mega-menu-item mega-menu-item-type-post_type mega-menu-item-object-page mega-align-bottom-left mega-menu-flyout mega-menu-item-2025\" id=\"mega-menu-item-2025\"><a class=\"mega-menu-link\" href=\"https:\/\/forte-cultura.com\/pl\/kulturerbe-festungsmonumente\/geschichte-des-festungsbaus\/festungsbau-vom-15-19-jahrhundert\/befestigte-stadt\/\">Ufortyfikowane miasto<\/a><\/li><li class=\"mega-menu-item mega-menu-item-type-post_type mega-menu-item-object-page mega-align-bottom-left mega-menu-flyout mega-menu-item-2024\" id=\"mega-menu-item-2024\"><a class=\"mega-menu-link\" href=\"https:\/\/forte-cultura.com\/pl\/kulturerbe-festungsmonumente\/geschichte-des-festungsbaus\/festungsbau-vom-15-19-jahrhundert\/befestigte-idealstadt\/\">Ufortyfikowane miasto idealne<\/a><\/li><li class=\"mega-menu-item mega-menu-item-type-post_type mega-menu-item-object-page mega-align-bottom-left mega-menu-flyout mega-menu-item-2113\" id=\"mega-menu-item-2113\"><a class=\"mega-menu-link\" href=\"https:\/\/forte-cultura.com\/pl\/kulturerbe-festungsmonumente\/geschichte-des-festungsbaus\/festungsbau-vom-15-19-jahrhundert\/zitadellen\/\">Cytadele<\/a><\/li><li class=\"mega-menu-item mega-menu-item-type-post_type mega-menu-item-object-page mega-align-bottom-left mega-menu-flyout mega-menu-item-2120\" id=\"mega-menu-item-2120\"><a class=\"mega-menu-link\" href=\"https:\/\/forte-cultura.com\/pl\/kulturerbe-festungsmonumente\/geschichte-des-festungsbaus\/festungsbau-vom-15-19-jahrhundert\/befestigte-burg\/\">Ufortyfikowany zamek<\/a><\/li><li class=\"mega-menu-item mega-menu-item-type-post_type mega-menu-item-object-page mega-align-bottom-left mega-menu-flyout mega-menu-item-2148\" id=\"mega-menu-item-2148\"><a class=\"mega-menu-link\" href=\"https:\/\/forte-cultura.com\/pl\/kulturerbe-festungsmonumente\/geschichte-des-festungsbaus\/festungsbau-vom-15-19-jahrhundert\/befestigtes-schloss\/\">Zapi\u0119ty zamek<\/a><\/li><li class=\"mega-menu-item mega-menu-item-type-post_type mega-menu-item-object-page mega-align-bottom-left mega-menu-flyout mega-menu-item-2147\" id=\"mega-menu-item-2147\"><a class=\"mega-menu-link\" href=\"https:\/\/forte-cultura.com\/pl\/kulturerbe-festungsmonumente\/geschichte-des-festungsbaus\/festungsbau-vom-15-19-jahrhundert\/grossfestungen\/\">Du\u017ce fortece<\/a><\/li><li class=\"mega-menu-item mega-menu-item-type-post_type mega-menu-item-object-page mega-align-bottom-left mega-menu-flyout mega-menu-item-2154\" id=\"mega-menu-item-2154\"><a class=\"mega-menu-link\" href=\"https:\/\/forte-cultura.com\/pl\/kulturerbe-festungsmonumente\/geschichte-des-festungsbaus\/festungsbau-vom-15-19-jahrhundert\/verteidigungslinien\/\">Linie obronne XV-XIX w.<\/a><\/li><\/ul><\/div>\n\n\n<div style=\"height:20px\" aria-hidden=\"true\" class=\"wp-block-spacer eplus-wrapper\"><\/div>","protected":false},"excerpt":{"rendered":"<p>Weitr\u00e4umige Wehranlagen Zentralfestung mit ringf\u00f6rmig angeordneter Kette von vorgelagerten Festungsanlagen, wie Forts und Batterien, zur Sicherung von St\u00e4dten und Waffenpl\u00e4tzen.Bsp. Titelbild: Festungssystem Silberberg, Srebrna Gora (PL) Napoleons \u201egaloppierende Artillerie\u201c wich [&hellip;]<\/p>\n","protected":false},"author":1,"featured_media":1016,"parent":1963,"menu_order":7,"comment_status":"closed","ping_status":"closed","template":"","meta":{"editor_plus_copied_stylings":"{}","pgc_sgb_lightbox_settings":"","_price":"","_stock":"","_tribe_ticket_header":"","_tribe_default_ticket_provider":"","_tribe_ticket_capacity":"0","_ticket_start_date":"","_ticket_end_date":"","_tribe_ticket_show_description":"","_tribe_ticket_show_not_going":false,"_tribe_ticket_use_global_stock":"","_tribe_ticket_global_stock_level":"","_global_stock_mode":"","_global_stock_cap":"","_tribe_rsvp_for_event":"","_tribe_ticket_going_count":"","_tribe_ticket_not_going_count":"","_tribe_tickets_list":"[]","_tribe_ticket_has_attendee_info_fields":false,"_EventAllDay":false,"_EventTimezone":"","_EventStartDate":"","_EventEndDate":"","_EventStartDateUTC":"","_EventEndDateUTC":"","_EventShowMap":false,"_EventShowMapLink":false,"_EventURL":"","_EventCost":"","_EventCostDescription":"","_EventCurrencySymbol":"","_EventCurrencyCode":"","_EventCurrencyPosition":"","_EventDateTimeSeparator":"","_EventTimeRangeSeparator":"","_EventOrganizerID":[],"_EventVenueID":[],"_OrganizerEmail":"","_OrganizerPhone":"","_OrganizerWebsite":"","_VenueAddress":"","_VenueCity":"","_VenueCountry":"","_VenueProvince":"","_VenueState":"","_VenueZip":"","_VenuePhone":"","_VenueURL":"","_VenueStateProvince":"","_VenueLat":"","_VenueLng":"","_VenueShowMap":false,"_VenueShowMapLink":false,"footnotes":""},"class_list":["post-2128","page","type-page","status-publish","has-post-thumbnail","hentry"],"_links":{"self":[{"href":"https:\/\/forte-cultura.com\/pl\/wp-json\/wp\/v2\/pages\/2128","targetHints":{"allow":["GET"]}}],"collection":[{"href":"https:\/\/forte-cultura.com\/pl\/wp-json\/wp\/v2\/pages"}],"about":[{"href":"https:\/\/forte-cultura.com\/pl\/wp-json\/wp\/v2\/types\/page"}],"author":[{"embeddable":true,"href":"https:\/\/forte-cultura.com\/pl\/wp-json\/wp\/v2\/users\/1"}],"replies":[{"embeddable":true,"href":"https:\/\/forte-cultura.com\/pl\/wp-json\/wp\/v2\/comments?post=2128"}],"version-history":[{"count":0,"href":"https:\/\/forte-cultura.com\/pl\/wp-json\/wp\/v2\/pages\/2128\/revisions"}],"up":[{"embeddable":true,"href":"https:\/\/forte-cultura.com\/pl\/wp-json\/wp\/v2\/pages\/1963"}],"wp:featuredmedia":[{"embeddable":true,"href":"https:\/\/forte-cultura.com\/pl\/wp-json\/wp\/v2\/media\/1016"}],"wp:attachment":[{"href":"https:\/\/forte-cultura.com\/pl\/wp-json\/wp\/v2\/media?parent=2128"}],"curies":[{"name":"wp","href":"https:\/\/api.w.org\/{rel}","templated":true}]}}