{"id":5063,"date":"2026-04-05T13:24:11","date_gmt":"2026-04-05T11:24:11","guid":{"rendered":"https:\/\/forte-cultura.com\/?post_type=tribe_events&#038;p=5063"},"modified":"2026-04-05T13:24:14","modified_gmt":"2026-04-05T11:24:14","slug":"cittadella-festival-mainz","status":"publish","type":"tribe_events","link":"https:\/\/forte-cultura.com\/it\/event\/zitadellenfest-mainz\/","title":{"rendered":"Festival della Cittadella di Magonza"},"content":{"rendered":"<div  class=\"tribe-events-schedule tribe-clearfix\" >\n\t<p class=\"tribe-events-schedule__datetime\">\n\t\t<span class=\"tribe-events-schedule__date tribe-events-schedule__date--start\">\n\t\t\t13 settembre\t\t<\/span>\n\n\t\t\t\t\t<span class=\"tribe-events-schedule__all-day\">Giornata intera<\/span>\n\t\t\n\t\t\t<\/p>\n<\/div>\n\n\n<figure class=\"wp-block-post-featured-image\"><img loading=\"lazy\" decoding=\"async\" width=\"2560\" height=\"1707\" src=\"https:\/\/forte-cultura.com\/wp-content\/uploads\/8kqWyE6UHzHA-Zitadellenfest-13-scaled.jpg\" class=\"attachment-post-thumbnail size-post-thumbnail wp-post-image\" alt=\"\" style=\"object-fit:cover;\" srcset=\"https:\/\/forte-cultura.com\/wp-content\/uploads\/8kqWyE6UHzHA-Zitadellenfest-13-scaled.jpg 2560w, https:\/\/forte-cultura.com\/wp-content\/uploads\/8kqWyE6UHzHA-Zitadellenfest-13-300x200.jpg 300w, https:\/\/forte-cultura.com\/wp-content\/uploads\/8kqWyE6UHzHA-Zitadellenfest-13-1024x683.jpg 1024w, https:\/\/forte-cultura.com\/wp-content\/uploads\/8kqWyE6UHzHA-Zitadellenfest-13-768x512.jpg 768w, https:\/\/forte-cultura.com\/wp-content\/uploads\/8kqWyE6UHzHA-Zitadellenfest-13-1536x1024.jpg 1536w, https:\/\/forte-cultura.com\/wp-content\/uploads\/8kqWyE6UHzHA-Zitadellenfest-13-2048x1365.jpg 2048w, https:\/\/forte-cultura.com\/wp-content\/uploads\/8kqWyE6UHzHA-Zitadellenfest-13-18x12.jpg 18w, https:\/\/forte-cultura.com\/wp-content\/uploads\/8kqWyE6UHzHA-Zitadellenfest-13-1200x800.jpg 1200w\" sizes=\"auto, (max-width: 2560px) 100vw, 2560px\" \/><\/figure>\n\n\n<p class=\"has-small-font-size eplus-wrapper\" style=\"line-height:1.3\"><em>Foto: Drususstein ristrutturato nel rispetto del suo status di monumento storico con un piazzale di nuova concezione per il Festival della Cittadella 2025 \u00a9Iniziativa Zitadelle Mainz<\/em><\/p>\n\n\n\n<p class=\"eplus-wrapper\">Il Festival della Cittadella di Magonza che si tiene ogni anno la seconda domenica di settembre, la Giornata dei Monumenti Aperti, \u00e8 stato ampliato nel 2012 per includere un raduno di auto d'epoca e classiche. La collaborazione attiva con partner che condividono le stesse idee offre al Festival della Cittadella uno spettro sempre pi\u00f9 ampio di partecipanti. <\/p>\n\n\n\n<p class=\"eplus-wrapper\">Nel 2026 il programma sar\u00e0 molto vario e l'ingresso sar\u00e0 come sempre gratuito.<\/p>\n\n\n\n<figure class=\"wp-block-image size-large eplus-wrapper\"><img loading=\"lazy\" decoding=\"async\" width=\"1024\" height=\"682\" src=\"https:\/\/forte-cultura.com\/wp-content\/uploads\/HHu0OdMe75Ou-Mainzplus-2019-Luftaufnahmen-072-c-mainzplus-CITYMARKETING-Dominik-Ketz-verkleinert-1024x682.jpg\" alt=\"\" class=\"wp-image-5065\" srcset=\"https:\/\/forte-cultura.com\/wp-content\/uploads\/HHu0OdMe75Ou-Mainzplus-2019-Luftaufnahmen-072-c-mainzplus-CITYMARKETING-Dominik-Ketz-verkleinert-1024x682.jpg 1024w, https:\/\/forte-cultura.com\/wp-content\/uploads\/HHu0OdMe75Ou-Mainzplus-2019-Luftaufnahmen-072-c-mainzplus-CITYMARKETING-Dominik-Ketz-verkleinert-300x200.jpg 300w, https:\/\/forte-cultura.com\/wp-content\/uploads\/HHu0OdMe75Ou-Mainzplus-2019-Luftaufnahmen-072-c-mainzplus-CITYMARKETING-Dominik-Ketz-verkleinert-768x512.jpg 768w, https:\/\/forte-cultura.com\/wp-content\/uploads\/HHu0OdMe75Ou-Mainzplus-2019-Luftaufnahmen-072-c-mainzplus-CITYMARKETING-Dominik-Ketz-verkleinert-1536x1023.jpg 1536w, https:\/\/forte-cultura.com\/wp-content\/uploads\/HHu0OdMe75Ou-Mainzplus-2019-Luftaufnahmen-072-c-mainzplus-CITYMARKETING-Dominik-Ketz-verkleinert-18x12.jpg 18w, https:\/\/forte-cultura.com\/wp-content\/uploads\/HHu0OdMe75Ou-Mainzplus-2019-Luftaufnahmen-072-c-mainzplus-CITYMARKETING-Dominik-Ketz-verkleinert-1200x800.jpg 1200w, https:\/\/forte-cultura.com\/wp-content\/uploads\/HHu0OdMe75Ou-Mainzplus-2019-Luftaufnahmen-072-c-mainzplus-CITYMARKETING-Dominik-Ketz-verkleinert.jpg 1732w\" sizes=\"auto, (max-width: 1024px) 100vw, 1024px\" \/><figcaption class=\"wp-element-caption\">Vista aerea da Zitadellenweg via Kommandantenbau a Drususstein; \u00a9mainzplus GmbH<\/figcaption><\/figure>\n\n\n\n<p class=\"eplus-wrapper\">Oltre alla cattedrale, la Cittadella di Magonza \u00e8 il monumento architettonico pi\u00f9 importante di Magonza. \u00c8 una delle poche cittadelle moderne sopravvissute in Germania. In uno spazio molto ridotto, \u00e8 possibile esplorare 2.000 anni di storia della citt\u00e0: dalla pietra romana di Drusus al complesso dell'Elettorato di Magonza con i suoi corridoi sotterranei e i rifugi antiaerei della Seconda guerra mondiale.<\/p>\n\n\n\n<p class=\"eplus-wrapper\"><a href=\"https:\/\/forte-cultura.com\/mainz-de\/\" data-type=\"post\" data-id=\"909\">Ulteriori informazioni sul sistema di fortificazioni di Magonza.<\/a><\/p>\n\n\n<div  class=\"tribe-block tribe-block__event-price\" >\n\t\t<\/div>\n\n\n<div  class=\"tribe-block tribe-block__organizer__details tribe-clearfix\" >\n\t<div class=\"tribe-block__organizer__title\">\n\t\t<h3>Iniziativa Zitadelle Mainz e.V.<\/h3>\n\t<\/div>\n\t\t\t\t<p class=\"tribe-block__organizer__website\"><a href=\"https:\/\/www.zitadelle-mainz.de\/\" target=\"_blank\" rel=\"noopener noreferrer\">Visualizza il sito dell&#039;Organizzatore<\/a><\/p>\n\t\t<\/div>\n\n\n<div  class=\"tribe-block tribe-block__venue tribe-clearfix tribe-block__venue--has-map\" >\n\t\n\t\n<div class=\"tribe-block__venue__meta\">\n\t<div class=\"tribe-block__venue__name\">\n\t\t<h3>Cittadella di Magonza<\/h3>\n\t<\/div>\n\n\t\n\t\t\t\t\t\t<address class=\"tribe-block__venue__address\">\n\t\t\t\t<span class=\"tribe-address\">\n\n<span class=\"tribe-street-address\">Cittadella<\/span>\n\t\n\t\t<br>\n\t\t<span class=\"tribe-locality\">Magonza<\/span><span class=\"tribe-delimiter\">,<\/span>\n\n\n\t<span class=\"tribe-postal-code\">55131<\/span>\n\n\t<span class=\"tribe-country-name\">Germania<\/span>\n\n<\/span>\n\n\t\t\t\t\t\t\t\t\t<a class=\"tribe-events-gmap\" href=\"https:\/\/maps.google.com\/maps?f=q&#038;source=s_q&#038;hl=en&#038;geocode=&#038;q=Zitadelle+Mainz+55131+Germany\" title=\"Fai clic per visualizzare una mappa Google Maps\" target=\"_blank\" rel=\"noreferrer noopener\">+ Google Maps<\/a>\t\t\t\t\t\t\t<\/address>\n\t\t\n\t\t\n\t\t\t\t\t<span class=\"tribe-block__venue__website\"><a href=\"https:\/\/www.zitadelle-mainz.de\/\" target=\"_self\" rel=\"external noopener\">Visualizza il sito del Luogo<\/a><\/span><br \/>\n\t\t\t\n\t<\/div>\n\t\n<div class=\"tribe-block__venue__map\">\n\t<div id=\"tribe-events-gmap-0\" style=\"height: 256px; width: 310px\" aria-hidden=\"true\"><\/div><!-- #tribe-events-gmap- -->\n<\/div>\n\n\t<\/div>\n\n\n\n\n\t<div  class=\"tribe-block tribe-block__events-link\" >\n\t\t<div class=\"tribe-events tribe-common\">\n\t\t\t<div class=\"tribe-events-c-subscribe-dropdown__container\">\n\t\t\t\t<div class=\"tribe-events-c-subscribe-dropdown\">\n\t\t\t\t\t<div class=\"tribe-common-c-btn-border tribe-events-c-subscribe-dropdown__button\">\n\t\t\t\t\t\t<svg\n\t class=\"tribe-common-c-svgicon tribe-common-c-svgicon--cal-export tribe-events-c-subscribe-dropdown__export-icon\" \taria-hidden=\"true\"\n\tviewbox=\"0 0 23 17\"\n\txmlns=\"http:\/\/www.w3.org\/2000\/svg\"\n>\n\t<path fill-rule=\"evenodd\" clip-rule=\"evenodd\" d=\"M.128.896V16.13c0 .211.145.383.323.383h15.354c.179 0 .323-.172.323-.383V.896c0-.212-.144-.383-.323-.383H.451C.273.513.128.684.128.896Zm16 6.742h-.901V4.679H1.009v10.729h14.218v-3.336h.901V7.638ZM1.01 1.614h14.218v2.058H1.009V1.614Z\" \/>\n\t<path d=\"M20.5 9.846H8.312M18.524 6.953l2.89 2.909-2.855 2.855\" stroke-width=\"1.2\" stroke-linecap=\"round\" stroke-linejoin=\"round\"\/>\n<\/svg>\n\t\t\t\t\t\t<button\n\t\t\t\t\t\t\tclass=\"tribe-events-c-subscribe-dropdown__button-text\"\n\t\t\t\t\t\t\taria-expanded=\"false\"\n\t\t\t\t\t\t\taria-controls=\"tribe-events-subscribe-dropdown-content\"\n\t\t\t\t\t\t\taria-label=\"Visualizza i link per aggiungere eventi al tuo calendario\"\n\t\t\t\t\t\t>\n\t\t\t\t\t\t\tSalva nel tuo calendario\t\t\t\t\t\t<\/button>\n\t\t\t\t\t\t<svg\n\t class=\"tribe-common-c-svgicon tribe-common-c-svgicon--caret-down tribe-events-c-subscribe-dropdown__button-icon\" \taria-hidden=\"true\"\n\tviewbox=\"0 0 10 7\"\n\txmlns=\"http:\/\/www.w3.org\/2000\/svg\"\n>\n\t<path fill-rule=\"evenodd\" clip-rule=\"evenodd\" d=\"M1.008.609L5 4.6 8.992.61l.958.958L5 6.517.05 1.566l.958-.958z\" class=\"tribe-common-c-svgicon__svg-fill\"\/>\n<\/svg>\n\t\t\t\t\t<\/div>\n\t\t\t\t\t<div id=\"tribe-events-subscribe-dropdown-content\" class=\"tribe-events-c-subscribe-dropdown__content\">\n\t\t\t\t\t\t<ul class=\"tribe-events-c-subscribe-dropdown__list\">\n\t\t\t\t\t\t\t\t\t\t\t\t\t\t\t<li class=\"tribe-events-c-subscribe-dropdown__list-item tribe-events-c-subscribe-dropdown__list-item--gcal\">\n\t\t\t\t\t\t\t\t\t<a href=\"https:\/\/www.google.com\/calendar\/event?action=TEMPLATE&#038;dates=20260913T000000\/20260913T235959&#038;text=Zitadellenfest%20Mainz&#038;details=%3Cp+class%3D%22+has-small-font-size+eplus-wrapper%22+style%3D%22line-height%3A1.3%22%3E%3Cem%3EFoto%3A+Denkmalgerecht+erneuerter+Drususstein+mit+neu+gestaltetem+Vorplatz+zum+Zitadellenfest+2025+%C2%A9Initiative+Zitadelle+Mainz%3C%2Fem%3E%3C%2Fp%3E+%3Cp+class%3D%22+eplus-wrapper%22%3EDas+Zitadellenfest+Mainz+am+2.+Septembersonntag+im+Jahr%2C+dem+Tag+des+Offenen+Denkmals%2C+wurde+2012+durch+ein+Old-+und+Youngtimer-Treffen+erweitert.+Die+aktive+Zusammenarbeit+mit+gleichgesinnten+Partnern+gibt+dem+Zitadellenfest+ein+immer+breiteres+Spektrum+an+Mitwirkenden.+%3C%2Fp%3E+%3Cp+class%3D%22+eplus-wrapper%22%3EFreuen+Sie+sich+auf+ein+vielseitiges+Angebot+2026%2C+der+Eintritt+ist+wie+immer+frei.%3C%2Fp%3E+%3Cfigure+class%3D%22+wp-block-image+size-large+eplus-wrapper%22%3E%3Cimg+src%3D%22https%3A%2F%2Fforte-cultura.com%2Fwp-content%2Fuploads%2FHHu0OdMe75Ou-Mainzplus-2019-Luftaufnahmen-072-c-mainzplus-CITYMARKETING-Dominik-Ketz-verkleinert-1024x682.jpg%22+alt%3D%22%22+class%3D%22wp-image-5065%22%2F%3E%3Cfigcaption+class%3D%22wp-element-caption%22%3ELuftbild+vom+Zitadellenweg+%C3%BCber+Kommandantenbau+bis+zum+Drus%3C%2Ffigcaption%3E%3C%2Ffigure%3E+%28View+Full+evento+Description+Here%3A+https%3A%2F%2Fforte-cultura.com%2Fit%2Fevent%2Fzitadellenfest-mainz%2F%29&#038;location=Zitadelle%20Mainz,%20Zitadelle,%20Mainz,%2055131,%20Germany&#038;trp=false&#038;ctz=Europe\/Berlin&#038;sprop=website:https:\/\/forte-cultura.com\/it\" class=\"tribe-events-c-subscribe-dropdown__list-item-link\" target=\"_blank\" rel=\"noopener noreferrer nofollow noindex\">\n\t\t\t\t\t\t\t\t\t\tCalendario di Google\t\t\t\t\t\t\t\t\t<\/a>\n\t\t\t\t\t\t\t\t<\/li>\n\t\t\t\t\t\t\t\t\t\t\t\t\t\t\t<li class=\"tribe-events-c-subscribe-dropdown__list-item tribe-events-c-subscribe-dropdown__list-item--ical\">\n\t\t\t\t\t\t\t\t\t<a\n\t\t\t\t\t\t\t\t\t\thref=\"\"\n\t\t\t\t\t\t\t\t\t\tclass=\"tribe-events-c-subscribe-dropdown__list-item-link\"\n\t\t\t\t\t\t\t\t\t\ttarget=\"_blank\"\n\t\t\t\t\t\t\t\t\t\trel=\"noopener noreferrer nofollow noindex\"\n\t\t\t\t\t\t\t\t\t>\n\t\t\t\t\t\t\t\t\t\tiCalendario\t\t\t\t\t\t\t\t\t<\/a>\n\t\t\t\t\t\t\t\t<\/li>\n\t\t\t\t\t\t\t\t\t\t\t\t\t\t\t<li class=\"tribe-events-c-subscribe-dropdown__list-item tribe-events-c-subscribe-dropdown__list-item--outlook-365\">\n\t\t\t\t\t\t\t\t\t<a\n\t\t\t\t\t\t\t\t\t\thref=\"\"\n\t\t\t\t\t\t\t\t\t\tclass=\"tribe-events-c-subscribe-dropdown__list-item-link\"\n\t\t\t\t\t\t\t\t\t\ttarget=\"_blank\"\n\t\t\t\t\t\t\t\t\t\trel=\"noopener noreferrer nofollow noindex\"\n\t\t\t\t\t\t\t\t\t>\n\t\t\t\t\t\t\t\t\t\tOutlook 365\t\t\t\t\t\t\t\t\t<\/a>\n\t\t\t\t\t\t\t\t<\/li>\n\t\t\t\t\t\t\t\t\t\t\t\t\t\t\t<li class=\"tribe-events-c-subscribe-dropdown__list-item tribe-events-c-subscribe-dropdown__list-item--outlook-live\">\n\t\t\t\t\t\t\t\t\t<a\n\t\t\t\t\t\t\t\t\t\thref=\"\"\n\t\t\t\t\t\t\t\t\t\tclass=\"tribe-events-c-subscribe-dropdown__list-item-link\"\n\t\t\t\t\t\t\t\t\t\ttarget=\"_blank\"\n\t\t\t\t\t\t\t\t\t\trel=\"noopener noreferrer nofollow noindex\"\n\t\t\t\t\t\t\t\t\t>\n\t\t\t\t\t\t\t\t\t\tOutlook Live\t\t\t\t\t\t\t\t\t<\/a>\n\t\t\t\t\t\t\t\t<\/li>\n\t\t\t\t\t\t\t\t\t\t\t\t\t<\/ul>\n\t\t\t\t\t<\/div>\n\t\t\t\t<\/div>\n\t\t\t<\/div>\n\t\t<\/div>\n\t<\/div>","protected":false},"excerpt":{"rendered":"<p>Foto: Denkmalgerecht erneuerter Drususstein mit neu gestaltetem Vorplatz zum Zitadellenfest 2025 \u00a9Initiative Zitadelle Mainz Das Zitadellenfest Mainz am 2. Septembersonntag im Jahr, dem Tag des Offenen Denkmals, wurde 2012 durch [&hellip;]<\/p>\n","protected":false},"author":1,"featured_media":5064,"template":"","meta":{"editor_plus_copied_stylings":"{}","pgc_sgb_lightbox_settings":"","_price":"","_stock":"","_tribe_ticket_header":"","_tribe_default_ticket_provider":"","_tribe_ticket_capacity":"","_ticket_start_date":"","_ticket_end_date":"","_tribe_ticket_show_description":"","_tribe_ticket_show_not_going":false,"_tribe_ticket_use_global_stock":"","_tribe_ticket_global_stock_level":"","_global_stock_mode":"","_global_stock_cap":"","_tribe_rsvp_for_event":"","_tribe_ticket_going_count":"","_tribe_ticket_not_going_count":"","_tribe_tickets_list":"[]","_tribe_ticket_has_attendee_info_fields":false,"_EventAllDay":true,"_EventTimezone":"Europe\/Berlin","_EventStartDate":"2026-09-13 00:00:00","_EventEndDate":"2026-09-13 23:59:59","_EventStartDateUTC":"2026-09-12 22:00:00","_EventEndDateUTC":"2026-09-13 21:59:59","_EventShowMap":false,"_EventShowMapLink":false,"_EventURL":"","_EventCost":"","_EventCostDescription":"","_EventCurrencySymbol":"\u20ac","_EventCurrencyCode":"EUR","_EventCurrencyPosition":"prefix","_EventDateTimeSeparator":" @ ","_EventTimeRangeSeparator":" - ","_EventOrganizerID":[3372],"_EventVenueID":[3373],"_OrganizerEmail":"","_OrganizerPhone":"","_OrganizerWebsite":"","_VenueAddress":"","_VenueCity":"","_VenueCountry":"","_VenueProvince":"","_VenueState":"","_VenueZip":"","_VenuePhone":"","_VenueURL":"","_VenueStateProvince":"","_VenueLat":"","_VenueLng":"","_VenueShowMap":false,"_VenueShowMapLink":false,"_tribe_events_status":"","_tribe_events_status_reason":"","footnotes":"","_tec_slr_enabled":"","_tec_slr_layout":""},"tags":[],"tribe_events_cat":[],"class_list":["post-5063","tribe_events","type-tribe_events","status-publish","has-post-thumbnail","hentry"],"ticketed":false,"_links":{"self":[{"href":"https:\/\/forte-cultura.com\/it\/wp-json\/wp\/v2\/tribe_events\/5063","targetHints":{"allow":["GET"]}}],"collection":[{"href":"https:\/\/forte-cultura.com\/it\/wp-json\/wp\/v2\/tribe_events"}],"about":[{"href":"https:\/\/forte-cultura.com\/it\/wp-json\/wp\/v2\/types\/tribe_events"}],"author":[{"embeddable":true,"href":"https:\/\/forte-cultura.com\/it\/wp-json\/wp\/v2\/users\/1"}],"version-history":[{"count":0,"href":"https:\/\/forte-cultura.com\/it\/wp-json\/wp\/v2\/tribe_events\/5063\/revisions"}],"wp:featuredmedia":[{"embeddable":true,"href":"https:\/\/forte-cultura.com\/it\/wp-json\/wp\/v2\/media\/5064"}],"wp:attachment":[{"href":"https:\/\/forte-cultura.com\/it\/wp-json\/wp\/v2\/media?parent=5063"}],"wp:term":[{"taxonomy":"post_tag","embeddable":true,"href":"https:\/\/forte-cultura.com\/it\/wp-json\/wp\/v2\/tags?post=5063"},{"taxonomy":"tribe_events_cat","embeddable":true,"href":"https:\/\/forte-cultura.com\/it\/wp-json\/wp\/v2\/tribe_events_cat?post=5063"}],"curies":[{"name":"wp","href":"https:\/\/api.w.org\/{rel}","templated":true}]}}