{"id":4056,"date":"2025-09-18T10:46:11","date_gmt":"2025-09-18T08:46:11","guid":{"rendered":"https:\/\/forte-cultura.com\/?post_type=tribe_events&#038;p=4056"},"modified":"2025-09-18T10:46:14","modified_gmt":"2025-09-18T08:46:14","slug":"passeggiata-nel-patrimonio-culturale-della-cittadella-di-alessandria-it","status":"publish","type":"tribe_events","link":"https:\/\/forte-cultura.com\/it\/event\/kulturerbe-wanderung-in-der-zitadelle-alessandria-it\/","title":{"rendered":"PASSEGGIATA PATRIMONIALE IN CITTADELLA GIORNATE GEP 2025"},"content":{"rendered":"<div  class=\"tribe-events-schedule tribe-clearfix\" >\n\t<p class=\"tribe-events-schedule__datetime\">\n\t\t<span class=\"tribe-events-schedule__date tribe-events-schedule__date--start\">\n\t\t\t27 settembre 2025\t\t<\/span>\n\n\t\t\t\t\t<span class=\"tribe-events-schedule__separator tribe-events-schedule__separator--date\">\n\t\t\t\t @ \t\t\t<\/span>\n\t\t\t<span class=\"tribe-events-schedule__time tribe-events-schedule__time--start\">\n\t\t\t\t8:00\t\t\t<\/span>\n\t\t\n\t\t\t\t\t\t\t\t\t<span class=\"tribe-events-schedule__separator tribe-events-schedule__separator--time\">\n\t\t\t\t\t \u2013 \t\t\t\t<\/span>\n\t\t\t\n\t\t\t\t\t\t\t<span class=\"tribe-events-schedule__time tribe-events-schedule__time--end\">\n\t\t\t\t\t17:00\t\t\t\t<\/span>\n\t\t\t\n\t\t\t\t\t\t\t<span class=\"tribe-events-schedule__timezone\">CEST<\/span>\n\t\t\t\t\t\t<\/p>\n<\/div>\n\n\n\n<p class=\"eplus-wrapper\">La Passeggiata Patrimoniale rappresenta un'occasione unica per valorizzare e vivere la Cittadella di Alessandria, uno dei pi\u00f9 importanti complessi fortificati d'Europa. <\/p>\n\n\n\n<p class=\"eplus-wrapper\">La costruzione della cittadella fu realizzata tra il 1728 e il 1732 su incarico di Vittorio Amedeo II di Savoia, sulla base di un progetto di Giuseppe Ignazio Bertola. <\/p>\n\n\n\n<figure class=\"wp-block-image size-large eplus-wrapper\"><img loading=\"lazy\" decoding=\"async\" width=\"1024\" height=\"646\" src=\"https:\/\/forte-cultura.com\/wp-content\/uploads\/NV9Yvj5ozW7l-1-1a-1024x646.jpg\" alt=\"\" class=\"wp-image-4058\" srcset=\"https:\/\/forte-cultura.com\/wp-content\/uploads\/NV9Yvj5ozW7l-1-1a-1024x646.jpg 1024w, https:\/\/forte-cultura.com\/wp-content\/uploads\/NV9Yvj5ozW7l-1-1a-300x189.jpg 300w, https:\/\/forte-cultura.com\/wp-content\/uploads\/NV9Yvj5ozW7l-1-1a-768x484.jpg 768w, https:\/\/forte-cultura.com\/wp-content\/uploads\/NV9Yvj5ozW7l-1-1a-18x12.jpg 18w, https:\/\/forte-cultura.com\/wp-content\/uploads\/NV9Yvj5ozW7l-1-1a.jpg 1500w\" sizes=\"auto, (max-width: 1024px) 100vw, 1024px\" \/><figcaption class=\"wp-element-caption\">Veduta aerea della Cittadella di Alessandria \u00a9Associazione Cittadella di Alessandria<\/figcaption><\/figure>\n\n\n\n<p class=\"eplus-wrapper\">Il percorso, guidato da esperti, condurr\u00e0 i partecipanti alla scoperta del patrimonio storico, architettonico e paesaggistico della Fortezza, attraverso 4 turni gratuiti della durata di 2 ore ciascuno. <\/p>\n\n\n\n<p class=\"eplus-wrapper\">Il programma della giornata mira a coinvolgere attivamente cittadini, studenti, famiglie, studiosi e turisti, in un'esperienza culturale inclusiva, sostenibile e accessibile anche a persone con disabilit\u00e0. <\/p>\n\n\n\n<p class=\"eplus-wrapper\">Le tappe della passeggiata comprendono: <\/p>\n\n\n<ul class=\"wp-block-list eplus-wrapper eplus-styles-uid-5801c9\"><li class=\"eplus-wrapper eplus-styles-uid-340f12\">Porta Reale<\/li>\n\n<li class=\"eplus-wrapper eplus-styles-uid-340f12\">Video introduttivo sulla storia della Cittadella<\/li>\n\n<li class=\"eplus-wrapper eplus-styles-uid-340f12\">Palazzo del Governatore<\/li>\n\n<li class=\"eplus-wrapper eplus-styles-uid-340f12\">Museo delle Divise Storiche<\/li>\n\n<li class=\"eplus-wrapper eplus-styles-uid-340f12\">Bastione Sant\u2019Antonio<\/li>\n\n<li class=\"eplus-wrapper eplus-styles-uid-340f12\">Polveriera, Forni e percorsi sotterranei<\/li><\/ul>\n\n\n<p class=\"eplus-wrapper\"><\/p>\n\n\n\n<p class=\"has-medium-font-size eplus-wrapper\"><em>La Cittadella di Alessandria, progettata nel XVIII secolo da Ignazio Bertola su incarico di Vittorio Amedeo II, rappresenta un unicum nel panorama delle fortificazioni europee per estensione (oltre 60 ettari), articolazione tipologica e stato di conservazione. La Cittadella di Alessandria, emblema di cultura, memoria e difesa, \u00e8 anche simbolo della progettualit\u00e0 europea: \u00e8 sede del progetto di Comunit\u00e0 Patrimoniale Faro del Consiglio d'Europa, volto a sviluppare nuovi modelli di gestione condivisa, sostenibile e innovativa dei beni culturali. Il valore della Cittadella risiede nei suoi caratteri interdisciplinari: \"antologia di tipi della difesa\" (a partire dal sistema di Sebastien de Vauban, ingegnere militare del Re Sole) nonch\u00e9 di luogo memoria e di identit\u00e0 etico-sociale collettiva, fino alle prospettive future.<\/em><\/p>\n\n\n<div  class=\"tribe-block tribe-block__event-price\" >\n\t\t<\/div>\n\n\n<div  class=\"tribe-block tribe-block__organizer__details tribe-clearfix\" >\n\t<div class=\"tribe-block__organizer__title\">\n\t\t<h3>\u201eAssociazione Cittadella di Alessandria \u201eFaro\u201c di pace in Europa - Ente del Terzo settore\u201c<\/h3>\n\t<\/div>\n\t\t\t\t\t<p class=\"tribe-block__organizer__email\">info@alfarocittadellapace.it<\/p>\n\t<\/div>\n\n\n<div  class=\"tribe-block tribe-block__venue tribe-clearfix tribe-block__venue--has-map\" >\n\t\n\t\n<div class=\"tribe-block__venue__meta\">\n\t<div class=\"tribe-block__venue__name\">\n\t\t<h3>Cittadella di Alessandria<\/h3>\n\t<\/div>\n\n\t\n\t\t\t\t\t\t<address class=\"tribe-block__venue__address\">\n\t\t\t\t<span class=\"tribe-address\">\n\n<span class=\"tribe-street-address\">Via Pavia 2<\/span>\n\t\n\t\t<br>\n\t\t<span class=\"tribe-locality\">Alessandria<\/span><span class=\"tribe-delimiter\">,<\/span>\n\n\n\t<span class=\"tribe-postal-code\">15121<\/span>\n\n\t<span class=\"tribe-country-name\">Italia<\/span>\n\n<\/span>\n\n\t\t\t\t\t\t\t\t\t<a class=\"tribe-events-gmap\" href=\"https:\/\/maps.google.com\/maps?f=q&#038;source=s_q&#038;hl=en&#038;geocode=&#038;q=Via+Pavia+2+Alessandria+15121+Italy\" title=\"Fai clic per visualizzare una mappa Google Maps\" target=\"_blank\" rel=\"noreferrer noopener\">+ Google Maps<\/a>\t\t\t\t\t\t\t<\/address>\n\t\t\n\t\t\n\t\t\t\t\t<span class=\"tribe-block__venue__website\"><a href=\"http:\/\/www.alfarocittadellapace.it\" target=\"_self\" rel=\"external noopener\">Visualizza il sito del Luogo<\/a><\/span><br \/>\n\t\t\t\n\t<\/div>\n\t\n<div class=\"tribe-block__venue__map\">\n\t<div id=\"tribe-events-gmap-0\" style=\"height: 256px; width: 310px\" aria-hidden=\"true\"><\/div><!-- #tribe-events-gmap- -->\n<\/div>\n\n\t<\/div>\n\n\n\n\n\t<div  class=\"tribe-block tribe-block__events-link\" >\n\t\t<div class=\"tribe-events tribe-common\">\n\t\t\t<div class=\"tribe-events-c-subscribe-dropdown__container\">\n\t\t\t\t<div class=\"tribe-events-c-subscribe-dropdown\">\n\t\t\t\t\t<div class=\"tribe-common-c-btn-border tribe-events-c-subscribe-dropdown__button\">\n\t\t\t\t\t\t<svg\n\t class=\"tribe-common-c-svgicon tribe-common-c-svgicon--cal-export tribe-events-c-subscribe-dropdown__export-icon\" \taria-hidden=\"true\"\n\tviewbox=\"0 0 23 17\"\n\txmlns=\"http:\/\/www.w3.org\/2000\/svg\"\n>\n\t<path fill-rule=\"evenodd\" clip-rule=\"evenodd\" d=\"M.128.896V16.13c0 .211.145.383.323.383h15.354c.179 0 .323-.172.323-.383V.896c0-.212-.144-.383-.323-.383H.451C.273.513.128.684.128.896Zm16 6.742h-.901V4.679H1.009v10.729h14.218v-3.336h.901V7.638ZM1.01 1.614h14.218v2.058H1.009V1.614Z\" \/>\n\t<path d=\"M20.5 9.846H8.312M18.524 6.953l2.89 2.909-2.855 2.855\" stroke-width=\"1.2\" stroke-linecap=\"round\" stroke-linejoin=\"round\"\/>\n<\/svg>\n\t\t\t\t\t\t<button\n\t\t\t\t\t\t\tclass=\"tribe-events-c-subscribe-dropdown__button-text\"\n\t\t\t\t\t\t\taria-expanded=\"false\"\n\t\t\t\t\t\t\taria-controls=\"tribe-events-subscribe-dropdown-content\"\n\t\t\t\t\t\t\taria-label=\"Visualizza i link per aggiungere eventi al tuo calendario\"\n\t\t\t\t\t\t>\n\t\t\t\t\t\t\tSalva nel tuo calendario\t\t\t\t\t\t<\/button>\n\t\t\t\t\t\t<svg\n\t class=\"tribe-common-c-svgicon tribe-common-c-svgicon--caret-down tribe-events-c-subscribe-dropdown__button-icon\" \taria-hidden=\"true\"\n\tviewbox=\"0 0 10 7\"\n\txmlns=\"http:\/\/www.w3.org\/2000\/svg\"\n>\n\t<path fill-rule=\"evenodd\" clip-rule=\"evenodd\" d=\"M1.008.609L5 4.6 8.992.61l.958.958L5 6.517.05 1.566l.958-.958z\" class=\"tribe-common-c-svgicon__svg-fill\"\/>\n<\/svg>\n\t\t\t\t\t<\/div>\n\t\t\t\t\t<div id=\"tribe-events-subscribe-dropdown-content\" class=\"tribe-events-c-subscribe-dropdown__content\">\n\t\t\t\t\t\t<ul class=\"tribe-events-c-subscribe-dropdown__list\">\n\t\t\t\t\t\t\t\t\t\t\t\t\t\t\t<li class=\"tribe-events-c-subscribe-dropdown__list-item tribe-events-c-subscribe-dropdown__list-item--gcal\">\n\t\t\t\t\t\t\t\t\t<a href=\"https:\/\/www.google.com\/calendar\/event?action=TEMPLATE&#038;dates=20250927T080000\/20250927T170000&#038;text=Kulturerbe-Wanderung%20in%20der%20Zitadelle%20Alessandria%20%28IT%29&#038;details=%3Cp+class%3D%22+eplus-wrapper%22%3EDie+Kulturerbe-Wanderung+ist+eine+einzigartige+Gelegenheit%2C+die+Zitadelle+von+Alessandria%2C+eine+der+bedeutendsten+Festungsanlagen+Europas%2C+zu+entdecken+und+zu+erleben.+%3C%2Fp%3E+%3Cp+class%3D%22+eplus-wrapper%22%3EDer+Bau+der+Zitadelle+wurde+1728-1732+im+Auftrag+von+Vittorio+Amedeo+II.+von+Savoyen+durchgef%C3%BChrt%2C+basierend+auf+einem+Entwurf+von+Giuseppe+Ignazio+Bertola.+%3C%2Fp%3E+%3Cfigure+class%3D%22+wp-block-image+size-large+eplus-wrapper%22%3E%3Cimg+src%3D%22https%3A%2F%2Fforte-cultura.com%2Fwp-content%2Fuploads%2FNV9Yvj5ozW7l-1-1a-1024x646.jpg%22+alt%3D%22%22+class%3D%22wp-image-4058%22%2F%3E%3Cfigcaption+class%3D%22wp-element-caption%22%3ELuftaufnahme+der+Zitadelle+Alessandria+%C2%A9Associazione+Cittadella+di+Alessandria%3C%2Ffigcaption%3E%3C%2Ffigure%3E%3Cp+class%3D%22+eplus-wrapper%22%3EDer+von+Experten+gef%C3%BChrte+Rundgang+f%C3%BChrt+die+Teilnehmer+in+vier+kostenlosen%2C+jeweils+zweist%C3%BCndigen+F%C3%BChrungen+auf+eine+Entdeckungsreise+durch+das+historische%2C+architektonische+und+landschaftliche+Erbe+der+Festung.+%3C%2Fp%3E+%3Cp+class%3D%22+eplus-wrapper%22%3ED%3C%2Fp%3E+%28View+Full+evento+Description+Here%3A+https%3A%2F%2Fforte-cultura.com%2Fit%2Fevent%2Fkulturerbe-wanderung-in-der-zitadelle-alessandria-it%2F%29&#038;location=Zitadelle%20Alessandria,%20Via%20Pavia%202,%20Alessandria,%2015121,%20Italy&#038;trp=false&#038;ctz=Europe\/Berlin&#038;sprop=website:https:\/\/forte-cultura.com\/it\" class=\"tribe-events-c-subscribe-dropdown__list-item-link\" target=\"_blank\" rel=\"noopener noreferrer nofollow noindex\">\n\t\t\t\t\t\t\t\t\t\tCalendario di Google\t\t\t\t\t\t\t\t\t<\/a>\n\t\t\t\t\t\t\t\t<\/li>\n\t\t\t\t\t\t\t\t\t\t\t\t\t\t\t<li class=\"tribe-events-c-subscribe-dropdown__list-item tribe-events-c-subscribe-dropdown__list-item--ical\">\n\t\t\t\t\t\t\t\t\t<a\n\t\t\t\t\t\t\t\t\t\thref=\"\"\n\t\t\t\t\t\t\t\t\t\tclass=\"tribe-events-c-subscribe-dropdown__list-item-link\"\n\t\t\t\t\t\t\t\t\t\ttarget=\"_blank\"\n\t\t\t\t\t\t\t\t\t\trel=\"noopener noreferrer nofollow noindex\"\n\t\t\t\t\t\t\t\t\t>\n\t\t\t\t\t\t\t\t\t\tiCalendario\t\t\t\t\t\t\t\t\t<\/a>\n\t\t\t\t\t\t\t\t<\/li>\n\t\t\t\t\t\t\t\t\t\t\t\t\t\t\t<li class=\"tribe-events-c-subscribe-dropdown__list-item tribe-events-c-subscribe-dropdown__list-item--outlook-365\">\n\t\t\t\t\t\t\t\t\t<a\n\t\t\t\t\t\t\t\t\t\thref=\"\"\n\t\t\t\t\t\t\t\t\t\tclass=\"tribe-events-c-subscribe-dropdown__list-item-link\"\n\t\t\t\t\t\t\t\t\t\ttarget=\"_blank\"\n\t\t\t\t\t\t\t\t\t\trel=\"noopener noreferrer nofollow noindex\"\n\t\t\t\t\t\t\t\t\t>\n\t\t\t\t\t\t\t\t\t\tOutlook 365\t\t\t\t\t\t\t\t\t<\/a>\n\t\t\t\t\t\t\t\t<\/li>\n\t\t\t\t\t\t\t\t\t\t\t\t\t\t\t<li class=\"tribe-events-c-subscribe-dropdown__list-item tribe-events-c-subscribe-dropdown__list-item--outlook-live\">\n\t\t\t\t\t\t\t\t\t<a\n\t\t\t\t\t\t\t\t\t\thref=\"\"\n\t\t\t\t\t\t\t\t\t\tclass=\"tribe-events-c-subscribe-dropdown__list-item-link\"\n\t\t\t\t\t\t\t\t\t\ttarget=\"_blank\"\n\t\t\t\t\t\t\t\t\t\trel=\"noopener noreferrer nofollow noindex\"\n\t\t\t\t\t\t\t\t\t>\n\t\t\t\t\t\t\t\t\t\tOutlook Live\t\t\t\t\t\t\t\t\t<\/a>\n\t\t\t\t\t\t\t\t<\/li>\n\t\t\t\t\t\t\t\t\t\t\t\t\t<\/ul>\n\t\t\t\t\t<\/div>\n\t\t\t\t<\/div>\n\t\t\t<\/div>\n\t\t<\/div>\n\t<\/div>","protected":false},"excerpt":{"rendered":"<p>Die Kulturerbe-Wanderung ist eine einzigartige Gelegenheit, die Zitadelle von Alessandria, eine der bedeutendsten Festungsanlagen Europas, zu entdecken und zu erleben. Der Bau der Zitadelle wurde 1728-1732 im Auftrag von Vittorio [&hellip;]<\/p>\n","protected":false},"author":1,"featured_media":4059,"template":"","meta":{"editor_plus_copied_stylings":"{}","pgc_sgb_lightbox_settings":"","_price":"","_stock":"","_tribe_ticket_header":"","_tribe_default_ticket_provider":"","_tribe_ticket_capacity":"","_ticket_start_date":"","_ticket_end_date":"","_tribe_ticket_show_description":"","_tribe_ticket_show_not_going":false,"_tribe_ticket_use_global_stock":"","_tribe_ticket_global_stock_level":"","_global_stock_mode":"","_global_stock_cap":"","_tribe_rsvp_for_event":"","_tribe_ticket_going_count":"","_tribe_ticket_not_going_count":"","_tribe_tickets_list":"[]","_tribe_ticket_has_attendee_info_fields":false,"_EventAllDay":false,"_EventTimezone":"Europe\/Berlin","_EventStartDate":"2025-09-27 08:00:00","_EventEndDate":"2025-09-27 17:00:00","_EventStartDateUTC":"2025-09-27 06:00:00","_EventEndDateUTC":"2025-09-27 15:00:00","_EventShowMap":false,"_EventShowMapLink":false,"_EventURL":"","_EventCost":"","_EventCostDescription":"","_EventCurrencySymbol":"\u20ac","_EventCurrencyCode":"EUR","_EventCurrencyPosition":"prefix","_EventDateTimeSeparator":" @ ","_EventTimeRangeSeparator":" - ","_EventOrganizerID":[4060],"_EventVenueID":[4061],"_OrganizerEmail":"","_OrganizerPhone":"","_OrganizerWebsite":"","_VenueAddress":"","_VenueCity":"","_VenueCountry":"","_VenueProvince":"","_VenueState":"","_VenueZip":"","_VenuePhone":"","_VenueURL":"","_VenueStateProvince":"","_VenueLat":"","_VenueLng":"","_VenueShowMap":false,"_VenueShowMapLink":false,"_tribe_events_status":"","_tribe_events_status_reason":"","footnotes":"","_tec_slr_enabled":"","_tec_slr_layout":""},"tags":[],"tribe_events_cat":[466],"class_list":["post-4056","tribe_events","type-tribe_events","status-publish","has-post-thumbnail","hentry","tribe_events_cat-efs","cat_efs"],"ticketed":false,"_links":{"self":[{"href":"https:\/\/forte-cultura.com\/it\/wp-json\/wp\/v2\/tribe_events\/4056","targetHints":{"allow":["GET"]}}],"collection":[{"href":"https:\/\/forte-cultura.com\/it\/wp-json\/wp\/v2\/tribe_events"}],"about":[{"href":"https:\/\/forte-cultura.com\/it\/wp-json\/wp\/v2\/types\/tribe_events"}],"author":[{"embeddable":true,"href":"https:\/\/forte-cultura.com\/it\/wp-json\/wp\/v2\/users\/1"}],"version-history":[{"count":0,"href":"https:\/\/forte-cultura.com\/it\/wp-json\/wp\/v2\/tribe_events\/4056\/revisions"}],"wp:featuredmedia":[{"embeddable":true,"href":"https:\/\/forte-cultura.com\/it\/wp-json\/wp\/v2\/media\/4059"}],"wp:attachment":[{"href":"https:\/\/forte-cultura.com\/it\/wp-json\/wp\/v2\/media?parent=4056"}],"wp:term":[{"taxonomy":"post_tag","embeddable":true,"href":"https:\/\/forte-cultura.com\/it\/wp-json\/wp\/v2\/tags?post=4056"},{"taxonomy":"tribe_events_cat","embeddable":true,"href":"https:\/\/forte-cultura.com\/it\/wp-json\/wp\/v2\/tribe_events_cat?post=4056"}],"curies":[{"name":"wp","href":"https:\/\/api.w.org\/{rel}","templated":true}]}}