{"id":2124,"date":"2024-01-25T15:05:17","date_gmt":"2024-01-25T14:05:17","guid":{"rendered":"https:\/\/forte-cultura.com\/?page_id=2124"},"modified":"2024-01-25T15:07:15","modified_gmt":"2024-01-25T14:07:15","slug":"serratura-fissata","status":"publish","type":"page","link":"https:\/\/forte-cultura.com\/it\/kulturerbe-festungsmonumente\/geschichte-des-festungsbaus\/festungsbau-vom-15-19-jahrhundert\/befestigtes-schloss\/","title":{"rendered":"Serratura fissata"},"content":{"rendered":"<h2 class=\"wp-block-heading has-custom-farbe-1-color has-text-color has-link-color has-large-font-size eplus-wrapper wp-elements-f053f16450f13d6d15de4a006a3d70e5\"><strong>L'architettura della fortezza adorna i palazzi<\/strong><\/h2>\n\n\n<div class=\"wp-block-columns are-vertically-aligned-center is-not-stacked-on-mobile eplus-wrapper is-layout-flex wp-container-core-columns-is-layout-28f84493 wp-block-columns-is-layout-flex eplus-styles-uid-ddafd3\">\n<div class=\"wp-block-column is-vertically-aligned-center eplus-wrapper is-layout-flow wp-block-column-is-layout-flow\" style=\"flex-basis:10%\">\n<figure class=\"wp-block-image size-full is-resized eplus-wrapper\"><img loading=\"lazy\" decoding=\"async\" width=\"499\" height=\"369\" src=\"https:\/\/forte-cultura.com\/wp-content\/uploads\/schloss_mittel.png\" alt=\"\" class=\"wp-image-1918\" style=\"width:60px;height:auto\" srcset=\"https:\/\/forte-cultura.com\/wp-content\/uploads\/schloss_mittel.png 499w, https:\/\/forte-cultura.com\/wp-content\/uploads\/schloss_mittel-300x222.png 300w, https:\/\/forte-cultura.com\/wp-content\/uploads\/schloss_mittel-16x12.png 16w, https:\/\/forte-cultura.com\/wp-content\/uploads\/schloss_mittel-200x148.png 200w\" sizes=\"auto, (max-width: 499px) 100vw, 499px\" \/><\/figure>\n<\/div>\n\n\n\n<div class=\"wp-block-column is-vertically-aligned-center eplus-wrapper is-layout-flow wp-block-column-is-layout-flow\" style=\"flex-basis:90%\">\n<p class=\"has-small-font-size eplus-wrapper\">Residenza castellana dotata di elementi di fortificazione, che serve come protezione contro gli aggressori o come elemento decorativo architettonico.<br><em>Esempio di immagine di copertina: Castello di B\u00fcrresheim (DE)<\/em><\/p>\n<\/div>\n<\/div>\n\n\n<p class=\"eplus-wrapper\">Durante il Rinascimento, i principi d'Europa si superarono nella costruzione di magnifici castelli e palazzi. Allo stesso tempo, le numerose guerre rappresentavano una minaccia per la loro scomparsa. In molti luoghi nacque una speciale combinazione di architettura di palazzo ed elementi di fortezza.<\/p>\n\n\n\n<p class=\"eplus-wrapper\">Facciate riccamente decorate, parchi meravigliosi e ampi giardini erano circondati da bastioni dotati di cannoni, bastioni di difesa e porte d'ingresso con feritoie. Chiamate in italiano \"Palazze en Fortezza\", combinavano potenza militare e splendore feudale senza fondere le due cose.<\/p>\n\n\n\n<p class=\"eplus-wrapper translation-block\">Splendidi esempi in Germania sono i castelli <strong>Hartenfels<\/strong> a Torgau, <strong>Sonnenstein<\/strong> a Pirna o <strong>Schloss Eichst\u00e4tt (Willibaldsburg)<\/strong>. Altrettanto interessanti sono i castelli fortificati di <strong>Saumur<\/strong> (Francia), <strong>Pardubice<\/strong> (Repubblica Ceca), <strong>F\u00fcrstenstein<\/strong> a Ksi\u0105\u017c (Polonia), <strong>Helsingor<\/strong> (Danimarca), <strong>\u00d6rebro<\/strong> (Svezia) e <strong>Pidhirci<\/strong> (Ucraina). Anche i castelli di <strong>J\u00fclich (Germania) e di Krzyztopor<\/strong> (Polonia) sono incastonati in possenti architetture di cittadelle.<\/p>\n\n\n\n<p class=\"eplus-wrapper\">Nel XIX secolo, la necessit\u00e0 di protezione non era pi\u00f9 la ragione per fortificare i castelli. Alcuni proprietari di palazzi aggiunsero elementi di fortificazione come decorazione architettonica e come particolare fascino di contrasto. Era diventato di moda far apparire un palazzo \"vecchio\" e \"fortificato\" come segno di una presunta ricchezza storica e di un ricordo sentimentale. Questi ibridi architettonici danno ai visitatori un senso di eccitazione e una nuova prospettiva sulla storia.<\/p>\n\n\n\n<div style=\"height:20px\" aria-hidden=\"true\" class=\"wp-block-spacer eplus-wrapper\"><\/div>\n\n\n\n<h4 class=\"wp-block-heading has-text-align-center has-custom-farbe-1-color has-text-color has-link-color eplus-wrapper wp-elements-792cc1a0ccb671916a783262cb9b5e47\">Scoprire le serrature fortificate con FORTE CULTURA<\/h4>\n\n\n\n<hr class=\"is-style-wide wp-block-separator aligncenter has-text-color has-custom-farbe-1-color has-alpha-channel-opacity has-custom-farbe-1-background-color has-background eplus-wrapper\"\/>\n\n\n<div  class=\"ultp-post-grid-block wp-block-ultimate-post-post-grid-1 ultp-block-2924d7\"><div class=\"ultp-block-wrapper\"><div class=\"ultp-loading\"><div class=\"ultp-loading-blocks\" style=\"width:100%;height:100%;\"><div style=\"left: 0;top: 0;animation-delay:0s;\"><\/div><div style=\"left: 21px;top: 0;animation-delay:0.125s;\"><\/div><div style=\"left: 42px;top: 0;animation-delay:0.25s;\"><\/div><div style=\"left: 0;top: 21px;animation-delay:0.875s;\"><\/div><div style=\"left: 42px;top: 21px;animation-delay:0.375s;\"><\/div><div style=\"left: 0;top: 42px;animation-delay:0.75s;\"><\/div><div style=\"left: 42px;top: 42px;animation-delay:0.625s;\"><\/div><div style=\"left: 21px;top: 42px;animation-delay:0.5s;\"><\/div><\/div><\/div><div class=\"ultp-block-items-wrap ultp-block-row ultp-pg1a-style1 ultp-grid1-responsive ultp-block-column-4 1 ultp-xs-column-1 ultp-layout1\"><div class=\"ultp-block-item post-id-1808\"><div class=\"ultp-block-content-wrap\"><div class=\"ultp-block-image ultp-block-image-opacity\"><a href=\"https:\/\/forte-cultura.com\/it\/st-johann-de\/\" ><img decoding=\"async\"  class=\"ultp-block-image-content\"  alt=\"St. Johann (DE)\"  src=\"https:\/\/forte-cultura.com\/wp-content\/uploads\/Buerresheim_Eifel-Tourismus-GmbH-Dominik-Ketz-870x570.jpg\" \/><\/a><\/div><div class=\"ultp-block-content\"><h3 class=\"ultp-block-title\"><a href=\"https:\/\/forte-cultura.com\/it\/st-johann-de\/\" >St. Johann (DE)<\/a><\/h3><\/div><\/div><\/div><div class=\"ultp-block-item post-id-1792\"><div class=\"ultp-block-content-wrap\"><div class=\"ultp-block-image ultp-block-image-opacity\"><a href=\"https:\/\/forte-cultura.com\/it\/bad-duerkheim-de\/\" ><img decoding=\"async\"  class=\"ultp-block-image-content\"  alt=\"Bad D\u00fcrkheim (DE)\"  src=\"https:\/\/forte-cultura.com\/wp-content\/uploads\/Hardenburg-870x570.jpg\" \/><\/a><\/div><div class=\"ultp-block-content\"><h3 class=\"ultp-block-title\"><a href=\"https:\/\/forte-cultura.com\/it\/bad-duerkheim-de\/\" >Bad D\u00fcrkheim (DE)<\/a><\/h3><\/div><\/div><\/div><div class=\"ultp-block-item post-id-1048\"><div class=\"ultp-block-content-wrap\"><div class=\"ultp-block-image ultp-block-image-opacity\"><a href=\"https:\/\/forte-cultura.com\/it\/windischleuba-de\/\" ><img decoding=\"async\"  class=\"ultp-block-image-content\"  alt=\"Windischleuba (DE)\"  src=\"https:\/\/forte-cultura.com\/wp-content\/uploads\/Windischleuba-870x570.jpg\" \/><\/a><\/div><div class=\"ultp-block-content\"><h3 class=\"ultp-block-title\"><a href=\"https:\/\/forte-cultura.com\/it\/windischleuba-de\/\" >Windischleuba (DE)<\/a><\/h3><\/div><\/div><\/div><div class=\"ultp-block-item post-id-1038\"><div class=\"ultp-block-content-wrap\"><div class=\"ultp-block-image ultp-block-image-opacity\"><a href=\"https:\/\/forte-cultura.com\/it\/torgau-de\/\" ><img decoding=\"async\"  class=\"ultp-block-image-content\"  alt=\"Torgau (DE)\"  src=\"https:\/\/forte-cultura.com\/wp-content\/uploads\/Schloss-Heratenfels-Torgau-DE-870x570.jpg\" \/><\/a><\/div><div class=\"ultp-block-content\"><h3 class=\"ultp-block-title\"><a href=\"https:\/\/forte-cultura.com\/it\/torgau-de\/\" >Torgau (DE)<\/a><\/h3><\/div><\/div><\/div><\/div><\/div><div class=\"pagination-block-html\" aria-hidden=\"true\" style=\"display: none;\"><\/div><\/div>\n\n\n<hr class=\"is-style-wide wp-block-separator aligncenter has-text-color has-custom-farbe-1-color has-alpha-channel-opacity has-custom-farbe-1-background-color has-background eplus-wrapper\"\/>\n\n\n<div id=\"travelersmap-container-69f2c63201398\" class=\"travelersmap-container\" style=\"z-index: 1; min-height: 10px; min-width:10px; height:600px;width:100%; max-width:1280px; max-height:500px; position:relative;\"><div style=\"position:absolute; z-index:-1;top: 50%;text-align: center;display: block;left: 50%;transform: translate(-50%,-50%);\">La mappa dei viaggiatori sta caricando...<br>Se si vede questo messaggio dopo che la pagina \u00e8 stata caricata completamente, i file leafletJS sono mancanti.<\/div><\/div>\n\n\n\n<div style=\"height:20px\" aria-hidden=\"true\" class=\"wp-block-spacer eplus-wrapper\"><\/div>\n\n\n\n<p class=\"has-medium-font-size eplus-wrapper\"><a href=\"https:\/\/forte-cultura.com\/kulturerbe-festungsmonumente\/geschichte-des-festungsbaus\/festungsbau-vom-15-19-jahrhundert\/\">La costruzione della fortezza dal XV al XIX secolo<\/a><\/p>\n\n\n\n<div style=\"margin-top:0;margin-bottom:0;height:20px\" aria-hidden=\"true\" class=\"wp-block-spacer eplus-wrapper\"><\/div>\n\n\n<div id=\"mega-menu-wrap-max_mega_menu_2\" class=\"mega-menu-wrap\"><div class=\"mega-menu-toggle\"><div class=\"mega-toggle-blocks-left\"><\/div><div class=\"mega-toggle-blocks-center\"><\/div><div class=\"mega-toggle-blocks-right\"><div class='mega-toggle-block mega-menu-toggle-animated-block mega-toggle-block-0' id='mega-toggle-block-0'><button aria-controls=\"mega-menu-max_mega_menu_2\" aria-expanded=\"false\" aria-haspopup=\"true\" aria-label=\"Menu a tendina\" class=\"mega-toggle-animated mega-toggle-animated-slider\" type=\"button\">\n                  <span class=\"mega-toggle-animated-box\">\n                    <span class=\"mega-toggle-animated-inner\"><\/span>\n                  <\/span>\n                <\/button><\/div><\/div><\/div><ul id=\"mega-menu-max_mega_menu_2\" class=\"mega-menu max-mega-menu mega-menu-horizontal mega-no-js\" data-event=\"hover_intent\" data-effect=\"fade_up\" data-effect-speed=\"200\" data-effect-mobile=\"disabled\" data-effect-speed-mobile=\"0\" data-mobile-force-width=\"false\" data-second-click=\"go\" data-document-click=\"collapse\" data-vertical-behaviour=\"standard\" data-breakpoint=\"768\" data-unbind=\"true\" data-mobile-state=\"collapse_all\" data-mobile-direction=\"vertical\"><li class=\"mega-menu-item mega-menu-item-type-post_type mega-menu-item-object-page mega-align-bottom-left mega-menu-flyout mega-menu-item-2026\" id=\"mega-menu-item-2026\"><a class=\"mega-menu-link\" href=\"https:\/\/forte-cultura.com\/it\/kulturerbe-festungsmonumente\/geschichte-des-festungsbaus\/festungsbau-vom-15-19-jahrhundert\/einzelfestungen\/\">Fortificazioni individuali<\/a><\/li><li class=\"mega-menu-item mega-menu-item-type-post_type mega-menu-item-object-page mega-align-bottom-left mega-menu-flyout mega-menu-item-2025\" id=\"mega-menu-item-2025\"><a class=\"mega-menu-link\" href=\"https:\/\/forte-cultura.com\/it\/kulturerbe-festungsmonumente\/geschichte-des-festungsbaus\/festungsbau-vom-15-19-jahrhundert\/befestigte-stadt\/\">Citt\u00e0 fortificata<\/a><\/li><li class=\"mega-menu-item mega-menu-item-type-post_type mega-menu-item-object-page mega-align-bottom-left mega-menu-flyout mega-menu-item-2024\" id=\"mega-menu-item-2024\"><a class=\"mega-menu-link\" href=\"https:\/\/forte-cultura.com\/it\/kulturerbe-festungsmonumente\/geschichte-des-festungsbaus\/festungsbau-vom-15-19-jahrhundert\/befestigte-idealstadt\/\">Citt\u00e0 ideale fortificata<\/a><\/li><li class=\"mega-menu-item mega-menu-item-type-post_type mega-menu-item-object-page mega-align-bottom-left mega-menu-flyout mega-menu-item-2113\" id=\"mega-menu-item-2113\"><a class=\"mega-menu-link\" href=\"https:\/\/forte-cultura.com\/it\/kulturerbe-festungsmonumente\/geschichte-des-festungsbaus\/festungsbau-vom-15-19-jahrhundert\/zitadellen\/\">Cittadelle<\/a><\/li><li class=\"mega-menu-item mega-menu-item-type-post_type mega-menu-item-object-page mega-align-bottom-left mega-menu-flyout mega-menu-item-2120\" id=\"mega-menu-item-2120\"><a class=\"mega-menu-link\" href=\"https:\/\/forte-cultura.com\/it\/kulturerbe-festungsmonumente\/geschichte-des-festungsbaus\/festungsbau-vom-15-19-jahrhundert\/befestigte-burg\/\">Castello fortificato<\/a><\/li><li class=\"mega-menu-item mega-menu-item-type-post_type mega-menu-item-object-page mega-align-bottom-left mega-menu-flyout mega-menu-item-2148\" id=\"mega-menu-item-2148\"><a class=\"mega-menu-link\" href=\"https:\/\/forte-cultura.com\/it\/kulturerbe-festungsmonumente\/geschichte-des-festungsbaus\/festungsbau-vom-15-19-jahrhundert\/befestigtes-schloss\/\">Serratura fissata<\/a><\/li><li class=\"mega-menu-item mega-menu-item-type-post_type mega-menu-item-object-page mega-align-bottom-left mega-menu-flyout mega-menu-item-2147\" id=\"mega-menu-item-2147\"><a class=\"mega-menu-link\" href=\"https:\/\/forte-cultura.com\/it\/kulturerbe-festungsmonumente\/geschichte-des-festungsbaus\/festungsbau-vom-15-19-jahrhundert\/grossfestungen\/\">Grandi fortezze<\/a><\/li><li class=\"mega-menu-item mega-menu-item-type-post_type mega-menu-item-object-page mega-align-bottom-left mega-menu-flyout mega-menu-item-2154\" id=\"mega-menu-item-2154\"><a class=\"mega-menu-link\" href=\"https:\/\/forte-cultura.com\/it\/kulturerbe-festungsmonumente\/geschichte-des-festungsbaus\/festungsbau-vom-15-19-jahrhundert\/verteidigungslinien\/\">Linee di difesa del XV-XIX secolo.<\/a><\/li><\/ul><\/div>\n\n\n<div style=\"height:20px\" aria-hidden=\"true\" class=\"wp-block-spacer eplus-wrapper\"><\/div>","protected":false},"excerpt":{"rendered":"<p>Festungsarchitektur schm\u00fcckt Pal\u00e4ste Mit Fortifikationselementen ausgestattete Schlossresidenz, zum Schutz vor Angreifern dienend oder als architektonisches Schmuckelement.Bsp. Titelbild: Schloss B\u00fcrresheim (DE) W\u00e4hrend der Renaissance \u00fcbertrumpften sich die F\u00fcrsten Europas in der [&hellip;]<\/p>\n","protected":false},"author":1,"featured_media":1809,"parent":1963,"menu_order":6,"comment_status":"closed","ping_status":"closed","template":"","meta":{"editor_plus_copied_stylings":"{}","pgc_sgb_lightbox_settings":"","_price":"","_stock":"","_tribe_ticket_header":"","_tribe_default_ticket_provider":"","_tribe_ticket_capacity":"0","_ticket_start_date":"","_ticket_end_date":"","_tribe_ticket_show_description":"","_tribe_ticket_show_not_going":false,"_tribe_ticket_use_global_stock":"","_tribe_ticket_global_stock_level":"","_global_stock_mode":"","_global_stock_cap":"","_tribe_rsvp_for_event":"","_tribe_ticket_going_count":"","_tribe_ticket_not_going_count":"","_tribe_tickets_list":"[]","_tribe_ticket_has_attendee_info_fields":false,"_EventAllDay":false,"_EventTimezone":"","_EventStartDate":"","_EventEndDate":"","_EventStartDateUTC":"","_EventEndDateUTC":"","_EventShowMap":false,"_EventShowMapLink":false,"_EventURL":"","_EventCost":"","_EventCostDescription":"","_EventCurrencySymbol":"","_EventCurrencyCode":"","_EventCurrencyPosition":"","_EventDateTimeSeparator":"","_EventTimeRangeSeparator":"","_EventOrganizerID":[],"_EventVenueID":[],"_OrganizerEmail":"","_OrganizerPhone":"","_OrganizerWebsite":"","_VenueAddress":"","_VenueCity":"","_VenueCountry":"","_VenueProvince":"","_VenueState":"","_VenueZip":"","_VenuePhone":"","_VenueURL":"","_VenueStateProvince":"","_VenueLat":"","_VenueLng":"","_VenueShowMap":false,"_VenueShowMapLink":false,"footnotes":""},"class_list":["post-2124","page","type-page","status-publish","has-post-thumbnail","hentry"],"_links":{"self":[{"href":"https:\/\/forte-cultura.com\/it\/wp-json\/wp\/v2\/pages\/2124","targetHints":{"allow":["GET"]}}],"collection":[{"href":"https:\/\/forte-cultura.com\/it\/wp-json\/wp\/v2\/pages"}],"about":[{"href":"https:\/\/forte-cultura.com\/it\/wp-json\/wp\/v2\/types\/page"}],"author":[{"embeddable":true,"href":"https:\/\/forte-cultura.com\/it\/wp-json\/wp\/v2\/users\/1"}],"replies":[{"embeddable":true,"href":"https:\/\/forte-cultura.com\/it\/wp-json\/wp\/v2\/comments?post=2124"}],"version-history":[{"count":0,"href":"https:\/\/forte-cultura.com\/it\/wp-json\/wp\/v2\/pages\/2124\/revisions"}],"up":[{"embeddable":true,"href":"https:\/\/forte-cultura.com\/it\/wp-json\/wp\/v2\/pages\/1963"}],"wp:featuredmedia":[{"embeddable":true,"href":"https:\/\/forte-cultura.com\/it\/wp-json\/wp\/v2\/media\/1809"}],"wp:attachment":[{"href":"https:\/\/forte-cultura.com\/it\/wp-json\/wp\/v2\/media?parent=2124"}],"curies":[{"name":"wp","href":"https:\/\/api.w.org\/{rel}","templated":true}]}}