{"id":1978,"date":"2024-01-24T11:44:05","date_gmt":"2024-01-24T10:44:05","guid":{"rendered":"https:\/\/forte-cultura.com\/?page_id=1978"},"modified":"2024-01-24T13:56:04","modified_gmt":"2024-01-24T12:56:04","slug":"fortezze-individuali","status":"publish","type":"page","link":"https:\/\/forte-cultura.com\/it\/kulturerbe-festungsmonumente\/geschichte-des-festungsbaus\/festungsbau-vom-15-19-jahrhundert\/einzelfestungen\/","title":{"rendered":"Fortificazioni individuali"},"content":{"rendered":"<h2 class=\"wp-block-heading has-custom-farbe-1-color has-text-color has-link-color has-large-font-size eplus-wrapper wp-elements-daea68a339687e7949bbbeeb21144cfd\"><strong>Splendidi edifici militari in posizioni esposte<\/strong><\/h2>\n\n\n<div class=\"wp-block-columns are-vertically-aligned-center is-not-stacked-on-mobile eplus-wrapper is-layout-flex wp-container-core-columns-is-layout-28f84493 wp-block-columns-is-layout-flex eplus-styles-uid-0df894\">\n<div class=\"wp-block-column is-vertically-aligned-center eplus-wrapper is-layout-flow wp-block-column-is-layout-flow\" style=\"flex-basis:10%\">\n<figure class=\"wp-block-image size-full is-resized eplus-wrapper\"><img loading=\"lazy\" decoding=\"async\" width=\"1296\" height=\"1222\" src=\"https:\/\/forte-cultura.com\/wp-content\/uploads\/einzelfestung_mittel.png\" alt=\"\" class=\"wp-image-1907\" style=\"width:60px;height:auto\" srcset=\"https:\/\/forte-cultura.com\/wp-content\/uploads\/einzelfestung_mittel.png 1296w, https:\/\/forte-cultura.com\/wp-content\/uploads\/einzelfestung_mittel-300x283.png 300w, https:\/\/forte-cultura.com\/wp-content\/uploads\/einzelfestung_mittel-1024x966.png 1024w, https:\/\/forte-cultura.com\/wp-content\/uploads\/einzelfestung_mittel-768x724.png 768w, https:\/\/forte-cultura.com\/wp-content\/uploads\/einzelfestung_mittel-13x12.png 13w, https:\/\/forte-cultura.com\/wp-content\/uploads\/einzelfestung_mittel-200x189.png 200w\" sizes=\"auto, (max-width: 1296px) 100vw, 1296px\" \/><\/figure>\n<\/div>\n\n\n\n<div class=\"wp-block-column is-vertically-aligned-center eplus-wrapper is-layout-flow wp-block-column-is-layout-flow\" style=\"flex-basis:90%\">\n<p class=\"has-small-font-size eplus-wrapper\">Struttura militare di difesa a s\u00e9 stante, solitamente costituita da bastioni, fossati, bastioni, postazioni per cannoni ed edifici militari funzionali.<br><em>Esempio di immagine di copertina: Fortezza di K\u00f6nigstein, Sassonia (DE)<\/em><\/p>\n<\/div>\n<\/div>\n\n\n<p class=\"eplus-wrapper\">Le fortezze individuali bastionate del periodo compreso tra il XVI e il XIX secolo sono il tipo di fortificazione pi\u00f9 comune in Europa centrale. Sono spesso situate in luoghi strategicamente esposti, come passi di montagna, estuari, alture e coste. Il loro compito di difesa era limitato al raggio d'azione immediato dell'artiglieria disponibile. I sistemi di difesa, allineati con precisione geometrica, servivano a proteggere dalle armi da fuoco nemiche e consentivano di utilizzare senza ostacoli la propria tecnologia di tiro.<\/p>\n\n\n\n<p class=\"eplus-wrapper translation-block\">Non era raro che singole fortezze emergessero da precedenti complessi di castelli, che venivano ampliati e ulteriormente fortificati, come ad esempio la <strong>fortezza di Rosenberg<\/strong> a Kronach (DE).<\/p>\n\n\n\n<div style=\"height:20px\" aria-hidden=\"true\" class=\"wp-block-spacer eplus-wrapper\"><\/div>\n\n\n\n<h3 class=\"wp-block-heading has-custom-farbe-1-color has-text-color has-link-color has-large-font-size eplus-wrapper wp-elements-613af8d1f478148fd76edbc8cf67afcd\">Diversit\u00e0 nella funzione e nell'architettura<\/h3>\n\n\n\n<p class=\"eplus-wrapper translation-block\">Oggi le singole fortezze offrono ai turisti un'enorme variet\u00e0 architettonica, funzionalit\u00e0 e un mondo di esperienze, spesso abbinate a magnifiche viste su citt\u00e0, paesaggi o oceani. Esempi famosi sono le possenti fortezze di montagna come la fortezza sassone di <strong>K\u00f6nigstein<\/strong> (DE) o la <strong>fortezza di Rosenau<\/strong> a Rasnov (RO).<\/p>\n\n\n\n<p class=\"eplus-wrapper translation-block\">Nelle pianure dell'Europa centrale, i fossati erano spesso utilizzati come ulteriore ostacolo ed elemento di difesa. Oggi, a volte, si pu\u00f2 assistere a uno scenario affascinante e romantico di paesaggio e baluardo, come nel caso della <strong>fortezza d'acqua Heldrungen<\/strong> in Turingia (DE).<\/p>\n\n\n\n<p class=\"eplus-wrapper\">Le fortezze costiere sul Mare del Nord, sul Mar Baltico, sul Mediterraneo e sull'Atlantico combinano il fascino speciale del mare con le possenti mura della fortezza, un tempo armate di cannone. <\/p>\n\n\n\n<div style=\"height:20px\" aria-hidden=\"true\" class=\"wp-block-spacer eplus-wrapper\"><\/div>\n\n\n\n<h4 class=\"wp-block-heading has-text-align-center has-custom-farbe-1-color has-text-color has-link-color eplus-wrapper wp-elements-e076be805f5f9aa06a7bb225ad03bae7\">Scoprite le singole fortezze con FORTE CULTURA<\/h4>\n\n\n\n<hr class=\"is-style-wide wp-block-separator aligncenter has-text-color has-custom-farbe-1-color has-alpha-channel-opacity has-custom-farbe-1-background-color has-background eplus-wrapper\"\/>\n\n\n<div  class=\"ultp-post-grid-block wp-block-ultimate-post-post-grid-1 ultp-block-1e633c\"><div class=\"ultp-block-wrapper\"><div class=\"ultp-loading\"><div class=\"ultp-loading-blocks\" style=\"width:100%;height:100%;\"><div style=\"left: 0;top: 0;animation-delay:0s;\"><\/div><div style=\"left: 21px;top: 0;animation-delay:0.125s;\"><\/div><div style=\"left: 42px;top: 0;animation-delay:0.25s;\"><\/div><div style=\"left: 0;top: 21px;animation-delay:0.875s;\"><\/div><div style=\"left: 42px;top: 21px;animation-delay:0.375s;\"><\/div><div style=\"left: 0;top: 42px;animation-delay:0.75s;\"><\/div><div style=\"left: 42px;top: 42px;animation-delay:0.625s;\"><\/div><div style=\"left: 21px;top: 42px;animation-delay:0.5s;\"><\/div><\/div><\/div><div class=\"ultp-block-items-wrap ultp-block-row ultp-pg1a-style1 ultp-grid1-responsive ultp-block-column-4 1 ultp-xs-column-1 ultp-layout1\"><div class=\"ultp-block-item post-id-3344\"><div class=\"ultp-block-content-wrap\"><div class=\"ultp-block-image ultp-block-image-opacity\"><a href=\"https:\/\/forte-cultura.com\/it\/valle-sabbia-it\/\" ><img decoding=\"async\"  class=\"ultp-block-image-content\"  alt=\"Valle Sabbia (IT)\"  src=\"https:\/\/forte-cultura.com\/wp-content\/uploads\/2018-08-05-Rocca_dAnfo-web_\u00a9Superbass-870x570.jpg\" \/><\/a><\/div><div class=\"ultp-block-content\"><h3 class=\"ultp-block-title\"><a href=\"https:\/\/forte-cultura.com\/it\/valle-sabbia-it\/\" >Valle Sabbia (IT)<\/a><\/h3><\/div><\/div><\/div><div class=\"ultp-block-item post-id-3318\"><div class=\"ultp-block-content-wrap\"><div class=\"ultp-block-image ultp-block-image-opacity\"><a href=\"https:\/\/forte-cultura.com\/it\/suomenlinna-fi\/\" ><img decoding=\"async\"  class=\"ultp-block-image-content\"  alt=\"Fortezza marittima di Suomenlinna\"  src=\"https:\/\/forte-cultura.com\/wp-content\/uploads\/suomenlinna-870x570.jpg\" \/><\/a><\/div><div class=\"ultp-block-content\"><h3 class=\"ultp-block-title\"><a href=\"https:\/\/forte-cultura.com\/it\/suomenlinna-fi\/\" >Suomenlinna (FI)<\/a><\/h3><\/div><\/div><\/div><div class=\"ultp-block-item post-id-2888\"><div class=\"ultp-block-content-wrap\"><div class=\"ultp-block-image ultp-block-image-opacity\"><a href=\"https:\/\/forte-cultura.com\/it\/franzensfeste-it\/\" ><img decoding=\"async\"  class=\"ultp-block-image-content\"  alt=\"Fortezza (IT)\"  src=\"https:\/\/forte-cultura.com\/wp-content\/uploads\/Franzensfeste_DR-870x570.jpg\" \/><\/a><\/div><div class=\"ultp-block-content\"><h3 class=\"ultp-block-title\"><a href=\"https:\/\/forte-cultura.com\/it\/franzensfeste-it\/\" >Fortezza (IT)<\/a><\/h3><\/div><\/div><\/div><div class=\"ultp-block-item post-id-2659\"><div class=\"ultp-block-content-wrap\"><div class=\"ultp-block-image ultp-block-image-opacity\"><a href=\"https:\/\/forte-cultura.com\/it\/bard-it\/\" ><img decoding=\"async\"  class=\"ultp-block-image-content\"  alt=\"Bard (IT)\"  src=\"https:\/\/forte-cultura.com\/wp-content\/uploads\/ForteDiBard_Hagai-Agmon-Snir-web-870x570.jpg\" \/><\/a><\/div><div class=\"ultp-block-content\"><h3 class=\"ultp-block-title\"><a href=\"https:\/\/forte-cultura.com\/it\/bard-it\/\" >Bard (IT)<\/a><\/h3><\/div><\/div><\/div><div class=\"ultp-block-item post-id-959\"><div class=\"ultp-block-content-wrap\"><div class=\"ultp-block-image ultp-block-image-opacity\"><a href=\"https:\/\/forte-cultura.com\/it\/rasnov-ro\/\" ><img decoding=\"async\"  class=\"ultp-block-image-content\"  alt=\"Fortezza di Rosenau, Rasnov (RO)\"  src=\"https:\/\/forte-cultura.com\/wp-content\/uploads\/Rasnov-870x570.jpg\" \/><\/a><\/div><div class=\"ultp-block-content\"><h3 class=\"ultp-block-title\"><a href=\"https:\/\/forte-cultura.com\/it\/rasnov-ro\/\" >Rasnov (RO)<\/a><\/h3><\/div><\/div><\/div><div class=\"ultp-block-item post-id-944\"><div class=\"ultp-block-content-wrap\"><div class=\"ultp-block-image ultp-block-image-opacity\"><a href=\"https:\/\/forte-cultura.com\/it\/ohrid-mkd\/\" ><img decoding=\"async\"  class=\"ultp-block-image-content\"  alt=\"Fortezza di Samuele Ohrid, Macedonia settentrionale\"  src=\"https:\/\/forte-cultura.com\/wp-content\/uploads\/Ohrid-870x570.jpg\" \/><\/a><\/div><div class=\"ultp-block-content\"><h3 class=\"ultp-block-title\"><a href=\"https:\/\/forte-cultura.com\/it\/ohrid-mkd\/\" >Ohrid (MKD)<\/a><\/h3><\/div><\/div><\/div><div class=\"ultp-block-item post-id-916\"><div class=\"ultp-block-content-wrap\"><div class=\"ultp-block-image ultp-block-image-opacity\"><a href=\"https:\/\/forte-cultura.com\/it\/medzhybizh-ua\/\" ><img decoding=\"async\"  class=\"ultp-block-image-content\"  alt=\"Medzhybizh (UA)\"  src=\"https:\/\/forte-cultura.com\/wp-content\/uploads\/Medzhybizh1-870x570.jpg\" \/><\/a><\/div><div class=\"ultp-block-content\"><h3 class=\"ultp-block-title\"><a href=\"https:\/\/forte-cultura.com\/it\/medzhybizh-ua\/\" >Medzhybizh (UA)<\/a><\/h3><\/div><\/div><\/div><div class=\"ultp-block-item post-id-877\"><div class=\"ultp-block-content-wrap\"><div class=\"ultp-block-image ultp-block-image-opacity\"><a href=\"https:\/\/forte-cultura.com\/it\/kronach-de\/\" ><img decoding=\"async\"  class=\"ultp-block-image-content\"  alt=\"Fortezza Rosenberg, Kronach (DE) \u00a9Otmar Fugmann\"  src=\"https:\/\/forte-cultura.com\/wp-content\/uploads\/Festung-Rosenberg-Kronach-870x570.jpg\" \/><\/a><\/div><div class=\"ultp-block-content\"><h3 class=\"ultp-block-title\"><a href=\"https:\/\/forte-cultura.com\/it\/kronach-de\/\" >Kronach (DE)<\/a><\/h3><\/div><\/div><\/div><div class=\"ultp-block-item post-id-804\"><div class=\"ultp-block-content-wrap\"><div class=\"ultp-block-image ultp-block-image-opacity\"><a href=\"https:\/\/forte-cultura.com\/it\/koenigstein-sachsen-de\/\" ><img decoding=\"async\"  class=\"ultp-block-image-content\"  alt=\"Fortezza di K\u00f6nigstein, Sassonia (DE) \u00a9fotofestival-sandstein\"  src=\"https:\/\/forte-cultura.com\/wp-content\/uploads\/Koenigstein-westansicht\u00a9fotofestival-sandstein-870x570.jpg\" \/><\/a><\/div><div class=\"ultp-block-content\"><h3 class=\"ultp-block-title\"><a href=\"https:\/\/forte-cultura.com\/it\/koenigstein-sachsen-de\/\" >K\u00f6nigstein, Sassonia (DE)<\/a><\/h3><\/div><\/div><\/div><div class=\"ultp-block-item post-id-619\"><div class=\"ultp-block-content-wrap\"><div class=\"ultp-block-image ultp-block-image-opacity\"><a href=\"https:\/\/forte-cultura.com\/it\/grauerort-de\/\" ><img decoding=\"async\"  class=\"ultp-block-image-content\"  alt=\"Fortezza di Grauerort\"  src=\"https:\/\/forte-cultura.com\/wp-content\/uploads\/2023\/11\/Grauerort-870x570.jpg\" \/><\/a><\/div><div class=\"ultp-block-content\"><h3 class=\"ultp-block-title\"><a href=\"https:\/\/forte-cultura.com\/it\/grauerort-de\/\" >Grauerort (DE)<\/a><\/h3><\/div><\/div><\/div><\/div><\/div><div class=\"pagination-block-html\" aria-hidden=\"true\" style=\"display: none;\"><\/div><\/div>\n\n\n<hr class=\"is-style-wide wp-block-separator aligncenter has-text-color has-custom-farbe-1-color has-alpha-channel-opacity has-custom-farbe-1-background-color has-background eplus-wrapper\"\/>\n\n\n<div id=\"travelersmap-container-69f507e3d101e\" class=\"travelersmap-container\" style=\"z-index: 1; min-height: 10px; min-width:10px; height:600px;width:100%; max-width:1280px; max-height:500px; position:relative;\"><div style=\"position:absolute; z-index:-1;top: 50%;text-align: center;display: block;left: 50%;transform: translate(-50%,-50%);\">La mappa dei viaggiatori sta caricando...<br>Se si vede questo messaggio dopo che la pagina \u00e8 stata caricata completamente, i file leafletJS sono mancanti.<\/div><\/div>\n\n\n\n<div style=\"height:33px\" aria-hidden=\"true\" class=\"wp-block-spacer eplus-wrapper\"><\/div>\n\n\n\n<p class=\"has-medium-font-size eplus-wrapper\"><a href=\"https:\/\/forte-cultura.com\/kulturerbe-festungsmonumente\/geschichte-des-festungsbaus\/festungsbau-vom-15-19-jahrhundert\/\">La costruzione della fortezza dal XV al XIX secolo<\/a><\/p>\n\n\n\n<div style=\"margin-top:0;margin-bottom:0;height:20px\" aria-hidden=\"true\" class=\"wp-block-spacer eplus-wrapper\"><\/div>\n\n\n<div id=\"mega-menu-wrap-max_mega_menu_2\" class=\"mega-menu-wrap\"><div class=\"mega-menu-toggle\"><div class=\"mega-toggle-blocks-left\"><\/div><div class=\"mega-toggle-blocks-center\"><\/div><div class=\"mega-toggle-blocks-right\"><div class='mega-toggle-block mega-menu-toggle-animated-block mega-toggle-block-0' id='mega-toggle-block-0'><button aria-controls=\"mega-menu-max_mega_menu_2\" aria-expanded=\"false\" aria-haspopup=\"true\" aria-label=\"Menu a tendina\" class=\"mega-toggle-animated mega-toggle-animated-slider\" type=\"button\">\n                  <span class=\"mega-toggle-animated-box\">\n                    <span class=\"mega-toggle-animated-inner\"><\/span>\n                  <\/span>\n                <\/button><\/div><\/div><\/div><ul id=\"mega-menu-max_mega_menu_2\" class=\"mega-menu max-mega-menu mega-menu-horizontal mega-no-js\" data-event=\"hover_intent\" data-effect=\"fade_up\" data-effect-speed=\"200\" data-effect-mobile=\"disabled\" data-effect-speed-mobile=\"0\" data-mobile-force-width=\"false\" data-second-click=\"go\" data-document-click=\"collapse\" data-vertical-behaviour=\"standard\" data-breakpoint=\"768\" data-unbind=\"true\" data-mobile-state=\"collapse_all\" data-mobile-direction=\"vertical\"><li class=\"mega-menu-item mega-menu-item-type-post_type mega-menu-item-object-page mega-align-bottom-left mega-menu-flyout mega-menu-item-2026\" id=\"mega-menu-item-2026\"><a class=\"mega-menu-link\" href=\"https:\/\/forte-cultura.com\/it\/kulturerbe-festungsmonumente\/geschichte-des-festungsbaus\/festungsbau-vom-15-19-jahrhundert\/einzelfestungen\/\">Fortificazioni individuali<\/a><\/li><li class=\"mega-menu-item mega-menu-item-type-post_type mega-menu-item-object-page mega-align-bottom-left mega-menu-flyout mega-menu-item-2025\" id=\"mega-menu-item-2025\"><a class=\"mega-menu-link\" href=\"https:\/\/forte-cultura.com\/it\/kulturerbe-festungsmonumente\/geschichte-des-festungsbaus\/festungsbau-vom-15-19-jahrhundert\/befestigte-stadt\/\">Citt\u00e0 fortificata<\/a><\/li><li class=\"mega-menu-item mega-menu-item-type-post_type mega-menu-item-object-page mega-align-bottom-left mega-menu-flyout mega-menu-item-2024\" id=\"mega-menu-item-2024\"><a class=\"mega-menu-link\" href=\"https:\/\/forte-cultura.com\/it\/kulturerbe-festungsmonumente\/geschichte-des-festungsbaus\/festungsbau-vom-15-19-jahrhundert\/befestigte-idealstadt\/\">Citt\u00e0 ideale fortificata<\/a><\/li><li class=\"mega-menu-item mega-menu-item-type-post_type mega-menu-item-object-page mega-align-bottom-left mega-menu-flyout mega-menu-item-2113\" id=\"mega-menu-item-2113\"><a class=\"mega-menu-link\" href=\"https:\/\/forte-cultura.com\/it\/kulturerbe-festungsmonumente\/geschichte-des-festungsbaus\/festungsbau-vom-15-19-jahrhundert\/zitadellen\/\">Cittadelle<\/a><\/li><li class=\"mega-menu-item mega-menu-item-type-post_type mega-menu-item-object-page mega-align-bottom-left mega-menu-flyout mega-menu-item-2120\" id=\"mega-menu-item-2120\"><a class=\"mega-menu-link\" href=\"https:\/\/forte-cultura.com\/it\/kulturerbe-festungsmonumente\/geschichte-des-festungsbaus\/festungsbau-vom-15-19-jahrhundert\/befestigte-burg\/\">Castello fortificato<\/a><\/li><li class=\"mega-menu-item mega-menu-item-type-post_type mega-menu-item-object-page mega-align-bottom-left mega-menu-flyout mega-menu-item-2148\" id=\"mega-menu-item-2148\"><a class=\"mega-menu-link\" href=\"https:\/\/forte-cultura.com\/it\/kulturerbe-festungsmonumente\/geschichte-des-festungsbaus\/festungsbau-vom-15-19-jahrhundert\/befestigtes-schloss\/\">Serratura fissata<\/a><\/li><li class=\"mega-menu-item mega-menu-item-type-post_type mega-menu-item-object-page mega-align-bottom-left mega-menu-flyout mega-menu-item-2147\" id=\"mega-menu-item-2147\"><a class=\"mega-menu-link\" href=\"https:\/\/forte-cultura.com\/it\/kulturerbe-festungsmonumente\/geschichte-des-festungsbaus\/festungsbau-vom-15-19-jahrhundert\/grossfestungen\/\">Grandi fortezze<\/a><\/li><li class=\"mega-menu-item mega-menu-item-type-post_type mega-menu-item-object-page mega-align-bottom-left mega-menu-flyout mega-menu-item-2154\" id=\"mega-menu-item-2154\"><a class=\"mega-menu-link\" href=\"https:\/\/forte-cultura.com\/it\/kulturerbe-festungsmonumente\/geschichte-des-festungsbaus\/festungsbau-vom-15-19-jahrhundert\/verteidigungslinien\/\">Linee di difesa del XV-XIX secolo.<\/a><\/li><\/ul><\/div>\n\n\n<div style=\"height:20px\" aria-hidden=\"true\" class=\"wp-block-spacer eplus-wrapper\"><\/div>","protected":false},"excerpt":{"rendered":"<p>Milit\u00e4rische Prachtbauten an exponierten Orten Allein stehendes milit\u00e4risches Verteidigungsbauwerk, meist bestehend aus Wall, Graben, Bastionen, Gesch\u00fctzst\u00e4nden und milit\u00e4rischen Funktionsgeb\u00e4uden.Bsp. Titelbild: Festung K\u00f6nigstein, Sachsen (DE) Bastionierte Einzelfestungen aus der Entstehungszeit zwischen [&hellip;]<\/p>\n","protected":false},"author":1,"featured_media":884,"parent":1963,"menu_order":0,"comment_status":"closed","ping_status":"closed","template":"","meta":{"editor_plus_copied_stylings":"{}","pgc_sgb_lightbox_settings":"","_price":"","_stock":"","_tribe_ticket_header":"","_tribe_default_ticket_provider":"","_tribe_ticket_capacity":"0","_ticket_start_date":"","_ticket_end_date":"","_tribe_ticket_show_description":"","_tribe_ticket_show_not_going":false,"_tribe_ticket_use_global_stock":"","_tribe_ticket_global_stock_level":"","_global_stock_mode":"","_global_stock_cap":"","_tribe_rsvp_for_event":"","_tribe_ticket_going_count":"","_tribe_ticket_not_going_count":"","_tribe_tickets_list":"[]","_tribe_ticket_has_attendee_info_fields":false,"_EventAllDay":false,"_EventTimezone":"","_EventStartDate":"","_EventEndDate":"","_EventStartDateUTC":"","_EventEndDateUTC":"","_EventShowMap":false,"_EventShowMapLink":false,"_EventURL":"","_EventCost":"","_EventCostDescription":"","_EventCurrencySymbol":"","_EventCurrencyCode":"","_EventCurrencyPosition":"","_EventDateTimeSeparator":"","_EventTimeRangeSeparator":"","_EventOrganizerID":[],"_EventVenueID":[],"_OrganizerEmail":"","_OrganizerPhone":"","_OrganizerWebsite":"","_VenueAddress":"","_VenueCity":"","_VenueCountry":"","_VenueProvince":"","_VenueState":"","_VenueZip":"","_VenuePhone":"","_VenueURL":"","_VenueStateProvince":"","_VenueLat":"","_VenueLng":"","_VenueShowMap":false,"_VenueShowMapLink":false,"footnotes":""},"class_list":["post-1978","page","type-page","status-publish","has-post-thumbnail","hentry"],"_links":{"self":[{"href":"https:\/\/forte-cultura.com\/it\/wp-json\/wp\/v2\/pages\/1978","targetHints":{"allow":["GET"]}}],"collection":[{"href":"https:\/\/forte-cultura.com\/it\/wp-json\/wp\/v2\/pages"}],"about":[{"href":"https:\/\/forte-cultura.com\/it\/wp-json\/wp\/v2\/types\/page"}],"author":[{"embeddable":true,"href":"https:\/\/forte-cultura.com\/it\/wp-json\/wp\/v2\/users\/1"}],"replies":[{"embeddable":true,"href":"https:\/\/forte-cultura.com\/it\/wp-json\/wp\/v2\/comments?post=1978"}],"version-history":[{"count":0,"href":"https:\/\/forte-cultura.com\/it\/wp-json\/wp\/v2\/pages\/1978\/revisions"}],"up":[{"embeddable":true,"href":"https:\/\/forte-cultura.com\/it\/wp-json\/wp\/v2\/pages\/1963"}],"wp:featuredmedia":[{"embeddable":true,"href":"https:\/\/forte-cultura.com\/it\/wp-json\/wp\/v2\/media\/884"}],"wp:attachment":[{"href":"https:\/\/forte-cultura.com\/it\/wp-json\/wp\/v2\/media?parent=1978"}],"curies":[{"name":"wp","href":"https:\/\/api.w.org\/{rel}","templated":true}]}}