{"id":3543,"date":"2025-07-18T10:29:34","date_gmt":"2025-07-18T08:29:34","guid":{"rendered":"https:\/\/forte-cultura.com\/?post_type=tribe_events&#038;p=3543"},"modified":"2025-07-18T10:29:38","modified_gmt":"2025-07-18T08:29:38","slug":"kess-animaux-bons-amis-enfants-avec-mach-concert-torgau-fr","status":"publish","type":"tribe_events","link":"https:\/\/forte-cultura.com\/fr\/event\/kess-tierisch-gute-freunde-kinder-mit-mach-konzert-torgau-de\/","title":{"rendered":"KESS &amp; Tierisch gute Freunde : Concert pour enfants, Torgau (DE)"},"content":{"rendered":"<div  class=\"tribe-events-schedule tribe-clearfix\" >\n\t<p class=\"tribe-events-schedule__datetime\">\n\t\t<span class=\"tribe-events-schedule__date tribe-events-schedule__date--start\">\n\t\t\t31 ao\u00fbt 2025\t\t<\/span>\n\n\t\t\t\t\t<span class=\"tribe-events-schedule__all-day\">Toute la journ\u00e9e<\/span>\n\t\t\n\t\t\t<\/p>\n<\/div>\n\n\n\n<p class=\"eplus-wrapper\"><\/p>\n\n\n\n<p class=\"eplus-wrapper\">Concerts participatifs pour toute la famille <br>Le programme pour enfants Abenteuer mit KESS de Leipzig enthousiasme depuis plus de dix ans avec des programmes musicaux participatifs intelligents et amusants. Dans toute l'Allemagne, sur des sc\u00e8nes petites ou immenses. <\/p>\n\n\n<div  class=\"tribe-block tribe-block__event-price\" >\n\t\t\t<span class=\"tribe-block__event-price__cost\"> \u20ac15,12 <\/span>\n\t\t\t\t<span class=\"tribe-block__event-price__description\">Entr\u00e9e<\/span>\n\t<\/div>\n\n\n<div  class=\"tribe-block tribe-block__organizer__details tribe-clearfix\" >\n\t<div class=\"tribe-block__organizer__title\">\n\t\t<h3>Centre d'information de Torgau<\/h3>\n\t<\/div>\n\t\t\t\t<p class=\"tribe-block__organizer__website\"><a href=\"https:\/\/www.torgau-tourismus.de\" target=\"_blank\" rel=\"noopener noreferrer\">Voir le site Organisateur<\/a><\/p>\n\t\t<\/div>\n\n\n\n<p class=\"eplus-wrapper\">Ch\u00e2teau fortifi\u00e9 de Hartenfels<\/p>\n\n\n\n<figure class=\"wp-block-image size-large eplus-wrapper\"><img loading=\"lazy\" decoding=\"async\" width=\"1024\" height=\"683\" src=\"https:\/\/forte-cultura.com\/wp-content\/uploads\/MLZCLi4g4R8I-Hartenfels_Castle_Torgau\u00a9Philipp_Herfort-1024x683.jpg\" alt=\"\" class=\"wp-image-3534\" srcset=\"https:\/\/forte-cultura.com\/wp-content\/uploads\/MLZCLi4g4R8I-Hartenfels_Castle_Torgau\u00a9Philipp_Herfort-1024x683.jpg 1024w, https:\/\/forte-cultura.com\/wp-content\/uploads\/MLZCLi4g4R8I-Hartenfels_Castle_Torgau\u00a9Philipp_Herfort-300x200.jpg 300w, https:\/\/forte-cultura.com\/wp-content\/uploads\/MLZCLi4g4R8I-Hartenfels_Castle_Torgau\u00a9Philipp_Herfort-768x512.jpg 768w, https:\/\/forte-cultura.com\/wp-content\/uploads\/MLZCLi4g4R8I-Hartenfels_Castle_Torgau\u00a9Philipp_Herfort-1536x1025.jpg 1536w, https:\/\/forte-cultura.com\/wp-content\/uploads\/MLZCLi4g4R8I-Hartenfels_Castle_Torgau\u00a9Philipp_Herfort-18x12.jpg 18w, https:\/\/forte-cultura.com\/wp-content\/uploads\/MLZCLi4g4R8I-Hartenfels_Castle_Torgau\u00a9Philipp_Herfort-1200x800.jpg 1200w, https:\/\/forte-cultura.com\/wp-content\/uploads\/MLZCLi4g4R8I-Hartenfels_Castle_Torgau\u00a9Philipp_Herfort.jpg 2000w\" sizes=\"auto, (max-width: 1024px) 100vw, 1024px\" \/><figcaption class=\"wp-element-caption\">Vue de la cour int\u00e9rieure du ch\u00e2teau Hartenfels<\/figcaption><\/figure>\n\n\n\n<p class=\"eplus-wrapper\">Le ch\u00e2teau Renaissance de Hartenfels est un impressionnant t\u00e9moignage de la premi\u00e8re Renaissance allemande et le seul de son genre \u00e0 avoir \u00e9t\u00e9 enti\u00e8rement conserv\u00e9 jusqu'\u00e0 aujourd'hui. D\u00e8s que l'on p\u00e9n\u00e8tre dans la magnifique cour du ch\u00e2teau, on ressent la splendeur de cette \u00e9poque. Le Grand Wendelstein, un escalier en porte-\u00e0-faux qui monte sans pilier central, est un chef-d'\u0153uvre architectural - une performance r\u00e9volutionnaire du ma\u00eetre d'\u0153uvre Konrad Krebs. Autrefois, le ch\u00e2teau comptait parmi les ch\u00e2teaux r\u00e9sidentiels les plus modernes de Saxe et \u00e9tait le th\u00e9\u00e2tre de f\u00eates brillantes, de di\u00e8tes et de mariages. Sous le prince \u00e9lecteur Johann Friedrich, il devint en outre un centre important de la culture musicale. Apr\u00e8s que les princes-\u00e9lecteurs de Saxe aient transf\u00e9r\u00e9 le si\u00e8ge de leur gouvernement \u00e0 Dresde, l'utilisation du ch\u00e2teau changea - il servit plus tard entre autres de caserne.<\/p>\n\n\n<div  class=\"tribe-block tribe-block__venue tribe-clearfix tribe-block__venue--has-map\" >\n\t\n\t\n<div class=\"tribe-block__venue__meta\">\n\t<div class=\"tribe-block__venue__name\">\n\t\t<h3>Ch\u00e2teau de Hartenfels<\/h3>\n\t<\/div>\n\n\t\n\t\t\t\t\t\t<address class=\"tribe-block__venue__address\">\n\t\t\t\t<span class=\"tribe-address\">\n\n<span class=\"tribe-street-address\">27, rue du Ch\u00e2teau<\/span>\n\t\n\t\t<br>\n\t\t<span class=\"tribe-locality\">Torgau<\/span><span class=\"tribe-delimiter\">,<\/span>\n\n\n\t<span class=\"tribe-postal-code\">04860<\/span>\n\n\n<\/span>\n\n\t\t\t\t\t\t\t\t\t<a class=\"tribe-events-gmap\" href=\"https:\/\/maps.google.com\/maps?f=q&#038;source=s_q&#038;hl=en&#038;geocode=&#038;q=Schlo%C3%9Fstra%C3%9Fe+27+Torgau+04860\" title=\"Cliquez pour voir une carte Google Map\" target=\"_blank\" rel=\"noreferrer noopener\">+ Google Map<\/a>\t\t\t\t\t\t\t<\/address>\n\t\t\n\t\t\n\t\t\t\t\t<span class=\"tribe-block__venue__website\"><a href=\"https:\/\/www.schloss-hartenfels.de\/\" target=\"_self\" rel=\"external noopener\">Voir Lieu site web<\/a><\/span><br \/>\n\t\t\t\n\t<\/div>\n\t\n<div class=\"tribe-block__venue__map\">\n\t<div id=\"tribe-events-gmap-0\" style=\"height: 256px; width: 310px\" aria-hidden=\"true\"><\/div><!-- #tribe-events-gmap- -->\n<\/div>\n\n\t<\/div>\n\n\n\n\n\t<div  class=\"tribe-block tribe-block__events-link\" >\n\t\t<div class=\"tribe-events tribe-common\">\n\t\t\t<div class=\"tribe-events-c-subscribe-dropdown__container\">\n\t\t\t\t<div class=\"tribe-events-c-subscribe-dropdown\">\n\t\t\t\t\t<div class=\"tribe-common-c-btn-border tribe-events-c-subscribe-dropdown__button\">\n\t\t\t\t\t\t<svg\n\t class=\"tribe-common-c-svgicon tribe-common-c-svgicon--cal-export tribe-events-c-subscribe-dropdown__export-icon\" \taria-hidden=\"true\"\n\tviewbox=\"0 0 23 17\"\n\txmlns=\"http:\/\/www.w3.org\/2000\/svg\"\n>\n\t<path fill-rule=\"evenodd\" clip-rule=\"evenodd\" d=\"M.128.896V16.13c0 .211.145.383.323.383h15.354c.179 0 .323-.172.323-.383V.896c0-.212-.144-.383-.323-.383H.451C.273.513.128.684.128.896Zm16 6.742h-.901V4.679H1.009v10.729h14.218v-3.336h.901V7.638ZM1.01 1.614h14.218v2.058H1.009V1.614Z\" \/>\n\t<path d=\"M20.5 9.846H8.312M18.524 6.953l2.89 2.909-2.855 2.855\" stroke-width=\"1.2\" stroke-linecap=\"round\" stroke-linejoin=\"round\"\/>\n<\/svg>\n\t\t\t\t\t\t<button\n\t\t\t\t\t\t\tclass=\"tribe-events-c-subscribe-dropdown__button-text\"\n\t\t\t\t\t\t\taria-expanded=\"false\"\n\t\t\t\t\t\t\taria-controls=\"tribe-events-subscribe-dropdown-content\"\n\t\t\t\t\t\t\taria-label=\"Afficher les liens permettant d&#039;ajouter des \u00e9v\u00e8nements \u00e0 votre calendrier\"\n\t\t\t\t\t\t>\n\t\t\t\t\t\t\tAjouter au calendrier\t\t\t\t\t\t<\/button>\n\t\t\t\t\t\t<svg\n\t class=\"tribe-common-c-svgicon tribe-common-c-svgicon--caret-down tribe-events-c-subscribe-dropdown__button-icon\" \taria-hidden=\"true\"\n\tviewbox=\"0 0 10 7\"\n\txmlns=\"http:\/\/www.w3.org\/2000\/svg\"\n>\n\t<path fill-rule=\"evenodd\" clip-rule=\"evenodd\" d=\"M1.008.609L5 4.6 8.992.61l.958.958L5 6.517.05 1.566l.958-.958z\" class=\"tribe-common-c-svgicon__svg-fill\"\/>\n<\/svg>\n\t\t\t\t\t<\/div>\n\t\t\t\t\t<div id=\"tribe-events-subscribe-dropdown-content\" class=\"tribe-events-c-subscribe-dropdown__content\">\n\t\t\t\t\t\t<ul class=\"tribe-events-c-subscribe-dropdown__list\">\n\t\t\t\t\t\t\t\t\t\t\t\t\t\t\t<li class=\"tribe-events-c-subscribe-dropdown__list-item tribe-events-c-subscribe-dropdown__list-item--gcal\">\n\t\t\t\t\t\t\t\t\t<a href=\"https:\/\/www.google.com\/calendar\/event?action=TEMPLATE&#038;dates=20250831T000000\/20250831T235959&#038;text=KESS%20%26amp%3B%20tierisch%20gute%20Freunde%3A%20Kinder-mit-mach-Konzert%2C%20Torgau%20%28DE%29&#038;details=%3Cp+class%3D%22+eplus-wrapper%22%3E%3C%2Fp%3E+%3Cp+class%3D%22+eplus-wrapper%22%3EMitmach-Konzerte+f%C3%BCr+die+ganze+Familie+%3Cbr+%2F%3EDas+Leipziger+Kinderprogramm+Abenteuer+mit+KESS+begeistert+seit+%C3%BCber+zehn+Jahren+mit+klugen+und+lustigen+musikalischen+Mitmach-Programmen.+Deutschlandweit+auf+kleinen+bis+riesigen+B%C3%BChnen.+%3C%2Fp%3E+%3Cp+class%3D%22+eplus-wrapper%22%3EBefestigtes+Schloss+Hartenfels%3C%2Fp%3E+%3Cfigure+class%3D%22+wp-block-image+size-large+eplus-wrapper%22%3E%3Cimg+src%3D%22https%3A%2F%2Fforte-cultura.com%2Fwp-content%2Fuploads%2FMLZCLi4g4R8I-Hartenfels_Castle_Torgau%C2%A9Philipp_Herfort-1024x683.jpg%22+alt%3D%22%22+class%3D%22wp-image-3534%22%2F%3E%3Cfigcaption+class%3D%22wp-element-caption%22%3EBlick+in+den+Innenhof+des+Schlosses+Hartenfels%3C%2Ffigcaption%3E%3C%2Ffigure%3E%3Cp+class%3D%22+eplus-wrapper%22%3EDas+Renaissanceschloss+Hartenfels+ist+ein+beeindruckendes+Zeugnis+der+deutschen+Fr%C3%BChrenaissance+und+das+einzige+seiner+Art%2C+das+bis+heute+vollst%C3%A4ndig+erhalten+geblieben+ist.+Schon+beim+Betreten+des+prachtvollen+Schlosshofs+wird+der+Glanz+dieser+Epoche+sp%C3%BCrbar.+Ein+arch%3C%2Fp%3E%28Voir+toute+la+description+de+%C3%A9v%C3%A8nement+ici%C2%A0%3A+https%3A%2F%2Fforte-cultura.com%2Ffr%2Fevent%2Fkess-tierisch-gute-freunde-kinder-mit-mach-konzert-torgau-de%2F%29&#038;location=Schloss%20Hartenfels,%20Schlo\u00dfstra\u00dfe%2027,%20Torgau,%2004860&#038;trp=false&#038;ctz=Europe\/Berlin&#038;sprop=website:https:\/\/forte-cultura.com\/fr\" class=\"tribe-events-c-subscribe-dropdown__list-item-link\" target=\"_blank\" rel=\"noopener noreferrer nofollow noindex\">\n\t\t\t\t\t\t\t\t\t\tGoogle Agenda\t\t\t\t\t\t\t\t\t<\/a>\n\t\t\t\t\t\t\t\t<\/li>\n\t\t\t\t\t\t\t\t\t\t\t\t\t\t\t<li class=\"tribe-events-c-subscribe-dropdown__list-item tribe-events-c-subscribe-dropdown__list-item--ical\">\n\t\t\t\t\t\t\t\t\t<a\n\t\t\t\t\t\t\t\t\t\thref=\"\"\n\t\t\t\t\t\t\t\t\t\tclass=\"tribe-events-c-subscribe-dropdown__list-item-link\"\n\t\t\t\t\t\t\t\t\t\ttarget=\"_blank\"\n\t\t\t\t\t\t\t\t\t\trel=\"noopener noreferrer nofollow noindex\"\n\t\t\t\t\t\t\t\t\t>\n\t\t\t\t\t\t\t\t\t\tiCalendar\t\t\t\t\t\t\t\t\t<\/a>\n\t\t\t\t\t\t\t\t<\/li>\n\t\t\t\t\t\t\t\t\t\t\t\t\t\t\t<li class=\"tribe-events-c-subscribe-dropdown__list-item tribe-events-c-subscribe-dropdown__list-item--outlook-365\">\n\t\t\t\t\t\t\t\t\t<a\n\t\t\t\t\t\t\t\t\t\thref=\"\"\n\t\t\t\t\t\t\t\t\t\tclass=\"tribe-events-c-subscribe-dropdown__list-item-link\"\n\t\t\t\t\t\t\t\t\t\ttarget=\"_blank\"\n\t\t\t\t\t\t\t\t\t\trel=\"noopener noreferrer nofollow noindex\"\n\t\t\t\t\t\t\t\t\t>\n\t\t\t\t\t\t\t\t\t\tOutlook 365\t\t\t\t\t\t\t\t\t<\/a>\n\t\t\t\t\t\t\t\t<\/li>\n\t\t\t\t\t\t\t\t\t\t\t\t\t\t\t<li class=\"tribe-events-c-subscribe-dropdown__list-item tribe-events-c-subscribe-dropdown__list-item--outlook-live\">\n\t\t\t\t\t\t\t\t\t<a\n\t\t\t\t\t\t\t\t\t\thref=\"\"\n\t\t\t\t\t\t\t\t\t\tclass=\"tribe-events-c-subscribe-dropdown__list-item-link\"\n\t\t\t\t\t\t\t\t\t\ttarget=\"_blank\"\n\t\t\t\t\t\t\t\t\t\trel=\"noopener noreferrer nofollow noindex\"\n\t\t\t\t\t\t\t\t\t>\n\t\t\t\t\t\t\t\t\t\tOutlook Live\t\t\t\t\t\t\t\t\t<\/a>\n\t\t\t\t\t\t\t\t<\/li>\n\t\t\t\t\t\t\t\t\t\t\t\t\t<\/ul>\n\t\t\t\t\t<\/div>\n\t\t\t\t<\/div>\n\t\t\t<\/div>\n\t\t<\/div>\n\t<\/div>","protected":false},"excerpt":{"rendered":"<p>Mitmach-Konzerte f\u00fcr die ganze Familie Das Leipziger Kinderprogramm Abenteuer mit KESS begeistert seit \u00fcber zehn Jahren mit klugen und lustigen musikalischen Mitmach-Programmen. Deutschlandweit auf kleinen bis riesigen B\u00fchnen. Befestigtes Schloss [&hellip;]<\/p>\n","protected":false},"author":1,"featured_media":3544,"template":"","meta":{"editor_plus_copied_stylings":"{}","pgc_sgb_lightbox_settings":"","_price":"","_stock":"","_tribe_ticket_header":"","_tribe_default_ticket_provider":"","_tribe_ticket_capacity":"","_ticket_start_date":"","_ticket_end_date":"","_tribe_ticket_show_description":"","_tribe_ticket_show_not_going":false,"_tribe_ticket_use_global_stock":"","_tribe_ticket_global_stock_level":"","_global_stock_mode":"","_global_stock_cap":"","_tribe_rsvp_for_event":"","_tribe_ticket_going_count":"","_tribe_ticket_not_going_count":"","_tribe_tickets_list":"[]","_tribe_ticket_has_attendee_info_fields":false,"_EventAllDay":true,"_EventTimezone":"Europe\/Berlin","_EventStartDate":"2025-08-31 00:00:00","_EventEndDate":"2025-08-31 23:59:59","_EventStartDateUTC":"2025-08-30 22:00:00","_EventEndDateUTC":"2025-08-31 21:59:59","_EventShowMap":false,"_EventShowMapLink":false,"_EventURL":"","_EventCost":"15,12","_EventCostDescription":"","_EventCurrencySymbol":"\u20ac","_EventCurrencyCode":"EUR","_EventCurrencyPosition":"prefix","_EventDateTimeSeparator":" @ ","_EventTimeRangeSeparator":" - ","_EventOrganizerID":[3529],"_EventVenueID":[3532],"_OrganizerEmail":"","_OrganizerPhone":"","_OrganizerWebsite":"","_VenueAddress":"","_VenueCity":"","_VenueCountry":"","_VenueProvince":"","_VenueState":"","_VenueZip":"","_VenuePhone":"","_VenueURL":"","_VenueStateProvince":"","_VenueLat":"","_VenueLng":"","_VenueShowMap":false,"_VenueShowMapLink":false,"_tribe_events_status":"","_tribe_events_status_reason":"","footnotes":"","_tec_slr_enabled":"","_tec_slr_layout":""},"tags":[461,460,471],"tribe_events_cat":[466],"class_list":["post-3543","tribe_events","type-tribe_events","status-publish","has-post-thumbnail","hentry","tag-familie","tag-kids","tag-konzert","tribe_events_cat-efs","cat_efs"],"ticketed":false,"_links":{"self":[{"href":"https:\/\/forte-cultura.com\/fr\/wp-json\/wp\/v2\/tribe_events\/3543","targetHints":{"allow":["GET"]}}],"collection":[{"href":"https:\/\/forte-cultura.com\/fr\/wp-json\/wp\/v2\/tribe_events"}],"about":[{"href":"https:\/\/forte-cultura.com\/fr\/wp-json\/wp\/v2\/types\/tribe_events"}],"author":[{"embeddable":true,"href":"https:\/\/forte-cultura.com\/fr\/wp-json\/wp\/v2\/users\/1"}],"version-history":[{"count":0,"href":"https:\/\/forte-cultura.com\/fr\/wp-json\/wp\/v2\/tribe_events\/3543\/revisions"}],"wp:featuredmedia":[{"embeddable":true,"href":"https:\/\/forte-cultura.com\/fr\/wp-json\/wp\/v2\/media\/3544"}],"wp:attachment":[{"href":"https:\/\/forte-cultura.com\/fr\/wp-json\/wp\/v2\/media?parent=3543"}],"wp:term":[{"taxonomy":"post_tag","embeddable":true,"href":"https:\/\/forte-cultura.com\/fr\/wp-json\/wp\/v2\/tags?post=3543"},{"taxonomy":"tribe_events_cat","embeddable":true,"href":"https:\/\/forte-cultura.com\/fr\/wp-json\/wp\/v2\/tribe_events_cat?post=3543"}],"curies":[{"name":"wp","href":"https:\/\/api.w.org\/{rel}","templated":true}]}}