{"id":3452,"date":"2025-05-16T11:01:51","date_gmt":"2025-05-16T09:01:51","guid":{"rendered":"https:\/\/forte-cultura.com\/?post_type=tribe_events&#038;p=3452"},"modified":"2025-05-16T11:22:45","modified_gmt":"2025-05-16T09:22:45","slug":"19-journee-du-nord-de-lallemagne-avec-marche-dartisanat-a-la-forteresse-de-doemitz-fr","status":"publish","type":"tribe_events","link":"https:\/\/forte-cultura.com\/fr\/event\/19-norddeutscher-tag-mit-kunsthandwerkermarkt-auf-der-festung-doemitz-de\/","title":{"rendered":"19e Journ\u00e9e de l'Allemagne du Nord avec march\u00e9 artisanal \u00e0 la forteresse de D\u00f6mitz (DE)"},"content":{"rendered":"<div  class=\"tribe-events-schedule tribe-clearfix\" >\n\t<p class=\"tribe-events-schedule__datetime\">\n\t\t<span class=\"tribe-events-schedule__date tribe-events-schedule__date--start\">\n\t\t\t8 juin 2025\t\t<\/span>\n\n\t\t\t\t\t<span class=\"tribe-events-schedule__separator tribe-events-schedule__separator--date\">\n\t\t\t\t @ \t\t\t<\/span>\n\t\t\t<span class=\"tribe-events-schedule__time tribe-events-schedule__time--start\">\n\t\t\t\t10:00\t\t\t<\/span>\n\t\t\n\t\t\t\t\t\t\t\t\t<span class=\"tribe-events-schedule__separator tribe-events-schedule__separator--time\">\n\t\t\t\t\t - \t\t\t\t<\/span>\n\t\t\t\n\t\t\t\t\t\t\t<span class=\"tribe-events-schedule__time tribe-events-schedule__time--end\">\n\t\t\t\t\t20:00\t\t\t\t<\/span>\n\t\t\t\n\t\t\t\t\t\t\t<span class=\"tribe-events-schedule__timezone\">CEST<\/span>\n\t\t\t\t\t\t<\/p>\n<\/div>\n\n\n\n<p class=\"eplus-wrapper\"><strong>Le 8 juin, dimanche de Pentec\u00f4te, la forteresse de D\u00f6mitz accueillera la 19e journ\u00e9e du nord de l'Allemagne avec un march\u00e9 d'artisanat. Ce festival de la langue bas-allemande est l'une des nombreuses manifestations organis\u00e9es dans le cadre de la 5e \u00e9dition des Semaines du Platt allemand dans le Mecklembourg-Pom\u00e9ranie occidentale.<\/strong><\/p>\n\n\n\n<p class=\"eplus-wrapper\">A partir de 11 heures, Susanne Bliemel, plapperm\u00f6ller, animera un programme vari\u00e9 pour les amateurs de platt et les personnes int\u00e9ress\u00e9es par le platt de toutes les g\u00e9n\u00e9rations. Seront notamment pr\u00e9sents le groupe T\u00fcdderkram de Wismar avec son folklore traditionnel d'Allemagne du Nord, influenc\u00e9 par le folk irlandais et am\u00e9ricain, la chorale mixte \"Achtern Moehlendiek\" e.V. Hagenow ainsi que NORMA &amp; Band. Les musiciens hambourgeois associent des chansons en plattdeutsche \u00e0 des sons modernes et pop. Le groupe de danse De Oewerpetters, originaire du Wendland, apportera \u00e9galement son dynamisme sur sc\u00e8ne. Elle fait partie int\u00e9grante de la Journ\u00e9e de l'Allemagne du Nord depuis des ann\u00e9es. Dierns un Jungs du Gymnasialen Schulzentrum Fritz Reuter D\u00f6mitz pr\u00e9senteront des sketches.<\/p>\n\n\n\n<p class=\"eplus-wrapper\">De nombreuses autres activit\u00e9s seront propos\u00e9es sur la forteresse. La journ\u00e9e d\u00e9butera \u00e0 10 heures par un recueillement \u0153cum\u00e9nique sur le bastion Held. Une visite guid\u00e9e gratuite de la forteresse en platt et en Hochdeutsch aura lieu \u00e0 14h30. Le groupe de tirs de la soci\u00e9t\u00e9 de tir Concordia von 1848 e.V. de la ville hans\u00e9atique de Rostock sera \u00e0 nouveau invit\u00e9. Ils seront soutenus pour la premi\u00e8re fois par la Sch\u00fctzenzunft zu Crivitz 1839 e.V. Sur le bastion Drache, les tireurs tireront des canons \u00e0 p\u00e9tards et expliqueront le contexte de cette tradition.<\/p>\n\n\n\n<p class=\"eplus-wrapper\">Un quiz et un rallye up Platt feront vivre aux jeunes et aux moins jeunes des moments d'\u00e9merveillement. Des stations de bricolage, la visite des Abrafax grandeur nature ainsi que le march\u00e9 artisanal compl\u00e8tent la f\u00eate. Les artisans et les amateurs proposent des produits de leur propre fabrication. Parmi elles, de belles choses en argile, en lin ou en bois ainsi que des bijoux en argent et en cuir. Et bien s\u00fbr, il y aura aussi de quoi se restaurer.<\/p>\n\n\n\n<p class=\"eplus-wrapper\">La ville de D\u00f6mitz organise la Journ\u00e9e de l'Allemagne du Nord en coop\u00e9ration avec l'association Heimatverband Mecklenburg-Vorpommern e.V. La manifestation est soutenue financi\u00e8rement par le minist\u00e8re de la Science, de la Culture, des Affaires f\u00e9d\u00e9rales et europ\u00e9ennes du Mecklembourg-Pom\u00e9ranie occidentale, le district de Ludwigslust-Parchim et la Caisse d'\u00e9pargne de Mecklembourg-Schwerin.<\/p>\n\n\n\n<p class=\"eplus-wrapper\"><strong>L'entr\u00e9e est gratuite.<\/strong><\/p>\n\n\n\n<figure class=\"wp-block-image size-large eplus-wrapper\"><img loading=\"lazy\" decoding=\"async\" width=\"724\" height=\"1024\" src=\"https:\/\/forte-cultura.com\/wp-content\/uploads\/mYQ4DCObVK3C-Plakat_A3_19_Norddeutschertag_2025b-724x1024.jpg\" alt=\"\" class=\"wp-image-3457\" srcset=\"https:\/\/forte-cultura.com\/wp-content\/uploads\/mYQ4DCObVK3C-Plakat_A3_19_Norddeutschertag_2025b-724x1024.jpg 724w, https:\/\/forte-cultura.com\/wp-content\/uploads\/mYQ4DCObVK3C-Plakat_A3_19_Norddeutschertag_2025b-212x300.jpg 212w, https:\/\/forte-cultura.com\/wp-content\/uploads\/mYQ4DCObVK3C-Plakat_A3_19_Norddeutschertag_2025b-768x1086.jpg 768w, https:\/\/forte-cultura.com\/wp-content\/uploads\/mYQ4DCObVK3C-Plakat_A3_19_Norddeutschertag_2025b-8x12.jpg 8w, https:\/\/forte-cultura.com\/wp-content\/uploads\/mYQ4DCObVK3C-Plakat_A3_19_Norddeutschertag_2025b.jpg 849w\" sizes=\"auto, (max-width: 724px) 100vw, 724px\" \/><\/figure>\n\n\n\n<h2 class=\"wp-block-heading eplus-wrapper\" style=\"margin-top:var(--wp--preset--spacing--30)\"><a href=\"https:\/\/forte-cultura.com\/doemitz-de\/\" data-type=\"post\" data-id=\"587\">Forteresse de D\u00f6mitz<\/a><\/h2>\n\n\n\n<p class=\"eplus-wrapper\">La citadelle de D\u00f6mitz est la construction la plus ancienne et la plus marquante de la ville de D\u00f6mitz. C'est la seule forteresse pentagonale de la Renaissance enti\u00e8rement conserv\u00e9e dans le nord de l'Allemagne et elle compte parmi les forteresses de plaine les mieux conserv\u00e9es d'Europe du Nord. D\u00e9fensive avec ses hauts murs en briques, dot\u00e9e de bastions, de casemates et d'un pont-levis, la forteresse impressionne tous les visiteurs. L'imposant bastion s'\u00e9tend en forme de pentagone sur la rive de l'Elbe dans le Mecklembourg. Cet important monument culturel offre un aper\u00e7u de son pass\u00e9 mouvement\u00e9 et emm\u00e8ne les visiteurs dans un voyage passionnant.<\/p>\n\n\n\n<figure class=\"wp-block-image size-large eplus-wrapper\"><img loading=\"lazy\" decoding=\"async\" width=\"1024\" height=\"683\" src=\"https:\/\/forte-cultura.com\/wp-content\/uploads\/lEdpWZE4BXR0-8BEM_Festungshof_D_Foitlaenger_1-1024x683.jpg\" alt=\"\" class=\"wp-image-3456\" srcset=\"https:\/\/forte-cultura.com\/wp-content\/uploads\/lEdpWZE4BXR0-8BEM_Festungshof_D_Foitlaenger_1-1024x683.jpg 1024w, https:\/\/forte-cultura.com\/wp-content\/uploads\/lEdpWZE4BXR0-8BEM_Festungshof_D_Foitlaenger_1-300x200.jpg 300w, https:\/\/forte-cultura.com\/wp-content\/uploads\/lEdpWZE4BXR0-8BEM_Festungshof_D_Foitlaenger_1-768x512.jpg 768w, https:\/\/forte-cultura.com\/wp-content\/uploads\/lEdpWZE4BXR0-8BEM_Festungshof_D_Foitlaenger_1-18x12.jpg 18w, https:\/\/forte-cultura.com\/wp-content\/uploads\/lEdpWZE4BXR0-8BEM_Festungshof_D_Foitlaenger_1-1200x800.jpg 1200w, https:\/\/forte-cultura.com\/wp-content\/uploads\/lEdpWZE4BXR0-8BEM_Festungshof_D_Foitlaenger_1.jpg 1500w\" sizes=\"auto, (max-width: 1024px) 100vw, 1024px\" \/><\/figure>\n\n\n<div  class=\"tribe-block tribe-block__event-price\" >\n\t\t<\/div>\n\n\n<div  class=\"tribe-block tribe-block__organizer__details tribe-clearfix\" >\n\t<div class=\"tribe-block__organizer__title\">\n\t\t<h3>Information touristique de D\u00f6mitz<\/h3>\n\t<\/div>\n\t\t\t\t<p class=\"tribe-block__organizer__website\"><a href=\"http:\/\/www.doemitz.de\" target=\"_blank\" rel=\"noopener noreferrer\">Voir le site Organisateur<\/a><\/p>\n\t\t<\/div>\n\n\n<div  class=\"tribe-block tribe-block__venue tribe-clearfix tribe-block__venue--has-map\" >\n\t\n\t\n<div class=\"tribe-block__venue__meta\">\n\t<div class=\"tribe-block__venue__name\">\n\t\t<h3>Forteresse de D\u00f6mitz<\/h3>\n\t<\/div>\n\n\t\n\t\t\t\t\t\t<address class=\"tribe-block__venue__address\">\n\t\t\t\t<span class=\"tribe-address\">\n\n<span class=\"tribe-street-address\">Sur la forteresse 3<\/span>\n\t\n\t\t<br>\n\t\t<span class=\"tribe-locality\">D\u00f6mitz<\/span><span class=\"tribe-delimiter\">,<\/span>\n\n\t<abbr class=\"tribe-region tribe-events-abbr\" title=\"Mecklembourg-Pom\u00e9ranie occidentale\">Mecklembourg-Pom\u00e9ranie occidentale<\/abbr>\n\n\t<span class=\"tribe-postal-code\">19303<\/span>\n\n\t<span class=\"tribe-country-name\">Allemagne<\/span>\n\n<\/span>\n\n\t\t\t\t\t\t\t\t\t<a class=\"tribe-events-gmap\" href=\"https:\/\/maps.google.com\/maps?f=q&#038;source=s_q&#038;hl=en&#038;geocode=&#038;q=Auf+der+Festung+3+D%C3%B6mitz+Mecklenburg-Vorpommern+19303+Germany\" title=\"Cliquez pour voir une carte Google Map\" target=\"_blank\" rel=\"noreferrer noopener\">+ Google Map<\/a>\t\t\t\t\t\t\t<\/address>\n\t\t\n\t\t\n\t\t\t\t\t<span class=\"tribe-block__venue__website\"><a href=\"https:\/\/doemitz.de\/sehenswuerdigkeiten\/festung-doemitz\/\" target=\"_self\" rel=\"external noopener\">https:\/\/doemitz.de\/sehenswuerdigkeiten\/festung-doemitz\/<\/a><\/span><br \/>\n\t\t\t\n\t<\/div>\n\t\n<div class=\"tribe-block__venue__map\">\n\t<div id=\"tribe-events-gmap-0\" style=\"height: 256px; width: 310px\" aria-hidden=\"true\"><\/div><!-- #tribe-events-gmap- -->\n<\/div>\n\n\t<\/div>\n\n\n\n\n\t<div  class=\"tribe-block tribe-block__events-link\" >\n\t\t<div class=\"tribe-events tribe-common\">\n\t\t\t<div class=\"tribe-events-c-subscribe-dropdown__container\">\n\t\t\t\t<div class=\"tribe-events-c-subscribe-dropdown\">\n\t\t\t\t\t<div class=\"tribe-common-c-btn-border tribe-events-c-subscribe-dropdown__button\">\n\t\t\t\t\t\t<svg\n\t class=\"tribe-common-c-svgicon tribe-common-c-svgicon--cal-export tribe-events-c-subscribe-dropdown__export-icon\" \taria-hidden=\"true\"\n\tviewbox=\"0 0 23 17\"\n\txmlns=\"http:\/\/www.w3.org\/2000\/svg\"\n>\n\t<path fill-rule=\"evenodd\" clip-rule=\"evenodd\" d=\"M.128.896V16.13c0 .211.145.383.323.383h15.354c.179 0 .323-.172.323-.383V.896c0-.212-.144-.383-.323-.383H.451C.273.513.128.684.128.896Zm16 6.742h-.901V4.679H1.009v10.729h14.218v-3.336h.901V7.638ZM1.01 1.614h14.218v2.058H1.009V1.614Z\" \/>\n\t<path d=\"M20.5 9.846H8.312M18.524 6.953l2.89 2.909-2.855 2.855\" stroke-width=\"1.2\" stroke-linecap=\"round\" stroke-linejoin=\"round\"\/>\n<\/svg>\n\t\t\t\t\t\t<button\n\t\t\t\t\t\t\tclass=\"tribe-events-c-subscribe-dropdown__button-text\"\n\t\t\t\t\t\t\taria-expanded=\"false\"\n\t\t\t\t\t\t\taria-controls=\"tribe-events-subscribe-dropdown-content\"\n\t\t\t\t\t\t\taria-label=\"Afficher les liens permettant d&#039;ajouter des \u00e9v\u00e8nements \u00e0 votre calendrier\"\n\t\t\t\t\t\t>\n\t\t\t\t\t\t\tAjouter au calendrier\t\t\t\t\t\t<\/button>\n\t\t\t\t\t\t<svg\n\t class=\"tribe-common-c-svgicon tribe-common-c-svgicon--caret-down tribe-events-c-subscribe-dropdown__button-icon\" \taria-hidden=\"true\"\n\tviewbox=\"0 0 10 7\"\n\txmlns=\"http:\/\/www.w3.org\/2000\/svg\"\n>\n\t<path fill-rule=\"evenodd\" clip-rule=\"evenodd\" d=\"M1.008.609L5 4.6 8.992.61l.958.958L5 6.517.05 1.566l.958-.958z\" class=\"tribe-common-c-svgicon__svg-fill\"\/>\n<\/svg>\n\t\t\t\t\t<\/div>\n\t\t\t\t\t<div id=\"tribe-events-subscribe-dropdown-content\" class=\"tribe-events-c-subscribe-dropdown__content\">\n\t\t\t\t\t\t<ul class=\"tribe-events-c-subscribe-dropdown__list\">\n\t\t\t\t\t\t\t\t\t\t\t\t\t\t\t<li class=\"tribe-events-c-subscribe-dropdown__list-item tribe-events-c-subscribe-dropdown__list-item--gcal\">\n\t\t\t\t\t\t\t\t\t<a href=\"https:\/\/www.google.com\/calendar\/event?action=TEMPLATE&#038;dates=20250608T100000\/20250608T200000&#038;text=19.%20Norddeutscher%20Tag%20mit%20Kunsthandwerkermarkt%20auf%20der%20Festung%20D%C3%B6mitz%20%28DE%29&#038;details=%3Cp+class%3D%22+eplus-wrapper%22%3E%3Cstrong%3EAm+8.+Juni%2C+Pfingstsonntag%2C+findet+auf+der+Festung+D%C3%B6mitz+der+19.+Norddeutsche+Tag+mit+Kunsthandwerkermarkt+statt.+Das+Festival+der+niederdeutschen+Sprache+ist+eine+von+zahlreichen+Veranstaltungen+der+5.+Plattdeutschen+Wochen+in+Mecklenburg-Vorpommern.%3C%2Fstrong%3E%3C%2Fp%3E+%3Cp+class%3D%22+eplus-wrapper%22%3EAb+11+Uhr+f%C3%BChrt+Plapperm%C3%B6llerin+Susanne+Bliemel+durch+ein+abwechslungsreiches+Programm+f%C3%BCr+Plattschnackende+und+Plattinteressierte+aller+Generationen.+Mit+dabei+sind+u.a.+die+Gruppe+T%C3%BCdderkram+aus+Wismar+mit+traditioneller+norddeutscher+Folklore%2C+beeinflusst+von+irischem+und+amerikanischem+Folk%2C+der+gemischte+Shantychor+%E2%80%9EAchtern+Moehlendiek%E2%80%9C+e.V.+Hagenow+sowie+NORMA+%26amp%3B+Band.+Die+Hamburger+Musiker+vereinen+plattdeutsche+Lieder+mit+modernen%2C+poppigen+Sounds.+Schwung+bringt+auch+die+Tanzgruppe+De+Oewerpetters+aus+dem+Wendland+auf+die+B%C3%BChne.+Sie+ist+seit+Jahren+fester+Bestandteil+des+Norddeutschen+Tages.+Dierns+un+Jungs+vom+Gymnasialen+Schulzentr%3C%2Fp%3E%28Voir+toute+la+description+de+%C3%A9v%C3%A8nement+ici%C2%A0%3A+https%3A%2F%2Fforte-cultura.com%2Ffr%2Fevent%2F19-norddeutscher-tag-mit-kunsthandwerkermarkt-auf-der-festung-doemitz-de%2F%29&#038;location=Festung%20D\u00f6mitz,%20Auf%20der%20Festung%203,%20D\u00f6mitz,%20Mecklenburg-Vorpommern,%2019303,%20Germany&#038;trp=false&#038;ctz=Europe\/Berlin&#038;sprop=website:https:\/\/forte-cultura.com\/fr\" class=\"tribe-events-c-subscribe-dropdown__list-item-link\" target=\"_blank\" rel=\"noopener noreferrer nofollow noindex\">\n\t\t\t\t\t\t\t\t\t\tGoogle Agenda\t\t\t\t\t\t\t\t\t<\/a>\n\t\t\t\t\t\t\t\t<\/li>\n\t\t\t\t\t\t\t\t\t\t\t\t\t\t\t<li class=\"tribe-events-c-subscribe-dropdown__list-item tribe-events-c-subscribe-dropdown__list-item--ical\">\n\t\t\t\t\t\t\t\t\t<a\n\t\t\t\t\t\t\t\t\t\thref=\"\"\n\t\t\t\t\t\t\t\t\t\tclass=\"tribe-events-c-subscribe-dropdown__list-item-link\"\n\t\t\t\t\t\t\t\t\t\ttarget=\"_blank\"\n\t\t\t\t\t\t\t\t\t\trel=\"noopener noreferrer nofollow noindex\"\n\t\t\t\t\t\t\t\t\t>\n\t\t\t\t\t\t\t\t\t\tiCalendar\t\t\t\t\t\t\t\t\t<\/a>\n\t\t\t\t\t\t\t\t<\/li>\n\t\t\t\t\t\t\t\t\t\t\t\t\t\t\t<li class=\"tribe-events-c-subscribe-dropdown__list-item tribe-events-c-subscribe-dropdown__list-item--outlook-365\">\n\t\t\t\t\t\t\t\t\t<a\n\t\t\t\t\t\t\t\t\t\thref=\"\"\n\t\t\t\t\t\t\t\t\t\tclass=\"tribe-events-c-subscribe-dropdown__list-item-link\"\n\t\t\t\t\t\t\t\t\t\ttarget=\"_blank\"\n\t\t\t\t\t\t\t\t\t\trel=\"noopener noreferrer nofollow noindex\"\n\t\t\t\t\t\t\t\t\t>\n\t\t\t\t\t\t\t\t\t\tOutlook 365\t\t\t\t\t\t\t\t\t<\/a>\n\t\t\t\t\t\t\t\t<\/li>\n\t\t\t\t\t\t\t\t\t\t\t\t\t\t\t<li class=\"tribe-events-c-subscribe-dropdown__list-item tribe-events-c-subscribe-dropdown__list-item--outlook-live\">\n\t\t\t\t\t\t\t\t\t<a\n\t\t\t\t\t\t\t\t\t\thref=\"\"\n\t\t\t\t\t\t\t\t\t\tclass=\"tribe-events-c-subscribe-dropdown__list-item-link\"\n\t\t\t\t\t\t\t\t\t\ttarget=\"_blank\"\n\t\t\t\t\t\t\t\t\t\trel=\"noopener noreferrer nofollow noindex\"\n\t\t\t\t\t\t\t\t\t>\n\t\t\t\t\t\t\t\t\t\tOutlook Live\t\t\t\t\t\t\t\t\t<\/a>\n\t\t\t\t\t\t\t\t<\/li>\n\t\t\t\t\t\t\t\t\t\t\t\t\t<\/ul>\n\t\t\t\t\t<\/div>\n\t\t\t\t<\/div>\n\t\t\t<\/div>\n\t\t<\/div>\n\t<\/div>","protected":false},"excerpt":{"rendered":"<p>Am 8. Juni, Pfingstsonntag, findet auf der Festung D\u00f6mitz der 19. Norddeutsche Tag mit Kunsthandwerkermarkt statt. Das Festival der niederdeutschen Sprache ist eine von zahlreichen Veranstaltungen der 5. Plattdeutschen Wochen [&hellip;]<\/p>\n","protected":false},"author":1,"featured_media":3455,"template":"","meta":{"editor_plus_copied_stylings":"{}","pgc_sgb_lightbox_settings":"","_price":"","_stock":"","_tribe_ticket_header":"","_tribe_default_ticket_provider":"","_tribe_ticket_capacity":"","_ticket_start_date":"","_ticket_end_date":"","_tribe_ticket_show_description":"","_tribe_ticket_show_not_going":false,"_tribe_ticket_use_global_stock":"","_tribe_ticket_global_stock_level":"","_global_stock_mode":"","_global_stock_cap":"","_tribe_rsvp_for_event":"","_tribe_ticket_going_count":"","_tribe_ticket_not_going_count":"","_tribe_tickets_list":"[]","_tribe_ticket_has_attendee_info_fields":false,"_EventAllDay":false,"_EventTimezone":"Europe\/Berlin","_EventStartDate":"2025-06-08 10:00:00","_EventEndDate":"2025-06-08 20:00:00","_EventStartDateUTC":"2025-06-08 08:00:00","_EventEndDateUTC":"2025-06-08 18:00:00","_EventShowMap":false,"_EventShowMapLink":false,"_EventURL":"","_EventCost":"","_EventCostDescription":"","_EventCurrencySymbol":"\u20ac","_EventCurrencyCode":"EUR","_EventCurrencyPosition":"prefix","_EventDateTimeSeparator":" @ ","_EventTimeRangeSeparator":" - ","_EventOrganizerID":[],"_EventVenueID":[3454],"_OrganizerEmail":"","_OrganizerPhone":"","_OrganizerWebsite":"","_VenueAddress":"","_VenueCity":"","_VenueCountry":"","_VenueProvince":"","_VenueState":"","_VenueZip":"","_VenuePhone":"","_VenueURL":"","_VenueStateProvince":"","_VenueLat":"","_VenueLng":"","_VenueShowMap":false,"_VenueShowMapLink":false,"_tribe_events_status":"","_tribe_events_status_reason":"","footnotes":"","_tec_slr_enabled":"","_tec_slr_layout":""},"tags":[461,460],"tribe_events_cat":[466],"class_list":["post-3452","tribe_events","type-tribe_events","status-publish","has-post-thumbnail","hentry","tag-familie","tag-kids","tribe_events_cat-efs","cat_efs"],"ticketed":false,"_links":{"self":[{"href":"https:\/\/forte-cultura.com\/fr\/wp-json\/wp\/v2\/tribe_events\/3452","targetHints":{"allow":["GET"]}}],"collection":[{"href":"https:\/\/forte-cultura.com\/fr\/wp-json\/wp\/v2\/tribe_events"}],"about":[{"href":"https:\/\/forte-cultura.com\/fr\/wp-json\/wp\/v2\/types\/tribe_events"}],"author":[{"embeddable":true,"href":"https:\/\/forte-cultura.com\/fr\/wp-json\/wp\/v2\/users\/1"}],"version-history":[{"count":0,"href":"https:\/\/forte-cultura.com\/fr\/wp-json\/wp\/v2\/tribe_events\/3452\/revisions"}],"wp:featuredmedia":[{"embeddable":true,"href":"https:\/\/forte-cultura.com\/fr\/wp-json\/wp\/v2\/media\/3455"}],"wp:attachment":[{"href":"https:\/\/forte-cultura.com\/fr\/wp-json\/wp\/v2\/media?parent=3452"}],"wp:term":[{"taxonomy":"post_tag","embeddable":true,"href":"https:\/\/forte-cultura.com\/fr\/wp-json\/wp\/v2\/tags?post=3452"},{"taxonomy":"tribe_events_cat","embeddable":true,"href":"https:\/\/forte-cultura.com\/fr\/wp-json\/wp\/v2\/tribe_events_cat?post=3452"}],"curies":[{"name":"wp","href":"https:\/\/api.w.org\/{rel}","templated":true}]}}