{"id":3434,"date":"2025-05-02T13:22:29","date_gmt":"2025-05-02T11:22:29","guid":{"rendered":"https:\/\/forte-cultura.com\/?post_type=tribe_events&#038;p=3434"},"modified":"2025-05-02T13:24:49","modified_gmt":"2025-05-02T11:24:49","slug":"3-meeting-international-de-saut-en-hauteur-a-la-citadelle-de-spandau","status":"publish","type":"tribe_events","link":"https:\/\/forte-cultura.com\/fr\/event\/3-internationales-hochsprung-meeting-in-der-spandauer-zitadelle\/","title":{"rendered":"3e meeting international de saut en hauteur \u00e0 la citadelle de Spandau"},"content":{"rendered":"<div  class=\"tribe-events-schedule tribe-clearfix\" >\n\t<p class=\"tribe-events-schedule__datetime\">\n\t\t<span class=\"tribe-events-schedule__date tribe-events-schedule__date--start\">\n\t\t\t10 mai 2025\t\t<\/span>\n\n\t\t\t\t\t<span class=\"tribe-events-schedule__all-day\">Toute la journ\u00e9e<\/span>\n\t\t\n\t\t\t<\/p>\n<\/div>\n\n\n\n<p class=\"eplus-wrapper\">Cette ann\u00e9e, le meeting de saut en hauteur promet d'\u00eatre un \u00e9v\u00e9nement tr\u00e8s sp\u00e9cial, et le TSV Spandau 1860, organisateur, se r\u00e9jouit d\u00e9j\u00e0 \u00e9norm\u00e9ment de pouvoir tous vous accueillir !<\/p>\n\n\n\n<p class=\"eplus-wrapper\">A 10h00, les \u00e9l\u00e8ves de l'\u00e9cole primaire de Spandau, malentendants et non malentendants, sauteront ensemble pour le deuxi\u00e8me championnat de saut en hauteur de l'\u00e9cole primaire. Il y aura un classement individuel et par \u00e9quipe.<\/p>\n\n\n\n<p class=\"eplus-wrapper\">\u00c0 12:00h, le cadre de la rel\u00e8ve de la f\u00e9d\u00e9ration allemande d'athl\u00e9tisme, men\u00e9 par Kira Kalb, championne d'Europe en titre des moins de 18 ans, et la gagnante des Jeux olympiques de la jeunesse, Ella Obeta, sauteront ensemble avec les femmes sourdes dans une comp\u00e9tition. La championne europ\u00e9enne Iris Breginska de Slov\u00e9nie a accept\u00e9 de participer.<\/p>\n\n\n\n<p class=\"eplus-wrapper\">dans les deux comp\u00e9titions, des personnes avec et sans handicap montrent leurs capacit\u00e9s. C'est actuellement unique en Allemagne.<\/p>\n\n\n\n<p class=\"eplus-wrapper\">A 14h00, l'\u00e9lite mondiale des femmes sautera. Cette ann\u00e9e, la championne d'Asie en titre, la Kazakhe Kristina Ovchinnikova, et la finaliste olympique de Paris, la Turque Buse Savaskas, seront en t\u00eate du peloton. L'\u00e9lite nationale sera repr\u00e9sent\u00e9e par Bianca Stichling, championne allemande en titre en salle, et Johanna G\u00f6ring, troisi\u00e8me du classement.<\/p>\n\n\n\n<p class=\"eplus-wrapper\">La saison \u00e9tant encore tr\u00e8s jeune, il n'y a pas de favorite et la comp\u00e9tition promet d'\u00eatre passionnante.<\/p>\n\n\n\n<p class=\"eplus-wrapper\">Ce serait fantastique si vous pouviez nous aider \u00e0 organiser cet \u00e9v\u00e9nement particulier en nous apportant votre soutien.<\/p>\n\n\n\n<p class=\"eplus-wrapper\">Venez avec votre famille, vos amis, vos proches et vos voisins - tout le monde est le bienvenu ! Et avec un peu de chance, vous gagnerez des billets gratuits pour l'ISTAF, remis par Berlinho, qui mettra \u00e0 nouveau beaucoup d'ambiance.<\/p>\n\n\n\n<p class=\"eplus-wrapper\">Plus il y en aura, plus notre exp\u00e9rience commune sera inoubliable !<\/p>\n\n\n\n<p class=\"eplus-wrapper\">Au-del\u00e0 des sensations fortes du sport, un feu d'artifice d'attractions vous attend, qui ravira petits et grands, et le <strong>L'entr\u00e9e est gratuite<\/strong><\/p>\n\n\n\n<p class=\"eplus-wrapper\"><strong>Nos attractions pour nos petits h\u00f4tes&nbsp;<\/strong><\/p>\n\n\n<ul class=\"wp-block-list eplus-wrapper eplus-styles-uid-99a83a\"><li class=\"eplus-wrapper eplus-styles-uid-8d9cae\">Une gigantesque structure gonflable qui catapultera vos petits au septi\u00e8me ciel !<\/li>\n\n<li class=\"eplus-wrapper eplus-styles-uid-8d9cae\">Tir au but de football, o\u00f9 vous pourrez prouver vos qualit\u00e9s de buteur !<\/li>\n\n<li class=\"eplus-wrapper eplus-styles-uid-8d9cae\">Parcours ninja qui met \u00e0 l'\u00e9preuve l'habilet\u00e9 et le courage - soyez pr\u00eats !<\/li>\n\n<li class=\"eplus-wrapper eplus-styles-uid-8d9cae\">La p\u00eache aux canards - une activit\u00e9 amusante pour les jeunes et les moins jeunes, o\u00f9 vous pouvez tenter votre chance !<\/li>\n\n<li class=\"eplus-wrapper eplus-styles-uid-8d9cae\">Course de barri\u00e8res lumineuses o\u00f9 la vitesse est le point central !<\/li>\n\n<li class=\"eplus-wrapper eplus-styles-uid-8d9cae\">Parcours pour aveugles, o\u00f9 vous serez plong\u00e9s dans le monde vu par des personnes aveugles et malvoyantes !<\/li>\n\n<li class=\"eplus-wrapper eplus-styles-uid-8d9cae\"><strong>Et ce n'est qu'un petit avant-go\u00fbt de ce qui vous attend !<\/strong><\/li><\/ul>\n\n\n<p class=\"eplus-wrapper\">Pour les adultes, nous avons transform\u00e9 notre stand de grillades en une v\u00e9ritable oasis de plaisir ! D\u00e9gustez des boissons fra\u00eeches comme de la bi\u00e8re rafra\u00eechissante, du coca p\u00e9tillant et de l'eau p\u00e9tillante tout en profitant du soleil et en vous laissant gagner par l'ambiance sportive.<\/p>\n\n\n\n<figure class=\"wp-block-image size-large eplus-wrapper\"><img loading=\"lazy\" decoding=\"async\" width=\"738\" height=\"1024\" src=\"https:\/\/forte-cultura.com\/wp-content\/uploads\/Scan_20250425-738x1024.jpg\" alt=\"\" class=\"wp-image-3435\" srcset=\"https:\/\/forte-cultura.com\/wp-content\/uploads\/Scan_20250425-738x1024.jpg 738w, https:\/\/forte-cultura.com\/wp-content\/uploads\/Scan_20250425-216x300.jpg 216w, https:\/\/forte-cultura.com\/wp-content\/uploads\/Scan_20250425-768x1066.jpg 768w, https:\/\/forte-cultura.com\/wp-content\/uploads\/Scan_20250425-1106x1536.jpg 1106w, https:\/\/forte-cultura.com\/wp-content\/uploads\/Scan_20250425-1475x2048.jpg 1475w, https:\/\/forte-cultura.com\/wp-content\/uploads\/Scan_20250425-9x12.jpg 9w, https:\/\/forte-cultura.com\/wp-content\/uploads\/Scan_20250425-scaled.jpg 1844w\" sizes=\"auto, (max-width: 738px) 100vw, 738px\" \/><\/figure>\n\n\n<div  class=\"tribe-block tribe-block__event-price\" >\n\t\t<\/div>\n\n\n<div  class=\"tribe-block tribe-block__organizer__details tribe-clearfix\" >\n\t<div class=\"tribe-block__organizer__title\">\n\t\t<h3>TSV Spandau 1860<\/h3>\n\t<\/div>\n\t\t\t\t\t<p class=\"tribe-block__organizer__email\">info@spandauer-hochsprungmeeting.de<\/p>\n\t<\/div>\n\n\n<div  class=\"tribe-block tribe-block__venue tribe-clearfix tribe-block__venue--has-map\" >\n\t\n\t\n<div class=\"tribe-block__venue__meta\">\n\t<div class=\"tribe-block__venue__name\">\n\t\t<h3>Citadelle de Spandau<\/h3>\n\t<\/div>\n\n\t\n\t\t\t\t\t\t<address class=\"tribe-block__venue__address\">\n\t\t\t\t<span class=\"tribe-address\">\n\n<span class=\"tribe-street-address\">Am Juliusturm 64<\/span>\n\t\n\t\t<br>\n\t\t<span class=\"tribe-locality\">Berlin<\/span><span class=\"tribe-delimiter\">,<\/span>\n\n\n\t<span class=\"tribe-postal-code\">13599<\/span>\n\n\t<span class=\"tribe-country-name\">Allemagne<\/span>\n\n<\/span>\n\n\t\t\t\t\t\t\t\t\t<a class=\"tribe-events-gmap\" href=\"https:\/\/maps.google.com\/maps?f=q&#038;source=s_q&#038;hl=en&#038;geocode=&#038;q=Am+Juliusturm+64+Berlin+13599+Germany\" title=\"Cliquez pour voir une carte Google Map\" target=\"_blank\" rel=\"noreferrer noopener\">+ Google Map<\/a>\t\t\t\t\t\t\t<\/address>\n\t\t\n\t\t\n\t\t\t\t\t<span class=\"tribe-block__venue__website\"><a href=\"http:\/\/www.zitadelle-berlin.de\/\" target=\"_self\" rel=\"external noopener\">Voir Lieu site web<\/a><\/span><br \/>\n\t\t\t\n\t<\/div>\n\t\n<div class=\"tribe-block__venue__map\">\n\t<div id=\"tribe-events-gmap-0\" style=\"height: 256px; width: 310px\" aria-hidden=\"true\"><\/div><!-- #tribe-events-gmap- -->\n<\/div>\n\n\t<\/div>\n\n\n<div  class=\"tribe-block tribe-block__event-website\" >\n\t<a href=\"https:\/\/www.spandauer-hochsprungmeeting.de\/\" target=\"_self\" rel=\"noopener\">\n\t\tSite web de l'\u00e9v\u00e9nement\t<\/a>\n<\/div>\n\n\n\t<div  class=\"tribe-block tribe-block__events-link\" >\n\t\t<div class=\"tribe-events tribe-common\">\n\t\t\t<div class=\"tribe-events-c-subscribe-dropdown__container\">\n\t\t\t\t<div class=\"tribe-events-c-subscribe-dropdown\">\n\t\t\t\t\t<div class=\"tribe-common-c-btn-border tribe-events-c-subscribe-dropdown__button\">\n\t\t\t\t\t\t<svg\n\t class=\"tribe-common-c-svgicon tribe-common-c-svgicon--cal-export tribe-events-c-subscribe-dropdown__export-icon\" \taria-hidden=\"true\"\n\tviewbox=\"0 0 23 17\"\n\txmlns=\"http:\/\/www.w3.org\/2000\/svg\"\n>\n\t<path fill-rule=\"evenodd\" clip-rule=\"evenodd\" d=\"M.128.896V16.13c0 .211.145.383.323.383h15.354c.179 0 .323-.172.323-.383V.896c0-.212-.144-.383-.323-.383H.451C.273.513.128.684.128.896Zm16 6.742h-.901V4.679H1.009v10.729h14.218v-3.336h.901V7.638ZM1.01 1.614h14.218v2.058H1.009V1.614Z\" \/>\n\t<path d=\"M20.5 9.846H8.312M18.524 6.953l2.89 2.909-2.855 2.855\" stroke-width=\"1.2\" stroke-linecap=\"round\" stroke-linejoin=\"round\"\/>\n<\/svg>\n\t\t\t\t\t\t<button\n\t\t\t\t\t\t\tclass=\"tribe-events-c-subscribe-dropdown__button-text\"\n\t\t\t\t\t\t\taria-expanded=\"false\"\n\t\t\t\t\t\t\taria-controls=\"tribe-events-subscribe-dropdown-content\"\n\t\t\t\t\t\t\taria-label=\"Afficher les liens permettant d&#039;ajouter des \u00e9v\u00e8nements \u00e0 votre calendrier\"\n\t\t\t\t\t\t>\n\t\t\t\t\t\t\tAjouter au calendrier\t\t\t\t\t\t<\/button>\n\t\t\t\t\t\t<svg\n\t class=\"tribe-common-c-svgicon tribe-common-c-svgicon--caret-down tribe-events-c-subscribe-dropdown__button-icon\" \taria-hidden=\"true\"\n\tviewbox=\"0 0 10 7\"\n\txmlns=\"http:\/\/www.w3.org\/2000\/svg\"\n>\n\t<path fill-rule=\"evenodd\" clip-rule=\"evenodd\" d=\"M1.008.609L5 4.6 8.992.61l.958.958L5 6.517.05 1.566l.958-.958z\" class=\"tribe-common-c-svgicon__svg-fill\"\/>\n<\/svg>\n\t\t\t\t\t<\/div>\n\t\t\t\t\t<div id=\"tribe-events-subscribe-dropdown-content\" class=\"tribe-events-c-subscribe-dropdown__content\">\n\t\t\t\t\t\t<ul class=\"tribe-events-c-subscribe-dropdown__list\">\n\t\t\t\t\t\t\t\t\t\t\t\t\t\t\t<li class=\"tribe-events-c-subscribe-dropdown__list-item tribe-events-c-subscribe-dropdown__list-item--gcal\">\n\t\t\t\t\t\t\t\t\t<a href=\"https:\/\/www.google.com\/calendar\/event?action=TEMPLATE&#038;dates=20250510T000000\/20250510T235959&#038;text=3.%20Internationales%20Hochsprung-Meeting%20in%20der%20Spandauer%20Zitadelle&#038;details=%3Cp+class%3D%22+eplus-wrapper%22%3EDieses+Jahr+verspricht+das+Hochsprungmeeting+ein+ganz+besonderes+Ereignis+zu+werden%2C+und+der+ausrichtende+TSV+Spandau+1860+freut+sich+schon+jetzt+riesig+darauf%2C+euch+alle+begr%C3%BC%C3%9Fen+zu+d%C3%BCrfen%21%3C%2Fp%3E+%3Cp+class%3D%22+eplus-wrapper%22%3EUm+10%3A00h+springen+die+Spandauer+Grundsch%C3%BClerinnen+mit+und+ohne+H%C3%B6rbeeintr%C3%A4chtigungen+gemeinsam+um+die+2.+Grundschul-Hochsprungmeisterschaft.+Es+wird+eine+Einzel+-+und+Mannschaftswertung+geben.%3C%2Fp%3E+%3Cp+class%3D%22+eplus-wrapper%22%3EUm+12%3A00h+springt+der+Nachwuchskader+des+deutschen+Leichtathletik-Verbandes%2C+angef%C3%BChrt+von+Kira+Kalb%2C+der+amtierenden+U18+Europameisterin%2C+und+der+Siegerin+der+Jugendolympiade%2C+Ella+Obeta%2C+gemeinsam+mit+den+geh%C3%B6rlosen+Frauen+in+einem+Wettbewerb.+Die+Europameisterin+Iris+Breginska+aus+Slowenien+hat+zugesagt.%3C%2Fp%3E+%3Cp+class%3D%22+eplus-wrapper%22%3Ein+beiden+Wettbewerben+zeigen+Menschen+mit+und+ohne+Beeintr%C3%A4chtigungen+ihre+Leistungsf%C3%A4higkeit.+Das+ist+zur+Zeit+in+Deutschland+einzigartig.%3C%2Fp%3E+%3Cp+class%3D%22+e%28Voir+toute+la+description+de+%C3%A9v%C3%A8nement+ici%C2%A0%3A+https%3A%2F%2Fforte-cultura.com%2Ffr%2Fevent%2F3-internationales-hochsprung-meeting-in-der-spandauer-zitadelle%2F%29&#038;location=Zitadelle%20Spandau,%20Am%20Juliusturm%2064,%20Berlin,%2013599,%20Germany&#038;trp=false&#038;ctz=Europe\/Berlin&#038;sprop=website:https:\/\/forte-cultura.com\/fr\" class=\"tribe-events-c-subscribe-dropdown__list-item-link\" target=\"_blank\" rel=\"noopener noreferrer nofollow noindex\">\n\t\t\t\t\t\t\t\t\t\tGoogle Agenda\t\t\t\t\t\t\t\t\t<\/a>\n\t\t\t\t\t\t\t\t<\/li>\n\t\t\t\t\t\t\t\t\t\t\t\t\t\t\t<li class=\"tribe-events-c-subscribe-dropdown__list-item tribe-events-c-subscribe-dropdown__list-item--ical\">\n\t\t\t\t\t\t\t\t\t<a\n\t\t\t\t\t\t\t\t\t\thref=\"\"\n\t\t\t\t\t\t\t\t\t\tclass=\"tribe-events-c-subscribe-dropdown__list-item-link\"\n\t\t\t\t\t\t\t\t\t\ttarget=\"_blank\"\n\t\t\t\t\t\t\t\t\t\trel=\"noopener noreferrer nofollow noindex\"\n\t\t\t\t\t\t\t\t\t>\n\t\t\t\t\t\t\t\t\t\tiCalendar\t\t\t\t\t\t\t\t\t<\/a>\n\t\t\t\t\t\t\t\t<\/li>\n\t\t\t\t\t\t\t\t\t\t\t\t\t\t\t<li class=\"tribe-events-c-subscribe-dropdown__list-item tribe-events-c-subscribe-dropdown__list-item--outlook-365\">\n\t\t\t\t\t\t\t\t\t<a\n\t\t\t\t\t\t\t\t\t\thref=\"\"\n\t\t\t\t\t\t\t\t\t\tclass=\"tribe-events-c-subscribe-dropdown__list-item-link\"\n\t\t\t\t\t\t\t\t\t\ttarget=\"_blank\"\n\t\t\t\t\t\t\t\t\t\trel=\"noopener noreferrer nofollow noindex\"\n\t\t\t\t\t\t\t\t\t>\n\t\t\t\t\t\t\t\t\t\tOutlook 365\t\t\t\t\t\t\t\t\t<\/a>\n\t\t\t\t\t\t\t\t<\/li>\n\t\t\t\t\t\t\t\t\t\t\t\t\t\t\t<li class=\"tribe-events-c-subscribe-dropdown__list-item tribe-events-c-subscribe-dropdown__list-item--outlook-live\">\n\t\t\t\t\t\t\t\t\t<a\n\t\t\t\t\t\t\t\t\t\thref=\"\"\n\t\t\t\t\t\t\t\t\t\tclass=\"tribe-events-c-subscribe-dropdown__list-item-link\"\n\t\t\t\t\t\t\t\t\t\ttarget=\"_blank\"\n\t\t\t\t\t\t\t\t\t\trel=\"noopener noreferrer nofollow noindex\"\n\t\t\t\t\t\t\t\t\t>\n\t\t\t\t\t\t\t\t\t\tOutlook Live\t\t\t\t\t\t\t\t\t<\/a>\n\t\t\t\t\t\t\t\t<\/li>\n\t\t\t\t\t\t\t\t\t\t\t\t\t<\/ul>\n\t\t\t\t\t<\/div>\n\t\t\t\t<\/div>\n\t\t\t<\/div>\n\t\t<\/div>\n\t<\/div>","protected":false},"excerpt":{"rendered":"<p>Dieses Jahr verspricht das Hochsprungmeeting ein ganz besonderes Ereignis zu werden, und der ausrichtende TSV Spandau 1860 freut sich schon jetzt riesig darauf, euch alle begr\u00fc\u00dfen zu d\u00fcrfen! Um 10:00h [&hellip;]<\/p>\n","protected":false},"author":1,"featured_media":3442,"template":"","meta":{"editor_plus_copied_stylings":"{}","pgc_sgb_lightbox_settings":"","_price":"","_stock":"","_tribe_ticket_header":"","_tribe_default_ticket_provider":"","_tribe_ticket_capacity":"","_ticket_start_date":"","_ticket_end_date":"","_tribe_ticket_show_description":"","_tribe_ticket_show_not_going":false,"_tribe_ticket_use_global_stock":"","_tribe_ticket_global_stock_level":"","_global_stock_mode":"","_global_stock_cap":"","_tribe_rsvp_for_event":"","_tribe_ticket_going_count":"","_tribe_ticket_not_going_count":"","_tribe_tickets_list":"[]","_tribe_ticket_has_attendee_info_fields":false,"_EventAllDay":true,"_EventTimezone":"Europe\/Berlin","_EventStartDate":"2025-05-10 00:00:00","_EventEndDate":"2025-05-10 23:59:59","_EventStartDateUTC":"2025-05-09 22:00:00","_EventEndDateUTC":"2025-05-10 21:59:59","_EventShowMap":false,"_EventShowMapLink":false,"_EventURL":"https:\/\/www.spandauer-hochsprungmeeting.de\/","_EventCost":"","_EventCostDescription":"","_EventCurrencySymbol":"\u20ac","_EventCurrencyCode":"EUR","_EventCurrencyPosition":"prefix","_EventDateTimeSeparator":" @ ","_EventTimeRangeSeparator":" - ","_EventOrganizerID":[3437],"_EventVenueID":[3438],"_OrganizerEmail":"","_OrganizerPhone":"","_OrganizerWebsite":"","_VenueAddress":"","_VenueCity":"","_VenueCountry":"","_VenueProvince":"","_VenueState":"","_VenueZip":"","_VenuePhone":"","_VenueURL":"","_VenueStateProvince":"","_VenueLat":"","_VenueLng":"","_VenueShowMap":false,"_VenueShowMapLink":false,"_tribe_events_status":"","_tribe_events_status_reason":"","footnotes":"","_tec_slr_enabled":"","_tec_slr_layout":""},"tags":[491,461,460,472],"tribe_events_cat":[],"class_list":["post-3434","tribe_events","type-tribe_events","status-publish","has-post-thumbnail","hentry","tag-berlin","tag-familie","tag-kids","tag-sport"],"ticketed":false,"_links":{"self":[{"href":"https:\/\/forte-cultura.com\/fr\/wp-json\/wp\/v2\/tribe_events\/3434","targetHints":{"allow":["GET"]}}],"collection":[{"href":"https:\/\/forte-cultura.com\/fr\/wp-json\/wp\/v2\/tribe_events"}],"about":[{"href":"https:\/\/forte-cultura.com\/fr\/wp-json\/wp\/v2\/types\/tribe_events"}],"author":[{"embeddable":true,"href":"https:\/\/forte-cultura.com\/fr\/wp-json\/wp\/v2\/users\/1"}],"version-history":[{"count":0,"href":"https:\/\/forte-cultura.com\/fr\/wp-json\/wp\/v2\/tribe_events\/3434\/revisions"}],"wp:featuredmedia":[{"embeddable":true,"href":"https:\/\/forte-cultura.com\/fr\/wp-json\/wp\/v2\/media\/3442"}],"wp:attachment":[{"href":"https:\/\/forte-cultura.com\/fr\/wp-json\/wp\/v2\/media?parent=3434"}],"wp:term":[{"taxonomy":"post_tag","embeddable":true,"href":"https:\/\/forte-cultura.com\/fr\/wp-json\/wp\/v2\/tags?post=3434"},{"taxonomy":"tribe_events_cat","embeddable":true,"href":"https:\/\/forte-cultura.com\/fr\/wp-json\/wp\/v2\/tribe_events_cat?post=3434"}],"curies":[{"name":"wp","href":"https:\/\/api.w.org\/{rel}","templated":true}]}}