{"id":506,"date":"2023-11-21T16:53:46","date_gmt":"2023-11-21T15:53:46","guid":{"rendered":"https:\/\/forte-cultura.com\/?page_id=506"},"modified":"2025-11-08T09:11:22","modified_gmt":"2025-11-08T08:11:22","slug":"forte-cultura-recommandations-de-voyage","status":"publish","type":"page","link":"https:\/\/forte-cultura.com\/fr\/forte-cultura-reisewelt\/forte-cultura-reiseempfehlungen\/","title":{"rendered":"Recommandations de voyage FORTE CULTURA"},"content":{"rendered":"\n<p class=\"eplus-wrapper\">Unsere Reiseempfehlungen geben Anreize, die Stationen der Europ\u00e4ischen Kulturroute zu besuchen. Lassen Sie sich inspirieren und entdecken Sie spannende FORTE CULTURA Festungen in ganz Europa. <\/p>\n\n\n\n<hr class=\"is-style-wide wp-block-separator aligncenter has-text-color has-accent-2-color has-alpha-channel-opacity has-accent-2-background-color has-background eplus-wrapper\" style=\"margin-top:var(--wp--preset--spacing--20);margin-bottom:var(--wp--preset--spacing--20)\"\/>\n\n\n<div  class=\"ultp-post-grid-block wp-block-ultimate-post-post-grid-1 ultp-block-fb3cdf\"><div class=\"ultp-block-wrapper\"><div class=\"ultp-loading\"><div class=\"ultp-loading-blocks\" style=\"width:100%;height:100%;\"><div style=\"left: 0;top: 0;animation-delay:0s;\"><\/div><div style=\"left: 21px;top: 0;animation-delay:0.125s;\"><\/div><div style=\"left: 42px;top: 0;animation-delay:0.25s;\"><\/div><div style=\"left: 0;top: 21px;animation-delay:0.875s;\"><\/div><div style=\"left: 42px;top: 21px;animation-delay:0.375s;\"><\/div><div style=\"left: 0;top: 42px;animation-delay:0.75s;\"><\/div><div style=\"left: 42px;top: 42px;animation-delay:0.625s;\"><\/div><div style=\"left: 21px;top: 42px;animation-delay:0.5s;\"><\/div><\/div><\/div><div class=\"ultp-block-items-wrap ultp-block-row ultp-pg1a-style1 ultp-grid1-responsive ultp-block-column-3 ultp-sm-column-2 ultp-xs-column-1 ultp-layout1\"><div class=\"ultp-block-item post-id-4814\"><div class=\"ultp-block-content-wrap\"><div class=\"ultp-block-image ultp-block-image-zoomIn\"><a href=\"https:\/\/forte-cultura.com\/fr\/unterirdische-festungen-die-geheimen-bauten-des-kalten-krieges\/\" ><img decoding=\"async\"  class=\"ultp-block-image-content\"  alt=\"Atombunker Zentrale mit bunten Lichtern\"  src=\"https:\/\/forte-cultura.com\/wp-content\/uploads\/Soratte-Bunker_\u00a9StOreste-870x570.jpg\" \/><\/a><\/div><div class=\"ultp-block-content\"><div class=\"ultp-category-grid ultp-category-classic ultp-category-aboveTitle\"><div class=\"ultp-category-in\"><a class=\"ultp-cat-reiseempfehlungen\" href=\"https:\/\/forte-cultura.com\/fr\/category\/reiseempfehlungen\/\"  >Reiseempfehlungen<\/a><a class=\"ultp-cat-kultureisen\" href=\"https:\/\/forte-cultura.com\/fr\/category\/reiseempfehlungen\/kultureisen\/\"  >Kultureisen<\/a><a class=\"ultp-cat-studienreisen\" href=\"https:\/\/forte-cultura.com\/fr\/category\/reiseempfehlungen\/studienreisen\/\"  >Studienreisen<\/a><\/div><\/div><h3 class=\"ultp-block-title \"><a href=\"https:\/\/forte-cultura.com\/fr\/unterirdische-festungen-die-geheimen-bauten-des-kalten-krieges\/\" >Unterirdische Festungen: Die geheimen Bauten des Kalten Krieges<\/a><\/h3><div class=\"ultp-block-excerpt\"><p>FORTE CULTURA Reiseempfehlung: Atombunker Zeugnisse im Schatten des Atomzeitalters Einzigartiges Kulturerbe &#8211; Bunkeranlagen als Mahnmale der Geschichte Die FORTE CULTURA Bunker des Kalten Krieges haben ihre Funktion als milit\u00e4rische Schaltzentralen [&hellip;]<\/p>\n<\/div><\/div><\/div><\/div><div class=\"ultp-block-item post-id-3830\"><div class=\"ultp-block-content-wrap\"><div class=\"ultp-block-image ultp-block-image-zoomIn\"><a href=\"https:\/\/forte-cultura.com\/fr\/route-der-militaergeschichte-und-erinnerung-im-elsass\/\" ><img decoding=\"async\"  class=\"ultp-block-image-content\"  alt=\"Route der Milit\u00e4rgeschichte und Erinnerung im Elsass\"  src=\"https:\/\/forte-cultura.com\/wp-content\/uploads\/Memoire-\u00a9-Christophe-MEYER-ADT_w-1-870x570.jpg\" \/><\/a><\/div><div class=\"ultp-block-content\"><div class=\"ultp-category-grid ultp-category-classic ultp-category-aboveTitle\"><div class=\"ultp-category-in\"><a class=\"ultp-cat-aktivreisen\" href=\"https:\/\/forte-cultura.com\/fr\/category\/reiseempfehlungen\/aktivreisen\/\"  >Aktivreisen<\/a><a class=\"ultp-cat-kultureisen\" href=\"https:\/\/forte-cultura.com\/fr\/category\/reiseempfehlungen\/kultureisen\/\"  >Kultureisen<\/a><a class=\"ultp-cat-reiseempfehlungen\" href=\"https:\/\/forte-cultura.com\/fr\/category\/reiseempfehlungen\/\"  >Reiseempfehlungen<\/a><a class=\"ultp-cat-studienreisen\" href=\"https:\/\/forte-cultura.com\/fr\/category\/reiseempfehlungen\/studienreisen\/\"  >Studienreisen<\/a><\/div><\/div><h3 class=\"ultp-block-title \"><a href=\"https:\/\/forte-cultura.com\/fr\/route-der-militaergeschichte-und-erinnerung-im-elsass\/\" >Route der Milit\u00e4rgeschichte und Erinnerung im Elsass<\/a><\/h3><div class=\"ultp-block-excerpt\"><p>Die Route der Burgen und befestigten St\u00e4dte im Elsass beinhaltet mehr als 50 Standorte. Erkunden Sie faszinierende Geschichte im Elsass. Bewundern Sie wildromantische Burgruinen, charmante historische St\u00e4dte und traumhafte Ausblicke. Begegnen Sie denjenigen, die dieses Kulturerbe jeden Tag lebendig machen.\u2026<\/p>\n<\/div><\/div><\/div><\/div><div class=\"ultp-block-item post-id-3032\"><div class=\"ultp-block-content-wrap\"><div class=\"ultp-block-image ultp-block-image-zoomIn\"><a href=\"https:\/\/forte-cultura.com\/fr\/route-der-burgen-und-befestigten-staedte-im-elsass\/\" ><img decoding=\"async\"  class=\"ultp-block-image-content\"  alt=\"Route der Burgen und befestigten St\u00e4dte im Elsass\"  src=\"https:\/\/forte-cultura.com\/wp-content\/uploads\/19.1-Niedersteinbach-Chateau-de-Froensbourg-D850961-\u00a9-INFRA-ADT-870x570.jpg\" \/><\/a><\/div><div class=\"ultp-block-content\"><div class=\"ultp-category-grid ultp-category-classic ultp-category-aboveTitle\"><div class=\"ultp-category-in\"><a class=\"ultp-cat-aktivreisen\" href=\"https:\/\/forte-cultura.com\/fr\/category\/reiseempfehlungen\/aktivreisen\/\"  >Aktivreisen<\/a><a class=\"ultp-cat-kultureisen\" href=\"https:\/\/forte-cultura.com\/fr\/category\/reiseempfehlungen\/kultureisen\/\"  >Kultureisen<\/a><a class=\"ultp-cat-reiseempfehlungen\" href=\"https:\/\/forte-cultura.com\/fr\/category\/reiseempfehlungen\/\"  >Reiseempfehlungen<\/a><\/div><\/div><h3 class=\"ultp-block-title \"><a href=\"https:\/\/forte-cultura.com\/fr\/route-der-burgen-und-befestigten-staedte-im-elsass\/\" >Route der Burgen und befestigten St\u00e4dte im Elsass<\/a><\/h3><div class=\"ultp-block-excerpt\"><p>Die Route der Burgen und befestigten St\u00e4dte im Elsass beinhaltet mehr als 50 Standorte. Erkunden Sie faszinierende Geschichte im Elsass. Bewundern Sie wildromantische Burgruinen, charmante historische St\u00e4dte und traumhafte Ausblicke. Begegnen Sie denjenigen, die dieses Kulturerbe jeden Tag lebendig machen.\u2026<\/p>\n<\/div><\/div><\/div><\/div><div class=\"ultp-block-item post-id-4206\"><div class=\"ultp-block-content-wrap\"><div class=\"ultp-block-image ultp-block-image-zoomIn\"><a href=\"https:\/\/forte-cultura.com\/fr\/kaiserliche-festungen-in-boehmen-cz\/\" ><img decoding=\"async\"  class=\"ultp-block-image-content\"  alt=\"Kaiserliche Festungen in B\u00f6hmen (CZ)\"  src=\"https:\/\/forte-cultura.com\/wp-content\/uploads\/title-boehmen.jpg\" \/><\/a><\/div><div class=\"ultp-block-content\"><div class=\"ultp-category-grid ultp-category-classic ultp-category-aboveTitle\"><div class=\"ultp-category-in\"><a class=\"ultp-cat-elbe-festungen\" href=\"https:\/\/forte-cultura.com\/fr\/category\/elbe-festungen\/\"  >Elbe-Festungen<\/a><a class=\"ultp-cat-kaiserliche-festungen-boehmen\" href=\"https:\/\/forte-cultura.com\/fr\/category\/kaiserliche-festungen-boehmen\/\"  >Kaiserliche Festungen B\u00f6hmen<\/a><a class=\"ultp-cat-reiseempfehlungen\" href=\"https:\/\/forte-cultura.com\/fr\/category\/reiseempfehlungen\/\"  >Reiseempfehlungen<\/a><\/div><\/div><h3 class=\"ultp-block-title \"><a href=\"https:\/\/forte-cultura.com\/fr\/kaiserliche-festungen-in-boehmen-cz\/\" >Kaiserliche Festungen in B\u00f6hmen (CZ)<\/a><\/h3><div class=\"ultp-block-excerpt\"><p>Die kaiserlichen Festungen in B\u00f6hmen (CZ) sind gro\u00dfe Festungsst\u00e4dte in teils idealer Ausf\u00fchrung, die von den Habsburger Kaisern im 17. und 18. Jahrhundert errichtet wurden. Sie hatten den Zweck der gro\u00dfr\u00e4umigen Verteidigung der Hauptstadt Prag und waren an strategisch wichtigen\u2026<\/p>\n<\/div><\/div><\/div><\/div><div class=\"ultp-block-item post-id-2085\"><div class=\"ultp-block-content-wrap\"><div class=\"ultp-block-image ultp-block-image-zoomIn\"><a href=\"https:\/\/forte-cultura.com\/fr\/festungsstaedte-befestigte-schloesser-und-burgen-im-naturparadies-pfaelzerwald-2\/\" ><img decoding=\"async\"  class=\"ultp-block-image-content\"  alt=\"Festungsst\u00e4dte, befestigte Schl\u00f6sser und Burgen im Naturparadies Pf\u00e4lzerwald\"  src=\"https:\/\/forte-cultura.com\/wp-content\/uploads\/Trifels-1-870x570.png\" \/><\/a><\/div><div class=\"ultp-block-content\"><div class=\"ultp-category-grid ultp-category-classic ultp-category-aboveTitle\"><div class=\"ultp-category-in\"><a class=\"ultp-cat-aktivreisen\" href=\"https:\/\/forte-cultura.com\/fr\/category\/reiseempfehlungen\/aktivreisen\/\"  >Aktivreisen<\/a><a class=\"ultp-cat-kultureisen\" href=\"https:\/\/forte-cultura.com\/fr\/category\/reiseempfehlungen\/kultureisen\/\"  >Kultureisen<\/a><a class=\"ultp-cat-reiseempfehlungen\" href=\"https:\/\/forte-cultura.com\/fr\/category\/reiseempfehlungen\/\"  >Reiseempfehlungen<\/a><\/div><\/div><h3 class=\"ultp-block-title \"><a href=\"https:\/\/forte-cultura.com\/fr\/festungsstaedte-befestigte-schloesser-und-burgen-im-naturparadies-pfaelzerwald-2\/\" >Festungsst\u00e4dte, befestigte Schl\u00f6sser und Burgen im Naturparadies Pf\u00e4lzerwald<\/a><\/h3><div class=\"ultp-block-excerpt\"><p>Reizvolle Befestigungsarchitektur voller Kultur FORTE CULTURA Reiseempfehlung &#8211; Kulturreise | AktivreiseGermersheim &#8211; Burg Landeck &#8211; Burg Trifels &#8211; Dahner Burgen &#8211; Hambacher Schloss &#8211; Schloss Hardenburg Der Pf\u00e4lzerwald ist Deutschlands [&hellip;]<\/p>\n<\/div><\/div><\/div><\/div><div class=\"ultp-block-item post-id-512\"><div class=\"ultp-block-content-wrap\"><div class=\"ultp-block-image ultp-block-image-zoomIn\"><a href=\"https:\/\/forte-cultura.com\/fr\/festungen-des-deutschen-bundes\/\" ><img decoding=\"async\"  class=\"ultp-block-image-content\"  alt=\"Festungen des Deutschen Bundes\"  src=\"https:\/\/forte-cultura.com\/wp-content\/uploads\/00_Wilhelmsburg-httpwww.tourismus.ulm_.de_-870x570.jpg\" \/><\/a><\/div><div class=\"ultp-block-content\"><div class=\"ultp-category-grid ultp-category-classic ultp-category-aboveTitle\"><div class=\"ultp-category-in\"><a class=\"ultp-cat-reiseempfehlungen\" href=\"https:\/\/forte-cultura.com\/fr\/category\/reiseempfehlungen\/\"  >Reiseempfehlungen<\/a><a class=\"ultp-cat-studienreisen\" href=\"https:\/\/forte-cultura.com\/fr\/category\/reiseempfehlungen\/studienreisen\/\"  >Studienreisen<\/a><\/div><\/div><h3 class=\"ultp-block-title \"><a href=\"https:\/\/forte-cultura.com\/fr\/festungen-des-deutschen-bundes\/\" >Festungen des Deutschen Bundes<\/a><\/h3><div class=\"ultp-block-excerpt\"><p>Bollwerke gegen Frankreich (1815-1866): Um den Deutschen Bund vor revolution\u00e4ren Bewegungen und m\u00f6glichen Expansionspl\u00e4nen ambitionierter Nachbarn zu sch\u00fctzen, wurden einige Festungen 1815 zur Bundesfestung bestimmt und umfangreich ausgebaut. Dazu geh\u00f6rten Mainz, Luxemburg und Landau, Rastatt und Ulm.<\/p>\n<\/div><\/div><\/div><\/div><\/div><\/div><div class=\"pagination-block-html\" aria-hidden=\"true\" style=\"display: none;\"><\/div><\/div>\n\n\n<p class=\" eplus-wrapper\"><\/p>\n\n\n\n<p class=\" eplus-wrapper\"><\/p>\n","protected":false},"excerpt":{"rendered":"<p>Nos recommandations de voyage vous incitent \u00e0 visiter les stations de l'itin\u00e9raire culturel europ\u00e9en. Laissez-vous inspirer et d\u00e9couvrez des forteresses FORTE CULTURA passionnantes dans toute l'Europe.<\/p>","protected":false},"author":1,"featured_media":0,"parent":465,"menu_order":0,"comment_status":"closed","ping_status":"closed","template":"","meta":{"editor_plus_copied_stylings":"{}","pgc_sgb_lightbox_settings":"","_price":"","_stock":"","_tribe_ticket_header":"","_tribe_default_ticket_provider":"","_tribe_ticket_capacity":"0","_ticket_start_date":"","_ticket_end_date":"","_tribe_ticket_show_description":"","_tribe_ticket_show_not_going":false,"_tribe_ticket_use_global_stock":"","_tribe_ticket_global_stock_level":"","_global_stock_mode":"","_global_stock_cap":"","_tribe_rsvp_for_event":"","_tribe_ticket_going_count":"","_tribe_ticket_not_going_count":"","_tribe_tickets_list":"[]","_tribe_ticket_has_attendee_info_fields":false,"_EventAllDay":false,"_EventTimezone":"","_EventStartDate":"","_EventEndDate":"","_EventStartDateUTC":"","_EventEndDateUTC":"","_EventShowMap":false,"_EventShowMapLink":false,"_EventURL":"","_EventCost":"","_EventCostDescription":"","_EventCurrencySymbol":"","_EventCurrencyCode":"","_EventCurrencyPosition":"","_EventDateTimeSeparator":"","_EventTimeRangeSeparator":"","_EventOrganizerID":[],"_EventVenueID":[],"_OrganizerEmail":"","_OrganizerPhone":"","_OrganizerWebsite":"","_VenueAddress":"","_VenueCity":"","_VenueCountry":"","_VenueProvince":"","_VenueState":"","_VenueZip":"","_VenuePhone":"","_VenueURL":"","_VenueStateProvince":"","_VenueLat":"","_VenueLng":"","_VenueShowMap":false,"_VenueShowMapLink":false,"footnotes":""},"class_list":["post-506","page","type-page","status-publish","hentry"],"_links":{"self":[{"href":"https:\/\/forte-cultura.com\/fr\/wp-json\/wp\/v2\/pages\/506","targetHints":{"allow":["GET"]}}],"collection":[{"href":"https:\/\/forte-cultura.com\/fr\/wp-json\/wp\/v2\/pages"}],"about":[{"href":"https:\/\/forte-cultura.com\/fr\/wp-json\/wp\/v2\/types\/page"}],"author":[{"embeddable":true,"href":"https:\/\/forte-cultura.com\/fr\/wp-json\/wp\/v2\/users\/1"}],"replies":[{"embeddable":true,"href":"https:\/\/forte-cultura.com\/fr\/wp-json\/wp\/v2\/comments?post=506"}],"version-history":[{"count":0,"href":"https:\/\/forte-cultura.com\/fr\/wp-json\/wp\/v2\/pages\/506\/revisions"}],"up":[{"embeddable":true,"href":"https:\/\/forte-cultura.com\/fr\/wp-json\/wp\/v2\/pages\/465"}],"wp:attachment":[{"href":"https:\/\/forte-cultura.com\/fr\/wp-json\/wp\/v2\/media?parent=506"}],"curies":[{"name":"wp","href":"https:\/\/api.w.org\/{rel}","templated":true}]}}