{"id":4542,"date":"2025-11-30T10:37:16","date_gmt":"2025-11-30T09:37:16","guid":{"rendered":"https:\/\/forte-cultura.com\/?page_id=4542"},"modified":"2025-11-30T10:37:17","modified_gmt":"2025-11-30T09:37:17","slug":"les-bunkers-de-la-guerre-froide","status":"publish","type":"page","link":"https:\/\/forte-cultura.com\/fr\/kulturerbe-festungsmonumente\/geschichte-des-festungsbaus\/festungen-des-20-jahrhunderts\/bunkerbauten-des-kalten-kriegs\/","title":{"rendered":"Les bunkers de la guerre froide"},"content":{"rendered":"<p class=\"eplus-wrapper\">Avec la course \u00e0 l'armement nucl\u00e9aire apr\u00e8s 1945, la construction de fortifications a pris une toute nouvelle dimension. En particulier avec l'entr\u00e9e en vigueur du <strong>L'\u00e8re nucl\u00e9aire<\/strong> et l'escalade des superpuissances sous la forme du <strong>Guerre froide<\/strong> de vastes bunkers ont \u00e9t\u00e9 construits des deux c\u00f4t\u00e9s du \u201erideau de fer\u201c.<\/p>\n\n\n\n<p class=\"eplus-wrapper\">Outre les constructions purement militaires, la protection de la population civile a \u00e9galement fait l'objet d'une attention accrue, car avec le d\u00e9veloppement constant des armes \u00e0 missiles, un territoire national entier peut \u00eatre attaqu\u00e9 \u00e0 tout moment et sans grand d\u00e9lai de pr\u00e9alerte. La protection de l'ensemble de la population n'est toutefois jamais garantie, et le facteur de protection des bunkers militaires et de la direction administrative et politique a toujours \u00e9t\u00e9 \u00e0 la tra\u00eene par rapport au d\u00e9veloppement des armes. M\u00eame si cela a \u00e9t\u00e9 sugg\u00e9r\u00e9, une s\u00e9curit\u00e9 absolue n'a jamais \u00e9t\u00e9 garantie.<\/p>\n\n\n\n<p class=\"eplus-wrapper\">Des postes de commandement, des centres de communication et des abris, \u00e9quip\u00e9s de leur propre alimentation en \u00e9nergie, de leur propre traitement de l'eau et de leurs propres r\u00e9serves, ont \u00e9t\u00e9 construits dans les profondeurs de la roche ou sous les villes. En Allemagne, en France, en Suisse ou en Scandinavie, des r\u00e9seaux entiers de bunkers d'urgence ont \u00e9t\u00e9 construits pour assurer la survie des dirigeants politiques et de l'administration en cas d'urgence.<\/p>\n\n\n\n<p class=\"eplus-wrapper\">L'OTAN et le Pacte de Varsovie ont \u00e9galement d\u00e9velopp\u00e9 des syst\u00e8mes de protection tr\u00e8s complexes qui ont rendu la guerre froide visible sur le plan architectural. Ces constructions en b\u00e9ton arm\u00e9 massif \u00e9taient con\u00e7ues pour assurer l'autarcie pendant des semaines ou des mois et restaient souvent top secret. Certains bunkers sont encore actifs aujourd'hui, d'autres ont \u00e9t\u00e9 transform\u00e9s en mus\u00e9es, centres de documentation ou m\u00e9moriaux. Ils rappellent avec force la peur omnipr\u00e9sente d'une guerre nucl\u00e9aire et font aujourd'hui partie du patrimoine culturel europ\u00e9en.<\/p>\n\n\n\n<p class=\"eplus-wrapper\">Vestiges d'une \u00e9poque de menaces permanentes, ils illustrent \u00e0 quel point la technique, la politique et l'architecture sont interd\u00e9pendantes, tout en appelant \u00e0 pr\u00e9server la paix et l'entente internationale comme valeurs supr\u00eames.<\/p>\n\n\n\n<p class=\"eplus-wrapper\"><\/p>\n\n\n<div class=\"wp-block-columns are-vertically-aligned-center is-not-stacked-on-mobile eplus-wrapper is-layout-flex wp-container-core-columns-is-layout-28f84493 wp-block-columns-is-layout-flex eplus-styles-uid-ceff94\">\n<div class=\"wp-block-column is-vertically-aligned-center eplus-wrapper is-layout-flow wp-block-column-is-layout-flow\" style=\"flex-basis:90%\">\n<h4 class=\"wp-block-heading eplus-wrapper\"><strong><strong>Bunkers militaires<\/strong><\/strong><\/h4>\n<\/div>\n\n\n\n<div class=\"wp-block-column is-vertically-aligned-center eplus-wrapper is-layout-flow wp-block-column-is-layout-flow\" style=\"flex-basis:10%\">\n<figure class=\"wp-block-image size-full is-resized eplus-wrapper\"><img loading=\"lazy\" decoding=\"async\" width=\"208\" height=\"158\" src=\"https:\/\/forte-cultura.com\/wp-content\/uploads\/mIlitaerbunker_NATO.png\" alt=\"\" class=\"wp-image-1913\" style=\"width:52px;height:auto\" srcset=\"https:\/\/forte-cultura.com\/wp-content\/uploads\/mIlitaerbunker_NATO.png 208w, https:\/\/forte-cultura.com\/wp-content\/uploads\/mIlitaerbunker_NATO-16x12.png 16w, https:\/\/forte-cultura.com\/wp-content\/uploads\/mIlitaerbunker_NATO-200x152.png 200w\" sizes=\"auto, (max-width: 208px) 100vw, 208px\" \/><\/figure>\n<\/div>\n<\/div>\n\n<div class=\"wp-block-columns are-vertically-aligned-center is-not-stacked-on-mobile eplus-wrapper is-layout-flex wp-container-core-columns-is-layout-28f84493 wp-block-columns-is-layout-flex eplus-styles-uid-69eeb3\">\n<div class=\"wp-block-column is-vertically-aligned-center eplus-wrapper is-layout-flow wp-block-column-is-layout-flow\" style=\"flex-basis:90%\">\n<h4 class=\"wp-block-heading eplus-wrapper\"><strong><strong>Installations de protection civile<\/strong><\/strong><\/h4>\n<\/div>\n\n\n\n<div class=\"wp-block-column is-vertically-aligned-center eplus-wrapper is-layout-flow wp-block-column-is-layout-flow\" style=\"flex-basis:10%\">\n<figure class=\"wp-block-image size-full is-resized eplus-wrapper\"><img loading=\"lazy\" decoding=\"async\" width=\"225\" height=\"182\" src=\"https:\/\/forte-cultura.com\/wp-content\/uploads\/zivilschutzbunker.png\" alt=\"\" class=\"wp-image-1902\" style=\"width:52px;height:auto\" srcset=\"https:\/\/forte-cultura.com\/wp-content\/uploads\/zivilschutzbunker.png 225w, https:\/\/forte-cultura.com\/wp-content\/uploads\/zivilschutzbunker-15x12.png 15w, https:\/\/forte-cultura.com\/wp-content\/uploads\/zivilschutzbunker-200x162.png 200w\" sizes=\"auto, (max-width: 225px) 100vw, 225px\" \/><\/figure>\n<\/div>\n<\/div>\n\n<div class=\"wp-block-columns are-vertically-aligned-center is-not-stacked-on-mobile eplus-wrapper is-layout-flex wp-container-core-columns-is-layout-28f84493 wp-block-columns-is-layout-flex eplus-styles-uid-9df1ae\">\n<div class=\"wp-block-column is-vertically-aligned-center eplus-wrapper is-layout-flow wp-block-column-is-layout-flow\" style=\"flex-basis:90%\">\n<h4 class=\"wp-block-heading eplus-wrapper\"><strong><strong>Abri du gouvernement<\/strong><\/strong><\/h4>\n<\/div>\n\n\n\n<div class=\"wp-block-column is-vertically-aligned-center eplus-wrapper is-layout-flow wp-block-column-is-layout-flow\" style=\"flex-basis:10%\">\n<figure class=\"wp-block-image size-full is-resized eplus-wrapper\"><img loading=\"lazy\" decoding=\"async\" width=\"208\" height=\"155\" src=\"https:\/\/forte-cultura.com\/wp-content\/uploads\/regierungsbunker_DE.png\" alt=\"\" class=\"wp-image-1915\" style=\"width:52px;height:auto\" srcset=\"https:\/\/forte-cultura.com\/wp-content\/uploads\/regierungsbunker_DE.png 208w, https:\/\/forte-cultura.com\/wp-content\/uploads\/regierungsbunker_DE-16x12.png 16w, https:\/\/forte-cultura.com\/wp-content\/uploads\/regierungsbunker_DE-200x149.png 200w\" sizes=\"auto, (max-width: 208px) 100vw, 208px\" \/><\/figure>\n<\/div>\n<\/div>\n\n\n<hr class=\"is-style-wide wp-block-separator aligncenter has-text-color has-custom-farbe-1-color has-alpha-channel-opacity has-custom-farbe-1-background-color has-background eplus-wrapper\"\/>\n\n\n\n<h4 class=\"wp-block-heading has-text-align-center has-custom-farbe-1-color has-text-color has-link-color eplus-wrapper wp-elements-bdeaa18e653b09792c6da9a2d422c41e\">D\u00e9couvrir les bunkers de la guerre froide avec FORTE CULTURA<\/h4>\n\n\n<div  class=\"ultp-post-grid-block wp-block-ultimate-post-post-grid-1 ultp-block-521ffe aligncenter\"><div class=\"ultp-block-wrapper\"><div class=\"ultp-loading\"><div class=\"ultp-loading-blocks\" style=\"width:100%;height:100%;\"><div style=\"left: 0;top: 0;animation-delay:0s;\"><\/div><div style=\"left: 21px;top: 0;animation-delay:0.125s;\"><\/div><div style=\"left: 42px;top: 0;animation-delay:0.25s;\"><\/div><div style=\"left: 0;top: 21px;animation-delay:0.875s;\"><\/div><div style=\"left: 42px;top: 21px;animation-delay:0.375s;\"><\/div><div style=\"left: 0;top: 42px;animation-delay:0.75s;\"><\/div><div style=\"left: 42px;top: 42px;animation-delay:0.625s;\"><\/div><div style=\"left: 21px;top: 42px;animation-delay:0.5s;\"><\/div><\/div><\/div><div class=\"ultp-block-items-wrap ultp-block-row ultp-pg1a-style1 ultp-grid1-responsive ultp-block-column-4 1 ultp-xs-column-1 ultp-layout1\"><div class=\"ultp-block-item post-id-4814\"><div class=\"ultp-block-content-wrap\"><div class=\"ultp-block-image ultp-block-image-opacity\"><a href=\"https:\/\/forte-cultura.com\/fr\/unterirdische-festungen-die-geheimen-bauten-des-kalten-krieges\/\" ><img decoding=\"async\"  class=\"ultp-block-image-content\"  alt=\"Centrale de l&#039;abri atomique avec des lumi\u00e8res color\u00e9es\"  src=\"https:\/\/forte-cultura.com\/wp-content\/uploads\/Soratte-Bunker_\u00a9StOreste-870x570.jpg\" \/><\/a><\/div><div class=\"ultp-block-content\"><h3 class=\"ultp-block-title\"><a href=\"https:\/\/forte-cultura.com\/fr\/unterirdische-festungen-die-geheimen-bauten-des-kalten-krieges\/\" >Les forteresses souterraines : Les constructions secr\u00e8tes de la Guerre froide<\/a><\/h3><\/div><\/div><\/div><div class=\"ultp-block-item post-id-3337\"><div class=\"ultp-block-content-wrap\"><div class=\"ultp-block-image ultp-block-image-opacity\"><a href=\"https:\/\/forte-cultura.com\/fr\/santoreste-it\/\" ><img decoding=\"async\"  class=\"ultp-block-image-content\"  alt=\"Sant&#039;Oreste (IT)\"  src=\"https:\/\/forte-cultura.com\/wp-content\/uploads\/montesoratte_08_\u00a9M.Kaule_-870x570.jpg\" \/><\/a><\/div><div class=\"ultp-block-content\"><h3 class=\"ultp-block-title\"><a href=\"https:\/\/forte-cultura.com\/fr\/santoreste-it\/\" >Sant'Oreste (IT)<\/a><\/h3><\/div><\/div><\/div><div class=\"ultp-block-item post-id-2584\"><div class=\"ultp-block-content-wrap\"><div class=\"ultp-block-image ultp-block-image-opacity\"><a href=\"https:\/\/forte-cultura.com\/fr\/geheime-architekturen\/\" ><img decoding=\"async\"  class=\"ultp-block-image-content\"  alt=\"Architectures secr\u00e8tes\"  src=\"https:\/\/forte-cultura.com\/wp-content\/uploads\/header_underground-870x400.png\" \/><\/a><\/div><div class=\"ultp-block-content\"><h3 class=\"ultp-block-title\"><a href=\"https:\/\/forte-cultura.com\/fr\/geheime-architekturen\/\" >Architectures secr\u00e8tes<\/a><\/h3><\/div><\/div><\/div><div class=\"ultp-block-item post-id-1647\"><div class=\"ultp-block-content-wrap\"><div class=\"ultp-block-image ultp-block-image-opacity\"><a href=\"https:\/\/forte-cultura.com\/fr\/hornisgrinde-de\/\" ><img decoding=\"async\"  class=\"ultp-block-image-content\"  alt=\"Hornisgrinde (DE)\"  src=\"https:\/\/forte-cultura.com\/wp-content\/uploads\/Hornisgrinde-870x570.png\" \/><\/a><\/div><div class=\"ultp-block-content\"><h3 class=\"ultp-block-title\"><a href=\"https:\/\/forte-cultura.com\/fr\/hornisgrinde-de\/\" >Hornisgrinde (DE)<\/a><\/h3><\/div><\/div><\/div><div class=\"ultp-block-item post-id-1023\"><div class=\"ultp-block-content-wrap\"><div class=\"ultp-block-image ultp-block-image-opacity\"><a href=\"https:\/\/forte-cultura.com\/fr\/strausberg-de\/\" ><img decoding=\"async\"  class=\"ultp-block-image-content\"  alt=\"Strausberg (DE)\"  src=\"https:\/\/forte-cultura.com\/wp-content\/uploads\/Kulturbunker-Strausberg-870x570.jpg\" \/><\/a><\/div><div class=\"ultp-block-content\"><h3 class=\"ultp-block-title\"><a href=\"https:\/\/forte-cultura.com\/fr\/strausberg-de\/\" >Strausberg (DE)<\/a><\/h3><\/div><\/div><\/div><div class=\"ultp-block-item post-id-804\"><div class=\"ultp-block-content-wrap\"><div class=\"ultp-block-image ultp-block-image-opacity\"><a href=\"https:\/\/forte-cultura.com\/fr\/koenigstein-sachsen-de\/\" ><img decoding=\"async\"  class=\"ultp-block-image-content\"  alt=\"Forteresse K\u00f6nigstein, Saxe (DE) \u00a9fotofestival-sandstein\"  src=\"https:\/\/forte-cultura.com\/wp-content\/uploads\/Koenigstein-westansicht\u00a9fotofestival-gr\u00e8s-870x570.jpg\" \/><\/a><\/div><div class=\"ultp-block-content\"><h3 class=\"ultp-block-title\"><a href=\"https:\/\/forte-cultura.com\/fr\/koenigstein-sachsen-de\/\" >K\u00f6nigstein, Saxe (DE)<\/a><\/h3><\/div><\/div><\/div><div class=\"ultp-block-item post-id-576\"><div class=\"ultp-block-content-wrap\"><div class=\"ultp-block-image ultp-block-image-opacity\"><a href=\"https:\/\/forte-cultura.com\/fr\/cochem-de\/\" ><img decoding=\"async\"  class=\"ultp-block-image-content\"  alt=\"Cochem (DE)\"  src=\"https:\/\/forte-cultura.com\/wp-content\/uploads\/2023\/11\/BbB_Cochem-870x570.jpg\" \/><\/a><\/div><div class=\"ultp-block-content\"><h3 class=\"ultp-block-title\"><a href=\"https:\/\/forte-cultura.com\/fr\/cochem-de\/\" >Cochem (DE)<\/a><\/h3><\/div><\/div><\/div><\/div><\/div><div class=\"pagination-block-html\" aria-hidden=\"true\" style=\"display: none;\"><\/div><\/div>\n\n\n<hr class=\"is-style-wide wp-block-separator aligncenter has-text-color has-custom-farbe-1-color has-alpha-channel-opacity has-custom-farbe-1-background-color has-background eplus-wrapper\"\/>\n\n\n\n<p class=\"eplus-wrapper\">La technologie des armes modernes permet d\u00e9sormais de d\u00e9truire les structures souterraines, de sorte que l'apog\u00e9e de la construction des bunkers appartient \u00e0 l'histoire. Aujourd'hui, ces monuments sont des lieux passionnants, dont un grand nombre peuvent \u00eatre visit\u00e9s.<\/p>\n\n\n\n<div style=\"height:20px\" aria-hidden=\"true\" class=\"wp-block-spacer eplus-wrapper\"><\/div>\n\n\n\n<p class=\"eplus-wrapper\"><\/p>","protected":false},"excerpt":{"rendered":"<p>Mit dem atomaren Wettr\u00fcsten nach 1945 erhielt der Festungsbau eine v\u00f6llig neue Auspr\u00e4gung. Insbesondere mit Eintritt des Atomzeitalters und der Eskalation der Superm\u00e4chte in Form des Kalten Krieges entstanden beiderseits [&hellip;]<\/p>\n","protected":false},"author":1,"featured_media":3339,"parent":1892,"menu_order":2,"comment_status":"closed","ping_status":"closed","template":"","meta":{"editor_plus_copied_stylings":"{}","pgc_sgb_lightbox_settings":"","_price":"","_stock":"","_tribe_ticket_header":"","_tribe_default_ticket_provider":"","_tribe_ticket_capacity":"0","_ticket_start_date":"","_ticket_end_date":"","_tribe_ticket_show_description":"","_tribe_ticket_show_not_going":false,"_tribe_ticket_use_global_stock":"","_tribe_ticket_global_stock_level":"","_global_stock_mode":"","_global_stock_cap":"","_tribe_rsvp_for_event":"","_tribe_ticket_going_count":"","_tribe_ticket_not_going_count":"","_tribe_tickets_list":"[]","_tribe_ticket_has_attendee_info_fields":false,"_EventAllDay":false,"_EventTimezone":"","_EventStartDate":"","_EventEndDate":"","_EventStartDateUTC":"","_EventEndDateUTC":"","_EventShowMap":false,"_EventShowMapLink":false,"_EventURL":"","_EventCost":"","_EventCostDescription":"","_EventCurrencySymbol":"","_EventCurrencyCode":"","_EventCurrencyPosition":"","_EventDateTimeSeparator":"","_EventTimeRangeSeparator":"","_EventOrganizerID":[],"_EventVenueID":[],"_OrganizerEmail":"","_OrganizerPhone":"","_OrganizerWebsite":"","_VenueAddress":"","_VenueCity":"","_VenueCountry":"","_VenueProvince":"","_VenueState":"","_VenueZip":"","_VenuePhone":"","_VenueURL":"","_VenueStateProvince":"","_VenueLat":"","_VenueLng":"","_VenueShowMap":false,"_VenueShowMapLink":false,"footnotes":""},"class_list":["post-4542","page","type-page","status-publish","has-post-thumbnail","hentry"],"_links":{"self":[{"href":"https:\/\/forte-cultura.com\/fr\/wp-json\/wp\/v2\/pages\/4542","targetHints":{"allow":["GET"]}}],"collection":[{"href":"https:\/\/forte-cultura.com\/fr\/wp-json\/wp\/v2\/pages"}],"about":[{"href":"https:\/\/forte-cultura.com\/fr\/wp-json\/wp\/v2\/types\/page"}],"author":[{"embeddable":true,"href":"https:\/\/forte-cultura.com\/fr\/wp-json\/wp\/v2\/users\/1"}],"replies":[{"embeddable":true,"href":"https:\/\/forte-cultura.com\/fr\/wp-json\/wp\/v2\/comments?post=4542"}],"version-history":[{"count":0,"href":"https:\/\/forte-cultura.com\/fr\/wp-json\/wp\/v2\/pages\/4542\/revisions"}],"up":[{"embeddable":true,"href":"https:\/\/forte-cultura.com\/fr\/wp-json\/wp\/v2\/pages\/1892"}],"wp:featuredmedia":[{"embeddable":true,"href":"https:\/\/forte-cultura.com\/fr\/wp-json\/wp\/v2\/media\/3339"}],"wp:attachment":[{"href":"https:\/\/forte-cultura.com\/fr\/wp-json\/wp\/v2\/media?parent=4542"}],"curies":[{"name":"wp","href":"https:\/\/api.w.org\/{rel}","templated":true}]}}