{"id":2256,"date":"2024-02-03T11:17:08","date_gmt":"2024-02-03T10:17:08","guid":{"rendered":"https:\/\/forte-cultura.com\/?page_id=2256"},"modified":"2025-11-22T11:34:30","modified_gmt":"2025-11-22T10:34:30","slug":"forte-cultura-monde-de-lexperience","status":"publish","type":"page","link":"https:\/\/forte-cultura.com\/fr\/events\/forte-cultura-erlebniswelt\/","title":{"rendered":"L'univers de d\u00e9couverte FORTE CULTURA"},"content":{"rendered":"<h2 class=\"wp-block-heading has-custom-farbe-1-color has-text-color has-link-color eplus-wrapper wp-elements-3d317d90206a90daba1868826ec14a1b\">Vivre dans des d\u00e9cors monumentaux<\/h2>\n\n\n<figure class=\"wp-block-image alignright size-large is-resized eplus-wrapper eplus-styles-uid-7a77bb\"><a href=\"https:\/\/forte-cultura.com\/events\/\"><img loading=\"lazy\" decoding=\"async\" width=\"875\" height=\"1024\" src=\"https:\/\/forte-cultura.com\/wp-content\/uploads\/2023\/11\/logo-EFS_red-875x1024.png\" alt=\"\" class=\"wp-image-263\" style=\"width:206px;height:auto\" srcset=\"https:\/\/forte-cultura.com\/wp-content\/uploads\/2023\/11\/logo-EFS_red-875x1024.png 875w, https:\/\/forte-cultura.com\/wp-content\/uploads\/2023\/11\/logo-EFS_red-256x300.png 256w, https:\/\/forte-cultura.com\/wp-content\/uploads\/2023\/11\/logo-EFS_red-768x899.png 768w, https:\/\/forte-cultura.com\/wp-content\/uploads\/2023\/11\/logo-EFS_red-200x234.png 200w, https:\/\/forte-cultura.com\/wp-content\/uploads\/2023\/11\/logo-EFS_red.png 984w\" sizes=\"auto, (max-width: 875px) 100vw, 875px\" \/><\/a><\/figure>\n\n\n<p class=\"eplus-wrapper\"><em><strong>Culture - Divertissement - D\u00e9tente - D\u00e9couverte<\/strong><\/em><\/p>\n\n\n\n<p class=\"eplus-wrapper\">Les monuments historiques fortifi\u00e9s sont aujourd'hui, en de nombreux endroits, des centres de rencontre, de culture et de tourisme. D'immenses murs de forteresse constituent des coulisses extraordinaires pour un large \u00e9ventail d'offres d'exp\u00e9riences fascinantes pour petits et grands.<\/p>\n\n\n\n<p class=\"eplus-wrapper\">Assistez \u00e0 des concerts allant du classique au punk dans des forteresses comme le <strong><a href=\"https:\/\/forte-cultura.com\/sibenik-hr\/\" data-type=\"post\" data-id=\"1009\">Forteresse culturelle de \u0160ibenik<\/a><\/strong> ou le <strong><a href=\"https:\/\/forte-cultura.com\/mainz-de\/\" data-type=\"post\" data-id=\"909\">Citadelle de Mayence<\/a><\/strong>. D\u00e9couvrez des mus\u00e9es dans les forteresses culturelles de Haute-Franconie, des batailles historiques dans les parcs culturels des forteresses de Boh\u00eame et de Sil\u00e9sie, des festivals dans les monuments fortifi\u00e9s v\u00e9nitiens, des contes de f\u00e9es sur la route de Saxe. <strong><a href=\"https:\/\/forte-cultura.com\/koenigstein-sachsen-de\/\" data-type=\"post\" data-id=\"804\">La forteresse K\u00f6nigstein<\/a><\/strong> ou des march\u00e9s de No\u00ebl dans des bastions. D\u00eenez et passez la nuit dans des forteresses historiques et d\u00e9tendez-vous dans les parcs et jardins romantiques des forteresses ainsi que dans la nature environnante.<\/p>\n\n\n\n<hr class=\"is-style-wide wp-block-separator has-alpha-channel-opacity eplus-wrapper\" style=\"margin-top:var(--wp--preset--spacing--30);margin-bottom:var(--wp--preset--spacing--30)\"\/>\n\n\n<div  class=\"ultp-post-grid-block wp-block-ultimate-post-post-grid-1 ultp-block-c78079\"><div class=\"ultp-block-wrapper\"><div class=\"ultp-loading\"><div class=\"ultp-loading-blocks\" style=\"width:100%;height:100%;\"><div style=\"left: 0;top: 0;animation-delay:0s;\"><\/div><div style=\"left: 21px;top: 0;animation-delay:0.125s;\"><\/div><div style=\"left: 42px;top: 0;animation-delay:0.25s;\"><\/div><div style=\"left: 0;top: 21px;animation-delay:0.875s;\"><\/div><div style=\"left: 42px;top: 21px;animation-delay:0.375s;\"><\/div><div style=\"left: 0;top: 42px;animation-delay:0.75s;\"><\/div><div style=\"left: 42px;top: 42px;animation-delay:0.625s;\"><\/div><div style=\"left: 21px;top: 42px;animation-delay:0.5s;\"><\/div><\/div><\/div><div class=\"ultp-heading-filter\"><div class=\"ultp-heading-filter-in\"><div class=\"ultp-heading-wrap ultp-heading-style1 ultp-heading-left\"><h1 class=\"ultp-heading-inner\"><span>D\u00e9couvrir les univers th\u00e9matiques de FORTE CULTURA<\/span><\/h1><\/div><\/div><\/div><div class=\"ultp-block-items-wrap ultp-block-row ultp-pg1a-style1 ultp-grid1-responsive ultp-block-column-3 1 ultp-xs-column-1 ultp-layout1\"><div class=\"ultp-block-item post-id-2260\"><div class=\"ultp-block-content-wrap\"><div class=\"ultp-block-image ultp-block-image-opacity\"><a href=\"https:\/\/forte-cultura.com\/fr\/familie-und-kinder\/\" ><img decoding=\"async\"  class=\"ultp-block-image-content\"  alt=\"Famille et enfants\"  src=\"https:\/\/forte-cultura.com\/wp-content\/uploads\/header_kids-870x400.png\" \/><\/a><\/div><div class=\"ultp-block-content\"><h3 class=\"ultp-block-title\"><a href=\"https:\/\/forte-cultura.com\/fr\/familie-und-kinder\/\" >Famille et enfants<\/a><\/h3><div class=\"ultp-block-excerpt\"><p>Mondes de jeux, offres d'apprentissage et de loisirs, sport et divertissement dans des monuments fortifi\u00e9s Ronde...<\/p>\n<\/div><\/div><\/div><\/div><div class=\"ultp-block-item post-id-2359\"><div class=\"ultp-block-content-wrap\"><div class=\"ultp-block-image ultp-block-image-opacity\"><a href=\"https:\/\/forte-cultura.com\/fr\/gedenkstaetten-und-mahnmale\/\" ><img decoding=\"async\"  class=\"ultp-block-image-content\"  alt=\"M\u00e9moriaux et monuments comm\u00e9moratifs\"  src=\"https:\/\/forte-cultura.com\/wp-content\/uploads\/header_gedenken-870x400.png\" \/><\/a><\/div><div class=\"ultp-block-content\"><h3 class=\"ultp-block-title\"><a href=\"https:\/\/forte-cultura.com\/fr\/gedenkstaetten-und-mahnmale\/\" >M\u00e9moriaux et monuments comm\u00e9moratifs<\/a><\/h3><div class=\"ultp-block-excerpt\"><p>Les forteresses comme lieux de m\u00e9moire Les forteresses et les...<\/p>\n<\/div><\/div><\/div><\/div><div class=\"ultp-block-item post-id-2584\"><div class=\"ultp-block-content-wrap\"><div class=\"ultp-block-image ultp-block-image-opacity\"><a href=\"https:\/\/forte-cultura.com\/fr\/geheime-architekturen\/\" ><img decoding=\"async\"  class=\"ultp-block-image-content\"  alt=\"Architectures secr\u00e8tes\"  src=\"https:\/\/forte-cultura.com\/wp-content\/uploads\/header_underground-870x400.png\" \/><\/a><\/div><div class=\"ultp-block-content\"><h3 class=\"ultp-block-title\"><a href=\"https:\/\/forte-cultura.com\/fr\/geheime-architekturen\/\" >Architectures secr\u00e8tes<\/a><\/h3><div class=\"ultp-block-excerpt\"><p>Les monuments fortifi\u00e9s invisibles des guerres mondiales et de l'\u00e8re nucl\u00e9aire Secret, camouflage...<\/p>\n<\/div><\/div><\/div><\/div><div class=\"ultp-block-item post-id-2354\"><div class=\"ultp-block-content-wrap\"><div class=\"ultp-block-image ultp-block-image-opacity\"><a href=\"https:\/\/forte-cultura.com\/fr\/militaergeschichte-erleben\/\" ><img decoding=\"async\"  class=\"ultp-block-image-content\"  alt=\"Vivre l&#039;histoire militaire\"  src=\"https:\/\/forte-cultura.com\/wp-content\/uploads\/header_reenactment-870x400.png\" \/><\/a><\/div><div class=\"ultp-block-content\"><h3 class=\"ultp-block-title\"><a href=\"https:\/\/forte-cultura.com\/fr\/militaergeschichte-erleben\/\" >Vivre l'histoire militaire<\/a><\/h3><div class=\"ultp-block-excerpt\"><p>Grandes batailles, bivouacs et vie de soldat Uniformes color\u00e9s, armes historiques, cavalerie,...<\/p>\n<\/div><\/div><\/div><\/div><div class=\"ultp-block-item post-id-2283\"><div class=\"ultp-block-content-wrap\"><div class=\"ultp-block-image ultp-block-image-opacity\"><a href=\"https:\/\/forte-cultura.com\/fr\/museen-und-ausstellungen\/\" ><img decoding=\"async\"  class=\"ultp-block-image-content\"  alt=\"Mus\u00e9es et expositions\"  src=\"https:\/\/forte-cultura.com\/wp-content\/uploads\/header_museum-870x400.png\" \/><\/a><\/div><div class=\"ultp-block-content\"><h3 class=\"ultp-block-title\"><a href=\"https:\/\/forte-cultura.com\/fr\/museen-und-ausstellungen\/\" >Mus\u00e9es et expositions<\/a><\/h3><div class=\"ultp-block-excerpt\"><p>Pour chacun : art, histoire culturelle, vie quotidienne, banalit\u00e9s, particularit\u00e9s, secrets, extravagances En...<\/p>\n<\/div><\/div><\/div><\/div><div class=\"ultp-block-item post-id-2407\"><div class=\"ultp-block-content-wrap\"><div class=\"ultp-block-image ultp-block-image-opacity\"><a href=\"https:\/\/forte-cultura.com\/fr\/musikevents-in-monumenten\/\" ><img decoding=\"async\"  class=\"ultp-block-image-content\"  alt=\"\u00c9v\u00e9nements musicaux dans les monuments\"  src=\"https:\/\/forte-cultura.com\/wp-content\/uploads\/header_events-870x400.png\" \/><\/a><\/div><div class=\"ultp-block-content\"><h3 class=\"ultp-block-title\"><a href=\"https:\/\/forte-cultura.com\/fr\/musikevents-in-monumenten\/\" >\u00c9v\u00e9nements musicaux dans les monuments<\/a><\/h3><div class=\"ultp-block-excerpt\"><p>Autrefois \u00e0 l'\u00e9preuve des canons - aujourd'hui une ambiance de bombe La musique classique dans les forteresses Des \u00e9v\u00e9nements classiques enthousiasmants...<\/p>\n<\/div><\/div><\/div><\/div><div class=\"ultp-block-item post-id-2340\"><div class=\"ultp-block-content-wrap\"><div class=\"ultp-block-image ultp-block-image-opacity\"><a href=\"https:\/\/forte-cultura.com\/fr\/natur-erleben-parks-und-gaerten\/\" ><img decoding=\"async\"  class=\"ultp-block-image-content\"  alt=\"Vivre la nature, Parcs et jardins\"  src=\"https:\/\/forte-cultura.com\/wp-content\/uploads\/header_natur-870x400.png\" \/><\/a><\/div><div class=\"ultp-block-content\"><h3 class=\"ultp-block-title\"><a href=\"https:\/\/forte-cultura.com\/fr\/natur-erleben-parks-und-gaerten\/\" >Vivre la nature, Parcs et jardins<\/a><\/h3><div class=\"ultp-block-excerpt\"><p>Des fleurs, des p\u00e9tales et une nature enchanteresse, l\u00e0 o\u00f9 les canons tonnaient...<\/p>\n<\/div><\/div><\/div><\/div><div class=\"ultp-block-item post-id-2277\"><div class=\"ultp-block-content-wrap\"><div class=\"ultp-block-image ultp-block-image-opacity\"><a href=\"https:\/\/forte-cultura.com\/fr\/residieren-geniessen\/\" ><img decoding=\"async\"  class=\"ultp-block-image-content\"  alt=\"R\u00e9sider &amp; savourer\"  src=\"https:\/\/forte-cultura.com\/wp-content\/uploads\/header_genuss-870x400.png\" \/><\/a><\/div><div class=\"ultp-block-content\"><h3 class=\"ultp-block-title\"><a href=\"https:\/\/forte-cultura.com\/fr\/residieren-geniessen\/\" >R\u00e9sider &amp; savourer<\/a><\/h3><div class=\"ultp-block-excerpt\"><p>Faire la grasse matin\u00e9e dans des murs historiques Des auberges de jeunesse aux h\u00f4tels de luxe en passant par les appartements...<\/p>\n<\/div><\/div><\/div><\/div><div class=\"ultp-block-item post-id-2577\"><div class=\"ultp-block-content-wrap\"><div class=\"ultp-block-image ultp-block-image-opacity\"><a href=\"https:\/\/forte-cultura.com\/fr\/sport\/\" ><img decoding=\"async\"  class=\"ultp-block-image-content\"  alt=\"Sport\"  src=\"https:\/\/forte-cultura.com\/wp-content\/uploads\/header_sport-870x400.png\" \/><\/a><\/div><div class=\"ultp-block-content\"><h3 class=\"ultp-block-title\"><a href=\"https:\/\/forte-cultura.com\/fr\/sport\/\" >Sport<\/a><\/h3><div class=\"ultp-block-excerpt\"><p>Fortifications actives - conqu\u00e9rir le patrimoine culturel fortifi\u00e9 par le sport Que ce soit la randonn\u00e9e, la...<\/p>\n<\/div><\/div><\/div><\/div><\/div><\/div><div class=\"pagination-block-html\" aria-hidden=\"true\" style=\"display: none;\"><\/div><\/div>\n\n\n<hr class=\"is-style-wide wp-block-separator has-alpha-channel-opacity eplus-wrapper\" style=\"margin-top:var(--wp--preset--spacing--30);margin-bottom:var(--wp--preset--spacing--30)\"\/>\n\n\n\n<h2 class=\"wp-block-heading has-custom-farbe-1-color has-text-color has-link-color has-large-font-size eplus-wrapper wp-elements-a59b90ffd977cb266ee95717ee8fc891\">Exp\u00e9riences interactives dans les forteresses avec Actionbound<\/h2>\n\n\n\n<p class=\"eplus-wrapper\">D\u00e9couvrez des forteresses, des ch\u00e2teaux et des sites class\u00e9s au patrimoine culturel de mani\u00e8re ludique ! Avec l'application Actionbound, vous participerez \u00e0 des rallyes interactifs, accomplirez des missions passionnantes et suivrez des visites multim\u00e9dias cr\u00e9\u00e9es par les membres du r\u00e9seau FORTE CULTURA.<\/p>\n\n\n\n<p style=\"margin-bottom:0\" class=\"eplus-wrapper\"><strong>Voici comment cela fonctionne :<\/strong><\/p>\n\n\n<ol style=\"margin-top:0;margin-bottom:0\" class=\"wp-block-list eplus-wrapper eplus-styles-uid-1bca4a\"><li class=\"eplus-wrapper eplus-styles-uid-340f12\">Scanne le code QR du bound qui t'int\u00e9resse, et c'est parti !<\/li>\n\n<li class=\"eplus-wrapper eplus-styles-uid-340f12\">T\u00e9l\u00e9charge l'application gratuite Actionbound dans l'App Store ou sur Google Play.<\/li>\n\n<li class=\"eplus-wrapper eplus-styles-uid-340f12\">Ouvre l'application et appuie sur \u201e Scanner le code \u201c.<\/li><\/ol>\n\n\n<p class=\"eplus-wrapper\">L'application est disponible gratuitement pour iOS et Android : <a href=\"https:\/\/play.google.com\/store\/apps\/details?id=de.actionbound\" target=\"_blank\" rel=\"noopener\">T\u00e9l\u00e9charger sur Google Play<\/a>   \/   <a href=\"https:\/\/apps.apple.com\/app\/actionbound\/id582660833\" target=\"_blank\" rel=\"noopener\">T\u00e9l\u00e9charger dans l'App Store<\/a><\/p>\n\n\n\n<p class=\"has-small-font-size eplus-wrapper\"><em>Remarque : certaines limites n\u00e9cessitent des donn\u00e9es mobiles ou un stockage hors ligne pr\u00e9alable. L'utilisation se fait sous votre propre responsabilit\u00e9. Vous trouverez de plus amples informations dans notre politique de confidentialit\u00e9.<\/em><\/p>\n\n\n<div class=\"wp-block-columns eplus-wrapper is-layout-flex wp-container-core-columns-is-layout-44468703 wp-block-columns-is-layout-flex eplus-styles-uid-fa9c57\" style=\"padding-top:var(--wp--preset--spacing--10);padding-right:var(--wp--preset--spacing--10);padding-bottom:var(--wp--preset--spacing--10);padding-left:var(--wp--preset--spacing--10)\">\n<div class=\"wp-block-column has-border-color has-accent-2-border-color eplus-wrapper is-layout-flow wp-block-column-is-layout-flow\" style=\"border-width:1px;border-radius:10px;flex-basis:500px\">\n<p class=\"has-text-align-left eplus-wrapper\" style=\"padding-top:var(--wp--preset--spacing--10);padding-left:var(--wp--preset--spacing--10)\">Exemple : ville fortifi\u00e9e de Germersheim<\/p>\n\n\n<div class=\"bound-card eplus-styles-uid-0fd31d\"> <img decoding=\"async\" src=\"https:\/\/content.actionbound.com\/user\/6812328a544b4fe9a4d8f310\/image\/bi\/1746335470.jpg\" alt=\"Image de couverture du bound\"> <h3>Rallye de la forteresse de Germersheim pour toute la famille<\/h3>\n<p>Nous te souhaitons beaucoup de plaisir \u00e0 explorer la forteresse avec notre rallye. R\u00e9ussiras-tu \u00e0 r\u00e9pondre \u00e0 toutes les questions ? Nous croisons les doigts pour toi !<\/p> <div class=\"bound-cta\"> <a class=\"btn\" href=\"https:\/\/de.actionbound.com\/bound\/festungsrallye-germersheim-fuer-die-ganze-familie\" target=\"_blank\" rel=\"noopener\">D\u00e9marrer Bound maintenant<\/a> <div class=\"qr\"> <img decoding=\"async\" src=\"https:\/\/de.actionbound.com\/bound\/festungsrallye-germersheim-fuer-die-ganze-familie\/qr\" alt=\"Code QR pour d\u00e9marrer le bound\"> <small>Scanner avec l'application Actionbound<\/small> <\/div> <\/div> <\/div><\/div>\n<\/div>\n\n<p class=\"eplus-wrapper eplus-styles-uid-f907c9\"><\/p>","protected":false},"excerpt":{"rendered":"<p>Erleben in monumentalen Kulissen Kultur &#8211; Unterhaltung &#8211; Erholung &#8211; Entspannung &#8211; Entdeckung Historische Festungsmonumente sind heute vielerorts Zentren f\u00fcr Begegnung, Kultur und Tourismus. Gewaltige Festungsmauern bilden au\u00dfergew\u00f6hnliche Kulissen f\u00fcr [&hellip;]<\/p>\n","protected":false},"author":1,"featured_media":0,"parent":255,"menu_order":0,"comment_status":"closed","ping_status":"closed","template":"","meta":{"editor_plus_copied_stylings":"{}","pgc_sgb_lightbox_settings":"","_price":"","_stock":"","_tribe_ticket_header":"","_tribe_default_ticket_provider":"","_tribe_ticket_capacity":"0","_ticket_start_date":"","_ticket_end_date":"","_tribe_ticket_show_description":"","_tribe_ticket_show_not_going":false,"_tribe_ticket_use_global_stock":"","_tribe_ticket_global_stock_level":"","_global_stock_mode":"","_global_stock_cap":"","_tribe_rsvp_for_event":"","_tribe_ticket_going_count":"","_tribe_ticket_not_going_count":"","_tribe_tickets_list":"[]","_tribe_ticket_has_attendee_info_fields":false,"_EventAllDay":false,"_EventTimezone":"","_EventStartDate":"","_EventEndDate":"","_EventStartDateUTC":"","_EventEndDateUTC":"","_EventShowMap":false,"_EventShowMapLink":false,"_EventURL":"","_EventCost":"","_EventCostDescription":"","_EventCurrencySymbol":"","_EventCurrencyCode":"","_EventCurrencyPosition":"","_EventDateTimeSeparator":"","_EventTimeRangeSeparator":"","_EventOrganizerID":[],"_EventVenueID":[],"_OrganizerEmail":"","_OrganizerPhone":"","_OrganizerWebsite":"","_VenueAddress":"","_VenueCity":"","_VenueCountry":"","_VenueProvince":"","_VenueState":"","_VenueZip":"","_VenuePhone":"","_VenueURL":"","_VenueStateProvince":"","_VenueLat":"","_VenueLng":"","_VenueShowMap":false,"_VenueShowMapLink":false,"footnotes":""},"class_list":["post-2256","page","type-page","status-publish","hentry"],"_links":{"self":[{"href":"https:\/\/forte-cultura.com\/fr\/wp-json\/wp\/v2\/pages\/2256","targetHints":{"allow":["GET"]}}],"collection":[{"href":"https:\/\/forte-cultura.com\/fr\/wp-json\/wp\/v2\/pages"}],"about":[{"href":"https:\/\/forte-cultura.com\/fr\/wp-json\/wp\/v2\/types\/page"}],"author":[{"embeddable":true,"href":"https:\/\/forte-cultura.com\/fr\/wp-json\/wp\/v2\/users\/1"}],"replies":[{"embeddable":true,"href":"https:\/\/forte-cultura.com\/fr\/wp-json\/wp\/v2\/comments?post=2256"}],"version-history":[{"count":0,"href":"https:\/\/forte-cultura.com\/fr\/wp-json\/wp\/v2\/pages\/2256\/revisions"}],"up":[{"embeddable":true,"href":"https:\/\/forte-cultura.com\/fr\/wp-json\/wp\/v2\/pages\/255"}],"wp:attachment":[{"href":"https:\/\/forte-cultura.com\/fr\/wp-json\/wp\/v2\/media?parent=2256"}],"curies":[{"name":"wp","href":"https:\/\/api.w.org\/{rel}","templated":true}]}}