{"id":2128,"date":"2024-01-25T15:20:33","date_gmt":"2024-01-25T14:20:33","guid":{"rendered":"https:\/\/forte-cultura.com\/?page_id=2128"},"modified":"2026-01-15T14:05:23","modified_gmt":"2026-01-15T13:05:23","slug":"grandes-forteresses","status":"publish","type":"page","link":"https:\/\/forte-cultura.com\/fr\/kulturerbe-festungsmonumente\/geschichte-des-festungsbaus\/festungsbau-vom-15-19-jahrhundert\/grossfestungen\/","title":{"rendered":"Forteresse Grande"},"content":{"rendered":"<h2 class=\"wp-block-heading has-custom-farbe-1-color has-text-color has-link-color has-large-font-size eplus-wrapper wp-elements-8f36db9c78551fef2e78612ceb45f9d6\"><strong>Wide-ranging defensive systems<\/strong><\/h2>\n\n\n<div class=\"wp-block-columns are-vertically-aligned-center is-not-stacked-on-mobile eplus-wrapper is-layout-flex wp-container-core-columns-is-layout-28f84493 wp-block-columns-is-layout-flex eplus-styles-uid-4ae337\">\n<div class=\"wp-block-column is-vertically-aligned-center eplus-wrapper is-layout-flow wp-block-column-is-layout-flow\" style=\"flex-basis:10%\">\n<figure class=\"wp-block-image size-full is-resized eplus-wrapper\"><img loading=\"lazy\" decoding=\"async\" width=\"1771\" height=\"1696\" src=\"https:\/\/forte-cultura.com\/wp-content\/uploads\/grossfestung_mittel.png\" alt=\"\" class=\"wp-image-1909\" style=\"width:60px;height:auto\" srcset=\"https:\/\/forte-cultura.com\/wp-content\/uploads\/grossfestung_mittel.png 1771w, https:\/\/forte-cultura.com\/wp-content\/uploads\/grossfestung_mittel-300x287.png 300w, https:\/\/forte-cultura.com\/wp-content\/uploads\/grossfestung_mittel-1024x981.png 1024w, https:\/\/forte-cultura.com\/wp-content\/uploads\/grossfestung_mittel-768x735.png 768w, https:\/\/forte-cultura.com\/wp-content\/uploads\/grossfestung_mittel-1536x1471.png 1536w, https:\/\/forte-cultura.com\/wp-content\/uploads\/grossfestung_mittel-13x12.png 13w, https:\/\/forte-cultura.com\/wp-content\/uploads\/grossfestung_mittel-200x192.png 200w\" sizes=\"auto, (max-width: 1771px) 100vw, 1771px\" \/><\/figure>\n<\/div>\n\n\n\n<div class=\"wp-block-column is-vertically-aligned-center eplus-wrapper is-layout-flow wp-block-column-is-layout-flow\" style=\"flex-basis:90%\">\n<p class=\"has-small-font-size eplus-wrapper\">Forteresse principale dot\u00e9e d'une cha\u00eene de fortifications p\u00e9riph\u00e9riques en forme d'anneau, telles que des forts et des batteries, pour la protection des villes et des sites militaires.<br><em>Ex. photo de couverture : syst\u00e8me de fortification Silberberg, Srebrna Gora (PL)<\/em><\/p>\n<\/div>\n<\/div>\n\n\n<p class=\"eplus-wrapper\">\u00c0 la fin du 18\u00e8me si\u00e8cle, \" l\u2019artillerie galopante\" de Napol\u00e9on a tout simplement contourn\u00e9 de nombreux forts isol\u00e9s, les rendant inefficaces. La grande mobilit\u00e9 et la port\u00e9e accrue des canons napol\u00e9oniens laissent la plupart des d\u00e9fenseurs en inf\u00e9riorit\u00e9 dans leurs bastions isol\u00e9s. Une nouvelle g\u00e9n\u00e9ration de fortifications \u00e9tait destin\u00e9e \u00e0 contrer ce ph\u00e9nom\u00e8ne : la construction de fortifications imposantes pour la d\u00e9fense de paysages strat\u00e9giquement importants et de grandes villes.<\/p>\n\n\n\n<p class=\"eplus-wrapper\">Autour des centre-bourgs, \u00e0 des intervalles allant jusqu'\u00e0 5 kilom\u00e8tres, plusieurs anneaux de forts avec des positions de canons et des ouvrages secondaires ont \u00e9t\u00e9 construits, dans certains cas pour maintenir l'ennemi \u00e0 distance. En raison de la port\u00e9e toujours plus grande des canons, les forts isol\u00e9s \u00e9taient situ\u00e9s jusqu'\u00e0 15 kilom\u00e8tres des centres bourgs. Ils prot\u00e9geaient les routes importantes, les lignes de chemin de fer et les zones de peuplement.<\/p>\n\n\n\n<p class=\"eplus-wrapper\">Especially Prussia practiced these major fortress systems in the east against the Russian neighbour whereas Russia fortified the former kingdom Poland in this way against Prussia.<\/p>\n\n\n\n<p class=\"eplus-wrapper\">Les traces fascinantes de ces installations gigantesques sont encore visibles aujourd'hui dans de nombreuses villes d'Europe centrale et d'ailleurs. Poznan, Torun, Cracovie ou Przemysl (Pologne), <strong>Ulm, Coblence, Mayence <\/strong>ou Magdebourg (Allemagne), <strong>Komarno\/Komarom<\/strong> des deux c\u00f4t\u00e9s du Danube (Slovaquie\/Hongrie), Rome, G\u00eanes (Italie), Kaunas (Lituanie), Anvers (Belgique) ou Paris (France) sont consid\u00e9r\u00e9es comme des repr\u00e9sentants c\u00e9l\u00e8bres de ce type de forteresse.<\/p>\n\n\n\n<p class=\"eplus-wrapper translation-block\">La monarchie des Habsbourg a \u00e9tendu le quadrilat\u00e8re de forteresses V\u00e9rone - Peschiera del Garda - Mantoue - Legnago \u00e0 l'un des plus grands syst\u00e8mes r\u00e9gionaux de forteresses en Europe afin de maintenir les zones occup\u00e9es du nord de l'Italie - aujourd'hui un champ d'exp\u00e9rience touristique assez m\u00e9connu.<\/p>\n\n\n\n<div style=\"height:20px\" aria-hidden=\"true\" class=\"wp-block-spacer eplus-wrapper\"><\/div>\n\n\n\n<h4 class=\"wp-block-heading has-text-align-center has-custom-farbe-1-color has-text-color has-link-color eplus-wrapper wp-elements-7ac1d66d1224814d58c9f34e0fd8223d\">D\u00e9couvrir les syst\u00e8mes de grandes f\u00eates avec FORTE CULTURA<\/h4>\n\n\n\n<hr class=\"is-style-wide wp-block-separator aligncenter has-text-color has-custom-farbe-1-color has-alpha-channel-opacity has-custom-farbe-1-background-color has-background eplus-wrapper\"\/>\n\n\n<div  class=\"ultp-post-grid-block wp-block-ultimate-post-post-grid-1 ultp-block-349980\"><div class=\"ultp-block-wrapper\"><div class=\"ultp-loading\"><div class=\"ultp-loading-blocks\" style=\"width:100%;height:100%;\"><div style=\"left: 0;top: 0;animation-delay:0s;\"><\/div><div style=\"left: 21px;top: 0;animation-delay:0.125s;\"><\/div><div style=\"left: 42px;top: 0;animation-delay:0.25s;\"><\/div><div style=\"left: 0;top: 21px;animation-delay:0.875s;\"><\/div><div style=\"left: 42px;top: 21px;animation-delay:0.375s;\"><\/div><div style=\"left: 0;top: 42px;animation-delay:0.75s;\"><\/div><div style=\"left: 42px;top: 42px;animation-delay:0.625s;\"><\/div><div style=\"left: 21px;top: 42px;animation-delay:0.5s;\"><\/div><\/div><\/div><div class=\"ultp-block-items-wrap ultp-block-row ultp-pg1a-style1 ultp-grid1-responsive ultp-block-column-4 1 ultp-xs-column-1 ultp-layout1\"><div class=\"ultp-block-item post-id-610\"><div class=\"ultp-block-content-wrap\"><div class=\"ultp-block-image ultp-block-image-opacity\"><a href=\"https:\/\/forte-cultura.com\/fr\/gizycko-pl\/\" ><img decoding=\"async\"  class=\"ultp-block-image-content\"  alt=\"Gizycko (PL)\"  src=\"https:\/\/forte-cultura.com\/wp-content\/uploads\/2023\/11\/feste-boyen_Gizycko-\u00a9hotelmasovia-870x570.jpg\" \/><\/a><\/div><div class=\"ultp-block-content\"><h3 class=\"ultp-block-title\"><a href=\"https:\/\/forte-cultura.com\/fr\/gizycko-pl\/\" >Gizycko (PL)<\/a><\/h3><\/div><\/div><\/div><div class=\"ultp-block-item post-id-698\"><div class=\"ultp-block-content-wrap\"><div class=\"ultp-block-image ultp-block-image-opacity\"><a href=\"https:\/\/forte-cultura.com\/fr\/ingolstadt-de\/\" ><img decoding=\"async\"  class=\"ultp-block-image-content\"  alt=\"Ingolstadt (DE)\"  src=\"https:\/\/forte-cultura.com\/wp-content\/uploads\/2023\/11\/Ingolstadt_Feste-Tilly_c-Gerd-Schmidbauer-870x570.jpg\" \/><\/a><\/div><div class=\"ultp-block-content\"><h3 class=\"ultp-block-title\"><a href=\"https:\/\/forte-cultura.com\/fr\/ingolstadt-de\/\" >Ingolstadt (DE)<\/a><\/h3><\/div><\/div><\/div><div class=\"ultp-block-item post-id-704\"><div class=\"ultp-block-content-wrap\"><div class=\"ultp-block-image ultp-block-image-opacity\"><a href=\"https:\/\/forte-cultura.com\/fr\/koblenz-de\/\" ><img decoding=\"async\"  class=\"ultp-block-image-content\"  alt=\"Coblence (DE)\"  src=\"https:\/\/forte-cultura.com\/wp-content\/uploads\/2023\/11\/Festungssystem-Koblenz-870x570.jpg\" \/><\/a><\/div><div class=\"ultp-block-content\"><h3 class=\"ultp-block-title\"><a href=\"https:\/\/forte-cultura.com\/fr\/koblenz-de\/\" >Coblence (DE)<\/a><\/h3><\/div><\/div><\/div><div class=\"ultp-block-item post-id-862\"><div class=\"ultp-block-content-wrap\"><div class=\"ultp-block-image ultp-block-image-opacity\"><a href=\"https:\/\/forte-cultura.com\/fr\/kostrzyn-nad-odra-pl\/\" ><img decoding=\"async\"  class=\"ultp-block-image-content\"  alt=\"Kostrzyn nad Odr\u0105 (PL)\"  src=\"https:\/\/forte-cultura.com\/wp-content\/uploads\/Festungssystem-Kostrzyn-870x570.jpg\" \/><\/a><\/div><div class=\"ultp-block-content\"><h3 class=\"ultp-block-title\"><a href=\"https:\/\/forte-cultura.com\/fr\/kostrzyn-nad-odra-pl\/\" >Kostrzyn nad Odr\u0105 (PL)<\/a><\/h3><\/div><\/div><\/div><div class=\"ultp-block-item post-id-909\"><div class=\"ultp-block-content-wrap\"><div class=\"ultp-block-image ultp-block-image-opacity\"><a href=\"https:\/\/forte-cultura.com\/fr\/mainz-de\/\" ><img decoding=\"async\"  class=\"ultp-block-image-content\"  alt=\"Citadelle de Mayence (DE) Foto mainzplus\"  src=\"https:\/\/forte-cultura.com\/wp-content\/uploads\/Mainz_Foto-mainzplus-870x570.jpg\" \/><\/a><\/div><div class=\"ultp-block-content\"><h3 class=\"ultp-block-title\"><a href=\"https:\/\/forte-cultura.com\/fr\/mainz-de\/\" >Mayence (DE)<\/a><\/h3><\/div><\/div><\/div><div class=\"ultp-block-item post-id-963\"><div class=\"ultp-block-content-wrap\"><div class=\"ultp-block-image ultp-block-image-opacity\"><a href=\"https:\/\/forte-cultura.com\/fr\/rastatt-de\/\" ><img decoding=\"async\"  class=\"ultp-block-image-content\"  alt=\"WGM-Mus\u00e9e d&#039;histoire de la d\u00e9fense de Rastatt (DE)\"  src=\"https:\/\/forte-cultura.com\/wp-content\/uploads\/WGM-Rastatt-870x570.jpg\" \/><\/a><\/div><div class=\"ultp-block-content\"><h3 class=\"ultp-block-title\"><a href=\"https:\/\/forte-cultura.com\/fr\/rastatt-de\/\" >Rastatt (DE)<\/a><\/h3><\/div><\/div><\/div><div class=\"ultp-block-item post-id-978\"><div class=\"ultp-block-content-wrap\"><div class=\"ultp-block-image ultp-block-image-opacity\"><a href=\"https:\/\/forte-cultura.com\/fr\/san-marino-smr\/\" ><img decoding=\"async\"  class=\"ultp-block-image-content\"  alt=\"Vue du mont Titano, Saint-Marin \u00a9Commonists\"  src=\"https:\/\/forte-cultura.com\/wp-content\/uploads\/San-Marino-870x570.jpg\" \/><\/a><\/div><div class=\"ultp-block-content\"><h3 class=\"ultp-block-title\"><a href=\"https:\/\/forte-cultura.com\/fr\/san-marino-smr\/\" >Saint-Marin (SMR)<\/a><\/h3><\/div><\/div><\/div><div class=\"ultp-block-item post-id-1009\"><div class=\"ultp-block-content-wrap\"><div class=\"ultp-block-image ultp-block-image-opacity\"><a href=\"https:\/\/forte-cultura.com\/fr\/sibenik-hr\/\" ><img decoding=\"async\"  class=\"ultp-block-image-content\"  alt=\"\u0160ibenik (HR)\"  src=\"https:\/\/forte-cultura.com\/wp-content\/uploads\/Sibenik-St-John-870x570.jpg\" \/><\/a><\/div><div class=\"ultp-block-content\"><h3 class=\"ultp-block-title\"><a href=\"https:\/\/forte-cultura.com\/fr\/sibenik-hr\/\" >\u0160ibenik (HR)<\/a><\/h3><\/div><\/div><\/div><div class=\"ultp-block-item post-id-1015\"><div class=\"ultp-block-content-wrap\"><div class=\"ultp-block-image ultp-block-image-opacity\"><a href=\"https:\/\/forte-cultura.com\/fr\/srebrna-gora-pl\/\" ><img decoding=\"async\"  class=\"ultp-block-image-content\"  alt=\"Srebrna G\u00f3ra (PL)\"  src=\"https:\/\/forte-cultura.com\/wp-content\/uploads\/Srebrna-Gora-870x570.jpg\" \/><\/a><\/div><div class=\"ultp-block-content\"><h3 class=\"ultp-block-title\"><a href=\"https:\/\/forte-cultura.com\/fr\/srebrna-gora-pl\/\" >Srebrna G\u00f3ra (PL)<\/a><\/h3><\/div><\/div><\/div><div class=\"ultp-block-item post-id-1038\"><div class=\"ultp-block-content-wrap\"><div class=\"ultp-block-image ultp-block-image-opacity\"><a href=\"https:\/\/forte-cultura.com\/fr\/torgau-de\/\" ><img decoding=\"async\"  class=\"ultp-block-image-content\"  alt=\"Torgau (DE)\"  src=\"https:\/\/forte-cultura.com\/wp-content\/uploads\/Schloss-Heratenfels-Torgau-DE-870x570.jpg\" \/><\/a><\/div><div class=\"ultp-block-content\"><h3 class=\"ultp-block-title\"><a href=\"https:\/\/forte-cultura.com\/fr\/torgau-de\/\" >Torgau (DE)<\/a><\/h3><\/div><\/div><\/div><div class=\"ultp-block-item post-id-1042\"><div class=\"ultp-block-content-wrap\"><div class=\"ultp-block-image ultp-block-image-opacity\"><a href=\"https:\/\/forte-cultura.com\/fr\/ulm-de\/\" ><img decoding=\"async\"  class=\"ultp-block-image-content\"  alt=\"Ulm (DE)\"  src=\"https:\/\/forte-cultura.com\/wp-content\/uploads\/Wilhelmsburg-Ulm-870x570.jpg\" \/><\/a><\/div><div class=\"ultp-block-content\"><h3 class=\"ultp-block-title\"><a href=\"https:\/\/forte-cultura.com\/fr\/ulm-de\/\" >Ulm (DE)<\/a><\/h3><\/div><\/div><\/div><div class=\"ultp-block-item post-id-2721\"><div class=\"ultp-block-content-wrap\"><div class=\"ultp-block-image ultp-block-image-opacity\"><a href=\"https:\/\/forte-cultura.com\/fr\/kiew-ua\/\" ><img decoding=\"async\"  class=\"ultp-block-image-content\"  alt=\"Forteresse Kiev, UA\"  src=\"https:\/\/forte-cultura.com\/wp-content\/uploads\/0014-870x570.jpg\" \/><\/a><\/div><div class=\"ultp-block-content\"><h3 class=\"ultp-block-title\"><a href=\"https:\/\/forte-cultura.com\/fr\/kiew-ua\/\" >Kiev (UA)<\/a><\/h3><\/div><\/div><\/div><div class=\"ultp-block-item post-id-3474\"><div class=\"ultp-block-content-wrap\"><div class=\"ultp-block-image ultp-block-image-opacity\"><a href=\"https:\/\/forte-cultura.com\/fr\/belfort-fr\/\" ><img decoding=\"async\"  class=\"ultp-block-image-content\"  alt=\"Belfort (FR)\"  src=\"https:\/\/forte-cultura.com\/wp-content\/uploads\/Belfort-Lion_\u00a9D.Roeder_1-870x570.jpg\" \/><\/a><\/div><div class=\"ultp-block-content\"><h3 class=\"ultp-block-title\"><a href=\"https:\/\/forte-cultura.com\/fr\/belfort-fr\/\" >Belfort (FR)<\/a><\/h3><\/div><\/div><\/div><\/div><\/div><div class=\"pagination-block-html\" aria-hidden=\"true\" style=\"display: none;\"><\/div><\/div>\n\n\n<hr class=\"is-style-wide wp-block-separator aligncenter has-text-color has-custom-farbe-1-color has-alpha-channel-opacity has-custom-farbe-1-background-color has-background eplus-wrapper\"\/>\n\n\n\n<div style=\"height:20px\" aria-hidden=\"true\" class=\"wp-block-spacer eplus-wrapper\"><\/div>\n\n\n\n<h4 class=\"wp-block-heading has-text-align-center has-custom-farbe-1-color has-text-color has-link-color eplus-wrapper wp-elements-a7d2d3a8d25651e68e2ee5c6bb9430b6\">D\u00e9couvrir Forts avec FORTE CULTURA<\/h4>\n\n\n<div class=\"wp-block-columns are-vertically-aligned-center eplus-wrapper is-layout-flex wp-container-core-columns-is-layout-28f84493 wp-block-columns-is-layout-flex eplus-styles-uid-ee2ffe\">\n<div class=\"wp-block-column is-vertically-aligned-center eplus-wrapper is-layout-flow wp-block-column-is-layout-flow\" style=\"flex-basis:10%\">\n<figure class=\"wp-block-image aligncenter size-full is-resized eplus-wrapper\"><img loading=\"lazy\" decoding=\"async\" width=\"212\" height=\"120\" src=\"https:\/\/forte-cultura.com\/wp-content\/uploads\/Fort.png\" alt=\"\" class=\"wp-image-2135\" style=\"width:76px;height:auto\" srcset=\"https:\/\/forte-cultura.com\/wp-content\/uploads\/Fort.png 212w, https:\/\/forte-cultura.com\/wp-content\/uploads\/Fort-18x10.png 18w, https:\/\/forte-cultura.com\/wp-content\/uploads\/Fort-200x113.png 200w\" sizes=\"auto, (max-width: 212px) 100vw, 212px\" \/><\/figure>\n<\/div>\n\n\n\n<div class=\"wp-block-column is-vertically-aligned-center eplus-wrapper is-layout-flow wp-block-column-is-layout-flow\" style=\"flex-basis:90%\">\n<p class=\"eplus-wrapper translation-block\">Les forts sont souvent des \u00e9l\u00e9ments de grands syst\u00e8mes de fortification. Ils sont en eux-m\u00eames des forteresses individuelles largement autonomes, parfois de dimensions consid\u00e9rables, par exemple <strong>Fort Monostor<\/strong> \u00e0 Komarom (HU), faisant partie du syst\u00e8me fortifi\u00e9 Komarno\/Komarom (SI\/HU) des deux c\u00f4t\u00e9s du Danube.<\/p>\n<\/div>\n<\/div>\n\n<div  class=\"ultp-post-grid-block wp-block-ultimate-post-post-grid-1 ultp-block-ca29e1 aligncenter\"><div class=\"ultp-block-wrapper\"><div class=\"ultp-loading\"><div class=\"ultp-loading-blocks\" style=\"width:100%;height:100%;\"><div style=\"left: 0;top: 0;animation-delay:0s;\"><\/div><div style=\"left: 21px;top: 0;animation-delay:0.125s;\"><\/div><div style=\"left: 42px;top: 0;animation-delay:0.25s;\"><\/div><div style=\"left: 0;top: 21px;animation-delay:0.875s;\"><\/div><div style=\"left: 42px;top: 21px;animation-delay:0.375s;\"><\/div><div style=\"left: 0;top: 42px;animation-delay:0.75s;\"><\/div><div style=\"left: 42px;top: 42px;animation-delay:0.625s;\"><\/div><div style=\"left: 21px;top: 42px;animation-delay:0.5s;\"><\/div><\/div><\/div><div class=\"ultp-block-items-wrap ultp-block-row ultp-pg1a-style1 ultp-grid1-responsive ultp-block-column-4 1 ultp-xs-column-1 ultp-layout1\"><div class=\"ultp-block-item post-id-623\"><div class=\"ultp-block-content-wrap\"><div class=\"ultp-block-image ultp-block-image-opacity\"><a href=\"https:\/\/forte-cultura.com\/fr\/gorgast-de\/\" ><img decoding=\"async\"  class=\"ultp-block-image-content\"  alt=\"Gorgast (DE)\"  src=\"https:\/\/forte-cultura.com\/wp-content\/uploads\/2023\/11\/Torhaus-Gorgast_\u00a9Dirk_Roeder_web-1-870x570.jpg\" \/><\/a><\/div><div class=\"ultp-block-content\"><h3 class=\"ultp-block-title\"><a href=\"https:\/\/forte-cultura.com\/fr\/gorgast-de\/\" >Gorgast (DE)<\/a><\/h3><\/div><\/div><\/div><div class=\"ultp-block-item post-id-854\"><div class=\"ultp-block-content-wrap\"><div class=\"ultp-block-image ultp-block-image-opacity\"><a href=\"https:\/\/forte-cultura.com\/fr\/komarom-hr\/\" ><img decoding=\"async\"  class=\"ultp-block-image-content\"  alt=\"Kom\u00e1rom (HU)\"  src=\"https:\/\/forte-cultura.com\/wp-content\/uploads\/Fort-Monostor-Komarom-870x570.jpg\" \/><\/a><\/div><div class=\"ultp-block-content\"><h3 class=\"ultp-block-title\"><a href=\"https:\/\/forte-cultura.com\/fr\/komarom-hr\/\" >Kom\u00e1rom (HU)<\/a><\/h3><\/div><\/div><\/div><div class=\"ultp-block-item post-id-3310\"><div class=\"ultp-block-content-wrap\"><div class=\"ultp-block-image ultp-block-image-opacity\"><a href=\"https:\/\/forte-cultura.com\/fr\/fort-prusy-nysa-pl\/\" ><img decoding=\"async\"  class=\"ultp-block-image-content\"  alt=\"Nysa (PL)\"  src=\"https:\/\/forte-cultura.com\/wp-content\/uploads\/Fort-Prusy-870x570.jpg\" \/><\/a><\/div><div class=\"ultp-block-content\"><h3 class=\"ultp-block-title\"><a href=\"https:\/\/forte-cultura.com\/fr\/fort-prusy-nysa-pl\/\" >Nysa (PL)<\/a><\/h3><\/div><\/div><\/div><\/div><\/div><div class=\"pagination-block-html\" aria-hidden=\"true\" style=\"display: none;\"><\/div><\/div>\n\n\n<hr class=\"is-style-wide wp-block-separator aligncenter has-text-color has-custom-farbe-1-color has-alpha-channel-opacity has-custom-farbe-1-background-color has-background eplus-wrapper\"\/>\n\n\n<div id=\"travelersmap-container-69f5b72267c33\" class=\"travelersmap-container\" style=\"z-index: 1; min-height: 10px; min-width:10px; height:600px;width:100%; max-width:1280px; max-height:500px; position:relative;\"><div style=\"position:absolute; z-index:-1;top: 50%;text-align: center;display: block;left: 50%;transform: translate(-50%,-50%);\">La carte des voyageurs est en cours de chargement...<br>Si vous constatez cela apr\u00e8s le chargement complet de votre page, les fichiers leafletJS sont manquants.<\/div><\/div>\n\n\n\n<div style=\"height:20px\" aria-hidden=\"true\" class=\"wp-block-spacer eplus-wrapper\"><\/div>\n\n\n\n<p class=\"has-medium-font-size eplus-wrapper\"><a href=\"https:\/\/forte-cultura.com\/kulturerbe-festungsmonumente\/geschichte-des-festungsbaus\/festungsbau-vom-15-19-jahrhundert\/\">Construction de forteresses du 15e au 19e si\u00e8cle<\/a><\/p>\n\n\n\n<div style=\"margin-top:0;margin-bottom:0;height:20px\" aria-hidden=\"true\" class=\"wp-block-spacer eplus-wrapper\"><\/div>\n\n\n<div id=\"mega-menu-wrap-max_mega_menu_2\" class=\"mega-menu-wrap\"><div class=\"mega-menu-toggle\"><div class=\"mega-toggle-blocks-left\"><\/div><div class=\"mega-toggle-blocks-center\"><\/div><div class=\"mega-toggle-blocks-right\"><div class='mega-toggle-block mega-menu-toggle-animated-block mega-toggle-block-0' id='mega-toggle-block-0'><button aria-controls=\"mega-menu-max_mega_menu_2\" aria-expanded=\"false\" aria-haspopup=\"true\" aria-label=\"Toggle Menu\" class=\"mega-toggle-animated mega-toggle-animated-slider\" type=\"button\">\n                  <span class=\"mega-toggle-animated-box\">\n                    <span class=\"mega-toggle-animated-inner\"><\/span>\n                  <\/span>\n                <\/button><\/div><\/div><\/div><ul id=\"mega-menu-max_mega_menu_2\" class=\"mega-menu max-mega-menu mega-menu-horizontal mega-no-js\" data-event=\"hover_intent\" data-effect=\"fade_up\" data-effect-speed=\"200\" data-effect-mobile=\"disabled\" data-effect-speed-mobile=\"0\" data-mobile-force-width=\"false\" data-second-click=\"go\" data-document-click=\"collapse\" data-vertical-behaviour=\"standard\" data-breakpoint=\"768\" data-unbind=\"true\" data-mobile-state=\"collapse_all\" data-mobile-direction=\"vertical\"><li class=\"mega-menu-item mega-menu-item-type-post_type mega-menu-item-object-page mega-align-bottom-left mega-menu-flyout mega-menu-item-2026\" id=\"mega-menu-item-2026\"><a class=\"mega-menu-link\" href=\"https:\/\/forte-cultura.com\/fr\/kulturerbe-festungsmonumente\/geschichte-des-festungsbaus\/festungsbau-vom-15-19-jahrhundert\/einzelfestungen\/\">Fortification Individuelle<\/a><\/li><li class=\"mega-menu-item mega-menu-item-type-post_type mega-menu-item-object-page mega-align-bottom-left mega-menu-flyout mega-menu-item-2025\" id=\"mega-menu-item-2025\"><a class=\"mega-menu-link\" href=\"https:\/\/forte-cultura.com\/fr\/kulturerbe-festungsmonumente\/geschichte-des-festungsbaus\/festungsbau-vom-15-19-jahrhundert\/befestigte-stadt\/\">La ville fortifi\u00e9e<\/a><\/li><li class=\"mega-menu-item mega-menu-item-type-post_type mega-menu-item-object-page mega-align-bottom-left mega-menu-flyout mega-menu-item-2024\" id=\"mega-menu-item-2024\"><a class=\"mega-menu-link\" href=\"https:\/\/forte-cultura.com\/fr\/kulturerbe-festungsmonumente\/geschichte-des-festungsbaus\/festungsbau-vom-15-19-jahrhundert\/befestigte-idealstadt\/\">La ville id\u00e9ale fortifi\u00e9e<\/a><\/li><li class=\"mega-menu-item mega-menu-item-type-post_type mega-menu-item-object-page mega-align-bottom-left mega-menu-flyout mega-menu-item-2113\" id=\"mega-menu-item-2113\"><a class=\"mega-menu-link\" href=\"https:\/\/forte-cultura.com\/fr\/kulturerbe-festungsmonumente\/geschichte-des-festungsbaus\/festungsbau-vom-15-19-jahrhundert\/zitadellen\/\">Citadelles<\/a><\/li><li class=\"mega-menu-item mega-menu-item-type-post_type mega-menu-item-object-page mega-align-bottom-left mega-menu-flyout mega-menu-item-2120\" id=\"mega-menu-item-2120\"><a class=\"mega-menu-link\" href=\"https:\/\/forte-cultura.com\/fr\/kulturerbe-festungsmonumente\/geschichte-des-festungsbaus\/festungsbau-vom-15-19-jahrhundert\/befestigte-burg\/\">Les ch\u00e2teaux fortifi\u00e9s<\/a><\/li><li class=\"mega-menu-item mega-menu-item-type-post_type mega-menu-item-object-page mega-align-bottom-left mega-menu-flyout mega-menu-item-2148\" id=\"mega-menu-item-2148\"><a class=\"mega-menu-link\" href=\"https:\/\/forte-cultura.com\/fr\/kulturerbe-festungsmonumente\/geschichte-des-festungsbaus\/festungsbau-vom-15-19-jahrhundert\/befestigtes-schloss\/\">Le palais fortifi\u00e9<\/a><\/li><li class=\"mega-menu-item mega-menu-item-type-post_type mega-menu-item-object-page mega-align-bottom-left mega-menu-flyout mega-menu-item-2147\" id=\"mega-menu-item-2147\"><a class=\"mega-menu-link\" href=\"https:\/\/forte-cultura.com\/fr\/kulturerbe-festungsmonumente\/geschichte-des-festungsbaus\/festungsbau-vom-15-19-jahrhundert\/grossfestungen\/\">Forteresse Grande<\/a><\/li><li class=\"mega-menu-item mega-menu-item-type-post_type mega-menu-item-object-page mega-align-bottom-left mega-menu-flyout mega-menu-item-2154\" id=\"mega-menu-item-2154\"><a class=\"mega-menu-link\" href=\"https:\/\/forte-cultura.com\/fr\/kulturerbe-festungsmonumente\/geschichte-des-festungsbaus\/festungsbau-vom-15-19-jahrhundert\/verteidigungslinien\/\">Lignes de d\u00e9fense 15e-19e s.<\/a><\/li><\/ul><\/div>\n\n\n<div style=\"height:20px\" aria-hidden=\"true\" class=\"wp-block-spacer eplus-wrapper\"><\/div>","protected":false},"excerpt":{"rendered":"<p>Weitr\u00e4umige Wehranlagen Zentralfestung mit ringf\u00f6rmig angeordneter Kette von vorgelagerten Festungsanlagen, wie Forts und Batterien, zur Sicherung von St\u00e4dten und Waffenpl\u00e4tzen.Bsp. Titelbild: Festungssystem Silberberg, Srebrna Gora (PL) Napoleons \u201egaloppierende Artillerie\u201c wich [&hellip;]<\/p>\n","protected":false},"author":1,"featured_media":1016,"parent":1963,"menu_order":7,"comment_status":"closed","ping_status":"closed","template":"","meta":{"editor_plus_copied_stylings":"{}","pgc_sgb_lightbox_settings":"","_price":"","_stock":"","_tribe_ticket_header":"","_tribe_default_ticket_provider":"","_tribe_ticket_capacity":"0","_ticket_start_date":"","_ticket_end_date":"","_tribe_ticket_show_description":"","_tribe_ticket_show_not_going":false,"_tribe_ticket_use_global_stock":"","_tribe_ticket_global_stock_level":"","_global_stock_mode":"","_global_stock_cap":"","_tribe_rsvp_for_event":"","_tribe_ticket_going_count":"","_tribe_ticket_not_going_count":"","_tribe_tickets_list":"[]","_tribe_ticket_has_attendee_info_fields":false,"_EventAllDay":false,"_EventTimezone":"","_EventStartDate":"","_EventEndDate":"","_EventStartDateUTC":"","_EventEndDateUTC":"","_EventShowMap":false,"_EventShowMapLink":false,"_EventURL":"","_EventCost":"","_EventCostDescription":"","_EventCurrencySymbol":"","_EventCurrencyCode":"","_EventCurrencyPosition":"","_EventDateTimeSeparator":"","_EventTimeRangeSeparator":"","_EventOrganizerID":[],"_EventVenueID":[],"_OrganizerEmail":"","_OrganizerPhone":"","_OrganizerWebsite":"","_VenueAddress":"","_VenueCity":"","_VenueCountry":"","_VenueProvince":"","_VenueState":"","_VenueZip":"","_VenuePhone":"","_VenueURL":"","_VenueStateProvince":"","_VenueLat":"","_VenueLng":"","_VenueShowMap":false,"_VenueShowMapLink":false,"footnotes":""},"class_list":["post-2128","page","type-page","status-publish","has-post-thumbnail","hentry"],"_links":{"self":[{"href":"https:\/\/forte-cultura.com\/fr\/wp-json\/wp\/v2\/pages\/2128","targetHints":{"allow":["GET"]}}],"collection":[{"href":"https:\/\/forte-cultura.com\/fr\/wp-json\/wp\/v2\/pages"}],"about":[{"href":"https:\/\/forte-cultura.com\/fr\/wp-json\/wp\/v2\/types\/page"}],"author":[{"embeddable":true,"href":"https:\/\/forte-cultura.com\/fr\/wp-json\/wp\/v2\/users\/1"}],"replies":[{"embeddable":true,"href":"https:\/\/forte-cultura.com\/fr\/wp-json\/wp\/v2\/comments?post=2128"}],"version-history":[{"count":0,"href":"https:\/\/forte-cultura.com\/fr\/wp-json\/wp\/v2\/pages\/2128\/revisions"}],"up":[{"embeddable":true,"href":"https:\/\/forte-cultura.com\/fr\/wp-json\/wp\/v2\/pages\/1963"}],"wp:featuredmedia":[{"embeddable":true,"href":"https:\/\/forte-cultura.com\/fr\/wp-json\/wp\/v2\/media\/1016"}],"wp:attachment":[{"href":"https:\/\/forte-cultura.com\/fr\/wp-json\/wp\/v2\/media?parent=2128"}],"curies":[{"name":"wp","href":"https:\/\/api.w.org\/{rel}","templated":true}]}}