{"id":1900,"date":"2024-01-24T08:58:10","date_gmt":"2024-01-24T07:58:10","guid":{"rendered":"https:\/\/forte-cultura.com\/?page_id=1900"},"modified":"2026-03-08T10:47:25","modified_gmt":"2026-03-08T09:47:25","slug":"bunker","status":"publish","type":"page","link":"https:\/\/forte-cultura.com\/fr\/kulturerbe-festungsmonumente\/geschichte-des-festungsbaus\/festungen-des-20-jahrhunderts\/bunker\/","title":{"rendered":"Les bunkers de la Premi\u00e8re et de la Seconde Guerre mondiale"},"content":{"rendered":"<h2 class=\"wp-block-heading has-custom-farbe-1-color has-text-color has-link-color has-large-font-size eplus-wrapper wp-elements-2996c23ecfbacfa1dd5aa957ac2c9a9f\"><strong>Architecture fortifi\u00e9e cach\u00e9e du 20\u00e8me si\u00e8cle<\/strong><\/h2>\n\n\n<div class=\"wp-block-columns is-not-stacked-on-mobile eplus-wrapper is-layout-flex wp-container-core-columns-is-layout-28f84493 wp-block-columns-is-layout-flex eplus-styles-uid-a1aefc\">\n<div class=\"wp-block-column eplus-wrapper is-layout-flow wp-block-column-is-layout-flow\" style=\"flex-basis:10%\">\n<figure class=\"wp-block-image size-full is-resized eplus-wrapper\"><img loading=\"lazy\" decoding=\"async\" width=\"261\" height=\"188\" src=\"https:\/\/forte-cultura.com\/wp-content\/uploads\/bunker_mittel.png\" alt=\"\" class=\"wp-image-1903\" style=\"width:60px;height:auto\" srcset=\"https:\/\/forte-cultura.com\/wp-content\/uploads\/bunker_mittel.png 261w, https:\/\/forte-cultura.com\/wp-content\/uploads\/bunker_mittel-18x12.png 18w, https:\/\/forte-cultura.com\/wp-content\/uploads\/bunker_mittel-200x144.png 200w\" sizes=\"auto, (max-width: 261px) 100vw, 261px\" \/><\/figure>\n<\/div>\n\n\n\n<div class=\"wp-block-column eplus-wrapper is-layout-flow wp-block-column-is-layout-flow\" style=\"flex-basis:90%\">\n<p class=\"has-small-font-size eplus-wrapper\">Abri fortement fortifi\u00e9 ou ensemble de pi\u00e8ces en b\u00e9ton arm\u00e9, construit sous terre comme un bunker enterr\u00e9 <br><em>Ex. photo de couverture : Fort Schoenenbourg, Ligne Maginot Alsace (FR)<\/em><\/p>\n<\/div>\n<\/div>\n\n\n<div style=\"height:9px\" aria-hidden=\"true\" class=\"wp-block-spacer eplus-wrapper\"><\/div>\n\n\n\n<h3 class=\"wp-block-heading has-custom-farbe-1-color has-text-color has-background has-link-color eplus-wrapper wp-elements-6e2578d9e2ed0f648357d7f4c132f1fe\" style=\"background:linear-gradient(3deg,rgb(228,222,208) 0%,rgb(242,236,221) 52%,rgb(228,222,208) 95%);padding-top:var(--wp--preset--spacing--10);padding-bottom:var(--wp--preset--spacing--10)\">La construction de bunkers pendant la premi\u00e8re et la seconde guerre mondiale<\/h3>\n\n\n\n<p class=\"eplus-wrapper\">La construction de bunkers s'est d\u00e9velopp\u00e9e rapidement pendant la Premi\u00e8re Guerre mondiale. Le renforcement des murs et des plafonds des bunkers s\u2019effectuait au fur et \u00e0 mesure du d\u00e9veloppement de l'\u00e9norme pouvoir de p\u00e9n\u00e9tration des armes. Pourtant, m\u00eame des plafonds d'une \u00e9paisseur de 10 m\u00e8tres n'offraient pas une protection absolue. Seul le camouflage le plus parfait possible offrait une certaine s\u00e9curit\u00e9.<\/p>\n\n\n\n<p class=\"eplus-wrapper\"><\/p>\n\n\n<div class=\"wp-block-columns are-vertically-aligned-center is-not-stacked-on-mobile eplus-wrapper is-layout-flex wp-container-core-columns-is-layout-28f84493 wp-block-columns-is-layout-flex eplus-styles-uid-5141dc\">\n<div class=\"wp-block-column is-vertically-aligned-center eplus-wrapper is-layout-flow wp-block-column-is-layout-flow\" style=\"flex-basis:80%\">\n<h4 class=\"wp-block-heading eplus-wrapper\"><strong>Bunkers et positions militaires<\/strong><\/h4>\n<\/div>\n\n\n\n<div class=\"wp-block-column is-vertically-aligned-center eplus-wrapper is-layout-flow wp-block-column-is-layout-flow\" style=\"flex-basis:10%\">\n<figure class=\"wp-block-image size-full is-resized eplus-wrapper\"><img loading=\"lazy\" decoding=\"async\" width=\"318\" height=\"295\" src=\"https:\/\/forte-cultura.com\/wp-content\/uploads\/bunkersystem-1945.png\" alt=\"\" class=\"wp-image-1904\" style=\"width:54px;height:auto\" srcset=\"https:\/\/forte-cultura.com\/wp-content\/uploads\/bunkersystem-1945.png 318w, https:\/\/forte-cultura.com\/wp-content\/uploads\/bunkersystem-1945-300x278.png 300w, https:\/\/forte-cultura.com\/wp-content\/uploads\/bunkersystem-1945-13x12.png 13w, https:\/\/forte-cultura.com\/wp-content\/uploads\/bunkersystem-1945-200x186.png 200w\" sizes=\"auto, (max-width: 318px) 100vw, 318px\" \/><\/figure>\n<\/div>\n\n\n\n<div class=\"wp-block-column is-vertically-aligned-center eplus-wrapper is-layout-flow wp-block-column-is-layout-flow\" style=\"flex-basis:10%\">\n<figure class=\"wp-block-image size-full is-resized eplus-wrapper\"><img loading=\"lazy\" decoding=\"async\" width=\"261\" height=\"188\" src=\"https:\/\/forte-cultura.com\/wp-content\/uploads\/bunker_mittel.png\" alt=\"\" class=\"wp-image-1903\" style=\"width:52px;height:auto\" srcset=\"https:\/\/forte-cultura.com\/wp-content\/uploads\/bunker_mittel.png 261w, https:\/\/forte-cultura.com\/wp-content\/uploads\/bunker_mittel-18x12.png 18w, https:\/\/forte-cultura.com\/wp-content\/uploads\/bunker_mittel-200x144.png 200w\" sizes=\"auto, (max-width: 261px) 100vw, 261px\" \/><\/figure>\n<\/div>\n<\/div>\n\n\n<p class=\"eplus-wrapper\">Des diverses constructions de bunker sont r\u00e9alis\u00e9s apr\u00e8s l\u2019attaque de l\u2019arm\u00e9e allemande sur des nombreux pays d\u2019Europe. Des bunkers de guidage militaires et des constructions d\u00e9fensives \u00e0 un c\u00f4t\u00e9 et des quartiers b\u00e9tonn\u00e9s \u2013 comme la Wolfsschanze \u2013 pour la direction politique et administrative du pays.<\/p>\n\n\n<div class=\"wp-block-columns are-vertically-aligned-center is-not-stacked-on-mobile eplus-wrapper is-layout-flex wp-container-core-columns-is-layout-28f84493 wp-block-columns-is-layout-flex eplus-styles-uid-1ac9c5\">\n<div class=\"wp-block-column is-vertically-aligned-center eplus-wrapper is-layout-flow wp-block-column-is-layout-flow\" style=\"flex-basis:90%\">\n<h4 class=\"wp-block-heading eplus-wrapper\"><strong>Installations civiles antia\u00e9riennes<\/strong><\/h4>\n<\/div>\n\n\n\n<div class=\"wp-block-column is-vertically-aligned-center eplus-wrapper is-layout-flow wp-block-column-is-layout-flow\" style=\"flex-basis:10%\">\n<figure class=\"wp-block-image size-full is-resized eplus-wrapper\"><img loading=\"lazy\" decoding=\"async\" width=\"265\" height=\"194\" src=\"https:\/\/forte-cultura.com\/wp-content\/uploads\/LSA-1945.png\" alt=\"\" class=\"wp-image-1912\" style=\"width:52px;height:auto\" srcset=\"https:\/\/forte-cultura.com\/wp-content\/uploads\/LSA-1945.png 265w, https:\/\/forte-cultura.com\/wp-content\/uploads\/LSA-1945-16x12.png 16w, https:\/\/forte-cultura.com\/wp-content\/uploads\/LSA-1945-200x146.png 200w\" sizes=\"auto, (max-width: 265px) 100vw, 265px\" \/><\/figure>\n<\/div>\n<\/div>\n\n\n<p class=\"eplus-wrapper\">Les attaques des forces a\u00e9riennes alli\u00e9es contre l'Allemagne ont conduit, \u00e0 l'automne 1940, \u00e0 la mise en \u0153uvre du \"F\u00fchrersofortprogramm\" (programme du F\u00fchrer avec mise en \u0153uvre imm\u00e9diate), qui concernait pr\u00e8s de 60 villes de plus de 100 000 habitants. Dans le cadre de ce programme, plus de 3 000 bunkers ont \u00e9t\u00e9 construits pour la population civile dans les r\u00e9gions d'Allemagne particuli\u00e8rement touch\u00e9es par les raids a\u00e9riens.<\/p>\n\n\n<div class=\"wp-block-columns are-vertically-aligned-center is-not-stacked-on-mobile eplus-wrapper is-layout-flex wp-container-core-columns-is-layout-28f84493 wp-block-columns-is-layout-flex eplus-styles-uid-6c54fb\">\n<div class=\"wp-block-column is-vertically-aligned-center eplus-wrapper is-layout-flow wp-block-column-is-layout-flow\" style=\"flex-basis:90%\">\n<h4 class=\"wp-block-heading eplus-wrapper\"><strong><strong>Sites d'armement souterrains<\/strong><\/strong><\/h4>\n<\/div>\n\n\n\n<div class=\"wp-block-column is-vertically-aligned-center eplus-wrapper is-layout-flow wp-block-column-is-layout-flow\" style=\"flex-basis:10%\">\n<figure class=\"wp-block-image size-full is-resized eplus-wrapper\"><img loading=\"lazy\" decoding=\"async\" width=\"265\" height=\"194\" src=\"https:\/\/forte-cultura.com\/wp-content\/uploads\/ruestungsbunker-1945.png\" alt=\"\" class=\"wp-image-1916\" style=\"width:52px;height:auto\" srcset=\"https:\/\/forte-cultura.com\/wp-content\/uploads\/ruestungsbunker-1945.png 265w, https:\/\/forte-cultura.com\/wp-content\/uploads\/ruestungsbunker-1945-16x12.png 16w, https:\/\/forte-cultura.com\/wp-content\/uploads\/ruestungsbunker-1945-200x146.png 200w\" sizes=\"auto, (max-width: 265px) 100vw, 265px\" \/><\/figure>\n<\/div>\n<\/div>\n\n\n<p class=\"eplus-wrapper\">Pour conserver la machinerie de guerre, d'\u00e9normes quantit\u00e9s d'\u00e9quipements et de fournitures militaires \u00e9taient n\u00e9cessaires durant la Seconde Guerre mondiale. L'attaque des Alli\u00e9s contre l'industrie allemande de l'armement n'a pas seulement conduit \u00e0 une d\u00e9centralisation de la production d'armement, mais aussi \u00e0 la d\u00e9localisation d'usines et de fabriques enti\u00e8res vers des sites d'armement souterrains et bunk\u00e9ris\u00e9s.<\/p>\n\n\n\n<hr class=\"is-style-wide wp-block-separator aligncenter has-text-color has-custom-farbe-1-color has-alpha-channel-opacity has-custom-farbe-1-background-color has-background eplus-wrapper\"\/>\n\n\n\n<h4 class=\"wp-block-heading has-text-align-center has-custom-farbe-1-color has-text-color has-link-color eplus-wrapper wp-elements-62f412e74f6b1becb248dbfb06511a98\">D\u00e9couvrir les bunkers de la Premi\u00e8re et de la Seconde Guerre mondiale avec FORTE CULTURA<\/h4>\n\n\n<div  class=\"ultp-post-grid-block wp-block-ultimate-post-post-grid-1 ultp-block-fa6b75\"><div class=\"ultp-block-wrapper\"><div class=\"ultp-loading\"><div class=\"ultp-loading-blocks\" style=\"width:100%;height:100%;\"><div style=\"left: 0;top: 0;animation-delay:0s;\"><\/div><div style=\"left: 21px;top: 0;animation-delay:0.125s;\"><\/div><div style=\"left: 42px;top: 0;animation-delay:0.25s;\"><\/div><div style=\"left: 0;top: 21px;animation-delay:0.875s;\"><\/div><div style=\"left: 42px;top: 21px;animation-delay:0.375s;\"><\/div><div style=\"left: 0;top: 42px;animation-delay:0.75s;\"><\/div><div style=\"left: 42px;top: 42px;animation-delay:0.625s;\"><\/div><div style=\"left: 21px;top: 42px;animation-delay:0.5s;\"><\/div><\/div><\/div><div class=\"ultp-block-items-wrap ultp-block-row ultp-pg1a-style1 ultp-grid1-responsive ultp-block-column-4 1 ultp-xs-column-1 ultp-layout1\"><div class=\"ultp-block-item post-id-3337\"><div class=\"ultp-block-content-wrap\"><div class=\"ultp-block-image ultp-block-image-opacity\"><a href=\"https:\/\/forte-cultura.com\/fr\/santoreste-it\/\" ><img decoding=\"async\"  class=\"ultp-block-image-content\"  alt=\"Sant&#039;Oreste (IT)\"  src=\"https:\/\/forte-cultura.com\/wp-content\/uploads\/montesoratte_08_\u00a9M.Kaule_-870x570.jpg\" \/><\/a><\/div><div class=\"ultp-block-content\"><h3 class=\"ultp-block-title\"><a href=\"https:\/\/forte-cultura.com\/fr\/santoreste-it\/\" >Sant'Oreste (IT)<\/a><\/h3><\/div><\/div><\/div><div class=\"ultp-block-item post-id-2216\"><div class=\"ultp-block-content-wrap\"><div class=\"ultp-block-image ultp-block-image-opacity\"><a href=\"https:\/\/forte-cultura.com\/fr\/westwall-radtour\/\" ><img decoding=\"async\"  class=\"ultp-block-image-content\"  alt=\"Tour \u00e0 v\u00e9lo du Westwall\"  src=\"https:\/\/forte-cultura.com\/wp-content\/uploads\/Ein-Mann-Bunker_klein.jpg\" \/><\/a><\/div><div class=\"ultp-block-content\"><h3 class=\"ultp-block-title\"><a href=\"https:\/\/forte-cultura.com\/fr\/westwall-radtour\/\" >Tour \u00e0 v\u00e9lo du Westwall<\/a><\/h3><\/div><\/div><\/div><div class=\"ultp-block-item post-id-1690\"><div class=\"ultp-block-content-wrap\"><div class=\"ultp-block-image ultp-block-image-opacity\"><a href=\"https:\/\/forte-cultura.com\/fr\/reimerswiller-fr\/\" ><img decoding=\"async\"  class=\"ultp-block-image-content\"  alt=\"Reimerswiller (FR)\"  src=\"https:\/\/forte-cultura.com\/wp-content\/uploads\/Reimerswiller-870x570.png\" \/><\/a><\/div><div class=\"ultp-block-content\"><h3 class=\"ultp-block-title\"><a href=\"https:\/\/forte-cultura.com\/fr\/reimerswiller-fr\/\" >Reimerswiller (FR)<\/a><\/h3><\/div><\/div><\/div><div class=\"ultp-block-item post-id-1683\"><div class=\"ultp-block-content-wrap\"><div class=\"ultp-block-image ultp-block-image-opacity\"><a href=\"https:\/\/forte-cultura.com\/fr\/griesheim-sur-souffel-fr\/\" ><img decoding=\"async\"  class=\"ultp-block-image-content\"  alt=\"Griesheim-sur-Souffel (FR)\"  src=\"https:\/\/forte-cultura.com\/wp-content\/uploads\/Nellkopf-870x570.png\" \/><\/a><\/div><div class=\"ultp-block-content\"><h3 class=\"ultp-block-title\"><a href=\"https:\/\/forte-cultura.com\/fr\/griesheim-sur-souffel-fr\/\" >Griesheim-sur-Souffel (FR)<\/a><\/h3><\/div><\/div><\/div><div class=\"ultp-block-item post-id-1656\"><div class=\"ultp-block-content-wrap\"><div class=\"ultp-block-image ultp-block-image-opacity\"><a href=\"https:\/\/forte-cultura.com\/fr\/neuried-altenheimde\/\" ><img decoding=\"async\"  class=\"ultp-block-image-content\"  alt=\"Neuried Altenheim (DE)\"  src=\"https:\/\/forte-cultura.com\/wp-content\/uploads\/Emilie-870x570.png\" \/><\/a><\/div><div class=\"ultp-block-content\"><h3 class=\"ultp-block-title\"><a href=\"https:\/\/forte-cultura.com\/fr\/neuried-altenheimde\/\" >Neuried Altenheim (DE)<\/a><\/h3><\/div><\/div><\/div><div class=\"ultp-block-item post-id-1647\"><div class=\"ultp-block-content-wrap\"><div class=\"ultp-block-image ultp-block-image-opacity\"><a href=\"https:\/\/forte-cultura.com\/fr\/hornisgrinde-de\/\" ><img decoding=\"async\"  class=\"ultp-block-image-content\"  alt=\"Hornisgrinde (DE)\"  src=\"https:\/\/forte-cultura.com\/wp-content\/uploads\/Hornisgrinde-870x570.png\" \/><\/a><\/div><div class=\"ultp-block-content\"><h3 class=\"ultp-block-title\"><a href=\"https:\/\/forte-cultura.com\/fr\/hornisgrinde-de\/\" >Hornisgrinde (DE)<\/a><\/h3><\/div><\/div><\/div><div class=\"ultp-block-item post-id-1636\"><div class=\"ultp-block-content-wrap\"><div class=\"ultp-block-image ultp-block-image-opacity\"><a href=\"https:\/\/forte-cultura.com\/fr\/kehl-neumuehl-de\/\" ><img decoding=\"async\"  class=\"ultp-block-image-content\"  alt=\"Kehl-Neum\u00fchl (DE)\"  src=\"https:\/\/forte-cultura.com\/wp-content\/uploads\/Neumuehl-870x570.png\" \/><\/a><\/div><div class=\"ultp-block-content\"><h3 class=\"ultp-block-title\"><a href=\"https:\/\/forte-cultura.com\/fr\/kehl-neumuehl-de\/\" >Kehl-Neum\u00fchl (DE)<\/a><\/h3><\/div><\/div><\/div><div class=\"ultp-block-item post-id-1623\"><div class=\"ultp-block-content-wrap\"><div class=\"ultp-block-image ultp-block-image-opacity\"><a href=\"https:\/\/forte-cultura.com\/fr\/dettenheim-russheim-de\/\" ><img decoding=\"async\"  class=\"ultp-block-image-content\"  alt=\"Dettenheim-Ru\u00dfheim (DE)\"  src=\"https:\/\/forte-cultura.com\/wp-content\/uploads\/Dettenheim-870x570.png\" \/><\/a><\/div><div class=\"ultp-block-content\"><h3 class=\"ultp-block-title\"><a href=\"https:\/\/forte-cultura.com\/fr\/dettenheim-russheim-de\/\" >Dettenheim-Ru\u00dfheim (DE)<\/a><\/h3><\/div><\/div><\/div><div class=\"ultp-block-item post-id-995\"><div class=\"ultp-block-content-wrap\"><div class=\"ultp-block-image ultp-block-image-opacity\"><a href=\"https:\/\/forte-cultura.com\/fr\/schoenenbourg-fr\/\" ><img decoding=\"async\"  class=\"ultp-block-image-content\"  alt=\"Schoenenbourg (FR)\"  src=\"https:\/\/forte-cultura.com\/wp-content\/uploads\/Schoenenbourg_1-870x570.jpg\" \/><\/a><\/div><div class=\"ultp-block-content\"><h3 class=\"ultp-block-title\"><a href=\"https:\/\/forte-cultura.com\/fr\/schoenenbourg-fr\/\" >Schoenenbourg (FR)<\/a><\/h3><\/div><\/div><\/div><div class=\"ultp-block-item post-id-890\"><div class=\"ultp-block-content-wrap\"><div class=\"ultp-block-image ultp-block-image-opacity\"><a href=\"https:\/\/forte-cultura.com\/fr\/lembach-fr\/\" ><img decoding=\"async\"  class=\"ultp-block-image-content\"  alt=\"Lembach (FR)\"  src=\"https:\/\/forte-cultura.com\/wp-content\/uploads\/Fort-a-Chaux_Lembach_\u00a9SILE-870x570.jpg\" \/><\/a><\/div><div class=\"ultp-block-content\"><h3 class=\"ultp-block-title\"><a href=\"https:\/\/forte-cultura.com\/fr\/lembach-fr\/\" >Lembach (FR)<\/a><\/h3><\/div><\/div><\/div><div class=\"ultp-block-item post-id-887\"><div class=\"ultp-block-content-wrap\"><div class=\"ultp-block-image ultp-block-image-opacity\"><a href=\"https:\/\/forte-cultura.com\/fr\/la-linea-de-la-concepcion-es\/\" ><img decoding=\"async\"  class=\"ultp-block-image-content\"  alt=\"La L\u00ednea de la Concepci\u00f3n (ES)\"  src=\"https:\/\/forte-cultura.com\/wp-content\/uploads\/2018_La-Linea-de-la-Concepcion1-870x570.jpg\" \/><\/a><\/div><div class=\"ultp-block-content\"><h3 class=\"ultp-block-title\"><a href=\"https:\/\/forte-cultura.com\/fr\/la-linea-de-la-concepcion-es\/\" >La L\u00ednea de la Concepci\u00f3n (ES)<\/a><\/h3><\/div><\/div><\/div><div class=\"ultp-block-item post-id-690\"><div class=\"ultp-block-content-wrap\"><div class=\"ultp-block-image ultp-block-image-opacity\"><a href=\"https:\/\/forte-cultura.com\/fr\/haguenau-fr\/\" ><img decoding=\"async\"  class=\"ultp-block-image-content\"  alt=\"Haguenau (FR)\"  src=\"https:\/\/forte-cultura.com\/wp-content\/uploads\/2023\/11\/Musee-de-lAbri-Hatten\u00a9ADT-C.FLEITH_1-870x570.jpg\" \/><\/a><\/div><div class=\"ultp-block-content\"><h3 class=\"ultp-block-title\"><a href=\"https:\/\/forte-cultura.com\/fr\/haguenau-fr\/\" >Haguenau (FR)<\/a><\/h3><\/div><\/div><\/div><\/div><\/div><div class=\"pagination-block-html\" aria-hidden=\"true\" style=\"display: none;\"><\/div><\/div>\n\n\n<hr class=\"is-style-wide wp-block-separator aligncenter has-text-color has-custom-farbe-1-color has-alpha-channel-opacity has-custom-farbe-1-background-color has-background eplus-wrapper\"\/>","protected":false},"excerpt":{"rendered":"<p>Versteckte Befestigungsarchitektur des 20. Jahrhunderts Stark befestigter Schutzraum oder Raumkomplex in Stahlbetonbauweise, unterirdisch als Tiefbunker ausgef\u00fchrt. Bsp. Titelbild: Fort Schoenenbourg, Maginot Linie Elsass (FR) Bunkerbauten des 1. und 2. Weltkrieges [&hellip;]<\/p>\n","protected":false},"author":1,"featured_media":1901,"parent":1892,"menu_order":1,"comment_status":"closed","ping_status":"closed","template":"","meta":{"editor_plus_copied_stylings":"{}","pgc_sgb_lightbox_settings":"","_price":"","_stock":"","_tribe_ticket_header":"","_tribe_default_ticket_provider":"","_tribe_ticket_capacity":"0","_ticket_start_date":"","_ticket_end_date":"","_tribe_ticket_show_description":"","_tribe_ticket_show_not_going":false,"_tribe_ticket_use_global_stock":"","_tribe_ticket_global_stock_level":"","_global_stock_mode":"","_global_stock_cap":"","_tribe_rsvp_for_event":"","_tribe_ticket_going_count":"","_tribe_ticket_not_going_count":"","_tribe_tickets_list":"[]","_tribe_ticket_has_attendee_info_fields":false,"_EventAllDay":false,"_EventTimezone":"","_EventStartDate":"","_EventEndDate":"","_EventStartDateUTC":"","_EventEndDateUTC":"","_EventShowMap":false,"_EventShowMapLink":false,"_EventURL":"","_EventCost":"","_EventCostDescription":"","_EventCurrencySymbol":"","_EventCurrencyCode":"","_EventCurrencyPosition":"","_EventDateTimeSeparator":"","_EventTimeRangeSeparator":"","_EventOrganizerID":[],"_EventVenueID":[],"_OrganizerEmail":"","_OrganizerPhone":"","_OrganizerWebsite":"","_VenueAddress":"","_VenueCity":"","_VenueCountry":"","_VenueProvince":"","_VenueState":"","_VenueZip":"","_VenuePhone":"","_VenueURL":"","_VenueStateProvince":"","_VenueLat":"","_VenueLng":"","_VenueShowMap":false,"_VenueShowMapLink":false,"footnotes":""},"class_list":["post-1900","page","type-page","status-publish","has-post-thumbnail","hentry"],"_links":{"self":[{"href":"https:\/\/forte-cultura.com\/fr\/wp-json\/wp\/v2\/pages\/1900","targetHints":{"allow":["GET"]}}],"collection":[{"href":"https:\/\/forte-cultura.com\/fr\/wp-json\/wp\/v2\/pages"}],"about":[{"href":"https:\/\/forte-cultura.com\/fr\/wp-json\/wp\/v2\/types\/page"}],"author":[{"embeddable":true,"href":"https:\/\/forte-cultura.com\/fr\/wp-json\/wp\/v2\/users\/1"}],"replies":[{"embeddable":true,"href":"https:\/\/forte-cultura.com\/fr\/wp-json\/wp\/v2\/comments?post=1900"}],"version-history":[{"count":0,"href":"https:\/\/forte-cultura.com\/fr\/wp-json\/wp\/v2\/pages\/1900\/revisions"}],"up":[{"embeddable":true,"href":"https:\/\/forte-cultura.com\/fr\/wp-json\/wp\/v2\/pages\/1892"}],"wp:featuredmedia":[{"embeddable":true,"href":"https:\/\/forte-cultura.com\/fr\/wp-json\/wp\/v2\/media\/1901"}],"wp:attachment":[{"href":"https:\/\/forte-cultura.com\/fr\/wp-json\/wp\/v2\/media?parent=1900"}],"curies":[{"name":"wp","href":"https:\/\/api.w.org\/{rel}","templated":true}]}}