{"id":1262,"date":"2023-12-20T13:14:22","date_gmt":"2023-12-20T12:14:22","guid":{"rendered":"https:\/\/forte-cultura.com\/?page_id=1262"},"modified":"2026-01-15T14:55:04","modified_gmt":"2026-01-15T13:55:04","slug":"patrimoine-culturel-monuments-fortifies","status":"publish","type":"page","link":"https:\/\/forte-cultura.com\/fr\/kulturerbe-festungsmonumente\/","title":{"rendered":"Patrimoine Culturel Monuments Fortifi\u00e9s"},"content":{"rendered":"<div style=\"height:13px\" aria-hidden=\"true\" class=\"wp-block-spacer eplus-wrapper\"><\/div>\n\n\n\n<p class=\"is-style-default has-text-align-center has-heading-font-family eplus-wrapper\" style=\"font-size:clamp(1.071rem, 1.071rem + ((1vw - 0.2rem) * 0.982), 1.66rem);font-style:italic;font-weight:400\">De tout temps, les souverains ont conquis et assujetti des territoires \u00e9trangers. Les occupants, mais aussi les menac\u00e9s, se sont dot\u00e9s de d\u00e9fenses de plus en plus puissantes et sophistiqu\u00e9es gr\u00e2ce \u00e0 l'am\u00e9lioration constante des techniques d'armement.<\/p>\n\n\n\n<div style=\"height:11px\" aria-hidden=\"true\" class=\"wp-block-spacer eplus-wrapper\"><\/div>\n\n\n\n<p class=\"eplus-wrapper\"><strong>\u201eArchitectura Militaris\u201c<\/strong>\u00a0- d\u00e9signe cet art particulier de la fortification qui a laiss\u00e9 un h\u00e9ritage culturel exceptionnel de plusieurs mill\u00e9naires d'histoire europ\u00e9enne. Apprenez-en plus sur une cat\u00e9gorie d'ouvrages passionnante et peu connue et sur ses multiples particularit\u00e9s architecturales. Elle est le t\u00e9moin des affrontements mouvement\u00e9s et dramatiques entre les maisons souveraines, les dynasties et les empires jusqu'au pass\u00e9 r\u00e9cent de l'Europe.<\/p>\n\n\n\n<hr class=\"is-style-wide wp-block-separator aligncenter has-text-color has-accent-2-color has-alpha-channel-opacity has-accent-2-background-color has-background eplus-wrapper\" style=\"margin-top:var(--wp--preset--spacing--20);margin-bottom:var(--wp--preset--spacing--10)\"\/>\n\n\n<div class=\"wp-block-columns eplus-wrapper is-layout-flex wp-container-core-columns-is-layout-c5150b4a wp-block-columns-is-layout-flex eplus-styles-uid-d13c36\">\n<div class=\"wp-block-column has-accent-5-background-color has-background eplus-wrapper is-layout-flow wp-container-core-column-is-layout-64d94144 wp-block-column-is-layout-flow\" style=\"padding-top:var(--wp--preset--spacing--20);padding-right:var(--wp--preset--spacing--10);padding-bottom:var(--wp--preset--spacing--20);padding-left:var(--wp--preset--spacing--10)\">\n<h3 class=\"wp-block-heading has-text-align-center eplus-wrapper\" style=\"padding-right:0;padding-left:0\"><a href=\"https:\/\/forte-cultura.com\/kulturerbe-festungsmonumente\/geschichte-des-festungsbaus\/\" data-type=\"page\" data-id=\"1702\">Histoire de la construction de forteresses<\/a><\/h3>\n\n\n\n<p class=\"has-text-align-center eplus-wrapper\" style=\"padding-right:0;padding-left:0\">L'histoire s'\u00e9tend des simples fortifications en bois et des remparts en terre datant de plusieurs mill\u00e9naires aux remparts de fronti\u00e8re et aux murs, par exemple des Romains et des Chinois, puis aux murs de ville m\u00e9di\u00e9vaux, \u00e0 leur transformation en remparts et bastions, en forteresses, en villes fortifi\u00e9es, en syst\u00e8mes de fortification et en lignes de d\u00e9fense.<\/p>\n<\/div>\n\n\n\n<div class=\"wp-block-column has-accent-background-color has-background eplus-wrapper is-layout-flow wp-block-column-is-layout-flow\" style=\"padding-top:var(--wp--preset--spacing--20);padding-right:var(--wp--preset--spacing--10);padding-bottom:var(--wp--preset--spacing--20);padding-left:var(--wp--preset--spacing--10)\">\n<h3 class=\"wp-block-heading has-text-align-center eplus-wrapper\"><a href=\"https:\/\/forte-cultura.com\/kulturerbe-festungsmonumente\/geschichte-des-festungsbaus\/festungsbau-vom-15-19-jahrhundert\/verteidigungslinien\/\" data-type=\"page\" data-id=\"2149\">Architecture de forteresse 15e-19e s.<\/a><\/h3>\n\n\n\n<p class=\"has-text-align-center eplus-wrapper\">L'introduction des armes \u00e0 feu a entra\u00een\u00e9 un changement fondamental dans la construction des fortifications. Les ouvrages de d\u00e9fense et les tours des ch\u00e2teaux furent transform\u00e9s en bastions gigantesques, en murs solides avec de profonds foss\u00e9s, adapt\u00e9s \u00e0 la balistique et \u00e0 la port\u00e9e des nouveaux projectiles.<\/p>\n<\/div>\n\n\n\n<div class=\"wp-block-column has-accent-2-background-color has-background eplus-wrapper is-layout-flow wp-block-column-is-layout-flow\" style=\"padding-top:var(--wp--preset--spacing--20);padding-right:var(--wp--preset--spacing--10);padding-bottom:var(--wp--preset--spacing--20);padding-left:var(--wp--preset--spacing--10)\">\n<h3 class=\"wp-block-heading has-text-align-center eplus-wrapper\"><a href=\"https:\/\/forte-cultura.com\/kulturerbe-festungsmonumente\/geschichte-des-festungsbaus\/festungen-des-20-jahrhunderts\/\" data-type=\"page\" data-id=\"1892\">Architecture de forteresse 20e si\u00e8cle<\/a><\/h3>\n\n\n\n<p class=\"has-text-align-center eplus-wrapper\">Le d\u00e9veloppement du b\u00e9ton arm\u00e9 a entra\u00een\u00e9 un deuxi\u00e8me changement fondamental dans la construction de fortifications. Les forteresses en pierre \u00e9taient en grande partie inefficaces contre les armes modernes. La construction de fortifications s'est camoufl\u00e9e et orient\u00e9e vers le sous-sol. Des lignes de bunkers gigantesques, des syst\u00e8mes de protection antia\u00e9rienne et des bunkers gouvernementaux ont vu le jour.<\/p>\n<\/div>\n<\/div>\n\n\n<hr class=\"is-style-wide wp-block-separator aligncenter has-text-color has-accent-2-color has-alpha-channel-opacity has-accent-2-background-color has-background eplus-wrapper\" style=\"margin-top:var(--wp--preset--spacing--10);margin-bottom:var(--wp--preset--spacing--10)\"\/>\n\n\n<div  class=\"wp-block-ultimate-post-ultp-taxonomy ultp-block-cd9f09\"><div class=\"ultp-block-wrapper\"><div class=\"ultp-loading\"><div class=\"ultp-loading-blocks\" style=\"width:100%;height:100%;\"><div style=\"left: 0;top: 0;animation-delay:0s;\"><\/div><div style=\"left: 21px;top: 0;animation-delay:0.125s;\"><\/div><div style=\"left: 42px;top: 0;animation-delay:0.25s;\"><\/div><div style=\"left: 0;top: 21px;animation-delay:0.875s;\"><\/div><div style=\"left: 42px;top: 21px;animation-delay:0.375s;\"><\/div><div style=\"left: 0;top: 42px;animation-delay:0.75s;\"><\/div><div style=\"left: 42px;top: 42px;animation-delay:0.625s;\"><\/div><div style=\"left: 21px;top: 42px;animation-delay:0.5s;\"><\/div><\/div><\/div><div class=\"ultp-heading-filter\"><div class=\"ultp-heading-filter-in\"><div class=\"ultp-heading-wrap ultp-heading-style9 ultp-heading-center\"><h2 class=\"ultp-heading-inner\"><span>FORTE CULTURA Stations par type de forteresse<\/span><\/h2><\/div><\/div><\/div><div class=\"ultp-block-items-wrap\"><ul class=\"ultp-taxonomy-items  ultp-taxonomy-animation-none ultp-taxonomy-column-3 ultp-taxonomy-layout-1\"><li class=\"ultp-block-item ultp-taxonomy-item\"><a href=\"https:\/\/forte-cultura.com\/fr\/category\/festungserbe\/befestigte-burg\/\" ><span class=\"ultp-taxonomy-name\" >Les ch\u00e2teaux fortifi\u00e9s<\/span><span class=\"ultp-taxonomy-count\" >7<\/span><\/a><\/li><li class=\"ultp-block-item ultp-taxonomy-item\"><a href=\"https:\/\/forte-cultura.com\/fr\/category\/festungserbe\/befestigte-idealstadt\/\" ><span class=\"ultp-taxonomy-name\" >La ville id\u00e9ale fortifi\u00e9e<\/span><span class=\"ultp-taxonomy-count\" >5<\/span><\/a><\/li><li class=\"ultp-block-item ultp-taxonomy-item\"><a href=\"https:\/\/forte-cultura.com\/fr\/category\/festungserbe\/befestigte-stadt\/\" ><span class=\"ultp-taxonomy-name\" >La ville fortifi\u00e9e<\/span><span class=\"ultp-taxonomy-count\" >3<\/span><\/a><\/li><li class=\"ultp-block-item ultp-taxonomy-item\"><a href=\"https:\/\/forte-cultura.com\/fr\/category\/festungserbe\/befestigtes-schloss\/\" ><span class=\"ultp-taxonomy-name\" >Le palais fortifi\u00e9<\/span><span class=\"ultp-taxonomy-count\" >4<\/span><\/a><\/li><li class=\"ultp-block-item ultp-taxonomy-item\"><a href=\"https:\/\/forte-cultura.com\/fr\/category\/festungserbe\/festung\/\" ><span class=\"ultp-taxonomy-name\" >Forteresse<\/span><span class=\"ultp-taxonomy-count\" >10<\/span><\/a><\/li><li class=\"ultp-block-item ultp-taxonomy-item\"><a href=\"https:\/\/forte-cultura.com\/fr\/category\/festungserbe\/festungssystem\/\" ><span class=\"ultp-taxonomy-name\" >Syst\u00e8me de forteresse<\/span><span class=\"ultp-taxonomy-count\" >16<\/span><\/a><\/li><li class=\"ultp-block-item ultp-taxonomy-item\"><a href=\"https:\/\/forte-cultura.com\/fr\/category\/festungserbe\/fort\/\" ><span class=\"ultp-taxonomy-name\" >Fort<\/span><span class=\"ultp-taxonomy-count\" >3<\/span><\/a><\/li><li class=\"ultp-block-item ultp-taxonomy-item\"><a href=\"https:\/\/forte-cultura.com\/fr\/category\/festungserbe\/verteidigungslinie\/\" ><span class=\"ultp-taxonomy-name\" >Ligne de d\u00e9fense<\/span><span class=\"ultp-taxonomy-count\" >1<\/span><\/a><\/li><li class=\"ultp-block-item ultp-taxonomy-item\"><a href=\"https:\/\/forte-cultura.com\/fr\/category\/festungserbe\/zitadelle\/\" ><span class=\"ultp-taxonomy-name\" >Les citadelles<\/span><span class=\"ultp-taxonomy-count\" >6<\/span><\/a><\/li><li class=\"ultp-block-item ultp-taxonomy-item\"><a href=\"https:\/\/forte-cultura.com\/fr\/category\/festungserbe-20-jh\/militaerbunker\/\" ><span class=\"ultp-taxonomy-name\" >Bunkers militaires<\/span><span class=\"ultp-taxonomy-count\" >11<\/span><\/a><\/li><li class=\"ultp-block-item ultp-taxonomy-item\"><a href=\"https:\/\/forte-cultura.com\/fr\/category\/festungserbe-20-jh\/regierungsbunker\/\" ><span class=\"ultp-taxonomy-name\" >Abri du gouvernement<\/span><span class=\"ultp-taxonomy-count\" >3<\/span><\/a><\/li><li class=\"ultp-block-item ultp-taxonomy-item\"><a href=\"https:\/\/forte-cultura.com\/fr\/category\/festungserbe-20-jh\/verteidigungslinie-20-jh\/\" ><span class=\"ultp-taxonomy-name\" >Ligne de d\u00e9fense 20e si\u00e8cle<\/span><span class=\"ultp-taxonomy-count\" >9<\/span><\/a><\/li><\/ul><\/div><\/div><\/div>\n\n\n<figure class=\"wp-block-image aligncenter size-large eplus-wrapper\"><img loading=\"lazy\" decoding=\"async\" width=\"1024\" height=\"865\" src=\"https:\/\/forte-cultura.com\/wp-content\/uploads\/2023\/11\/ECCOFORT_Festungskarte2023-1024x865.jpg\" alt=\"\" class=\"wp-image-108\" srcset=\"https:\/\/forte-cultura.com\/wp-content\/uploads\/2023\/11\/ECCOFORT_Festungskarte2023-1024x865.jpg 1024w, https:\/\/forte-cultura.com\/wp-content\/uploads\/2023\/11\/ECCOFORT_Festungskarte2023-300x254.jpg 300w, https:\/\/forte-cultura.com\/wp-content\/uploads\/2023\/11\/ECCOFORT_Festungskarte2023-768x649.jpg 768w, https:\/\/forte-cultura.com\/wp-content\/uploads\/2023\/11\/ECCOFORT_Festungskarte2023-1536x1298.jpg 1536w, https:\/\/forte-cultura.com\/wp-content\/uploads\/2023\/11\/ECCOFORT_Festungskarte2023.jpg 2000w\" sizes=\"auto, (max-width: 1024px) 100vw, 1024px\" \/><figcaption class=\"wp-element-caption\">Carte de la forteresse Europe \u00a9ECCOFORT e.V.<\/figcaption><\/figure>","protected":false},"excerpt":{"rendered":"<p>Zu allen Zeiten eroberten und unterwarfen Herrscher fremde Gebiete. Die Besatzer und auch die Bedrohten indes schufen sich Verteidigungsanlagen, die sie angesichts st\u00e4ndig verbesserter Waffentechnik immer m\u00e4chtiger und immer raffinierter [&hellip;]<\/p>\n","protected":false},"author":1,"featured_media":1700,"parent":0,"menu_order":0,"comment_status":"closed","ping_status":"closed","template":"","meta":{"editor_plus_copied_stylings":"{}","pgc_sgb_lightbox_settings":"","_price":"","_stock":"","_tribe_ticket_header":"","_tribe_default_ticket_provider":"","_tribe_ticket_capacity":"0","_ticket_start_date":"","_ticket_end_date":"","_tribe_ticket_show_description":"","_tribe_ticket_show_not_going":false,"_tribe_ticket_use_global_stock":"","_tribe_ticket_global_stock_level":"","_global_stock_mode":"","_global_stock_cap":"","_tribe_rsvp_for_event":"","_tribe_ticket_going_count":"","_tribe_ticket_not_going_count":"","_tribe_tickets_list":"[]","_tribe_ticket_has_attendee_info_fields":false,"_EventAllDay":false,"_EventTimezone":"","_EventStartDate":"","_EventEndDate":"","_EventStartDateUTC":"","_EventEndDateUTC":"","_EventShowMap":false,"_EventShowMapLink":false,"_EventURL":"","_EventCost":"","_EventCostDescription":"","_EventCurrencySymbol":"","_EventCurrencyCode":"","_EventCurrencyPosition":"","_EventDateTimeSeparator":"","_EventTimeRangeSeparator":"","_EventOrganizerID":[],"_EventVenueID":[],"_OrganizerEmail":"","_OrganizerPhone":"","_OrganizerWebsite":"","_VenueAddress":"","_VenueCity":"","_VenueCountry":"","_VenueProvince":"","_VenueState":"","_VenueZip":"","_VenuePhone":"","_VenueURL":"","_VenueStateProvince":"","_VenueLat":"","_VenueLng":"","_VenueShowMap":false,"_VenueShowMapLink":false,"footnotes":""},"class_list":["post-1262","page","type-page","status-publish","has-post-thumbnail","hentry"],"_links":{"self":[{"href":"https:\/\/forte-cultura.com\/fr\/wp-json\/wp\/v2\/pages\/1262","targetHints":{"allow":["GET"]}}],"collection":[{"href":"https:\/\/forte-cultura.com\/fr\/wp-json\/wp\/v2\/pages"}],"about":[{"href":"https:\/\/forte-cultura.com\/fr\/wp-json\/wp\/v2\/types\/page"}],"author":[{"embeddable":true,"href":"https:\/\/forte-cultura.com\/fr\/wp-json\/wp\/v2\/users\/1"}],"replies":[{"embeddable":true,"href":"https:\/\/forte-cultura.com\/fr\/wp-json\/wp\/v2\/comments?post=1262"}],"version-history":[{"count":0,"href":"https:\/\/forte-cultura.com\/fr\/wp-json\/wp\/v2\/pages\/1262\/revisions"}],"wp:featuredmedia":[{"embeddable":true,"href":"https:\/\/forte-cultura.com\/fr\/wp-json\/wp\/v2\/media\/1700"}],"wp:attachment":[{"href":"https:\/\/forte-cultura.com\/fr\/wp-json\/wp\/v2\/media?parent=1262"}],"curies":[{"name":"wp","href":"https:\/\/api.w.org\/{rel}","templated":true}]}}