{"id":4821,"date":"2026-01-17T13:38:18","date_gmt":"2026-01-17T12:38:18","guid":{"rendered":"https:\/\/forte-cultura.com\/?post_type=tribe_events&#038;p=4821"},"modified":"2026-01-17T13:49:39","modified_gmt":"2026-01-17T12:49:39","slug":"vivir-josefov-2026-cz","status":"publish","type":"tribe_events","link":"https:\/\/forte-cultura.com\/es\/event\/living-josefov-2026-cz\/","title":{"rendered":"Vivir Josefov 2026 (CZ)"},"content":{"rendered":"<div  class=\"tribe-events-schedule tribe-clearfix\" >\n\t<p class=\"tribe-events-schedule__datetime\">\n\t\t<span class=\"tribe-events-schedule__date tribe-events-schedule__date--start\">\n\t\t\t10. julio\t\t<\/span>\n\n\t\t\n\t\t\t\t\t\t\t\t\t<span class=\"tribe-events-schedule__separator tribe-events-schedule__separator--time\">\n\t\t\t\t\t \u2013 \t\t\t\t<\/span>\n\t\t\t\n\t\t\t\t\t\t\t<span class=\"tribe-events-schedule__date tribe-events-schedule__date--end\">\n\t\t\t\t\t11. julio\t\t\t\t<\/span>\n\n\t\t\t\t\n\t\t\t\n\t\t\t\t\t\t\t<span class=\"tribe-events-schedule__timezone\">CEST<\/span>\n\t\t\t\t\t\t<\/p>\n<\/div>\n\n\n<figure class=\"wp-block-post-featured-image\"><img loading=\"lazy\" decoding=\"async\" width=\"1800\" height=\"1200\" src=\"https:\/\/forte-cultura.com\/wp-content\/uploads\/htgXenWx6V2m-living-josefov-2026.jpg\" class=\"attachment-post-thumbnail size-post-thumbnail wp-post-image\" alt=\"Gente con trajes hist\u00f3ricos en la ciudad fortaleza de Josephstadt (Josefov, CZ).\" style=\"object-fit:cover;\" srcset=\"https:\/\/forte-cultura.com\/wp-content\/uploads\/htgXenWx6V2m-living-josefov-2026.jpg 1800w, https:\/\/forte-cultura.com\/wp-content\/uploads\/htgXenWx6V2m-living-josefov-2026-300x200.jpg 300w, https:\/\/forte-cultura.com\/wp-content\/uploads\/htgXenWx6V2m-living-josefov-2026-1024x683.jpg 1024w, https:\/\/forte-cultura.com\/wp-content\/uploads\/htgXenWx6V2m-living-josefov-2026-768x512.jpg 768w, https:\/\/forte-cultura.com\/wp-content\/uploads\/htgXenWx6V2m-living-josefov-2026-1536x1024.jpg 1536w, https:\/\/forte-cultura.com\/wp-content\/uploads\/htgXenWx6V2m-living-josefov-2026-18x12.jpg 18w, https:\/\/forte-cultura.com\/wp-content\/uploads\/htgXenWx6V2m-living-josefov-2026-1200x800.jpg 1200w\" sizes=\"auto, (max-width: 1800px) 100vw, 1800px\" \/><\/figure>\n\n\n<p class=\"eplus-wrapper\">El evento \u201eJosefov vivo 2026\u201c entra en su und\u00e9cima edici\u00f3n con el tema \u201eJosefov en la \u00e9poca de los seises\u201c y presenta diversos periodos hist\u00f3ricos asociados a la fortaleza: de 1866 a 1926-1936 y otros \u201esexenios\u201c. <\/p>\n\n\n\n<p class=\"eplus-wrapper\">Los visitantes podr\u00e1n disfrutar de un emocionante programa cultural el viernes en el Basti\u00f3n IV, un mercado con un centenar de comerciantes el s\u00e1bado, un programa hist\u00f3rico y cultural que durar\u00e1 todo el d\u00eda, presentaciones arqueol\u00f3gicas, paseos tem\u00e1ticos y un juego interactivo desarrollado en colaboraci\u00f3n con la fortaleza de K\u0142odzko. <\/p>\n\n\n\n<p class=\"eplus-wrapper\">El acto combina historia, cultura y vida comunitaria en Josefov y contribuye a la revitalizaci\u00f3n de toda la regi\u00f3n. La entrada es gratuita.<\/p>\n\n\n\n<p class=\"eplus-wrapper\"><a href=\"https:\/\/fb.me\/e\/3Q6KZjlfM\" target=\"_blank\" rel=\"noreferrer noopener\">P\u00e1gina del evento en Facebook<\/a><\/p>\n\n\n<div  class=\"tribe-block tribe-block__event-price\" >\n\t\t<\/div>\n\n\n\n\n<div  class=\"tribe-block tribe-block__venue tribe-clearfix tribe-block__venue--has-map\" >\n\t\n\t\n<div class=\"tribe-block__venue__meta\">\n\t<div class=\"tribe-block__venue__name\">\n\t\t<h3>Josefov<\/h3>\n\t<\/div>\n\n\t\n\t\t\t\t\t\t<address class=\"tribe-block__venue__address\">\n\t\t\t\t<span class=\"tribe-address\">\n\n<span class=\"tribe-street-address\">Masarykovo n\u00e1m\u011bst\u00ed<\/span>\n\t\n\t\t<br>\n\t\t<span class=\"tribe-locality\">Jarom\u011b\u0159-Josefov<\/span><span class=\"tribe-delimiter\">,<\/span>\n\n\n\t<span class=\"tribe-postal-code\">55102<\/span>\n\n\t<span class=\"tribe-country-name\">Rep\u00fablica Checa<\/span>\n\n<\/span>\n\n\t\t\t\t\t\t\t\t\t<a class=\"tribe-events-gmap\" href=\"https:\/\/maps.google.com\/maps?f=q&#038;source=s_q&#038;hl=en&#038;geocode=&#038;q=Masarykovo+n%C3%A1m%C4%9Bst%C3%AD+Jarom%C4%9B%C5%99-Josefov+55102+Czech+Republic\" title=\"Haz clic para ver un mapa de Google\" target=\"_blank\" rel=\"noreferrer noopener\">+ Mapa de Google<\/a>\t\t\t\t\t\t\t<\/address>\n\t\t\n\t\t\n\t\t\t\n\t<\/div>\n\t\n<div class=\"tribe-block__venue__map\">\n\t<div id=\"tribe-events-gmap-0\" style=\"height: 256px; width: 310px\" aria-hidden=\"true\"><\/div><!-- #tribe-events-gmap- -->\n<\/div>\n\n\t<\/div>\n\n\n\n<figure class=\"wp-block-image size-large eplus-wrapper\"><img loading=\"lazy\" decoding=\"async\" width=\"1024\" height=\"678\" src=\"https:\/\/forte-cultura.com\/wp-content\/uploads\/CgjLqDHqWGPp-josefov-photo-1024x678.jpg\" alt=\"\" class=\"wp-image-4823\" srcset=\"https:\/\/forte-cultura.com\/wp-content\/uploads\/CgjLqDHqWGPp-josefov-photo-1024x678.jpg 1024w, https:\/\/forte-cultura.com\/wp-content\/uploads\/CgjLqDHqWGPp-josefov-photo-300x200.jpg 300w, https:\/\/forte-cultura.com\/wp-content\/uploads\/CgjLqDHqWGPp-josefov-photo-768x508.jpg 768w, https:\/\/forte-cultura.com\/wp-content\/uploads\/CgjLqDHqWGPp-josefov-photo-18x12.jpg 18w, https:\/\/forte-cultura.com\/wp-content\/uploads\/CgjLqDHqWGPp-josefov-photo.jpg 1360w\" sizes=\"auto, (max-width: 1024px) 100vw, 1024px\" \/><figcaption class=\"wp-element-caption\">Ciudad ideal fortificada Josefov (CZ)<\/figcaption><\/figure>\n\n\n\n\n\t<div  class=\"tribe-block tribe-block__events-link\" >\n\t\t<div class=\"tribe-events tribe-common\">\n\t\t\t<div class=\"tribe-events-c-subscribe-dropdown__container\">\n\t\t\t\t<div class=\"tribe-events-c-subscribe-dropdown\">\n\t\t\t\t\t<div class=\"tribe-common-c-btn-border tribe-events-c-subscribe-dropdown__button\">\n\t\t\t\t\t\t<svg\n\t class=\"tribe-common-c-svgicon tribe-common-c-svgicon--cal-export tribe-events-c-subscribe-dropdown__export-icon\" \taria-hidden=\"true\"\n\tviewbox=\"0 0 23 17\"\n\txmlns=\"http:\/\/www.w3.org\/2000\/svg\"\n>\n\t<path fill-rule=\"evenodd\" clip-rule=\"evenodd\" d=\"M.128.896V16.13c0 .211.145.383.323.383h15.354c.179 0 .323-.172.323-.383V.896c0-.212-.144-.383-.323-.383H.451C.273.513.128.684.128.896Zm16 6.742h-.901V4.679H1.009v10.729h14.218v-3.336h.901V7.638ZM1.01 1.614h14.218v2.058H1.009V1.614Z\" \/>\n\t<path d=\"M20.5 9.846H8.312M18.524 6.953l2.89 2.909-2.855 2.855\" stroke-width=\"1.2\" stroke-linecap=\"round\" stroke-linejoin=\"round\"\/>\n<\/svg>\n\t\t\t\t\t\t<button\n\t\t\t\t\t\t\tclass=\"tribe-events-c-subscribe-dropdown__button-text\"\n\t\t\t\t\t\t\taria-expanded=\"false\"\n\t\t\t\t\t\t\taria-controls=\"tribe-events-subscribe-dropdown-content\"\n\t\t\t\t\t\t\taria-label=\"Ver enlaces para a\u00f1adir eventos al calendario\"\n\t\t\t\t\t\t>\n\t\t\t\t\t\t\tA\u00f1adir al calendario\t\t\t\t\t\t<\/button>\n\t\t\t\t\t\t<svg\n\t class=\"tribe-common-c-svgicon tribe-common-c-svgicon--caret-down tribe-events-c-subscribe-dropdown__button-icon\" \taria-hidden=\"true\"\n\tviewbox=\"0 0 10 7\"\n\txmlns=\"http:\/\/www.w3.org\/2000\/svg\"\n>\n\t<path fill-rule=\"evenodd\" clip-rule=\"evenodd\" d=\"M1.008.609L5 4.6 8.992.61l.958.958L5 6.517.05 1.566l.958-.958z\" class=\"tribe-common-c-svgicon__svg-fill\"\/>\n<\/svg>\n\t\t\t\t\t<\/div>\n\t\t\t\t\t<div id=\"tribe-events-subscribe-dropdown-content\" class=\"tribe-events-c-subscribe-dropdown__content\">\n\t\t\t\t\t\t<ul class=\"tribe-events-c-subscribe-dropdown__list\">\n\t\t\t\t\t\t\t\t\t\t\t\t\t\t\t<li class=\"tribe-events-c-subscribe-dropdown__list-item tribe-events-c-subscribe-dropdown__list-item--gcal\">\n\t\t\t\t\t\t\t\t\t<a href=\"https:\/\/www.google.com\/calendar\/event?action=TEMPLATE&#038;dates=20260710T000000\/20260711T235959&#038;text=Living%20Josefov%202026%20%28CZ%29&#038;details=%3Cp+class%3D%22+eplus-wrapper%22%3EDie+Veranstaltung+%E2%80%9ELiving+Josefov+2026%E2%80%9C+geht+mit+dem+Thema+%E2%80%9EJosefov+in+der+Zeit+der+Sechser%E2%80%9C+in+ihr+elftes+Jahr+und+pr%C3%A4sentiert+verschiedene+historische+Epochen%2C+die+mit+der+Festung+in+Verbindung+stehen+%E2%80%93+von+1866+bis+1926%E2%80%931936+und+andere+%E2%80%9ESechsjahresjubil%C3%A4en%E2%80%9C.+%3C%2Fp%3E+%3Cp+class%3D%22+eplus-wrapper%22%3EDie+Besucher+k%C3%B6nnen+sich+auf+ein+spannendes+Kulturprogramm+am+Freitag+in+der+Bastion+IV%2C+einen+Markt+mit+hundert+H%C3%A4ndlern+am+Samstag%2C+ein+ganzt%C3%A4giges+historisches+und+kulturelles+Programm%2C+arch%C3%A4ologische+Pr%C3%A4sentationen%2C+thematische+Spazierg%C3%A4nge+und+ein+interaktives+Spiel+freuen%2C+das+in+Zusammenarbeit+mit+der+Festung+in+K%C5%82odzko+entwickelt+wurde.+%3C%2Fp%3E+%3Cp+class%3D%22+eplus-wrapper%22%3EDie+Veranstaltung+verbindet+Geschichte%2C+Kultur+und+Gemeinschaftsleben+in+Josefov+und+tr%C3%A4gt+zur+Wiederbelebung+der+gesamten+Region+bei.+Der+Eintritt+ist+frei.%3C%2Fp%3E+%3Cp+class%3D%22+eplus-wrapper%22%3E%3Ca+href%3D%22https%3A%2F%2Ffb.me%2Fe%2F3Q6KZjlfM%22+target%3D%22_blank%22+rel%3D%22noreferrer+%3C%2Fp%3E+%28Ver+aqu%C3%AD+la+descripci%C3%B3n+completa+de+evento%3A+https%3A%2F%2Fforte-cultura.com%2Fes%2Fevent%2Fliving-josefov-2026-cz%2F%29&#038;location=Josefov,%20Masarykovo%20n\u00e1m\u011bst\u00ed,%20Jarom\u011b\u0159-Josefov,%2055102,%20Czech%20Republic&#038;trp=false&#038;ctz=Europe\/Berlin&#038;sprop=website:https:\/\/forte-cultura.com\/es\" class=\"tribe-events-c-subscribe-dropdown__list-item-link\" target=\"_blank\" rel=\"noopener noreferrer nofollow noindex\">\n\t\t\t\t\t\t\t\t\t\tCalendario de Google\t\t\t\t\t\t\t\t\t<\/a>\n\t\t\t\t\t\t\t\t<\/li>\n\t\t\t\t\t\t\t\t\t\t\t\t\t\t\t<li class=\"tribe-events-c-subscribe-dropdown__list-item tribe-events-c-subscribe-dropdown__list-item--ical\">\n\t\t\t\t\t\t\t\t\t<a\n\t\t\t\t\t\t\t\t\t\thref=\"\"\n\t\t\t\t\t\t\t\t\t\tclass=\"tribe-events-c-subscribe-dropdown__list-item-link\"\n\t\t\t\t\t\t\t\t\t\ttarget=\"_blank\"\n\t\t\t\t\t\t\t\t\t\trel=\"noopener noreferrer nofollow noindex\"\n\t\t\t\t\t\t\t\t\t>\n\t\t\t\t\t\t\t\t\t\tiCalendar\t\t\t\t\t\t\t\t\t<\/a>\n\t\t\t\t\t\t\t\t<\/li>\n\t\t\t\t\t\t\t\t\t\t\t\t\t\t\t<li class=\"tribe-events-c-subscribe-dropdown__list-item tribe-events-c-subscribe-dropdown__list-item--outlook-365\">\n\t\t\t\t\t\t\t\t\t<a\n\t\t\t\t\t\t\t\t\t\thref=\"\"\n\t\t\t\t\t\t\t\t\t\tclass=\"tribe-events-c-subscribe-dropdown__list-item-link\"\n\t\t\t\t\t\t\t\t\t\ttarget=\"_blank\"\n\t\t\t\t\t\t\t\t\t\trel=\"noopener noreferrer nofollow noindex\"\n\t\t\t\t\t\t\t\t\t>\n\t\t\t\t\t\t\t\t\t\tOutlook 365\t\t\t\t\t\t\t\t\t<\/a>\n\t\t\t\t\t\t\t\t<\/li>\n\t\t\t\t\t\t\t\t\t\t\t\t\t\t\t<li class=\"tribe-events-c-subscribe-dropdown__list-item tribe-events-c-subscribe-dropdown__list-item--outlook-live\">\n\t\t\t\t\t\t\t\t\t<a\n\t\t\t\t\t\t\t\t\t\thref=\"\"\n\t\t\t\t\t\t\t\t\t\tclass=\"tribe-events-c-subscribe-dropdown__list-item-link\"\n\t\t\t\t\t\t\t\t\t\ttarget=\"_blank\"\n\t\t\t\t\t\t\t\t\t\trel=\"noopener noreferrer nofollow noindex\"\n\t\t\t\t\t\t\t\t\t>\n\t\t\t\t\t\t\t\t\t\tOutlook Live\t\t\t\t\t\t\t\t\t<\/a>\n\t\t\t\t\t\t\t\t<\/li>\n\t\t\t\t\t\t\t\t\t\t\t\t\t<\/ul>\n\t\t\t\t\t<\/div>\n\t\t\t\t<\/div>\n\t\t\t<\/div>\n\t\t<\/div>\n\t<\/div>","protected":false},"excerpt":{"rendered":"<p>Die Veranstaltung \u201eLiving Josefov 2026\u201c geht mit dem Thema \u201eJosefov in der Zeit der Sechser\u201c in ihr elftes Jahr und pr\u00e4sentiert verschiedene historische Epochen, die mit der Festung in Verbindung [&hellip;]<\/p>\n","protected":false},"author":1,"featured_media":4822,"template":"","meta":{"editor_plus_copied_stylings":"{}","pgc_sgb_lightbox_settings":"","_price":"","_stock":"","_tribe_ticket_header":"","_tribe_default_ticket_provider":"","_tribe_ticket_capacity":"0","_ticket_start_date":"","_ticket_end_date":"","_tribe_ticket_show_description":"","_tribe_ticket_show_not_going":false,"_tribe_ticket_use_global_stock":"","_tribe_ticket_global_stock_level":"","_global_stock_mode":"","_global_stock_cap":"","_tribe_rsvp_for_event":"","_tribe_ticket_going_count":"","_tribe_ticket_not_going_count":"","_tribe_tickets_list":"[]","_tribe_ticket_has_attendee_info_fields":false,"_EventAllDay":true,"_EventTimezone":"Europe\/Berlin","_EventStartDate":"2026-07-10 00:00:00","_EventEndDate":"2026-07-11 23:59:59","_EventStartDateUTC":"2026-07-09 22:00:00","_EventEndDateUTC":"2026-07-11 21:59:59","_EventShowMap":false,"_EventShowMapLink":false,"_EventURL":"","_EventCost":"","_EventCostDescription":"","_EventCurrencySymbol":"\u20ac","_EventCurrencyCode":"EUR","_EventCurrencyPosition":"prefix","_EventDateTimeSeparator":" @ ","_EventTimeRangeSeparator":" - ","_EventOrganizerID":[],"_EventVenueID":[3518],"_OrganizerEmail":"","_OrganizerPhone":"","_OrganizerWebsite":"","_VenueAddress":"","_VenueCity":"","_VenueCountry":"","_VenueProvince":"","_VenueState":"","_VenueZip":"","_VenuePhone":"","_VenueURL":"","_VenueStateProvince":"","_VenueLat":"","_VenueLng":"","_VenueShowMap":false,"_VenueShowMapLink":false,"_tribe_events_status":"","_tribe_events_status_reason":"","footnotes":"","_tec_slr_enabled":"","_tec_slr_layout":""},"tags":[42,461,460,462],"tribe_events_cat":[466],"class_list":["post-4821","tribe_events","type-tribe_events","status-publish","has-post-thumbnail","hentry","tag-elbe","tag-familie","tag-kids","tag-reenactment","tribe_events_cat-efs","cat_efs"],"ticketed":false,"_links":{"self":[{"href":"https:\/\/forte-cultura.com\/es\/wp-json\/wp\/v2\/tribe_events\/4821","targetHints":{"allow":["GET"]}}],"collection":[{"href":"https:\/\/forte-cultura.com\/es\/wp-json\/wp\/v2\/tribe_events"}],"about":[{"href":"https:\/\/forte-cultura.com\/es\/wp-json\/wp\/v2\/types\/tribe_events"}],"author":[{"embeddable":true,"href":"https:\/\/forte-cultura.com\/es\/wp-json\/wp\/v2\/users\/1"}],"version-history":[{"count":0,"href":"https:\/\/forte-cultura.com\/es\/wp-json\/wp\/v2\/tribe_events\/4821\/revisions"}],"wp:featuredmedia":[{"embeddable":true,"href":"https:\/\/forte-cultura.com\/es\/wp-json\/wp\/v2\/media\/4822"}],"wp:attachment":[{"href":"https:\/\/forte-cultura.com\/es\/wp-json\/wp\/v2\/media?parent=4821"}],"wp:term":[{"taxonomy":"post_tag","embeddable":true,"href":"https:\/\/forte-cultura.com\/es\/wp-json\/wp\/v2\/tags?post=4821"},{"taxonomy":"tribe_events_cat","embeddable":true,"href":"https:\/\/forte-cultura.com\/es\/wp-json\/wp\/v2\/tribe_events_cat?post=4821"}],"curies":[{"name":"wp","href":"https:\/\/api.w.org\/{rel}","templated":true}]}}