{"id":3822,"date":"2025-07-27T11:32:57","date_gmt":"2025-07-27T09:32:57","guid":{"rendered":"https:\/\/forte-cultura.com\/?post_type=tribe_events&#038;p=3822"},"modified":"2025-08-23T10:52:47","modified_gmt":"2025-08-23T08:52:47","slug":"citadel-summer-festival-mainz-es","status":"publish","type":"tribe_events","link":"https:\/\/forte-cultura.com\/es\/event\/zitadellen-sommerfest-mainz-de\/","title":{"rendered":"Festival de verano Ciudadela de Maguncia (DE)"},"content":{"rendered":"<div  class=\"tribe-events-schedule tribe-clearfix\" >\n\t<p class=\"tribe-events-schedule__datetime\">\n\t\t<span class=\"tribe-events-schedule__date tribe-events-schedule__date--start\">\n\t\t\t14 de septiembre de 2025\t\t<\/span>\n\n\t\t\t\t\t<span class=\"tribe-events-schedule__separator tribe-events-schedule__separator--date\">\n\t\t\t\t @ \t\t\t<\/span>\n\t\t\t<span class=\"tribe-events-schedule__time tribe-events-schedule__time--start\">\n\t\t\t\t11:00\t\t\t<\/span>\n\t\t\n\t\t\t\t\t\t\t\t\t<span class=\"tribe-events-schedule__separator tribe-events-schedule__separator--time\">\n\t\t\t\t\t \u2013 \t\t\t\t<\/span>\n\t\t\t\n\t\t\t\t\t\t\t<span class=\"tribe-events-schedule__time tribe-events-schedule__time--end\">\n\t\t\t\t\t18:00\t\t\t\t<\/span>\n\t\t\t\n\t\t\t\t\t\t\t<span class=\"tribe-events-schedule__timezone\">CEST<\/span>\n\t\t\t\t\t\t<\/p>\n<\/div>\n\n\n\n<p class=\"eplus-wrapper\"><strong>Cada a\u00f1o, el D\u00eda del Monumento Abierto, el Festival de la Ciudadela de Maguncia ofrece un variado programa festivo con diversas visitas guiadas, exposiciones especiales, m\u00fasica, artesan\u00eda y delicias culinarias.<\/strong><\/p>\n\n\n\n<p class=\"eplus-wrapper\">En el D\u00eda de los Monumentos Abiertos\u00ae, bajo el lema \u201eValor - pleno: \u00bfinestimable o irremplazable?\u201c, la Ciudadela de Maguncia, el mayor monumento de Maguncia, volver\u00e1 a estar abierta a todos los visitantes. Ofrecer\u00e1 perspectivas que de otro modo quedan ocultas al p\u00fablico. El 14 de septiembre, de 11.00 a 18.00 horas, la Ciudadela y<br>El acto invita gratuitamente a todos los participantes a informaci\u00f3n, entretenimiento y delicias culinarias.<\/p>\n\n\n\n<p class=\"eplus-wrapper\">La exposici\u00f3n especial de la Initiative Zitadelle Mainz e.V. (IZM) trata de la \u201eLiberaci\u00f3n y reconstrucci\u00f3n de Maguncia de 1945 a 1955\u201c, en el Kulturei el artista Oskar Kreckwitz expone sus \u201eSue\u00f1os en ruinas\u201c, el Museo de Historia de la Ciudad muestra su actual exposici\u00f3n \u201e\u201eLeer - ver - o\u00edr - experimentar. Los medios de comunicaci\u00f3n de Maguncia a trav\u00e9s de los siglos\u201c y algunas de las fotograf\u00edas de Philipp M\u00fcnch de los a\u00f1os 50 pueden verse en la c\u00e1mara acorazada del IZM.<\/p>\n\n\n\n<p class=\"eplus-wrapper\">El programa tambi\u00e9n incluye numerosas visitas guiadas. IZM, NABU, el Museo de Historia de la Ciudad, la Iniciativa Maguncia Romana, el Museo de la Guarnici\u00f3n, Pobreza y Salud; la mayor\u00eda de las iniciativas y asociaciones activas en la Ciudadela ofrecer\u00e1n visitas guiadas. Las familias podr\u00e1n participar en el rally de la ciudadela con sorteo de premios, los ni\u00f1os podr\u00e1n pintarse la cara, conocer a los perros Malteser y trabajar en la calle de los artesanos. Los ratones de biblioteca de todas las edades podr\u00e1n disfrutar del bazar de libros organizado por el LIONS Club Mainz, mientras que los amantes de los coches antiguos sacar\u00e1n partido a su dinero en el encuentro abierto de coches antiguos y j\u00f3venes. Los m\u00e1s experimentados e interesados podr\u00e1n participar activamente en el torneo de petanca y en \u201epetanca para todos\u201c.<\/p>\n\n\n\n<p class=\"eplus-wrapper\">En el escenario, el grupo de claqu\u00e9 \u201eStep by Step\u201c del Tanz-Club Rot-Weiss Casino Mainz e.V., la banda \u201eBrell und die Filous\u201c y el combo de jazz del Conservatorio Peter Cornelius entretienen a los invitados, mientras los soldados de la L\u00e9gion muestran y explican sus uniformes de la \u00e9poca napole\u00f3nica a los Mayence por todo el recinto. La oferta culinaria es impresionante y abarca desde el caf\u00e9 hasta la cerveza y el vino, pasando por delicias dulces como pasteles y helados y platos salados como bratwurst, patatas fritas y platos veganos. <\/p>\n\n\n\n<p class=\"eplus-wrapper\">La v\u00edspera, s\u00e1bado 13 de septiembre de 2025 a las 19.00 horas, el Dr. Rainer Metzendorf pronunciar\u00e1 una conferencia en la Drusussaal, edificio E de la Ciudadela, sobre el tema \u201eDestrucci\u00f3n y reconstrucci\u00f3n de Maguncia entre 1945 y 1955\u201c. La entrada es gratuita.<\/p>\n\n\n\n<p class=\"eplus-wrapper\">M\u00e1s informaci\u00f3n en <a href=\"http:\/\/www.zitadelle-mainz.de\" target=\"_blank\" rel=\"noreferrer noopener\">www.zitadelle-mainz.de<\/a> encontrar.<\/p>\n\n\n\n<p class=\"eplus-wrapper\"><a href=\"https:\/\/forte-cultura.com\/wp-content\/uploads\/IZM_Zitadellenfest_2025_Faltblatt_online.pdf\" target=\"_blank\" rel=\"noreferrer noopener\">Flyer Festival de la Ciudadela de Maguncia 2025 (PDF)<\/a><\/p>\n\n\n\n<figure class=\"wp-block-image size-large eplus-wrapper\"><img loading=\"lazy\" decoding=\"async\" width=\"1024\" height=\"540\" src=\"https:\/\/forte-cultura.com\/wp-content\/uploads\/Screenshot-2025-08-23-105125-1024x540.png\" alt=\"\" class=\"wp-image-3884\" srcset=\"https:\/\/forte-cultura.com\/wp-content\/uploads\/Screenshot-2025-08-23-105125-1024x540.png 1024w, https:\/\/forte-cultura.com\/wp-content\/uploads\/Screenshot-2025-08-23-105125-300x158.png 300w, https:\/\/forte-cultura.com\/wp-content\/uploads\/Screenshot-2025-08-23-105125-768x405.png 768w, https:\/\/forte-cultura.com\/wp-content\/uploads\/Screenshot-2025-08-23-105125-1536x809.png 1536w, https:\/\/forte-cultura.com\/wp-content\/uploads\/Screenshot-2025-08-23-105125-18x9.png 18w, https:\/\/forte-cultura.com\/wp-content\/uploads\/Screenshot-2025-08-23-105125.png 1710w\" sizes=\"auto, (max-width: 1024px) 100vw, 1024px\" \/><\/figure>\n\n\n\n<p class=\"eplus-wrapper\">Entrada gratuita.<\/p>\n\n\n<div  class=\"tribe-block tribe-block__event-price\" >\n\t\t<\/div>\n\n\n<div  class=\"tribe-block tribe-block__organizer__details tribe-clearfix\" >\n\t<div class=\"tribe-block__organizer__title\">\n\t\t<h3>Iniciativa Zitadelle Mainz e.V.<\/h3>\n\t<\/div>\n\t\t\t\t<p class=\"tribe-block__organizer__website\"><a href=\"https:\/\/www.zitadelle-mainz.de\/\" target=\"_blank\" rel=\"noopener noreferrer\">Ver el sitio web del Organizador<\/a><\/p>\n\t\t<\/div>\n\n\n<div  class=\"tribe-block tribe-block__venue tribe-clearfix tribe-block__venue--has-map\" >\n\t\n\t\n<div class=\"tribe-block__venue__meta\">\n\t<div class=\"tribe-block__venue__name\">\n\t\t<h3>Ciudadela de Maguncia<\/h3>\n\t<\/div>\n\n\t\n\t\t\t\t\t\t<address class=\"tribe-block__venue__address\">\n\t\t\t\t<span class=\"tribe-address\">\n\n<span class=\"tribe-street-address\">Ciudadela<\/span>\n\t\n\t\t<br>\n\t\t<span class=\"tribe-locality\">Maguncia<\/span><span class=\"tribe-delimiter\">,<\/span>\n\n\n\t<span class=\"tribe-postal-code\">55131<\/span>\n\n\t<span class=\"tribe-country-name\">Alemania<\/span>\n\n<\/span>\n\n\t\t\t\t\t\t\t\t\t<a class=\"tribe-events-gmap\" href=\"https:\/\/maps.google.com\/maps?f=q&#038;source=s_q&#038;hl=en&#038;geocode=&#038;q=Zitadelle+Mainz+55131+Germany\" title=\"Haz clic para ver un mapa de Google\" target=\"_blank\" rel=\"noreferrer noopener\">+ Mapa de Google<\/a>\t\t\t\t\t\t\t<\/address>\n\t\t\n\t\t\n\t\t\t\t\t<span class=\"tribe-block__venue__website\"><a href=\"https:\/\/www.zitadelle-mainz.de\/\" target=\"_self\" rel=\"external noopener\">Ver el sitio web del Recinto<\/a><\/span><br \/>\n\t\t\t\n\t<\/div>\n\t\n<div class=\"tribe-block__venue__map\">\n\t<div id=\"tribe-events-gmap-0\" style=\"height: 256px; width: 310px\" aria-hidden=\"true\"><\/div><!-- #tribe-events-gmap- -->\n<\/div>\n\n\t<\/div>\n\n\n\n\n\t<div  class=\"tribe-block tribe-block__events-link\" >\n\t\t<div class=\"tribe-events tribe-common\">\n\t\t\t<div class=\"tribe-events-c-subscribe-dropdown__container\">\n\t\t\t\t<div class=\"tribe-events-c-subscribe-dropdown\">\n\t\t\t\t\t<div class=\"tribe-common-c-btn-border tribe-events-c-subscribe-dropdown__button\">\n\t\t\t\t\t\t<svg\n\t class=\"tribe-common-c-svgicon tribe-common-c-svgicon--cal-export tribe-events-c-subscribe-dropdown__export-icon\" \taria-hidden=\"true\"\n\tviewbox=\"0 0 23 17\"\n\txmlns=\"http:\/\/www.w3.org\/2000\/svg\"\n>\n\t<path fill-rule=\"evenodd\" clip-rule=\"evenodd\" d=\"M.128.896V16.13c0 .211.145.383.323.383h15.354c.179 0 .323-.172.323-.383V.896c0-.212-.144-.383-.323-.383H.451C.273.513.128.684.128.896Zm16 6.742h-.901V4.679H1.009v10.729h14.218v-3.336h.901V7.638ZM1.01 1.614h14.218v2.058H1.009V1.614Z\" \/>\n\t<path d=\"M20.5 9.846H8.312M18.524 6.953l2.89 2.909-2.855 2.855\" stroke-width=\"1.2\" stroke-linecap=\"round\" stroke-linejoin=\"round\"\/>\n<\/svg>\n\t\t\t\t\t\t<button\n\t\t\t\t\t\t\tclass=\"tribe-events-c-subscribe-dropdown__button-text\"\n\t\t\t\t\t\t\taria-expanded=\"false\"\n\t\t\t\t\t\t\taria-controls=\"tribe-events-subscribe-dropdown-content\"\n\t\t\t\t\t\t\taria-label=\"Ver enlaces para a\u00f1adir eventos al calendario\"\n\t\t\t\t\t\t>\n\t\t\t\t\t\t\tA\u00f1adir al calendario\t\t\t\t\t\t<\/button>\n\t\t\t\t\t\t<svg\n\t class=\"tribe-common-c-svgicon tribe-common-c-svgicon--caret-down tribe-events-c-subscribe-dropdown__button-icon\" \taria-hidden=\"true\"\n\tviewbox=\"0 0 10 7\"\n\txmlns=\"http:\/\/www.w3.org\/2000\/svg\"\n>\n\t<path fill-rule=\"evenodd\" clip-rule=\"evenodd\" d=\"M1.008.609L5 4.6 8.992.61l.958.958L5 6.517.05 1.566l.958-.958z\" class=\"tribe-common-c-svgicon__svg-fill\"\/>\n<\/svg>\n\t\t\t\t\t<\/div>\n\t\t\t\t\t<div id=\"tribe-events-subscribe-dropdown-content\" class=\"tribe-events-c-subscribe-dropdown__content\">\n\t\t\t\t\t\t<ul class=\"tribe-events-c-subscribe-dropdown__list\">\n\t\t\t\t\t\t\t\t\t\t\t\t\t\t\t<li class=\"tribe-events-c-subscribe-dropdown__list-item tribe-events-c-subscribe-dropdown__list-item--gcal\">\n\t\t\t\t\t\t\t\t\t<a href=\"https:\/\/www.google.com\/calendar\/event?action=TEMPLATE&#038;dates=20250914T110000\/20250914T180000&#038;text=Zitadellen-Sommerfest%20Mainz%20%28DE%29&#038;details=%3Cp+class%3D%22+eplus-wrapper%22%3E%3Cstrong%3EJ%C3%A4hrlich+zum+Tag+des+offenen+Denkmals+bietet+das+Zitadellenfest+Mainz+ein+abwechslungsreiches+Festprogramm+mit+diversen+F%C3%BChrungen%2C+Sonderausstellungen%2C+Musik%2C+Handwerk+und+Kulinarisches.%3C%2Fstrong%3E%3C%2Fp%3E+%3Cp+class%3D%22+eplus-wrapper%22%3EAm+Tag+des+offenen+Denkmals%C2%AE+unter+dem+Motto+%E2%80%9EWert+-+voll%3A+unbezahlbar+oder+unersetzlich%3F%E2%80%9C+steht+auch+die+Zitadelle+Mainz+als+das+gr%C3%B6%C3%9Fte+Fl%C3%A4chendenkmal+in+Mainz+wieder+allen+Besucherinnen+und+Besuchern+offen.+Dabei+werden+Einblicke+geboten%2C+die+sonst+der+%C3%96ffentlichkeit+verborgen+bleiben.+Am+14.+September+von+11+bis+18+Uhr+laden+die+Zitadelle+und%3Cbr+%2F%3Ealle+Beteiligten+bei+freiem+Eintritt+zu+Information%2C+Unterhaltung+und+Kulinarik+ein.%3C%2Fp%3E+%3Cp+class%3D%22+eplus-wrapper%22%3EDie+Sonderausstellung+der+Initiative+Zitadelle+Mainz+e.V.+%28IZM%29+behandelt+die+%E2%80%9EBefreiung+und+den+Wiederaufbau+von+Mainz+von+1945-1955%E2%80%9C%2C+in+der+Kulturei+stellt+der+K%C3%BCnstler+Oskar+Kreckwitz+seine+%E2%80%9ETr%C3%A4ume+in+Tr%C3%BCmmern%E2%80%9C+aus%2C+das+Stadthistoris%3C%2Fp%3E+%28Ver+aqu%C3%AD+la+descripci%C3%B3n+completa+de+evento%3A+https%3A%2F%2Fforte-cultura.com%2Fes%2Fevent%2Fzitadellen-sommerfest-mainz-de%2F%29&#038;location=Zitadelle%20Mainz,%20Zitadelle,%20Mainz,%2055131,%20Germany&#038;trp=false&#038;ctz=Europe\/Berlin&#038;sprop=website:https:\/\/forte-cultura.com\/es\" class=\"tribe-events-c-subscribe-dropdown__list-item-link\" target=\"_blank\" rel=\"noopener noreferrer nofollow noindex\">\n\t\t\t\t\t\t\t\t\t\tCalendario de Google\t\t\t\t\t\t\t\t\t<\/a>\n\t\t\t\t\t\t\t\t<\/li>\n\t\t\t\t\t\t\t\t\t\t\t\t\t\t\t<li class=\"tribe-events-c-subscribe-dropdown__list-item tribe-events-c-subscribe-dropdown__list-item--ical\">\n\t\t\t\t\t\t\t\t\t<a\n\t\t\t\t\t\t\t\t\t\thref=\"\"\n\t\t\t\t\t\t\t\t\t\tclass=\"tribe-events-c-subscribe-dropdown__list-item-link\"\n\t\t\t\t\t\t\t\t\t\ttarget=\"_blank\"\n\t\t\t\t\t\t\t\t\t\trel=\"noopener noreferrer nofollow noindex\"\n\t\t\t\t\t\t\t\t\t>\n\t\t\t\t\t\t\t\t\t\tiCalendar\t\t\t\t\t\t\t\t\t<\/a>\n\t\t\t\t\t\t\t\t<\/li>\n\t\t\t\t\t\t\t\t\t\t\t\t\t\t\t<li class=\"tribe-events-c-subscribe-dropdown__list-item tribe-events-c-subscribe-dropdown__list-item--outlook-365\">\n\t\t\t\t\t\t\t\t\t<a\n\t\t\t\t\t\t\t\t\t\thref=\"\"\n\t\t\t\t\t\t\t\t\t\tclass=\"tribe-events-c-subscribe-dropdown__list-item-link\"\n\t\t\t\t\t\t\t\t\t\ttarget=\"_blank\"\n\t\t\t\t\t\t\t\t\t\trel=\"noopener noreferrer nofollow noindex\"\n\t\t\t\t\t\t\t\t\t>\n\t\t\t\t\t\t\t\t\t\tOutlook 365\t\t\t\t\t\t\t\t\t<\/a>\n\t\t\t\t\t\t\t\t<\/li>\n\t\t\t\t\t\t\t\t\t\t\t\t\t\t\t<li class=\"tribe-events-c-subscribe-dropdown__list-item tribe-events-c-subscribe-dropdown__list-item--outlook-live\">\n\t\t\t\t\t\t\t\t\t<a\n\t\t\t\t\t\t\t\t\t\thref=\"\"\n\t\t\t\t\t\t\t\t\t\tclass=\"tribe-events-c-subscribe-dropdown__list-item-link\"\n\t\t\t\t\t\t\t\t\t\ttarget=\"_blank\"\n\t\t\t\t\t\t\t\t\t\trel=\"noopener noreferrer nofollow noindex\"\n\t\t\t\t\t\t\t\t\t>\n\t\t\t\t\t\t\t\t\t\tOutlook Live\t\t\t\t\t\t\t\t\t<\/a>\n\t\t\t\t\t\t\t\t<\/li>\n\t\t\t\t\t\t\t\t\t\t\t\t\t<\/ul>\n\t\t\t\t\t<\/div>\n\t\t\t\t<\/div>\n\t\t\t<\/div>\n\t\t<\/div>\n\t<\/div>","protected":false},"excerpt":{"rendered":"<p>J\u00e4hrlich zum Tag des offenen Denkmals bietet das Zitadellenfest Mainz ein abwechslungsreiches Festprogramm mit diversen F\u00fchrungen, Sonderausstellungen, Musik, Handwerk und Kulinarisches. Am Tag des offenen Denkmals\u00ae unter dem Motto \u201eWert [&hellip;]<\/p>\n","protected":false},"author":1,"featured_media":3768,"template":"","meta":{"editor_plus_copied_stylings":"{}","pgc_sgb_lightbox_settings":"","_price":"","_stock":"","_tribe_ticket_header":"","_tribe_default_ticket_provider":"","_tribe_ticket_capacity":"","_ticket_start_date":"","_ticket_end_date":"","_tribe_ticket_show_description":"","_tribe_ticket_show_not_going":false,"_tribe_ticket_use_global_stock":"","_tribe_ticket_global_stock_level":"","_global_stock_mode":"","_global_stock_cap":"","_tribe_rsvp_for_event":"","_tribe_ticket_going_count":"","_tribe_ticket_not_going_count":"","_tribe_tickets_list":"[]","_tribe_ticket_has_attendee_info_fields":false,"_EventAllDay":false,"_EventTimezone":"Europe\/Berlin","_EventStartDate":"2025-09-14 11:00:00","_EventEndDate":"2025-09-14 18:00:00","_EventStartDateUTC":"2025-09-14 09:00:00","_EventEndDateUTC":"2025-09-14 16:00:00","_EventShowMap":false,"_EventShowMapLink":false,"_EventURL":"","_EventCost":"","_EventCostDescription":"","_EventCurrencySymbol":"\u20ac","_EventCurrencyCode":"EUR","_EventCurrencyPosition":"prefix","_EventDateTimeSeparator":" @ ","_EventTimeRangeSeparator":" - ","_EventOrganizerID":[],"_EventVenueID":[3373],"_OrganizerEmail":"","_OrganizerPhone":"","_OrganizerWebsite":"","_VenueAddress":"","_VenueCity":"","_VenueCountry":"","_VenueProvince":"","_VenueState":"","_VenueZip":"","_VenuePhone":"","_VenueURL":"","_VenueStateProvince":"","_VenueLat":"","_VenueLng":"","_VenueShowMap":false,"_VenueShowMapLink":false,"_tribe_events_status":"","_tribe_events_status_reason":"","footnotes":"","_tec_slr_enabled":"","_tec_slr_layout":""},"tags":[461,460],"tribe_events_cat":[466],"class_list":["post-3822","tribe_events","type-tribe_events","status-publish","has-post-thumbnail","hentry","tag-familie","tag-kids","tribe_events_cat-efs","cat_efs"],"ticketed":false,"_links":{"self":[{"href":"https:\/\/forte-cultura.com\/es\/wp-json\/wp\/v2\/tribe_events\/3822","targetHints":{"allow":["GET"]}}],"collection":[{"href":"https:\/\/forte-cultura.com\/es\/wp-json\/wp\/v2\/tribe_events"}],"about":[{"href":"https:\/\/forte-cultura.com\/es\/wp-json\/wp\/v2\/types\/tribe_events"}],"author":[{"embeddable":true,"href":"https:\/\/forte-cultura.com\/es\/wp-json\/wp\/v2\/users\/1"}],"version-history":[{"count":0,"href":"https:\/\/forte-cultura.com\/es\/wp-json\/wp\/v2\/tribe_events\/3822\/revisions"}],"wp:featuredmedia":[{"embeddable":true,"href":"https:\/\/forte-cultura.com\/es\/wp-json\/wp\/v2\/media\/3768"}],"wp:attachment":[{"href":"https:\/\/forte-cultura.com\/es\/wp-json\/wp\/v2\/media?parent=3822"}],"wp:term":[{"taxonomy":"post_tag","embeddable":true,"href":"https:\/\/forte-cultura.com\/es\/wp-json\/wp\/v2\/tags?post=3822"},{"taxonomy":"tribe_events_cat","embeddable":true,"href":"https:\/\/forte-cultura.com\/es\/wp-json\/wp\/v2\/tribe_events_cat?post=3822"}],"curies":[{"name":"wp","href":"https:\/\/api.w.org\/{rel}","templated":true}]}}