{"id":3543,"date":"2025-07-18T10:29:34","date_gmt":"2025-07-18T08:29:34","guid":{"rendered":"https:\/\/forte-cultura.com\/?post_type=tribe_events&#038;p=3543"},"modified":"2025-07-18T10:29:38","modified_gmt":"2025-07-18T08:29:38","slug":"kess-tierisch-gute-freunde-kinder-mit-mach-konzert-torgau-de","status":"publish","type":"tribe_events","link":"https:\/\/forte-cultura.com\/es\/event\/kess-tierisch-gute-freunde-kinder-mit-mach-konzert-torgau-de\/","title":{"rendered":"KESS &amp; tierisch gute Freunde: Concierto \"Kids-with-me\", Torgau (DE)"},"content":{"rendered":"<div  class=\"tribe-events-schedule tribe-clearfix\" >\n\t<p class=\"tribe-events-schedule__datetime\">\n\t\t<span class=\"tribe-events-schedule__date tribe-events-schedule__date--start\">\n\t\t\t31 de agosto de 2025\t\t<\/span>\n\n\t\t\t\t\t<span class=\"tribe-events-schedule__all-day\">Todo el d\u00eda<\/span>\n\t\t\n\t\t\t<\/p>\n<\/div>\n\n\n\n<p class=\"eplus-wrapper\"><\/p>\n\n\n\n<p class=\"eplus-wrapper\">Conciertos para toda la familia <br>El programa infantil Abenteuer mit KESS, con sede en Leipzig, lleva m\u00e1s de diez a\u00f1os deleitando al p\u00fablico con ingeniosos y divertidos programas de acompa\u00f1amiento musical. En escenarios peque\u00f1os y grandes de toda Alemania. <\/p>\n\n\n<div  class=\"tribe-block tribe-block__event-price\" >\n\t\t\t<span class=\"tribe-block__event-price__cost\"> \u20ac15,12 <\/span>\n\t\t\t\t<span class=\"tribe-block__event-price__description\">Admisi\u00f3n<\/span>\n\t<\/div>\n\n\n<div  class=\"tribe-block tribe-block__organizer__details tribe-clearfix\" >\n\t<div class=\"tribe-block__organizer__title\">\n\t\t<h3>Centro de informaci\u00f3n de Torgau<\/h3>\n\t<\/div>\n\t\t\t\t<p class=\"tribe-block__organizer__website\"><a href=\"https:\/\/www.torgau-tourismus.de\" target=\"_blank\" rel=\"noopener noreferrer\">Ver el sitio web del Organizador<\/a><\/p>\n\t\t<\/div>\n\n\n\n<p class=\"eplus-wrapper\">Castillo fortificado de Hartenfels<\/p>\n\n\n\n<figure class=\"wp-block-image size-large eplus-wrapper\"><img loading=\"lazy\" decoding=\"async\" width=\"1024\" height=\"683\" src=\"https:\/\/forte-cultura.com\/wp-content\/uploads\/MLZCLi4g4R8I-Hartenfels_Castle_Torgau\u00a9Philipp_Herfort-1024x683.jpg\" alt=\"\" class=\"wp-image-3534\" srcset=\"https:\/\/forte-cultura.com\/wp-content\/uploads\/MLZCLi4g4R8I-Hartenfels_Castle_Torgau\u00a9Philipp_Herfort-1024x683.jpg 1024w, https:\/\/forte-cultura.com\/wp-content\/uploads\/MLZCLi4g4R8I-Hartenfels_Castle_Torgau\u00a9Philipp_Herfort-300x200.jpg 300w, https:\/\/forte-cultura.com\/wp-content\/uploads\/MLZCLi4g4R8I-Hartenfels_Castle_Torgau\u00a9Philipp_Herfort-768x512.jpg 768w, https:\/\/forte-cultura.com\/wp-content\/uploads\/MLZCLi4g4R8I-Hartenfels_Castle_Torgau\u00a9Philipp_Herfort-1536x1025.jpg 1536w, https:\/\/forte-cultura.com\/wp-content\/uploads\/MLZCLi4g4R8I-Hartenfels_Castle_Torgau\u00a9Philipp_Herfort-18x12.jpg 18w, https:\/\/forte-cultura.com\/wp-content\/uploads\/MLZCLi4g4R8I-Hartenfels_Castle_Torgau\u00a9Philipp_Herfort-1200x800.jpg 1200w, https:\/\/forte-cultura.com\/wp-content\/uploads\/MLZCLi4g4R8I-Hartenfels_Castle_Torgau\u00a9Philipp_Herfort.jpg 2000w\" sizes=\"auto, (max-width: 1024px) 100vw, 1024px\" \/><figcaption class=\"wp-element-caption\">Vista del patio interior del castillo de Hartenfels<\/figcaption><\/figure>\n\n\n\n<p class=\"eplus-wrapper\">El palacio renacentista de Hartenfels es un impresionante testimonio de principios del Renacimiento alem\u00e1n y el \u00fanico de su clase que se ha conservado \u00edntegramente hasta nuestros d\u00edas. El esplendor de esta \u00e9poca es palpable nada m\u00e1s entrar en el magn\u00edfico patio del castillo. Una obra maestra arquitect\u00f3nica es el Gran Wendelstein, una escalera autoportante que conduce hacia arriba sin pilar central, un logro pionero del maestro de obras Konrad Krebs. El palacio fue en su d\u00eda uno de los palacios residenciales m\u00e1s modernos de Sajonia y en \u00e9l se celebraban rutilantes fiestas, dietas de Estado y bodas. Bajo el reinado del pr\u00edncipe elector Johann Friedrich, tambi\u00e9n se convirti\u00f3 en un importante centro para el cultivo de la m\u00fasica. Despu\u00e9s de que los electores sajones trasladaran su sede de gobierno a Dresde, el uso del palacio cambi\u00f3: m\u00e1s tarde sirvi\u00f3 de cuartel, entre otras cosas.<\/p>\n\n\n<div  class=\"tribe-block tribe-block__venue tribe-clearfix tribe-block__venue--has-map\" >\n\t\n\t\n<div class=\"tribe-block__venue__meta\">\n\t<div class=\"tribe-block__venue__name\">\n\t\t<h3>Castillo de Hartenfels<\/h3>\n\t<\/div>\n\n\t\n\t\t\t\t\t\t<address class=\"tribe-block__venue__address\">\n\t\t\t\t<span class=\"tribe-address\">\n\n<span class=\"tribe-street-address\">Schlo\u00dfstra\u00dfe 27<\/span>\n\t\n\t\t<br>\n\t\t<span class=\"tribe-locality\">Torgau<\/span><span class=\"tribe-delimiter\">,<\/span>\n\n\n\t<span class=\"tribe-postal-code\">04860<\/span>\n\n\n<\/span>\n\n\t\t\t\t\t\t\t\t\t<a class=\"tribe-events-gmap\" href=\"https:\/\/maps.google.com\/maps?f=q&#038;source=s_q&#038;hl=en&#038;geocode=&#038;q=Schlo%C3%9Fstra%C3%9Fe+27+Torgau+04860\" title=\"Haz clic para ver un mapa de Google\" target=\"_blank\" rel=\"noreferrer noopener\">+ Mapa de Google<\/a>\t\t\t\t\t\t\t<\/address>\n\t\t\n\t\t\n\t\t\t\t\t<span class=\"tribe-block__venue__website\"><a href=\"https:\/\/www.schloss-hartenfels.de\/\" target=\"_self\" rel=\"external noopener\">Ver el sitio web del Recinto<\/a><\/span><br \/>\n\t\t\t\n\t<\/div>\n\t\n<div class=\"tribe-block__venue__map\">\n\t<div id=\"tribe-events-gmap-0\" style=\"height: 256px; width: 310px\" aria-hidden=\"true\"><\/div><!-- #tribe-events-gmap- -->\n<\/div>\n\n\t<\/div>\n\n\n\n\n\t<div  class=\"tribe-block tribe-block__events-link\" >\n\t\t<div class=\"tribe-events tribe-common\">\n\t\t\t<div class=\"tribe-events-c-subscribe-dropdown__container\">\n\t\t\t\t<div class=\"tribe-events-c-subscribe-dropdown\">\n\t\t\t\t\t<div class=\"tribe-common-c-btn-border tribe-events-c-subscribe-dropdown__button\">\n\t\t\t\t\t\t<svg\n\t class=\"tribe-common-c-svgicon tribe-common-c-svgicon--cal-export tribe-events-c-subscribe-dropdown__export-icon\" \taria-hidden=\"true\"\n\tviewbox=\"0 0 23 17\"\n\txmlns=\"http:\/\/www.w3.org\/2000\/svg\"\n>\n\t<path fill-rule=\"evenodd\" clip-rule=\"evenodd\" d=\"M.128.896V16.13c0 .211.145.383.323.383h15.354c.179 0 .323-.172.323-.383V.896c0-.212-.144-.383-.323-.383H.451C.273.513.128.684.128.896Zm16 6.742h-.901V4.679H1.009v10.729h14.218v-3.336h.901V7.638ZM1.01 1.614h14.218v2.058H1.009V1.614Z\" \/>\n\t<path d=\"M20.5 9.846H8.312M18.524 6.953l2.89 2.909-2.855 2.855\" stroke-width=\"1.2\" stroke-linecap=\"round\" stroke-linejoin=\"round\"\/>\n<\/svg>\n\t\t\t\t\t\t<button\n\t\t\t\t\t\t\tclass=\"tribe-events-c-subscribe-dropdown__button-text\"\n\t\t\t\t\t\t\taria-expanded=\"false\"\n\t\t\t\t\t\t\taria-controls=\"tribe-events-subscribe-dropdown-content\"\n\t\t\t\t\t\t\taria-label=\"Ver enlaces para a\u00f1adir eventos al calendario\"\n\t\t\t\t\t\t>\n\t\t\t\t\t\t\tA\u00f1adir al calendario\t\t\t\t\t\t<\/button>\n\t\t\t\t\t\t<svg\n\t class=\"tribe-common-c-svgicon tribe-common-c-svgicon--caret-down tribe-events-c-subscribe-dropdown__button-icon\" \taria-hidden=\"true\"\n\tviewbox=\"0 0 10 7\"\n\txmlns=\"http:\/\/www.w3.org\/2000\/svg\"\n>\n\t<path fill-rule=\"evenodd\" clip-rule=\"evenodd\" d=\"M1.008.609L5 4.6 8.992.61l.958.958L5 6.517.05 1.566l.958-.958z\" class=\"tribe-common-c-svgicon__svg-fill\"\/>\n<\/svg>\n\t\t\t\t\t<\/div>\n\t\t\t\t\t<div id=\"tribe-events-subscribe-dropdown-content\" class=\"tribe-events-c-subscribe-dropdown__content\">\n\t\t\t\t\t\t<ul class=\"tribe-events-c-subscribe-dropdown__list\">\n\t\t\t\t\t\t\t\t\t\t\t\t\t\t\t<li class=\"tribe-events-c-subscribe-dropdown__list-item tribe-events-c-subscribe-dropdown__list-item--gcal\">\n\t\t\t\t\t\t\t\t\t<a href=\"https:\/\/www.google.com\/calendar\/event?action=TEMPLATE&#038;dates=20250831T000000\/20250831T235959&#038;text=KESS%20%26amp%3B%20tierisch%20gute%20Freunde%3A%20Kinder-mit-mach-Konzert%2C%20Torgau%20%28DE%29&#038;details=%3Cp+class%3D%22+eplus-wrapper%22%3E%3C%2Fp%3E+%3Cp+class%3D%22+eplus-wrapper%22%3EMitmach-Konzerte+f%C3%BCr+die+ganze+Familie+%3Cbr+%2F%3EDas+Leipziger+Kinderprogramm+Abenteuer+mit+KESS+begeistert+seit+%C3%BCber+zehn+Jahren+mit+klugen+und+lustigen+musikalischen+Mitmach-Programmen.+Deutschlandweit+auf+kleinen+bis+riesigen+B%C3%BChnen.+%3C%2Fp%3E+%3Cp+class%3D%22+eplus-wrapper%22%3EBefestigtes+Schloss+Hartenfels%3C%2Fp%3E+%3Cfigure+class%3D%22+wp-block-image+size-large+eplus-wrapper%22%3E%3Cimg+src%3D%22https%3A%2F%2Fforte-cultura.com%2Fwp-content%2Fuploads%2FMLZCLi4g4R8I-Hartenfels_Castle_Torgau%C2%A9Philipp_Herfort-1024x683.jpg%22+alt%3D%22%22+class%3D%22wp-image-3534%22%2F%3E%3Cfigcaption+class%3D%22wp-element-caption%22%3EBlick+in+den+Innenhof+des+Schlosses+Hartenfels%3C%2Ffigcaption%3E%3C%2Ffigure%3E%3Cp+class%3D%22+eplus-wrapper%22%3EDas+Renaissanceschloss+Hartenfels+ist+ein+beeindruckendes+Zeugnis+der+deutschen+Fr%C3%BChrenaissance+und+das+einzige+seiner+Art%2C+das+bis+heute+vollst%C3%A4ndig+erhalten+geblieben+ist.+Schon+beim+Betreten+des+prachtvollen+Schlosshofs+wird+der+Glanz+dieser+Epoche+sp%C3%BCrbar.+Ein+arch%3C%2Fp%3E+%28Ver+aqu%C3%AD+la+descripci%C3%B3n+completa+de+evento%3A+https%3A%2F%2Fforte-cultura.com%2Fes%2Fevent%2Fkess-tierisch-gute-freunde-kinder-mit-mach-konzert-torgau-de%2F%29&#038;location=Schloss%20Hartenfels,%20Schlo\u00dfstra\u00dfe%2027,%20Torgau,%2004860&#038;trp=false&#038;ctz=Europe\/Berlin&#038;sprop=website:https:\/\/forte-cultura.com\/es\" class=\"tribe-events-c-subscribe-dropdown__list-item-link\" target=\"_blank\" rel=\"noopener noreferrer nofollow noindex\">\n\t\t\t\t\t\t\t\t\t\tCalendario de Google\t\t\t\t\t\t\t\t\t<\/a>\n\t\t\t\t\t\t\t\t<\/li>\n\t\t\t\t\t\t\t\t\t\t\t\t\t\t\t<li class=\"tribe-events-c-subscribe-dropdown__list-item tribe-events-c-subscribe-dropdown__list-item--ical\">\n\t\t\t\t\t\t\t\t\t<a\n\t\t\t\t\t\t\t\t\t\thref=\"\"\n\t\t\t\t\t\t\t\t\t\tclass=\"tribe-events-c-subscribe-dropdown__list-item-link\"\n\t\t\t\t\t\t\t\t\t\ttarget=\"_blank\"\n\t\t\t\t\t\t\t\t\t\trel=\"noopener noreferrer nofollow noindex\"\n\t\t\t\t\t\t\t\t\t>\n\t\t\t\t\t\t\t\t\t\tiCalendar\t\t\t\t\t\t\t\t\t<\/a>\n\t\t\t\t\t\t\t\t<\/li>\n\t\t\t\t\t\t\t\t\t\t\t\t\t\t\t<li class=\"tribe-events-c-subscribe-dropdown__list-item tribe-events-c-subscribe-dropdown__list-item--outlook-365\">\n\t\t\t\t\t\t\t\t\t<a\n\t\t\t\t\t\t\t\t\t\thref=\"\"\n\t\t\t\t\t\t\t\t\t\tclass=\"tribe-events-c-subscribe-dropdown__list-item-link\"\n\t\t\t\t\t\t\t\t\t\ttarget=\"_blank\"\n\t\t\t\t\t\t\t\t\t\trel=\"noopener noreferrer nofollow noindex\"\n\t\t\t\t\t\t\t\t\t>\n\t\t\t\t\t\t\t\t\t\tOutlook 365\t\t\t\t\t\t\t\t\t<\/a>\n\t\t\t\t\t\t\t\t<\/li>\n\t\t\t\t\t\t\t\t\t\t\t\t\t\t\t<li class=\"tribe-events-c-subscribe-dropdown__list-item tribe-events-c-subscribe-dropdown__list-item--outlook-live\">\n\t\t\t\t\t\t\t\t\t<a\n\t\t\t\t\t\t\t\t\t\thref=\"\"\n\t\t\t\t\t\t\t\t\t\tclass=\"tribe-events-c-subscribe-dropdown__list-item-link\"\n\t\t\t\t\t\t\t\t\t\ttarget=\"_blank\"\n\t\t\t\t\t\t\t\t\t\trel=\"noopener noreferrer nofollow noindex\"\n\t\t\t\t\t\t\t\t\t>\n\t\t\t\t\t\t\t\t\t\tOutlook Live\t\t\t\t\t\t\t\t\t<\/a>\n\t\t\t\t\t\t\t\t<\/li>\n\t\t\t\t\t\t\t\t\t\t\t\t\t<\/ul>\n\t\t\t\t\t<\/div>\n\t\t\t\t<\/div>\n\t\t\t<\/div>\n\t\t<\/div>\n\t<\/div>","protected":false},"excerpt":{"rendered":"<p>Mitmach-Konzerte f\u00fcr die ganze Familie Das Leipziger Kinderprogramm Abenteuer mit KESS begeistert seit \u00fcber zehn Jahren mit klugen und lustigen musikalischen Mitmach-Programmen. Deutschlandweit auf kleinen bis riesigen B\u00fchnen. Befestigtes Schloss [&hellip;]<\/p>\n","protected":false},"author":1,"featured_media":3544,"template":"","meta":{"editor_plus_copied_stylings":"{}","pgc_sgb_lightbox_settings":"","_price":"","_stock":"","_tribe_ticket_header":"","_tribe_default_ticket_provider":"","_tribe_ticket_capacity":"","_ticket_start_date":"","_ticket_end_date":"","_tribe_ticket_show_description":"","_tribe_ticket_show_not_going":false,"_tribe_ticket_use_global_stock":"","_tribe_ticket_global_stock_level":"","_global_stock_mode":"","_global_stock_cap":"","_tribe_rsvp_for_event":"","_tribe_ticket_going_count":"","_tribe_ticket_not_going_count":"","_tribe_tickets_list":"[]","_tribe_ticket_has_attendee_info_fields":false,"_EventAllDay":true,"_EventTimezone":"Europe\/Berlin","_EventStartDate":"2025-08-31 00:00:00","_EventEndDate":"2025-08-31 23:59:59","_EventStartDateUTC":"2025-08-30 22:00:00","_EventEndDateUTC":"2025-08-31 21:59:59","_EventShowMap":false,"_EventShowMapLink":false,"_EventURL":"","_EventCost":"15,12","_EventCostDescription":"","_EventCurrencySymbol":"\u20ac","_EventCurrencyCode":"EUR","_EventCurrencyPosition":"prefix","_EventDateTimeSeparator":" @ ","_EventTimeRangeSeparator":" - ","_EventOrganizerID":[3529],"_EventVenueID":[3532],"_OrganizerEmail":"","_OrganizerPhone":"","_OrganizerWebsite":"","_VenueAddress":"","_VenueCity":"","_VenueCountry":"","_VenueProvince":"","_VenueState":"","_VenueZip":"","_VenuePhone":"","_VenueURL":"","_VenueStateProvince":"","_VenueLat":"","_VenueLng":"","_VenueShowMap":false,"_VenueShowMapLink":false,"_tribe_events_status":"","_tribe_events_status_reason":"","footnotes":"","_tec_slr_enabled":"","_tec_slr_layout":""},"tags":[461,460,471],"tribe_events_cat":[466],"class_list":["post-3543","tribe_events","type-tribe_events","status-publish","has-post-thumbnail","hentry","tag-familie","tag-kids","tag-konzert","tribe_events_cat-efs","cat_efs"],"ticketed":false,"_links":{"self":[{"href":"https:\/\/forte-cultura.com\/es\/wp-json\/wp\/v2\/tribe_events\/3543","targetHints":{"allow":["GET"]}}],"collection":[{"href":"https:\/\/forte-cultura.com\/es\/wp-json\/wp\/v2\/tribe_events"}],"about":[{"href":"https:\/\/forte-cultura.com\/es\/wp-json\/wp\/v2\/types\/tribe_events"}],"author":[{"embeddable":true,"href":"https:\/\/forte-cultura.com\/es\/wp-json\/wp\/v2\/users\/1"}],"version-history":[{"count":0,"href":"https:\/\/forte-cultura.com\/es\/wp-json\/wp\/v2\/tribe_events\/3543\/revisions"}],"wp:featuredmedia":[{"embeddable":true,"href":"https:\/\/forte-cultura.com\/es\/wp-json\/wp\/v2\/media\/3544"}],"wp:attachment":[{"href":"https:\/\/forte-cultura.com\/es\/wp-json\/wp\/v2\/media?parent=3543"}],"wp:term":[{"taxonomy":"post_tag","embeddable":true,"href":"https:\/\/forte-cultura.com\/es\/wp-json\/wp\/v2\/tags?post=3543"},{"taxonomy":"tribe_events_cat","embeddable":true,"href":"https:\/\/forte-cultura.com\/es\/wp-json\/wp\/v2\/tribe_events_cat?post=3543"}],"curies":[{"name":"wp","href":"https:\/\/api.w.org\/{rel}","templated":true}]}}