{"id":3469,"date":"2025-05-16T11:21:25","date_gmt":"2025-05-16T09:21:25","guid":{"rendered":"https:\/\/forte-cultura.com\/?post_type=tribe_events&#038;p=3469"},"modified":"2025-05-16T11:21:28","modified_gmt":"2025-05-16T09:21:28","slug":"jornada-infantil-en-la-fortaleza-doemitz-de","status":"publish","type":"tribe_events","link":"https:\/\/forte-cultura.com\/es\/event\/kindertagssause-auf-der-festung-doemitz-de\/","title":{"rendered":"Fiesta infantil en la Fortaleza de D\u00f6mitz (DE)"},"content":{"rendered":"<div  class=\"tribe-events-schedule tribe-clearfix\" >\n\t<p class=\"tribe-events-schedule__datetime\">\n\t\t<span class=\"tribe-events-schedule__date tribe-events-schedule__date--start\">\n\t\t\t22 de junio de 2025\t\t<\/span>\n\n\t\t\t\t\t<span class=\"tribe-events-schedule__separator tribe-events-schedule__separator--date\">\n\t\t\t\t @ \t\t\t<\/span>\n\t\t\t<span class=\"tribe-events-schedule__time tribe-events-schedule__time--start\">\n\t\t\t\t11:00\t\t\t<\/span>\n\t\t\n\t\t\t\t\t\t\t\t\t<span class=\"tribe-events-schedule__separator tribe-events-schedule__separator--time\">\n\t\t\t\t\t \u2013 \t\t\t\t<\/span>\n\t\t\t\n\t\t\t\t\t\t\t<span class=\"tribe-events-schedule__time tribe-events-schedule__time--end\">\n\t\t\t\t\t16:00\t\t\t\t<\/span>\n\t\t\t\n\t\t\t\t\t\t\t<span class=\"tribe-events-schedule__timezone\">CEST<\/span>\n\t\t\t\t\t\t<\/p>\n<\/div>\n\n\n\n<p class=\"eplus-wrapper\">El domingo 22 de junio de 2025 se celebrar\u00e1 una gran fiesta infantil p\u00fablica en la Fortaleza de D\u00f6mitz, de 11.00 a 16.00 horas.<\/p>\n\n\n\n<p class=\"eplus-wrapper\">Diversi\u00f3n asegurada con toboganes, carreras de obst\u00e1culos, juegos, manualidades, m\u00fasica y baile. Tambi\u00e9n habr\u00e1 refrescos dulces y salados.<\/p>\n\n\n\n<p class=\"eplus-wrapper\">La KindertagsSause de este a\u00f1o vuelve a ser un proyecto conjunto de la ciudad de D\u00f6mitz, la oficina D\u00f6mitz-Malli\u00df y la iniciativa LuK e.V.<\/p>\n\n\n\n<p class=\"eplus-wrapper\"><strong>La entrada es gratuita.<\/strong><\/p>\n\n\n\n<figure class=\"wp-block-image size-large eplus-wrapper\"><img loading=\"lazy\" decoding=\"async\" width=\"1024\" height=\"768\" src=\"https:\/\/forte-cultura.com\/wp-content\/uploads\/yZvDvRWjKx2X-KindertagsSause-2023-\u00a9Stadt-Doemitz_M.-Botzler-2a-1024x768.jpg\" alt=\"\" class=\"wp-image-3471\" srcset=\"https:\/\/forte-cultura.com\/wp-content\/uploads\/yZvDvRWjKx2X-KindertagsSause-2023-\u00a9Stadt-Doemitz_M.-Botzler-2a-1024x768.jpg 1024w, https:\/\/forte-cultura.com\/wp-content\/uploads\/yZvDvRWjKx2X-KindertagsSause-2023-\u00a9Stadt-Doemitz_M.-Botzler-2a-300x225.jpg 300w, https:\/\/forte-cultura.com\/wp-content\/uploads\/yZvDvRWjKx2X-KindertagsSause-2023-\u00a9Stadt-Doemitz_M.-Botzler-2a-768x576.jpg 768w, https:\/\/forte-cultura.com\/wp-content\/uploads\/yZvDvRWjKx2X-KindertagsSause-2023-\u00a9Stadt-Doemitz_M.-Botzler-2a-16x12.jpg 16w, https:\/\/forte-cultura.com\/wp-content\/uploads\/yZvDvRWjKx2X-KindertagsSause-2023-\u00a9Stadt-Doemitz_M.-Botzler-2a.jpg 1200w\" sizes=\"auto, (max-width: 1024px) 100vw, 1024px\" \/><figcaption class=\"wp-element-caption\">Jornada infantil<\/figcaption><\/figure>\n\n\n\n<h2 class=\"wp-block-heading eplus-wrapper\"><a href=\"https:\/\/forte-cultura.com\/doemitz-de\/\" data-type=\"post\" data-id=\"587\">Fortaleza de D\u00f6mitz<\/a><\/h2>\n\n\n\n<p class=\"eplus-wrapper\">La Ciudadela de D\u00f6mitz es el edificio m\u00e1s antiguo y caracter\u00edstico de la ciudad de D\u00f6mitz. Es la \u00fanica fortaleza pentagonal renacentista completamente conservada del norte de Alemania y una de las fortalezas de llanura mejor conservadas del norte de Europa. Fortificada con altos muros de ladrillo, baluartes, casamatas y un puente levadizo, la fortaleza impresiona a todos los visitantes. El imponente baluarte a orillas del Elba, en Mecklemburgo, se extiende en forma de pent\u00e1gono. Este importante monumento cultural ofrece una visi\u00f3n de su agitado pasado y lleva a los visitantes en un emocionante viaje.<\/p>\n\n\n<div  class=\"tribe-block tribe-block__event-price\" >\n\t\t<\/div>\n\n\n<div  class=\"tribe-block tribe-block__organizer__details tribe-clearfix\" >\n\t<div class=\"tribe-block__organizer__title\">\n\t\t<h3>Informaci\u00f3n tur\u00edstica de D\u00f6mitz<\/h3>\n\t<\/div>\n\t\t\t\t<p class=\"tribe-block__organizer__website\"><a href=\"http:\/\/www.doemitz.de\" target=\"_blank\" rel=\"noopener noreferrer\">Ver el sitio web del Organizador<\/a><\/p>\n\t\t<\/div>\n\n\n<div  class=\"tribe-block tribe-block__venue tribe-clearfix tribe-block__venue--has-map\" >\n\t\n\t\n<div class=\"tribe-block__venue__meta\">\n\t<div class=\"tribe-block__venue__name\">\n\t\t<h3>Fortaleza de D\u00f6mitz<\/h3>\n\t<\/div>\n\n\t\n\t\t\t\t\t\t<address class=\"tribe-block__venue__address\">\n\t\t\t\t<span class=\"tribe-address\">\n\n<span class=\"tribe-street-address\">En la fortaleza 3<\/span>\n\t\n\t\t<br>\n\t\t<span class=\"tribe-locality\">D\u00f6mitz<\/span><span class=\"tribe-delimiter\">,<\/span>\n\n\t<abbr class=\"tribe-region tribe-events-abbr\" title=\"Mecklemburgo-Pomerania Occidental\">Mecklemburgo-Pomerania Occidental<\/abbr>\n\n\t<span class=\"tribe-postal-code\">19303<\/span>\n\n\t<span class=\"tribe-country-name\">Alemania<\/span>\n\n<\/span>\n\n\t\t\t\t\t\t\t\t\t<a class=\"tribe-events-gmap\" href=\"https:\/\/maps.google.com\/maps?f=q&#038;source=s_q&#038;hl=en&#038;geocode=&#038;q=Auf+der+Festung+3+D%C3%B6mitz+Mecklenburg-Vorpommern+19303+Germany\" title=\"Haz clic para ver un mapa de Google\" target=\"_blank\" rel=\"noreferrer noopener\">+ Mapa de Google<\/a>\t\t\t\t\t\t\t<\/address>\n\t\t\n\t\t\n\t\t\t\t\t<span class=\"tribe-block__venue__website\"><a href=\"https:\/\/doemitz.de\/sehenswuerdigkeiten\/festung-doemitz\/\" target=\"_self\" rel=\"external noopener\">https:\/\/doemitz.de\/sehenswuerdigkeiten\/festung-doemitz\/<\/a><\/span><br \/>\n\t\t\t\n\t<\/div>\n\t\n<div class=\"tribe-block__venue__map\">\n\t<div id=\"tribe-events-gmap-0\" style=\"height: 256px; width: 310px\" aria-hidden=\"true\"><\/div><!-- #tribe-events-gmap- -->\n<\/div>\n\n\t<\/div>\n\n\n\n\n\t<div  class=\"tribe-block tribe-block__events-link\" >\n\t\t<div class=\"tribe-events tribe-common\">\n\t\t\t<div class=\"tribe-events-c-subscribe-dropdown__container\">\n\t\t\t\t<div class=\"tribe-events-c-subscribe-dropdown\">\n\t\t\t\t\t<div class=\"tribe-common-c-btn-border tribe-events-c-subscribe-dropdown__button\">\n\t\t\t\t\t\t<svg\n\t class=\"tribe-common-c-svgicon tribe-common-c-svgicon--cal-export tribe-events-c-subscribe-dropdown__export-icon\" \taria-hidden=\"true\"\n\tviewbox=\"0 0 23 17\"\n\txmlns=\"http:\/\/www.w3.org\/2000\/svg\"\n>\n\t<path fill-rule=\"evenodd\" clip-rule=\"evenodd\" d=\"M.128.896V16.13c0 .211.145.383.323.383h15.354c.179 0 .323-.172.323-.383V.896c0-.212-.144-.383-.323-.383H.451C.273.513.128.684.128.896Zm16 6.742h-.901V4.679H1.009v10.729h14.218v-3.336h.901V7.638ZM1.01 1.614h14.218v2.058H1.009V1.614Z\" \/>\n\t<path d=\"M20.5 9.846H8.312M18.524 6.953l2.89 2.909-2.855 2.855\" stroke-width=\"1.2\" stroke-linecap=\"round\" stroke-linejoin=\"round\"\/>\n<\/svg>\n\t\t\t\t\t\t<button\n\t\t\t\t\t\t\tclass=\"tribe-events-c-subscribe-dropdown__button-text\"\n\t\t\t\t\t\t\taria-expanded=\"false\"\n\t\t\t\t\t\t\taria-controls=\"tribe-events-subscribe-dropdown-content\"\n\t\t\t\t\t\t\taria-label=\"Ver enlaces para a\u00f1adir eventos al calendario\"\n\t\t\t\t\t\t>\n\t\t\t\t\t\t\tA\u00f1adir al calendario\t\t\t\t\t\t<\/button>\n\t\t\t\t\t\t<svg\n\t class=\"tribe-common-c-svgicon tribe-common-c-svgicon--caret-down tribe-events-c-subscribe-dropdown__button-icon\" \taria-hidden=\"true\"\n\tviewbox=\"0 0 10 7\"\n\txmlns=\"http:\/\/www.w3.org\/2000\/svg\"\n>\n\t<path fill-rule=\"evenodd\" clip-rule=\"evenodd\" d=\"M1.008.609L5 4.6 8.992.61l.958.958L5 6.517.05 1.566l.958-.958z\" class=\"tribe-common-c-svgicon__svg-fill\"\/>\n<\/svg>\n\t\t\t\t\t<\/div>\n\t\t\t\t\t<div id=\"tribe-events-subscribe-dropdown-content\" class=\"tribe-events-c-subscribe-dropdown__content\">\n\t\t\t\t\t\t<ul class=\"tribe-events-c-subscribe-dropdown__list\">\n\t\t\t\t\t\t\t\t\t\t\t\t\t\t\t<li class=\"tribe-events-c-subscribe-dropdown__list-item tribe-events-c-subscribe-dropdown__list-item--gcal\">\n\t\t\t\t\t\t\t\t\t<a href=\"https:\/\/www.google.com\/calendar\/event?action=TEMPLATE&#038;dates=20250622T110000\/20250622T160000&#038;text=KindertagsSause%20auf%20der%20Festung%20D%C3%B6mitz%20%28DE%29&#038;details=%3Cp+class%3D%22+eplus-wrapper%22%3EAm+Sonntag%2C+dem+22.+Juni+2025+findet+auf+der+Festung+D%C3%B6mitz+von+11+bis+16+Uhr+ein+gro%C3%9Fes+%C3%B6ffentliches+Kinderfest+statt.%3C%2Fp%3E+%3Cp+class%3D%22+eplus-wrapper%22%3EJede+Menge+Spa%C3%9F+garantieren+u.a.+Rutschen%2C+Parcours%2C+Spiele%2C+Bastelstra%C3%9Fen%2C+Musik+und+Tanz.+F%C3%BCr+eine+s%C3%BC%C3%9Fe+oder+herzhafte+St%C3%A4rkungen+zwischendurch+ist+ebenfalls+gesorgt.%3C%2Fp%3E+%3Cp+class%3D%22+eplus-wrapper%22%3EAuch+in+diesem+Jahr+ist+die+KindertagsSause+ein+Gemeinschaftsprojekt+der+Stadt+D%C3%B6mitz%2C+des+Amtes+D%C3%B6mitz-Malli%C3%9F+und+der+Initiative+LuK+e.V.%3C%2Fp%3E+%3Cp+class%3D%22+eplus-wrapper%22%3E%3Cstrong%3EDer+Eintritt+ist+frei.%3C%2Fstrong%3E%3C%2Fp%3E+%3Cfigure+class%3D%22+wp-block-image+size-large+eplus-wrapper%22%3E%3Cimg+src%3D%22https%3A%2F%2Fforte-cultura.com%2Fwp-content%2Fuploads%2FyZvDvRWjKx2X-KindertagsSause-2023-%C2%A9Stadt-Doemitz_M.-Botzler-2a-1024x768.jpg%22+alt%3D%22%22+class%3D%22wp-image-3471%22%2F%3E%3Cfigcaption+class%3D%22wp-element-caption%22%3EKindertagsSause%3C%2Ffigcaption%3E%3C%2Ffigure%3E%3Ch2+class%3D%22+wp-block-heading+eplus-wrapper%22%3E%3Ca+href%3D%22https%3A%2F%2Fforte-cultura.co%3C%2Fh2%3E+%28Ver+aqu%C3%AD+la+descripci%C3%B3n+completa+de+evento%3A+https%3A%2F%2Fforte-cultura.com%2Fes%2Fevent%2Fkindertagssause-auf-der-festung-doemitz-de%2F%29&#038;location=Festung%20D\u00f6mitz,%20Auf%20der%20Festung%203,%20D\u00f6mitz,%20Mecklenburg-Vorpommern,%2019303,%20Germany&#038;trp=false&#038;ctz=Europe\/Berlin&#038;sprop=website:https:\/\/forte-cultura.com\/es\" class=\"tribe-events-c-subscribe-dropdown__list-item-link\" target=\"_blank\" rel=\"noopener noreferrer nofollow noindex\">\n\t\t\t\t\t\t\t\t\t\tCalendario de Google\t\t\t\t\t\t\t\t\t<\/a>\n\t\t\t\t\t\t\t\t<\/li>\n\t\t\t\t\t\t\t\t\t\t\t\t\t\t\t<li class=\"tribe-events-c-subscribe-dropdown__list-item tribe-events-c-subscribe-dropdown__list-item--ical\">\n\t\t\t\t\t\t\t\t\t<a\n\t\t\t\t\t\t\t\t\t\thref=\"\"\n\t\t\t\t\t\t\t\t\t\tclass=\"tribe-events-c-subscribe-dropdown__list-item-link\"\n\t\t\t\t\t\t\t\t\t\ttarget=\"_blank\"\n\t\t\t\t\t\t\t\t\t\trel=\"noopener noreferrer nofollow noindex\"\n\t\t\t\t\t\t\t\t\t>\n\t\t\t\t\t\t\t\t\t\tiCalendar\t\t\t\t\t\t\t\t\t<\/a>\n\t\t\t\t\t\t\t\t<\/li>\n\t\t\t\t\t\t\t\t\t\t\t\t\t\t\t<li class=\"tribe-events-c-subscribe-dropdown__list-item tribe-events-c-subscribe-dropdown__list-item--outlook-365\">\n\t\t\t\t\t\t\t\t\t<a\n\t\t\t\t\t\t\t\t\t\thref=\"\"\n\t\t\t\t\t\t\t\t\t\tclass=\"tribe-events-c-subscribe-dropdown__list-item-link\"\n\t\t\t\t\t\t\t\t\t\ttarget=\"_blank\"\n\t\t\t\t\t\t\t\t\t\trel=\"noopener noreferrer nofollow noindex\"\n\t\t\t\t\t\t\t\t\t>\n\t\t\t\t\t\t\t\t\t\tOutlook 365\t\t\t\t\t\t\t\t\t<\/a>\n\t\t\t\t\t\t\t\t<\/li>\n\t\t\t\t\t\t\t\t\t\t\t\t\t\t\t<li class=\"tribe-events-c-subscribe-dropdown__list-item tribe-events-c-subscribe-dropdown__list-item--outlook-live\">\n\t\t\t\t\t\t\t\t\t<a\n\t\t\t\t\t\t\t\t\t\thref=\"\"\n\t\t\t\t\t\t\t\t\t\tclass=\"tribe-events-c-subscribe-dropdown__list-item-link\"\n\t\t\t\t\t\t\t\t\t\ttarget=\"_blank\"\n\t\t\t\t\t\t\t\t\t\trel=\"noopener noreferrer nofollow noindex\"\n\t\t\t\t\t\t\t\t\t>\n\t\t\t\t\t\t\t\t\t\tOutlook Live\t\t\t\t\t\t\t\t\t<\/a>\n\t\t\t\t\t\t\t\t<\/li>\n\t\t\t\t\t\t\t\t\t\t\t\t\t<\/ul>\n\t\t\t\t\t<\/div>\n\t\t\t\t<\/div>\n\t\t\t<\/div>\n\t\t<\/div>\n\t<\/div>","protected":false},"excerpt":{"rendered":"<p>Am Sonntag, dem 22. Juni 2025 findet auf der Festung D\u00f6mitz von 11 bis 16 Uhr ein gro\u00dfes \u00f6ffentliches Kinderfest statt. Jede Menge Spa\u00df garantieren u.a. Rutschen, Parcours, Spiele, Bastelstra\u00dfen, [&hellip;]<\/p>\n","protected":false},"author":1,"featured_media":3470,"template":"","meta":{"editor_plus_copied_stylings":"{}","pgc_sgb_lightbox_settings":"","_price":"","_stock":"","_tribe_ticket_header":"","_tribe_default_ticket_provider":"","_tribe_ticket_capacity":"","_ticket_start_date":"","_ticket_end_date":"","_tribe_ticket_show_description":"","_tribe_ticket_show_not_going":false,"_tribe_ticket_use_global_stock":"","_tribe_ticket_global_stock_level":"","_global_stock_mode":"","_global_stock_cap":"","_tribe_rsvp_for_event":"","_tribe_ticket_going_count":"","_tribe_ticket_not_going_count":"","_tribe_tickets_list":"[]","_tribe_ticket_has_attendee_info_fields":false,"_EventAllDay":false,"_EventTimezone":"Europe\/Berlin","_EventStartDate":"2025-06-22 11:00:00","_EventEndDate":"2025-06-22 16:00:00","_EventStartDateUTC":"2025-06-22 09:00:00","_EventEndDateUTC":"2025-06-22 14:00:00","_EventShowMap":false,"_EventShowMapLink":false,"_EventURL":"","_EventCost":"","_EventCostDescription":"","_EventCurrencySymbol":"\u20ac","_EventCurrencyCode":"EUR","_EventCurrencyPosition":"prefix","_EventDateTimeSeparator":" @ ","_EventTimeRangeSeparator":" - ","_EventOrganizerID":[3453],"_EventVenueID":[3454],"_OrganizerEmail":"","_OrganizerPhone":"","_OrganizerWebsite":"","_VenueAddress":"","_VenueCity":"","_VenueCountry":"","_VenueProvince":"","_VenueState":"","_VenueZip":"","_VenuePhone":"","_VenueURL":"","_VenueStateProvince":"","_VenueLat":"","_VenueLng":"","_VenueShowMap":false,"_VenueShowMapLink":false,"_tribe_events_status":"","_tribe_events_status_reason":"","footnotes":"","_tec_slr_enabled":"","_tec_slr_layout":""},"tags":[461,460],"tribe_events_cat":[466],"class_list":["post-3469","tribe_events","type-tribe_events","status-publish","has-post-thumbnail","hentry","tag-familie","tag-kids","tribe_events_cat-efs","cat_efs"],"ticketed":false,"_links":{"self":[{"href":"https:\/\/forte-cultura.com\/es\/wp-json\/wp\/v2\/tribe_events\/3469","targetHints":{"allow":["GET"]}}],"collection":[{"href":"https:\/\/forte-cultura.com\/es\/wp-json\/wp\/v2\/tribe_events"}],"about":[{"href":"https:\/\/forte-cultura.com\/es\/wp-json\/wp\/v2\/types\/tribe_events"}],"author":[{"embeddable":true,"href":"https:\/\/forte-cultura.com\/es\/wp-json\/wp\/v2\/users\/1"}],"version-history":[{"count":0,"href":"https:\/\/forte-cultura.com\/es\/wp-json\/wp\/v2\/tribe_events\/3469\/revisions"}],"wp:featuredmedia":[{"embeddable":true,"href":"https:\/\/forte-cultura.com\/es\/wp-json\/wp\/v2\/media\/3470"}],"wp:attachment":[{"href":"https:\/\/forte-cultura.com\/es\/wp-json\/wp\/v2\/media?parent=3469"}],"wp:term":[{"taxonomy":"post_tag","embeddable":true,"href":"https:\/\/forte-cultura.com\/es\/wp-json\/wp\/v2\/tags?post=3469"},{"taxonomy":"tribe_events_cat","embeddable":true,"href":"https:\/\/forte-cultura.com\/es\/wp-json\/wp\/v2\/tribe_events_cat?post=3469"}],"curies":[{"name":"wp","href":"https:\/\/api.w.org\/{rel}","templated":true}]}}