{"id":3434,"date":"2025-05-02T13:22:29","date_gmt":"2025-05-02T11:22:29","guid":{"rendered":"https:\/\/forte-cultura.com\/?post_type=tribe_events&#038;p=3434"},"modified":"2025-05-02T13:24:49","modified_gmt":"2025-05-02T11:24:49","slug":"3-encuentro-internacional-de-salto-de-altura-en-la-ciudadela-de-spandau","status":"publish","type":"tribe_events","link":"https:\/\/forte-cultura.com\/es\/event\/3-internationales-hochsprung-meeting-in-der-spandauer-zitadelle\/","title":{"rendered":"3er Encuentro Internacional de Salto de Altura en la Ciudadela de Spandau"},"content":{"rendered":"<div  class=\"tribe-events-schedule tribe-clearfix\" >\n\t<p class=\"tribe-events-schedule__datetime\">\n\t\t<span class=\"tribe-events-schedule__date tribe-events-schedule__date--start\">\n\t\t\t10 de mayo de 2025\t\t<\/span>\n\n\t\t\t\t\t<span class=\"tribe-events-schedule__all-day\">Todo el d\u00eda<\/span>\n\t\t\n\t\t\t<\/p>\n<\/div>\n\n\n\n<p class=\"eplus-wrapper\">La reuni\u00f3n de salto de altura de este a\u00f1o promete ser un acontecimiento muy especial, y los organizadores, TSV Spandau 1860, ya est\u00e1n deseando darles la bienvenida a todos.<\/p>\n\n\n\n<p class=\"eplus-wrapper\">A las 10.00 horas, las ni\u00f1as de primaria de Spandau con y sin discapacidad auditiva competir\u00e1n juntas en el 2\u00ba Campeonato de Salto de Altura de Primaria. Habr\u00e1 competiciones individuales y por equipos.<\/p>\n\n\n\n<p class=\"eplus-wrapper\">A las 12.00 horas, el equipo junior de la Asociaci\u00f3n Alemana de Atletismo, liderado por Kira Kalb, vigente campeona de Europa sub-18, y la ganadora de los Juegos Ol\u00edmpicos de la Juventud, Ella Obeta, competir\u00e1 junto con las mujeres sordas. La eslovena Iris Breginska, campeona de Europa, ha confirmado su participaci\u00f3n.<\/p>\n\n\n\n<p class=\"eplus-wrapper\">En ambas competiciones, personas con y sin discapacidad demuestran sus habilidades. Esto es actualmente \u00fanico en Alemania.<\/p>\n\n\n\n<p class=\"eplus-wrapper\">La \u00e9lite mundial femenina saltar\u00e1 a continuaci\u00f3n, a las 14:00 horas. Este a\u00f1o estar\u00e1 encabezada por la vigente campeona asi\u00e1tica, la kazaja Kristina Ovchinnikova, y la finalista ol\u00edmpica de Par\u00eds, la turca Buse Savaskas. La \u00e9lite nacional estar\u00e1 representada por Bianca Stichling, vigente campeona alemana en pista cubierta, y Johanna G\u00f6ring, tercera clasificada.<\/p>\n\n\n\n<p class=\"eplus-wrapper\">Como la temporada es a\u00fan muy joven, no hay favorito y promete ser una competici\u00f3n emocionante.<\/p>\n\n\n\n<p class=\"eplus-wrapper\">Ser\u00eda fant\u00e1stico que nos ayudara con su apoyo a este acontecimiento especial.<\/p>\n\n\n\n<p class=\"eplus-wrapper\">Trae a tu familia, amigos, parientes y vecinos: \u00a1todo el mundo est\u00e1 cordialmente invitado! Y con un poco de suerte, podr\u00e1s ganar entradas gratis para la ISTAF, presentada por Berlinho, que una vez m\u00e1s garantizar\u00e1 un gran ambiente.<\/p>\n\n\n\n<p class=\"eplus-wrapper\">Cuantos m\u00e1s seamos, m\u00e1s inolvidable ser\u00e1 nuestra experiencia compartida.<\/p>\n\n\n\n<p class=\"eplus-wrapper\">Adem\u00e1s de la emoci\u00f3n del deporte, le espera un espect\u00e1culo pirot\u00e9cnico de atracciones que har\u00e1 las delicias de grandes y peque\u00f1os, y el <strong>Entrada gratuita<\/strong><\/p>\n\n\n\n<p class=\"eplus-wrapper\"><strong>Atracciones para los m\u00e1s peque\u00f1os&nbsp;<\/strong><\/p>\n\n\n<ul class=\"wp-block-list eplus-wrapper eplus-styles-uid-99a83a\"><li class=\"eplus-wrapper eplus-styles-uid-8d9cae\">Un gigantesco castillo hinchable que catapultar\u00e1 a los m\u00e1s peque\u00f1os al s\u00e9ptimo cielo.<\/li>\n\n<li class=\"eplus-wrapper eplus-styles-uid-8d9cae\">Tiro a puerta de f\u00fatbol en el que podr\u00e1s demostrar tu habilidad goleadora.<\/li>\n\n<li class=\"eplus-wrapper eplus-styles-uid-8d9cae\">Curso ninja que pone a prueba la destreza y el valor: \u00a1prep\u00e1rate!<\/li>\n\n<li class=\"eplus-wrapper eplus-styles-uid-8d9cae\">Pesca de patos: diversi\u00f3n para grandes y peque\u00f1os, \u00a1donde podr\u00e1 probar suerte!<\/li>\n\n<li class=\"eplus-wrapper eplus-styles-uid-8d9cae\">Carrera de barreras ligeras donde la velocidad es la protagonista<\/li>\n\n<li class=\"eplus-wrapper eplus-styles-uid-8d9cae\">Blind parcour, \u00a1donde podr\u00e1 sumergirse en el mundo desde el \u201epunto de vista\u201c de las personas ciegas y deficientes visuales!<\/li>\n\n<li class=\"eplus-wrapper eplus-styles-uid-8d9cae\"><strong>Y esto es s\u00f3lo una peque\u00f1a muestra de lo que puede esperar.<\/strong><\/li><\/ul>\n\n\n<p class=\"eplus-wrapper\">Para los adultos, hemos transformado nuestro puesto de barbacoas en un aut\u00e9ntico oasis de diversi\u00f3n. Disfrute de bebidas refrescantes como cerveza, refrescos de cola y agua con gas mientras toma el sol y se impregna del ambiente deportivo.<\/p>\n\n\n\n<figure class=\"wp-block-image size-large eplus-wrapper\"><img loading=\"lazy\" decoding=\"async\" width=\"738\" height=\"1024\" src=\"https:\/\/forte-cultura.com\/wp-content\/uploads\/Scan_20250425-738x1024.jpg\" alt=\"\" class=\"wp-image-3435\" srcset=\"https:\/\/forte-cultura.com\/wp-content\/uploads\/Scan_20250425-738x1024.jpg 738w, https:\/\/forte-cultura.com\/wp-content\/uploads\/Scan_20250425-216x300.jpg 216w, https:\/\/forte-cultura.com\/wp-content\/uploads\/Scan_20250425-768x1066.jpg 768w, https:\/\/forte-cultura.com\/wp-content\/uploads\/Scan_20250425-1106x1536.jpg 1106w, https:\/\/forte-cultura.com\/wp-content\/uploads\/Scan_20250425-1475x2048.jpg 1475w, https:\/\/forte-cultura.com\/wp-content\/uploads\/Scan_20250425-9x12.jpg 9w, https:\/\/forte-cultura.com\/wp-content\/uploads\/Scan_20250425-scaled.jpg 1844w\" sizes=\"auto, (max-width: 738px) 100vw, 738px\" \/><\/figure>\n\n\n<div  class=\"tribe-block tribe-block__event-price\" >\n\t\t<\/div>\n\n\n<div  class=\"tribe-block tribe-block__organizer__details tribe-clearfix\" >\n\t<div class=\"tribe-block__organizer__title\">\n\t\t<h3>TSV Spandau 1860<\/h3>\n\t<\/div>\n\t\t\t\t\t<p class=\"tribe-block__organizer__email\">info@spandauer-hochsprungmeeting.de<\/p>\n\t<\/div>\n\n\n<div  class=\"tribe-block tribe-block__venue tribe-clearfix tribe-block__venue--has-map\" >\n\t\n\t\n<div class=\"tribe-block__venue__meta\">\n\t<div class=\"tribe-block__venue__name\">\n\t\t<h3>Ciudadela de Spandau<\/h3>\n\t<\/div>\n\n\t\n\t\t\t\t\t\t<address class=\"tribe-block__venue__address\">\n\t\t\t\t<span class=\"tribe-address\">\n\n<span class=\"tribe-street-address\">Am Juliusturm 64<\/span>\n\t\n\t\t<br>\n\t\t<span class=\"tribe-locality\">Berl\u00edn<\/span><span class=\"tribe-delimiter\">,<\/span>\n\n\n\t<span class=\"tribe-postal-code\">13599<\/span>\n\n\t<span class=\"tribe-country-name\">Alemania<\/span>\n\n<\/span>\n\n\t\t\t\t\t\t\t\t\t<a class=\"tribe-events-gmap\" href=\"https:\/\/maps.google.com\/maps?f=q&#038;source=s_q&#038;hl=en&#038;geocode=&#038;q=Am+Juliusturm+64+Berlin+13599+Germany\" title=\"Haz clic para ver un mapa de Google\" target=\"_blank\" rel=\"noreferrer noopener\">+ Mapa de Google<\/a>\t\t\t\t\t\t\t<\/address>\n\t\t\n\t\t\n\t\t\t\t\t<span class=\"tribe-block__venue__website\"><a href=\"http:\/\/www.zitadelle-berlin.de\/\" target=\"_self\" rel=\"external noopener\">Ver el sitio web del Recinto<\/a><\/span><br \/>\n\t\t\t\n\t<\/div>\n\t\n<div class=\"tribe-block__venue__map\">\n\t<div id=\"tribe-events-gmap-0\" style=\"height: 256px; width: 310px\" aria-hidden=\"true\"><\/div><!-- #tribe-events-gmap- -->\n<\/div>\n\n\t<\/div>\n\n\n<div  class=\"tribe-block tribe-block__event-website\" >\n\t<a href=\"https:\/\/www.spandauer-hochsprungmeeting.de\/\" target=\"_self\" rel=\"noopener\">\n\t\tSitio web del acontecimiento\t<\/a>\n<\/div>\n\n\n\t<div  class=\"tribe-block tribe-block__events-link\" >\n\t\t<div class=\"tribe-events tribe-common\">\n\t\t\t<div class=\"tribe-events-c-subscribe-dropdown__container\">\n\t\t\t\t<div class=\"tribe-events-c-subscribe-dropdown\">\n\t\t\t\t\t<div class=\"tribe-common-c-btn-border tribe-events-c-subscribe-dropdown__button\">\n\t\t\t\t\t\t<svg\n\t class=\"tribe-common-c-svgicon tribe-common-c-svgicon--cal-export tribe-events-c-subscribe-dropdown__export-icon\" \taria-hidden=\"true\"\n\tviewbox=\"0 0 23 17\"\n\txmlns=\"http:\/\/www.w3.org\/2000\/svg\"\n>\n\t<path fill-rule=\"evenodd\" clip-rule=\"evenodd\" d=\"M.128.896V16.13c0 .211.145.383.323.383h15.354c.179 0 .323-.172.323-.383V.896c0-.212-.144-.383-.323-.383H.451C.273.513.128.684.128.896Zm16 6.742h-.901V4.679H1.009v10.729h14.218v-3.336h.901V7.638ZM1.01 1.614h14.218v2.058H1.009V1.614Z\" \/>\n\t<path d=\"M20.5 9.846H8.312M18.524 6.953l2.89 2.909-2.855 2.855\" stroke-width=\"1.2\" stroke-linecap=\"round\" stroke-linejoin=\"round\"\/>\n<\/svg>\n\t\t\t\t\t\t<button\n\t\t\t\t\t\t\tclass=\"tribe-events-c-subscribe-dropdown__button-text\"\n\t\t\t\t\t\t\taria-expanded=\"false\"\n\t\t\t\t\t\t\taria-controls=\"tribe-events-subscribe-dropdown-content\"\n\t\t\t\t\t\t\taria-label=\"Ver enlaces para a\u00f1adir eventos al calendario\"\n\t\t\t\t\t\t>\n\t\t\t\t\t\t\tA\u00f1adir al calendario\t\t\t\t\t\t<\/button>\n\t\t\t\t\t\t<svg\n\t class=\"tribe-common-c-svgicon tribe-common-c-svgicon--caret-down tribe-events-c-subscribe-dropdown__button-icon\" \taria-hidden=\"true\"\n\tviewbox=\"0 0 10 7\"\n\txmlns=\"http:\/\/www.w3.org\/2000\/svg\"\n>\n\t<path fill-rule=\"evenodd\" clip-rule=\"evenodd\" d=\"M1.008.609L5 4.6 8.992.61l.958.958L5 6.517.05 1.566l.958-.958z\" class=\"tribe-common-c-svgicon__svg-fill\"\/>\n<\/svg>\n\t\t\t\t\t<\/div>\n\t\t\t\t\t<div id=\"tribe-events-subscribe-dropdown-content\" class=\"tribe-events-c-subscribe-dropdown__content\">\n\t\t\t\t\t\t<ul class=\"tribe-events-c-subscribe-dropdown__list\">\n\t\t\t\t\t\t\t\t\t\t\t\t\t\t\t<li class=\"tribe-events-c-subscribe-dropdown__list-item tribe-events-c-subscribe-dropdown__list-item--gcal\">\n\t\t\t\t\t\t\t\t\t<a href=\"https:\/\/www.google.com\/calendar\/event?action=TEMPLATE&#038;dates=20250510T000000\/20250510T235959&#038;text=3.%20Internationales%20Hochsprung-Meeting%20in%20der%20Spandauer%20Zitadelle&#038;details=%3Cp+class%3D%22+eplus-wrapper%22%3EDieses+Jahr+verspricht+das+Hochsprungmeeting+ein+ganz+besonderes+Ereignis+zu+werden%2C+und+der+ausrichtende+TSV+Spandau+1860+freut+sich+schon+jetzt+riesig+darauf%2C+euch+alle+begr%C3%BC%C3%9Fen+zu+d%C3%BCrfen%21%3C%2Fp%3E+%3Cp+class%3D%22+eplus-wrapper%22%3EUm+10%3A00h+springen+die+Spandauer+Grundsch%C3%BClerinnen+mit+und+ohne+H%C3%B6rbeeintr%C3%A4chtigungen+gemeinsam+um+die+2.+Grundschul-Hochsprungmeisterschaft.+Es+wird+eine+Einzel+-+und+Mannschaftswertung+geben.%3C%2Fp%3E+%3Cp+class%3D%22+eplus-wrapper%22%3EUm+12%3A00h+springt+der+Nachwuchskader+des+deutschen+Leichtathletik-Verbandes%2C+angef%C3%BChrt+von+Kira+Kalb%2C+der+amtierenden+U18+Europameisterin%2C+und+der+Siegerin+der+Jugendolympiade%2C+Ella+Obeta%2C+gemeinsam+mit+den+geh%C3%B6rlosen+Frauen+in+einem+Wettbewerb.+Die+Europameisterin+Iris+Breginska+aus+Slowenien+hat+zugesagt.%3C%2Fp%3E+%3Cp+class%3D%22+eplus-wrapper%22%3Ein+beiden+Wettbewerben+zeigen+Menschen+mit+und+ohne+Beeintr%C3%A4chtigungen+ihre+Leistungsf%C3%A4higkeit.+Das+ist+zur+Zeit+in+Deutschland+einzigartig.%3C%2Fp%3E+%3Cp+class%3D%22+e+%28Ver+aqu%C3%AD+la+descripci%C3%B3n+completa+de+evento%3A+https%3A%2F%2Fforte-cultura.com%2Fes%2Fevent%2F3-internationales-hochsprung-meeting-in-der-spandauer-zitadelle%2F%29&#038;location=Zitadelle%20Spandau,%20Am%20Juliusturm%2064,%20Berlin,%2013599,%20Germany&#038;trp=false&#038;ctz=Europe\/Berlin&#038;sprop=website:https:\/\/forte-cultura.com\/es\" class=\"tribe-events-c-subscribe-dropdown__list-item-link\" target=\"_blank\" rel=\"noopener noreferrer nofollow noindex\">\n\t\t\t\t\t\t\t\t\t\tCalendario de Google\t\t\t\t\t\t\t\t\t<\/a>\n\t\t\t\t\t\t\t\t<\/li>\n\t\t\t\t\t\t\t\t\t\t\t\t\t\t\t<li class=\"tribe-events-c-subscribe-dropdown__list-item tribe-events-c-subscribe-dropdown__list-item--ical\">\n\t\t\t\t\t\t\t\t\t<a\n\t\t\t\t\t\t\t\t\t\thref=\"\"\n\t\t\t\t\t\t\t\t\t\tclass=\"tribe-events-c-subscribe-dropdown__list-item-link\"\n\t\t\t\t\t\t\t\t\t\ttarget=\"_blank\"\n\t\t\t\t\t\t\t\t\t\trel=\"noopener noreferrer nofollow noindex\"\n\t\t\t\t\t\t\t\t\t>\n\t\t\t\t\t\t\t\t\t\tiCalendar\t\t\t\t\t\t\t\t\t<\/a>\n\t\t\t\t\t\t\t\t<\/li>\n\t\t\t\t\t\t\t\t\t\t\t\t\t\t\t<li class=\"tribe-events-c-subscribe-dropdown__list-item tribe-events-c-subscribe-dropdown__list-item--outlook-365\">\n\t\t\t\t\t\t\t\t\t<a\n\t\t\t\t\t\t\t\t\t\thref=\"\"\n\t\t\t\t\t\t\t\t\t\tclass=\"tribe-events-c-subscribe-dropdown__list-item-link\"\n\t\t\t\t\t\t\t\t\t\ttarget=\"_blank\"\n\t\t\t\t\t\t\t\t\t\trel=\"noopener noreferrer nofollow noindex\"\n\t\t\t\t\t\t\t\t\t>\n\t\t\t\t\t\t\t\t\t\tOutlook 365\t\t\t\t\t\t\t\t\t<\/a>\n\t\t\t\t\t\t\t\t<\/li>\n\t\t\t\t\t\t\t\t\t\t\t\t\t\t\t<li class=\"tribe-events-c-subscribe-dropdown__list-item tribe-events-c-subscribe-dropdown__list-item--outlook-live\">\n\t\t\t\t\t\t\t\t\t<a\n\t\t\t\t\t\t\t\t\t\thref=\"\"\n\t\t\t\t\t\t\t\t\t\tclass=\"tribe-events-c-subscribe-dropdown__list-item-link\"\n\t\t\t\t\t\t\t\t\t\ttarget=\"_blank\"\n\t\t\t\t\t\t\t\t\t\trel=\"noopener noreferrer nofollow noindex\"\n\t\t\t\t\t\t\t\t\t>\n\t\t\t\t\t\t\t\t\t\tOutlook Live\t\t\t\t\t\t\t\t\t<\/a>\n\t\t\t\t\t\t\t\t<\/li>\n\t\t\t\t\t\t\t\t\t\t\t\t\t<\/ul>\n\t\t\t\t\t<\/div>\n\t\t\t\t<\/div>\n\t\t\t<\/div>\n\t\t<\/div>\n\t<\/div>","protected":false},"excerpt":{"rendered":"<p>Dieses Jahr verspricht das Hochsprungmeeting ein ganz besonderes Ereignis zu werden, und der ausrichtende TSV Spandau 1860 freut sich schon jetzt riesig darauf, euch alle begr\u00fc\u00dfen zu d\u00fcrfen! Um 10:00h [&hellip;]<\/p>\n","protected":false},"author":1,"featured_media":3442,"template":"","meta":{"editor_plus_copied_stylings":"{}","pgc_sgb_lightbox_settings":"","_price":"","_stock":"","_tribe_ticket_header":"","_tribe_default_ticket_provider":"","_tribe_ticket_capacity":"","_ticket_start_date":"","_ticket_end_date":"","_tribe_ticket_show_description":"","_tribe_ticket_show_not_going":false,"_tribe_ticket_use_global_stock":"","_tribe_ticket_global_stock_level":"","_global_stock_mode":"","_global_stock_cap":"","_tribe_rsvp_for_event":"","_tribe_ticket_going_count":"","_tribe_ticket_not_going_count":"","_tribe_tickets_list":"[]","_tribe_ticket_has_attendee_info_fields":false,"_EventAllDay":true,"_EventTimezone":"Europe\/Berlin","_EventStartDate":"2025-05-10 00:00:00","_EventEndDate":"2025-05-10 23:59:59","_EventStartDateUTC":"2025-05-09 22:00:00","_EventEndDateUTC":"2025-05-10 21:59:59","_EventShowMap":false,"_EventShowMapLink":false,"_EventURL":"https:\/\/www.spandauer-hochsprungmeeting.de\/","_EventCost":"","_EventCostDescription":"","_EventCurrencySymbol":"\u20ac","_EventCurrencyCode":"EUR","_EventCurrencyPosition":"prefix","_EventDateTimeSeparator":" @ ","_EventTimeRangeSeparator":" - ","_EventOrganizerID":[3437],"_EventVenueID":[3438],"_OrganizerEmail":"","_OrganizerPhone":"","_OrganizerWebsite":"","_VenueAddress":"","_VenueCity":"","_VenueCountry":"","_VenueProvince":"","_VenueState":"","_VenueZip":"","_VenuePhone":"","_VenueURL":"","_VenueStateProvince":"","_VenueLat":"","_VenueLng":"","_VenueShowMap":false,"_VenueShowMapLink":false,"_tribe_events_status":"","_tribe_events_status_reason":"","footnotes":"","_tec_slr_enabled":"","_tec_slr_layout":""},"tags":[491,461,460,472],"tribe_events_cat":[],"class_list":["post-3434","tribe_events","type-tribe_events","status-publish","has-post-thumbnail","hentry","tag-berlin","tag-familie","tag-kids","tag-sport"],"ticketed":false,"_links":{"self":[{"href":"https:\/\/forte-cultura.com\/es\/wp-json\/wp\/v2\/tribe_events\/3434","targetHints":{"allow":["GET"]}}],"collection":[{"href":"https:\/\/forte-cultura.com\/es\/wp-json\/wp\/v2\/tribe_events"}],"about":[{"href":"https:\/\/forte-cultura.com\/es\/wp-json\/wp\/v2\/types\/tribe_events"}],"author":[{"embeddable":true,"href":"https:\/\/forte-cultura.com\/es\/wp-json\/wp\/v2\/users\/1"}],"version-history":[{"count":0,"href":"https:\/\/forte-cultura.com\/es\/wp-json\/wp\/v2\/tribe_events\/3434\/revisions"}],"wp:featuredmedia":[{"embeddable":true,"href":"https:\/\/forte-cultura.com\/es\/wp-json\/wp\/v2\/media\/3442"}],"wp:attachment":[{"href":"https:\/\/forte-cultura.com\/es\/wp-json\/wp\/v2\/media?parent=3434"}],"wp:term":[{"taxonomy":"post_tag","embeddable":true,"href":"https:\/\/forte-cultura.com\/es\/wp-json\/wp\/v2\/tags?post=3434"},{"taxonomy":"tribe_events_cat","embeddable":true,"href":"https:\/\/forte-cultura.com\/es\/wp-json\/wp\/v2\/tribe_events_cat?post=3434"}],"curies":[{"name":"wp","href":"https:\/\/api.w.org\/{rel}","templated":true}]}}