{"id":3411,"date":"2025-04-06T12:01:06","date_gmt":"2025-04-06T10:01:06","guid":{"rendered":"https:\/\/forte-cultura.com\/?post_type=tribe_events&#038;p=3411"},"modified":"2025-04-06T12:02:26","modified_gmt":"2025-04-06T10:02:26","slug":"noche-de-fortalezas","status":"publish","type":"tribe_events","link":"https:\/\/forte-cultura.com\/es\/event\/night-of-fortresses\/","title":{"rendered":"Noche de fortalezas"},"content":{"rendered":"<div  class=\"tribe-events-schedule tribe-clearfix\" >\n\t<p class=\"tribe-events-schedule__datetime\">\n\t\t<span class=\"tribe-events-schedule__date tribe-events-schedule__date--start\">\n\t\t\t9. mayo 2025\t\t<\/span>\n\n\t\t\t\t\t<span class=\"tribe-events-schedule__all-day\">Todo el d\u00eda<\/span>\n\t\t\n\t\t\t<\/p>\n<\/div>\n\n\n\n<p class=\"eplus-wrapper\">Un d\u00eda y una noche para celebrar el patrimonio cultural europeo de las fortalezas. La \u201eNoche de las Fortalezas\u201c incluye emocionantes eventos en m\u00e1s de 50 fortalezas de toda Europa el 9 de mayo de 2025.<\/p>\n\n\n\n<p class=\"eplus-wrapper\">Disfrute de conciertos, festivales, exposiciones y mucho m\u00e1s en fascinantes escenarios hist\u00f3ricos, a menudo rodeados de una naturaleza impresionante.<\/p>\n\n\n\n<p class=\"eplus-wrapper\">\u201eLa \u201cNoche de las Fortalezas\" es una iniciativa de la <strong><a href=\"https:\/\/forte-cultura.com\/sibenik-hr\/\" data-type=\"post\" data-id=\"1009\">Fortaleza cultural de Sibenik (HR)<\/a><\/strong> y parte del <em><a href=\"https:\/\/forte-cultura.com\/events\/\" data-type=\"page\" data-id=\"255\">Fortaleza europea Verano<\/a><\/em>, impulsado por FORTE CULTURA y EFFORTS.<\/p>\n\n\n\n<figure class=\"wp-block-image size-large eplus-wrapper\"><img loading=\"lazy\" decoding=\"async\" width=\"1024\" height=\"373\" src=\"https:\/\/forte-cultura.com\/wp-content\/uploads\/NoF-2025-1024x373.jpg\" alt=\"\" class=\"wp-image-3412\" srcset=\"https:\/\/forte-cultura.com\/wp-content\/uploads\/NoF-2025-1024x373.jpg 1024w, https:\/\/forte-cultura.com\/wp-content\/uploads\/NoF-2025-300x109.jpg 300w, https:\/\/forte-cultura.com\/wp-content\/uploads\/NoF-2025-768x280.jpg 768w, https:\/\/forte-cultura.com\/wp-content\/uploads\/NoF-2025-1536x560.jpg 1536w, https:\/\/forte-cultura.com\/wp-content\/uploads\/NoF-2025-2048x747.jpg 2048w, https:\/\/forte-cultura.com\/wp-content\/uploads\/NoF-2025-18x7.jpg 18w\" sizes=\"auto, (max-width: 1024px) 100vw, 1024px\" \/><\/figure>\n\n\n\n<p class=\"eplus-wrapper\"><strong>2025: La \u201eNoche de las Fortalezas\u201c <em>va Verde<\/em><\/strong><\/p>\n\n\n\n<p class=\"eplus-wrapper\">La idea es sencilla: \u00a1combinar patrimonio cultural y responsabilidad ecol\u00f3gica! El objetivo es sensibilizar a los visitantes sobre el turismo sostenible y las pr\u00e1cticas sostenibles y fomentar la participaci\u00f3n activa en la protecci\u00f3n del medio ambiente.<\/p>\n\n\n\n<p class=\"eplus-wrapper\">Con \u201eLa Noche de las Fortalezas se vuelve verde\u201c, no s\u00f3lo celebramos el patrimonio cultural, sino que tambi\u00e9n contribuimos a proteger nuestro planeta, paso a paso, evento a evento.<\/p>\n\n\n\n<p class=\"eplus-wrapper\"><\/p>\n\n\n<div  class=\"tribe-block tribe-block__event-price\" >\n\t\t<\/div>\n\n\n\n\n<div  class=\"tribe-block tribe-block__venue tribe-clearfix\" >\n\t\n\t\t\n\t<\/div>\n\n\n<div  class=\"tribe-block tribe-block__event-website\" >\n\t<a href=\"http:\/\/www.nightoffortresses.org\" target=\"_self\" rel=\"noopener\">\n\t\tSitio web del acontecimiento\t<\/a>\n<\/div>\n\n\n\t<div  class=\"tribe-block tribe-block__events-link\" >\n\t\t<div class=\"tribe-events tribe-common\">\n\t\t\t<div class=\"tribe-events-c-subscribe-dropdown__container\">\n\t\t\t\t<div class=\"tribe-events-c-subscribe-dropdown\">\n\t\t\t\t\t<div class=\"tribe-common-c-btn-border tribe-events-c-subscribe-dropdown__button\">\n\t\t\t\t\t\t<svg\n\t class=\"tribe-common-c-svgicon tribe-common-c-svgicon--cal-export tribe-events-c-subscribe-dropdown__export-icon\" \taria-hidden=\"true\"\n\tviewbox=\"0 0 23 17\"\n\txmlns=\"http:\/\/www.w3.org\/2000\/svg\"\n>\n\t<path fill-rule=\"evenodd\" clip-rule=\"evenodd\" d=\"M.128.896V16.13c0 .211.145.383.323.383h15.354c.179 0 .323-.172.323-.383V.896c0-.212-.144-.383-.323-.383H.451C.273.513.128.684.128.896Zm16 6.742h-.901V4.679H1.009v10.729h14.218v-3.336h.901V7.638ZM1.01 1.614h14.218v2.058H1.009V1.614Z\" \/>\n\t<path d=\"M20.5 9.846H8.312M18.524 6.953l2.89 2.909-2.855 2.855\" stroke-width=\"1.2\" stroke-linecap=\"round\" stroke-linejoin=\"round\"\/>\n<\/svg>\n\t\t\t\t\t\t<button\n\t\t\t\t\t\t\tclass=\"tribe-events-c-subscribe-dropdown__button-text\"\n\t\t\t\t\t\t\taria-expanded=\"false\"\n\t\t\t\t\t\t\taria-controls=\"tribe-events-subscribe-dropdown-content\"\n\t\t\t\t\t\t\taria-label=\"Ver enlaces para a\u00f1adir eventos al calendario\"\n\t\t\t\t\t\t>\n\t\t\t\t\t\t\tA\u00f1adir al calendario\t\t\t\t\t\t<\/button>\n\t\t\t\t\t\t<svg\n\t class=\"tribe-common-c-svgicon tribe-common-c-svgicon--caret-down tribe-events-c-subscribe-dropdown__button-icon\" \taria-hidden=\"true\"\n\tviewbox=\"0 0 10 7\"\n\txmlns=\"http:\/\/www.w3.org\/2000\/svg\"\n>\n\t<path fill-rule=\"evenodd\" clip-rule=\"evenodd\" d=\"M1.008.609L5 4.6 8.992.61l.958.958L5 6.517.05 1.566l.958-.958z\" class=\"tribe-common-c-svgicon__svg-fill\"\/>\n<\/svg>\n\t\t\t\t\t<\/div>\n\t\t\t\t\t<div id=\"tribe-events-subscribe-dropdown-content\" class=\"tribe-events-c-subscribe-dropdown__content\">\n\t\t\t\t\t\t<ul class=\"tribe-events-c-subscribe-dropdown__list\">\n\t\t\t\t\t\t\t\t\t\t\t\t\t\t\t<li class=\"tribe-events-c-subscribe-dropdown__list-item tribe-events-c-subscribe-dropdown__list-item--gcal\">\n\t\t\t\t\t\t\t\t\t<a href=\"https:\/\/www.google.com\/calendar\/event?action=TEMPLATE&#038;dates=20250509T000000\/20250509T235959&#038;text=Night%20of%20Fortresses&#038;details=%3Cp+class%3D%22+eplus-wrapper%22%3EEin+Tag+und+eine+Nacht%2C+um+das+Europ%C3%A4ische+Kulturerbe+der+Festungen+zu+zelebrieren.+Die+%22Night+of+Fortresses%22+umfasst+spannende+Events+in+mehr+als+50+Festungen+europaweit+am+9.+Mai+2025.%3C%2Fp%3E+%3Cp+class%3D%22+eplus-wrapper%22%3EErleben+Sie+Konzerte%2C+Festivals%2C+Ausstellungen+und+vieles+mehr+in+faszinierenden+historischen+Kulissen%2C+oftmals+umrahmt+von+atemberaubender+Natur.%3C%2Fp%3E+%3Cp+class%3D%22+eplus-wrapper%22%3E%22Night+of+Fortresses%22+ist+eine+Initiative+der+%3Cstrong%3E%3Ca+href%3D%22https%3A%2F%2Fforte-cultura.com%2Fsibenik-hr%2F%22+data-type%3D%22post%22+data-id%3D%221009%22%3EKulturfestung+Sibenik+%28HR%29%3C%2Fa%3E%3C%2Fstrong%3E+und+Bestandteil+des+%3Cem%3E%3Ca+href%3D%22https%3A%2F%2Fforte-cultura.com%2Fevents%2F%22+data-type%3D%22page%22+data-id%3D%22255%22%3EEurop%C3%A4ischen+Festungssommers%3C%2Fa%3E%3C%2Fem%3E%2C+powered+by+FORTE+CULTURA+und+EFFORTS.%3C%2Fp%3E+%3Cfigure+class%3D%22+wp-block-image+size-large+eplus-wrapper%22%3E%3Cimg+src%3D%22https%3A%2F%2Fforte-cultura.com%2Fwp-content%2Fuploads%2FNoF-2025-1024x373.jpg%22+alt%3D%22%22+class%3D%22wp-image-3412%22%2F%3E%3C%2Ffigure%3E%3Cp+class%3D%22+eplus-wrapper%22%3E%3C%3C%2Fp%3E+%28Ver+aqu%C3%AD+la+descripci%C3%B3n+completa+de+evento%3A+https%3A%2F%2Fforte-cultura.com%2Fes%2Fevent%2Fnight-of-fortresses%2F%29&#038;trp=false&#038;ctz=Europe\/Berlin&#038;sprop=website:https:\/\/forte-cultura.com\/es\" class=\"tribe-events-c-subscribe-dropdown__list-item-link\" target=\"_blank\" rel=\"noopener noreferrer nofollow noindex\">\n\t\t\t\t\t\t\t\t\t\tCalendario de Google\t\t\t\t\t\t\t\t\t<\/a>\n\t\t\t\t\t\t\t\t<\/li>\n\t\t\t\t\t\t\t\t\t\t\t\t\t\t\t<li class=\"tribe-events-c-subscribe-dropdown__list-item tribe-events-c-subscribe-dropdown__list-item--ical\">\n\t\t\t\t\t\t\t\t\t<a\n\t\t\t\t\t\t\t\t\t\thref=\"\"\n\t\t\t\t\t\t\t\t\t\tclass=\"tribe-events-c-subscribe-dropdown__list-item-link\"\n\t\t\t\t\t\t\t\t\t\ttarget=\"_blank\"\n\t\t\t\t\t\t\t\t\t\trel=\"noopener noreferrer nofollow noindex\"\n\t\t\t\t\t\t\t\t\t>\n\t\t\t\t\t\t\t\t\t\tiCalendar\t\t\t\t\t\t\t\t\t<\/a>\n\t\t\t\t\t\t\t\t<\/li>\n\t\t\t\t\t\t\t\t\t\t\t\t\t\t\t<li class=\"tribe-events-c-subscribe-dropdown__list-item tribe-events-c-subscribe-dropdown__list-item--outlook-365\">\n\t\t\t\t\t\t\t\t\t<a\n\t\t\t\t\t\t\t\t\t\thref=\"\"\n\t\t\t\t\t\t\t\t\t\tclass=\"tribe-events-c-subscribe-dropdown__list-item-link\"\n\t\t\t\t\t\t\t\t\t\ttarget=\"_blank\"\n\t\t\t\t\t\t\t\t\t\trel=\"noopener noreferrer nofollow noindex\"\n\t\t\t\t\t\t\t\t\t>\n\t\t\t\t\t\t\t\t\t\tOutlook 365\t\t\t\t\t\t\t\t\t<\/a>\n\t\t\t\t\t\t\t\t<\/li>\n\t\t\t\t\t\t\t\t\t\t\t\t\t\t\t<li class=\"tribe-events-c-subscribe-dropdown__list-item tribe-events-c-subscribe-dropdown__list-item--outlook-live\">\n\t\t\t\t\t\t\t\t\t<a\n\t\t\t\t\t\t\t\t\t\thref=\"\"\n\t\t\t\t\t\t\t\t\t\tclass=\"tribe-events-c-subscribe-dropdown__list-item-link\"\n\t\t\t\t\t\t\t\t\t\ttarget=\"_blank\"\n\t\t\t\t\t\t\t\t\t\trel=\"noopener noreferrer nofollow noindex\"\n\t\t\t\t\t\t\t\t\t>\n\t\t\t\t\t\t\t\t\t\tOutlook Live\t\t\t\t\t\t\t\t\t<\/a>\n\t\t\t\t\t\t\t\t<\/li>\n\t\t\t\t\t\t\t\t\t\t\t\t\t<\/ul>\n\t\t\t\t\t<\/div>\n\t\t\t\t<\/div>\n\t\t\t<\/div>\n\t\t<\/div>\n\t<\/div>","protected":false},"excerpt":{"rendered":"<p>Ein Tag und eine Nacht, um das Europ\u00e4ische Kulturerbe der Festungen zu zelebrieren. Die &#8222;Night of Fortresses&#8220; umfasst spannende Events in mehr als 50 Festungen europaweit am 9. Mai 2025. [&hellip;]<\/p>\n","protected":false},"author":1,"featured_media":3413,"template":"","meta":{"editor_plus_copied_stylings":"{}","pgc_sgb_lightbox_settings":"","_price":"","_stock":"","_tribe_ticket_header":"","_tribe_default_ticket_provider":"","_tribe_ticket_capacity":"","_ticket_start_date":"","_ticket_end_date":"","_tribe_ticket_show_description":"","_tribe_ticket_show_not_going":false,"_tribe_ticket_use_global_stock":"","_tribe_ticket_global_stock_level":"","_global_stock_mode":"","_global_stock_cap":"","_tribe_rsvp_for_event":"","_tribe_ticket_going_count":"","_tribe_ticket_not_going_count":"","_tribe_tickets_list":"[]","_tribe_ticket_has_attendee_info_fields":false,"_EventAllDay":true,"_EventTimezone":"Europe\/Berlin","_EventStartDate":"2025-05-09 00:00:00","_EventEndDate":"2025-05-09 23:59:59","_EventStartDateUTC":"2025-05-08 22:00:00","_EventEndDateUTC":"2025-05-09 21:59:59","_EventShowMap":false,"_EventShowMapLink":false,"_EventURL":"www.nightoffortresses.org","_EventCost":"","_EventCostDescription":"","_EventCurrencySymbol":"\u20ac","_EventCurrencyCode":"EUR","_EventCurrencyPosition":"prefix","_EventDateTimeSeparator":" @ ","_EventTimeRangeSeparator":" - ","_EventOrganizerID":[],"_EventVenueID":[],"_OrganizerEmail":"","_OrganizerPhone":"","_OrganizerWebsite":"","_VenueAddress":"","_VenueCity":"","_VenueCountry":"","_VenueProvince":"","_VenueState":"","_VenueZip":"","_VenuePhone":"","_VenueURL":"","_VenueStateProvince":"","_VenueLat":"","_VenueLng":"","_VenueShowMap":false,"_VenueShowMapLink":false,"_tribe_events_status":"","_tribe_events_status_reason":"","footnotes":"","_tec_slr_enabled":"","_tec_slr_layout":""},"tags":[],"tribe_events_cat":[466],"class_list":["post-3411","tribe_events","type-tribe_events","status-publish","has-post-thumbnail","hentry","tribe_events_cat-efs","cat_efs"],"ticketed":false,"_links":{"self":[{"href":"https:\/\/forte-cultura.com\/es\/wp-json\/wp\/v2\/tribe_events\/3411","targetHints":{"allow":["GET"]}}],"collection":[{"href":"https:\/\/forte-cultura.com\/es\/wp-json\/wp\/v2\/tribe_events"}],"about":[{"href":"https:\/\/forte-cultura.com\/es\/wp-json\/wp\/v2\/types\/tribe_events"}],"author":[{"embeddable":true,"href":"https:\/\/forte-cultura.com\/es\/wp-json\/wp\/v2\/users\/1"}],"version-history":[{"count":0,"href":"https:\/\/forte-cultura.com\/es\/wp-json\/wp\/v2\/tribe_events\/3411\/revisions"}],"wp:featuredmedia":[{"embeddable":true,"href":"https:\/\/forte-cultura.com\/es\/wp-json\/wp\/v2\/media\/3413"}],"wp:attachment":[{"href":"https:\/\/forte-cultura.com\/es\/wp-json\/wp\/v2\/media?parent=3411"}],"wp:term":[{"taxonomy":"post_tag","embeddable":true,"href":"https:\/\/forte-cultura.com\/es\/wp-json\/wp\/v2\/tags?post=3411"},{"taxonomy":"tribe_events_cat","embeddable":true,"href":"https:\/\/forte-cultura.com\/es\/wp-json\/wp\/v2\/tribe_events_cat?post=3411"}],"curies":[{"name":"wp","href":"https:\/\/api.w.org\/{rel}","templated":true}]}}