{"id":1900,"date":"2024-01-24T08:58:10","date_gmt":"2024-01-24T07:58:10","guid":{"rendered":"https:\/\/forte-cultura.com\/?page_id=1900"},"modified":"2026-03-08T10:47:25","modified_gmt":"2026-03-08T09:47:25","slug":"bunker","status":"publish","type":"page","link":"https:\/\/forte-cultura.com\/es\/kulturerbe-festungsmonumente\/geschichte-des-festungsbaus\/festungen-des-20-jahrhunderts\/bunker\/","title":{"rendered":"B\u00fankeres de la Primera y la Segunda Guerra Mundial"},"content":{"rendered":"<h2 class=\"wp-block-heading has-custom-farbe-1-color has-text-color has-link-color has-large-font-size eplus-wrapper wp-elements-2996c23ecfbacfa1dd5aa957ac2c9a9f\"><strong>Arquitectura de fortificaci\u00f3n oculta del siglo XX<\/strong><\/h2>\n\n\n<div class=\"wp-block-columns is-not-stacked-on-mobile eplus-wrapper is-layout-flex wp-container-core-columns-is-layout-28f84493 wp-block-columns-is-layout-flex eplus-styles-uid-a1aefc\">\n<div class=\"wp-block-column eplus-wrapper is-layout-flow wp-block-column-is-layout-flow\" style=\"flex-basis:10%\">\n<figure class=\"wp-block-image size-full is-resized eplus-wrapper\"><img loading=\"lazy\" decoding=\"async\" width=\"261\" height=\"188\" src=\"https:\/\/forte-cultura.com\/wp-content\/uploads\/bunker_mittel.png\" alt=\"\" class=\"wp-image-1903\" style=\"width:60px;height:auto\" srcset=\"https:\/\/forte-cultura.com\/wp-content\/uploads\/bunker_mittel.png 261w, https:\/\/forte-cultura.com\/wp-content\/uploads\/bunker_mittel-18x12.png 18w, https:\/\/forte-cultura.com\/wp-content\/uploads\/bunker_mittel-200x144.png 200w\" sizes=\"auto, (max-width: 261px) 100vw, 261px\" \/><\/figure>\n<\/div>\n\n\n\n<div class=\"wp-block-column eplus-wrapper is-layout-flow wp-block-column-is-layout-flow\" style=\"flex-basis:90%\">\n<p class=\"has-small-font-size eplus-wrapper\">Refugio o complejo de habitaciones fuertemente fortificado de hormig\u00f3n armado, construido bajo tierra como un b\u00fanker profundo. <br><em>Ejemplo de foto de portada: Fuerte Schoenenbourg, L\u00ednea Maginot Alsacia (FR)<\/em><\/p>\n<\/div>\n<\/div>\n\n\n<div style=\"height:9px\" aria-hidden=\"true\" class=\"wp-block-spacer eplus-wrapper\"><\/div>\n\n\n\n<h3 class=\"wp-block-heading has-custom-farbe-1-color has-text-color has-background has-link-color eplus-wrapper wp-elements-6e2578d9e2ed0f648357d7f4c132f1fe\" style=\"background:linear-gradient(3deg,rgb(228,222,208) 0%,rgb(242,236,221) 52%,rgb(228,222,208) 95%);padding-top:var(--wp--preset--spacing--10);padding-bottom:var(--wp--preset--spacing--10)\">Edificios b\u00fanker de la 1\u00aa y 2\u00aa Guerra Mundial<\/h3>\n\n\n\n<p class=\"eplus-wrapper\">La construcci\u00f3n de b\u00fankeres se desarroll\u00f3 r\u00e1pidamente en el transcurso de la Primera Guerra Mundial. Al enorme poder de penetraci\u00f3n de las armas sigui\u00f3 el refuerzo de las paredes y techos de los edificios. Sin embargo, ni siquiera los techos de hasta 10 metros de grosor ofrec\u00edan una protecci\u00f3n absoluta. S\u00f3lo un camuflaje lo m\u00e1s perfecto posible pod\u00eda garantizar un cierto nivel de seguridad.<\/p>\n\n\n\n<p class=\"eplus-wrapper\"><\/p>\n\n\n<div class=\"wp-block-columns are-vertically-aligned-center is-not-stacked-on-mobile eplus-wrapper is-layout-flex wp-container-core-columns-is-layout-28f84493 wp-block-columns-is-layout-flex eplus-styles-uid-5141dc\">\n<div class=\"wp-block-column is-vertically-aligned-center eplus-wrapper is-layout-flow wp-block-column-is-layout-flow\" style=\"flex-basis:80%\">\n<h4 class=\"wp-block-heading eplus-wrapper\"><strong>B\u00fankeres y posiciones militares<\/strong><\/h4>\n<\/div>\n\n\n\n<div class=\"wp-block-column is-vertically-aligned-center eplus-wrapper is-layout-flow wp-block-column-is-layout-flow\" style=\"flex-basis:10%\">\n<figure class=\"wp-block-image size-full is-resized eplus-wrapper\"><img loading=\"lazy\" decoding=\"async\" width=\"318\" height=\"295\" src=\"https:\/\/forte-cultura.com\/wp-content\/uploads\/bunkersystem-1945.png\" alt=\"\" class=\"wp-image-1904\" style=\"width:54px;height:auto\" srcset=\"https:\/\/forte-cultura.com\/wp-content\/uploads\/bunkersystem-1945.png 318w, https:\/\/forte-cultura.com\/wp-content\/uploads\/bunkersystem-1945-300x278.png 300w, https:\/\/forte-cultura.com\/wp-content\/uploads\/bunkersystem-1945-13x12.png 13w, https:\/\/forte-cultura.com\/wp-content\/uploads\/bunkersystem-1945-200x186.png 200w\" sizes=\"auto, (max-width: 318px) 100vw, 318px\" \/><\/figure>\n<\/div>\n\n\n\n<div class=\"wp-block-column is-vertically-aligned-center eplus-wrapper is-layout-flow wp-block-column-is-layout-flow\" style=\"flex-basis:10%\">\n<figure class=\"wp-block-image size-full is-resized eplus-wrapper\"><img loading=\"lazy\" decoding=\"async\" width=\"261\" height=\"188\" src=\"https:\/\/forte-cultura.com\/wp-content\/uploads\/bunker_mittel.png\" alt=\"\" class=\"wp-image-1903\" style=\"width:52px;height:auto\" srcset=\"https:\/\/forte-cultura.com\/wp-content\/uploads\/bunker_mittel.png 261w, https:\/\/forte-cultura.com\/wp-content\/uploads\/bunker_mittel-18x12.png 18w, https:\/\/forte-cultura.com\/wp-content\/uploads\/bunker_mittel-200x144.png 200w\" sizes=\"auto, (max-width: 261px) 100vw, 261px\" \/><\/figure>\n<\/div>\n<\/div>\n\n\n<p class=\"eplus-wrapper\">El ataque de la Wehrmacht alemana a numerosos pa\u00edses europeos fue seguido de la construcci\u00f3n gradual de diversos b\u00fankeres. Por un lado, los b\u00fankeres de los mandos militares y los edificios de defensa y, por otro, los b\u00fankeres -como la Guarida del Lobo- para los dirigentes pol\u00edticos y administrativos del pa\u00eds.<\/p>\n\n\n<div class=\"wp-block-columns are-vertically-aligned-center is-not-stacked-on-mobile eplus-wrapper is-layout-flex wp-container-core-columns-is-layout-28f84493 wp-block-columns-is-layout-flex eplus-styles-uid-1ac9c5\">\n<div class=\"wp-block-column is-vertically-aligned-center eplus-wrapper is-layout-flow wp-block-column-is-layout-flow\" style=\"flex-basis:90%\">\n<h4 class=\"wp-block-heading eplus-wrapper\"><strong>Refugios antia\u00e9reos civiles<\/strong><\/h4>\n<\/div>\n\n\n\n<div class=\"wp-block-column is-vertically-aligned-center eplus-wrapper is-layout-flow wp-block-column-is-layout-flow\" style=\"flex-basis:10%\">\n<figure class=\"wp-block-image size-full is-resized eplus-wrapper\"><img loading=\"lazy\" decoding=\"async\" width=\"265\" height=\"194\" src=\"https:\/\/forte-cultura.com\/wp-content\/uploads\/LSA-1945.png\" alt=\"\" class=\"wp-image-1912\" style=\"width:52px;height:auto\" srcset=\"https:\/\/forte-cultura.com\/wp-content\/uploads\/LSA-1945.png 265w, https:\/\/forte-cultura.com\/wp-content\/uploads\/LSA-1945-16x12.png 16w, https:\/\/forte-cultura.com\/wp-content\/uploads\/LSA-1945-200x146.png 200w\" sizes=\"auto, (max-width: 265px) 100vw, 265px\" \/><\/figure>\n<\/div>\n<\/div>\n\n\n<p class=\"eplus-wrapper\">Los ataques de las fuerzas a\u00e9reas aliadas sobre Alemania condujeron a la puesta en marcha del llamado Programa de Emergencia del F\u00fchrer en oto\u00f1o de 1940, que abarc\u00f3 casi 60 ciudades con m\u00e1s de 100.000 habitantes. Como parte de este programa, se construyeron m\u00e1s de 3.000 b\u00fankeres para la poblaci\u00f3n civil en toda Alemania, en zonas especialmente afectadas por los ataques a\u00e9reos.<\/p>\n\n\n<div class=\"wp-block-columns are-vertically-aligned-center is-not-stacked-on-mobile eplus-wrapper is-layout-flex wp-container-core-columns-is-layout-28f84493 wp-block-columns-is-layout-flex eplus-styles-uid-6c54fb\">\n<div class=\"wp-block-column is-vertically-aligned-center eplus-wrapper is-layout-flow wp-block-column-is-layout-flow\" style=\"flex-basis:90%\">\n<h4 class=\"wp-block-heading eplus-wrapper\"><strong><strong>B\u00fanker de la armer\u00eda<\/strong><\/strong><\/h4>\n<\/div>\n\n\n\n<div class=\"wp-block-column is-vertically-aligned-center eplus-wrapper is-layout-flow wp-block-column-is-layout-flow\" style=\"flex-basis:10%\">\n<figure class=\"wp-block-image size-full is-resized eplus-wrapper\"><img loading=\"lazy\" decoding=\"async\" width=\"265\" height=\"194\" src=\"https:\/\/forte-cultura.com\/wp-content\/uploads\/ruestungsbunker-1945.png\" alt=\"\" class=\"wp-image-1916\" style=\"width:52px;height:auto\" srcset=\"https:\/\/forte-cultura.com\/wp-content\/uploads\/ruestungsbunker-1945.png 265w, https:\/\/forte-cultura.com\/wp-content\/uploads\/ruestungsbunker-1945-16x12.png 16w, https:\/\/forte-cultura.com\/wp-content\/uploads\/ruestungsbunker-1945-200x146.png 200w\" sizes=\"auto, (max-width: 265px) 100vw, 265px\" \/><\/figure>\n<\/div>\n<\/div>\n\n\n<p class=\"eplus-wrapper\">En el transcurso de la Segunda Guerra Mundial se necesitaron ingentes cantidades de equipos y suministros militares para el importante reabastecimiento de la maquinaria b\u00e9lica. El ataque de los Aliados a la industria armament\u00edstica alemana no s\u00f3lo condujo a la descentralizaci\u00f3n de la producci\u00f3n de armamento, sino tambi\u00e9n al traslado de f\u00e1bricas y plantas enteras a la clandestinidad y a instalaciones de armamento bunkerizadas.<\/p>\n\n\n\n<hr class=\"is-style-wide wp-block-separator aligncenter has-text-color has-custom-farbe-1-color has-alpha-channel-opacity has-custom-farbe-1-background-color has-background eplus-wrapper\"\/>\n\n\n\n<h4 class=\"wp-block-heading has-text-align-center has-custom-farbe-1-color has-text-color has-link-color eplus-wrapper wp-elements-62f412e74f6b1becb248dbfb06511a98\">Descubra los b\u00fankeres de la Primera y la Segunda Guerra Mundial con FORTE CULTURA<\/h4>\n\n\n<div  class=\"ultp-post-grid-block wp-block-ultimate-post-post-grid-1 ultp-block-fa6b75\"><div class=\"ultp-block-wrapper\"><div class=\"ultp-loading\"><div class=\"ultp-loading-blocks\" style=\"width:100%;height:100%;\"><div style=\"left: 0;top: 0;animation-delay:0s;\"><\/div><div style=\"left: 21px;top: 0;animation-delay:0.125s;\"><\/div><div style=\"left: 42px;top: 0;animation-delay:0.25s;\"><\/div><div style=\"left: 0;top: 21px;animation-delay:0.875s;\"><\/div><div style=\"left: 42px;top: 21px;animation-delay:0.375s;\"><\/div><div style=\"left: 0;top: 42px;animation-delay:0.75s;\"><\/div><div style=\"left: 42px;top: 42px;animation-delay:0.625s;\"><\/div><div style=\"left: 21px;top: 42px;animation-delay:0.5s;\"><\/div><\/div><\/div><div class=\"ultp-block-items-wrap ultp-block-row ultp-pg1a-style1 ultp-grid1-responsive ultp-block-column-4 1 ultp-xs-column-1 ultp-layout1\"><div class=\"ultp-block-item post-id-3337\"><div class=\"ultp-block-content-wrap\"><div class=\"ultp-block-image ultp-block-image-opacity\"><a href=\"https:\/\/forte-cultura.com\/es\/santoreste-it\/\" ><img decoding=\"async\"  class=\"ultp-block-image-content\"  alt=\"Sant&#039;Oreste (IT)\"  src=\"https:\/\/forte-cultura.com\/wp-content\/uploads\/montesoratte_08_\u00a9M.Kaule_-870x570.jpg\" \/><\/a><\/div><div class=\"ultp-block-content\"><h3 class=\"ultp-block-title\"><a href=\"https:\/\/forte-cultura.com\/es\/santoreste-it\/\" >Sant'Oreste (IT)<\/a><\/h3><\/div><\/div><\/div><div class=\"ultp-block-item post-id-2216\"><div class=\"ultp-block-content-wrap\"><div class=\"ultp-block-image ultp-block-image-opacity\"><a href=\"https:\/\/forte-cultura.com\/es\/westwall-radtour\/\" ><img decoding=\"async\"  class=\"ultp-block-image-content\"  alt=\"Ruta en bicicleta por el Westwall\"  src=\"https:\/\/forte-cultura.com\/wp-content\/uploads\/Ein-Mann-Bunker_klein.jpg\" \/><\/a><\/div><div class=\"ultp-block-content\"><h3 class=\"ultp-block-title\"><a href=\"https:\/\/forte-cultura.com\/es\/westwall-radtour\/\" >Ruta en bicicleta por el Westwall<\/a><\/h3><\/div><\/div><\/div><div class=\"ultp-block-item post-id-1690\"><div class=\"ultp-block-content-wrap\"><div class=\"ultp-block-image ultp-block-image-opacity\"><a href=\"https:\/\/forte-cultura.com\/es\/reimerswiller-fr\/\" ><img decoding=\"async\"  class=\"ultp-block-image-content\"  alt=\"Reimerswiller (FR)\"  src=\"https:\/\/forte-cultura.com\/wp-content\/uploads\/Reimerswiller-870x570.png\" \/><\/a><\/div><div class=\"ultp-block-content\"><h3 class=\"ultp-block-title\"><a href=\"https:\/\/forte-cultura.com\/es\/reimerswiller-fr\/\" >Reimerswiller (FR)<\/a><\/h3><\/div><\/div><\/div><div class=\"ultp-block-item post-id-1683\"><div class=\"ultp-block-content-wrap\"><div class=\"ultp-block-image ultp-block-image-opacity\"><a href=\"https:\/\/forte-cultura.com\/es\/griesheim-sur-souffel-fr\/\" ><img decoding=\"async\"  class=\"ultp-block-image-content\"  alt=\"Griesheim-sur-Souffel (FR)\"  src=\"https:\/\/forte-cultura.com\/wp-content\/uploads\/Nellkopf-870x570.png\" \/><\/a><\/div><div class=\"ultp-block-content\"><h3 class=\"ultp-block-title\"><a href=\"https:\/\/forte-cultura.com\/es\/griesheim-sur-souffel-fr\/\" >Griesheim-sur-Souffel (FR)<\/a><\/h3><\/div><\/div><\/div><div class=\"ultp-block-item post-id-1656\"><div class=\"ultp-block-content-wrap\"><div class=\"ultp-block-image ultp-block-image-opacity\"><a href=\"https:\/\/forte-cultura.com\/es\/neuried-altenheimde\/\" ><img decoding=\"async\"  class=\"ultp-block-image-content\"  alt=\"Neuried Altenheim (DE)\"  src=\"https:\/\/forte-cultura.com\/wp-content\/uploads\/Emilie-870x570.png\" \/><\/a><\/div><div class=\"ultp-block-content\"><h3 class=\"ultp-block-title\"><a href=\"https:\/\/forte-cultura.com\/es\/neuried-altenheimde\/\" >Neuried Altenheim (DE)<\/a><\/h3><\/div><\/div><\/div><div class=\"ultp-block-item post-id-1647\"><div class=\"ultp-block-content-wrap\"><div class=\"ultp-block-image ultp-block-image-opacity\"><a href=\"https:\/\/forte-cultura.com\/es\/hornisgrinde-de\/\" ><img decoding=\"async\"  class=\"ultp-block-image-content\"  alt=\"Hornisgrinde (DE)\"  src=\"https:\/\/forte-cultura.com\/wp-content\/uploads\/Hornisgrinde-870x570.png\" \/><\/a><\/div><div class=\"ultp-block-content\"><h3 class=\"ultp-block-title\"><a href=\"https:\/\/forte-cultura.com\/es\/hornisgrinde-de\/\" >Hornisgrinde (DE)<\/a><\/h3><\/div><\/div><\/div><div class=\"ultp-block-item post-id-1636\"><div class=\"ultp-block-content-wrap\"><div class=\"ultp-block-image ultp-block-image-opacity\"><a href=\"https:\/\/forte-cultura.com\/es\/kehl-neumuehl-de\/\" ><img decoding=\"async\"  class=\"ultp-block-image-content\"  alt=\"Kehl-Neum\u00fchl (DE)\"  src=\"https:\/\/forte-cultura.com\/wp-content\/uploads\/Neumuehl-870x570.png\" \/><\/a><\/div><div class=\"ultp-block-content\"><h3 class=\"ultp-block-title\"><a href=\"https:\/\/forte-cultura.com\/es\/kehl-neumuehl-de\/\" >Kehl-Neum\u00fchl (DE)<\/a><\/h3><\/div><\/div><\/div><div class=\"ultp-block-item post-id-1623\"><div class=\"ultp-block-content-wrap\"><div class=\"ultp-block-image ultp-block-image-opacity\"><a href=\"https:\/\/forte-cultura.com\/es\/dettenheim-russheim-de\/\" ><img decoding=\"async\"  class=\"ultp-block-image-content\"  alt=\"Dettenheim-Ru\u00dfheim (DE)\"  src=\"https:\/\/forte-cultura.com\/wp-content\/uploads\/Dettenheim-870x570.png\" \/><\/a><\/div><div class=\"ultp-block-content\"><h3 class=\"ultp-block-title\"><a href=\"https:\/\/forte-cultura.com\/es\/dettenheim-russheim-de\/\" >Dettenheim-Ru\u00dfheim (DE)<\/a><\/h3><\/div><\/div><\/div><div class=\"ultp-block-item post-id-995\"><div class=\"ultp-block-content-wrap\"><div class=\"ultp-block-image ultp-block-image-opacity\"><a href=\"https:\/\/forte-cultura.com\/es\/schoenenbourg-fr\/\" ><img decoding=\"async\"  class=\"ultp-block-image-content\"  alt=\"Schoenenbourg (FR)\"  src=\"https:\/\/forte-cultura.com\/wp-content\/uploads\/Schoenenbourg_1-870x570.jpg\" \/><\/a><\/div><div class=\"ultp-block-content\"><h3 class=\"ultp-block-title\"><a href=\"https:\/\/forte-cultura.com\/es\/schoenenbourg-fr\/\" >Schoenenbourg (FR)<\/a><\/h3><\/div><\/div><\/div><div class=\"ultp-block-item post-id-890\"><div class=\"ultp-block-content-wrap\"><div class=\"ultp-block-image ultp-block-image-opacity\"><a href=\"https:\/\/forte-cultura.com\/es\/lembach-fr\/\" ><img decoding=\"async\"  class=\"ultp-block-image-content\"  alt=\"Lembach (FR)\"  src=\"https:\/\/forte-cultura.com\/wp-content\/uploads\/Fort-a-Chaux_Lembach_\u00a9SILE-870x570.jpg\" \/><\/a><\/div><div class=\"ultp-block-content\"><h3 class=\"ultp-block-title\"><a href=\"https:\/\/forte-cultura.com\/es\/lembach-fr\/\" >Lembach (FR)<\/a><\/h3><\/div><\/div><\/div><div class=\"ultp-block-item post-id-887\"><div class=\"ultp-block-content-wrap\"><div class=\"ultp-block-image ultp-block-image-opacity\"><a href=\"https:\/\/forte-cultura.com\/es\/la-linea-de-la-concepcion-es\/\" ><img decoding=\"async\"  class=\"ultp-block-image-content\"  alt=\"La L\u00ednea de la Concepci\u00f3n (ES)\"  src=\"https:\/\/forte-cultura.com\/wp-content\/uploads\/2018_La-Linea-de-la-Concepcion1-870x570.jpg\" \/><\/a><\/div><div class=\"ultp-block-content\"><h3 class=\"ultp-block-title\"><a href=\"https:\/\/forte-cultura.com\/es\/la-linea-de-la-concepcion-es\/\" >La L\u00ednea de la Concepci\u00f3n (ES)<\/a><\/h3><\/div><\/div><\/div><div class=\"ultp-block-item post-id-690\"><div class=\"ultp-block-content-wrap\"><div class=\"ultp-block-image ultp-block-image-opacity\"><a href=\"https:\/\/forte-cultura.com\/es\/haguenau-fr\/\" ><img decoding=\"async\"  class=\"ultp-block-image-content\"  alt=\"Haguenau (FR)\"  src=\"https:\/\/forte-cultura.com\/wp-content\/uploads\/2023\/11\/Musee-de-lAbri-Hatten\u00a9ADT-C.FLEITH_1-870x570.jpg\" \/><\/a><\/div><div class=\"ultp-block-content\"><h3 class=\"ultp-block-title\"><a href=\"https:\/\/forte-cultura.com\/es\/haguenau-fr\/\" >Haguenau (FR)<\/a><\/h3><\/div><\/div><\/div><\/div><\/div><div class=\"pagination-block-html\" aria-hidden=\"true\" style=\"display: none;\"><\/div><\/div>\n\n\n<hr class=\"is-style-wide wp-block-separator aligncenter has-text-color has-custom-farbe-1-color has-alpha-channel-opacity has-custom-farbe-1-background-color has-background eplus-wrapper\"\/>","protected":false},"excerpt":{"rendered":"<p>Versteckte Befestigungsarchitektur des 20. Jahrhunderts Stark befestigter Schutzraum oder Raumkomplex in Stahlbetonbauweise, unterirdisch als Tiefbunker ausgef\u00fchrt. Bsp. Titelbild: Fort Schoenenbourg, Maginot Linie Elsass (FR) Bunkerbauten des 1. und 2. Weltkrieges [&hellip;]<\/p>\n","protected":false},"author":1,"featured_media":1901,"parent":1892,"menu_order":1,"comment_status":"closed","ping_status":"closed","template":"","meta":{"editor_plus_copied_stylings":"{}","pgc_sgb_lightbox_settings":"","_price":"","_stock":"","_tribe_ticket_header":"","_tribe_default_ticket_provider":"","_tribe_ticket_capacity":"0","_ticket_start_date":"","_ticket_end_date":"","_tribe_ticket_show_description":"","_tribe_ticket_show_not_going":false,"_tribe_ticket_use_global_stock":"","_tribe_ticket_global_stock_level":"","_global_stock_mode":"","_global_stock_cap":"","_tribe_rsvp_for_event":"","_tribe_ticket_going_count":"","_tribe_ticket_not_going_count":"","_tribe_tickets_list":"[]","_tribe_ticket_has_attendee_info_fields":false,"_EventAllDay":false,"_EventTimezone":"","_EventStartDate":"","_EventEndDate":"","_EventStartDateUTC":"","_EventEndDateUTC":"","_EventShowMap":false,"_EventShowMapLink":false,"_EventURL":"","_EventCost":"","_EventCostDescription":"","_EventCurrencySymbol":"","_EventCurrencyCode":"","_EventCurrencyPosition":"","_EventDateTimeSeparator":"","_EventTimeRangeSeparator":"","_EventOrganizerID":[],"_EventVenueID":[],"_OrganizerEmail":"","_OrganizerPhone":"","_OrganizerWebsite":"","_VenueAddress":"","_VenueCity":"","_VenueCountry":"","_VenueProvince":"","_VenueState":"","_VenueZip":"","_VenuePhone":"","_VenueURL":"","_VenueStateProvince":"","_VenueLat":"","_VenueLng":"","_VenueShowMap":false,"_VenueShowMapLink":false,"footnotes":""},"class_list":["post-1900","page","type-page","status-publish","has-post-thumbnail","hentry"],"_links":{"self":[{"href":"https:\/\/forte-cultura.com\/es\/wp-json\/wp\/v2\/pages\/1900","targetHints":{"allow":["GET"]}}],"collection":[{"href":"https:\/\/forte-cultura.com\/es\/wp-json\/wp\/v2\/pages"}],"about":[{"href":"https:\/\/forte-cultura.com\/es\/wp-json\/wp\/v2\/types\/page"}],"author":[{"embeddable":true,"href":"https:\/\/forte-cultura.com\/es\/wp-json\/wp\/v2\/users\/1"}],"replies":[{"embeddable":true,"href":"https:\/\/forte-cultura.com\/es\/wp-json\/wp\/v2\/comments?post=1900"}],"version-history":[{"count":0,"href":"https:\/\/forte-cultura.com\/es\/wp-json\/wp\/v2\/pages\/1900\/revisions"}],"up":[{"embeddable":true,"href":"https:\/\/forte-cultura.com\/es\/wp-json\/wp\/v2\/pages\/1892"}],"wp:featuredmedia":[{"embeddable":true,"href":"https:\/\/forte-cultura.com\/es\/wp-json\/wp\/v2\/media\/1901"}],"wp:attachment":[{"href":"https:\/\/forte-cultura.com\/es\/wp-json\/wp\/v2\/media?parent=1900"}],"curies":[{"name":"wp","href":"https:\/\/api.w.org\/{rel}","templated":true}]}}