{"id":1063,"date":"2023-12-02T07:56:18","date_gmt":"2023-12-02T06:56:18","guid":{"rendered":"https:\/\/forte-cultura.com\/?page_id=1063"},"modified":"2025-09-24T08:19:05","modified_gmt":"2025-09-24T06:19:05","slug":"acerca-de-nosotros","status":"publish","type":"page","link":"https:\/\/forte-cultura.com\/es\/ueber-uns\/","title":{"rendered":"Qui\u00e9nes somos"},"content":{"rendered":"<div class=\"wp-block-columns eplus-wrapper is-layout-flex wp-container-core-columns-is-layout-28f84493 wp-block-columns-is-layout-flex eplus-styles-uid-926776\">\n<div class=\"wp-block-column eplus-wrapper is-layout-flow wp-block-column-is-layout-flow\" style=\"flex-basis:75%\">\n<p class=\"eplus-wrapper\"><strong>FORTE CULTURA e.V.<\/strong>\u00a0es la red de la ruta cultural de monumentos-fortaleza FORTE CULTURA\u00ae del mismo nombre. Sus miembros son las ciudades, instituciones y asociaciones situadas a lo largo de la ruta cultural, con el apoyo de expertos y cient\u00edficos de numerosas disciplinas.  <\/p>\n\n\n\n<p class=\"eplus-wrapper\">Todos los miembros de FORTE CULTURA persiguen el objetivo de apoyar el variado patrimonio arquitect\u00f3nico y cultural de los monumentos-fortaleza, promover su transformaci\u00f3n en lugares de cultura y turismo y sensibilizar a un amplio p\u00fablico al respecto.<\/p>\n\n\n\n<p class=\"eplus-wrapper\"><strong>FORTE CULTURA e.V.<\/strong>\u00a0se fund\u00f3 el 24 de noviembre de 2014 en Kostrzyn nad Odr\u0105 (PL) con el nombre de \u201eEuropean Fortress Tourism and Fortress Marketing Network e.V.\u201c. La red y la ruta cultural son el resultado de un proyecto de financiaci\u00f3n de la Uni\u00f3n Europea del mismo nombre en el programa EUROPA CENTRAL, en el que participaron 13 socios de 8 pa\u00edses.<\/p>\n\n\n\n<div class=\"wp-block-group alignwide has-border-color has-custom-farbe-1-border-color has-custom-verlauf-1-gradient-background has-text-color has-background eplus-wrapper is-layout-flow wp-block-group-is-layout-flow\" style=\"border-width:1px;border-radius:10px;color:#000000\">\n<div style=\"height:12px\" aria-hidden=\"true\" class=\"wp-block-spacer eplus-wrapper\"><\/div>\n\n\n\n<p class=\"has-text-align-center has-small-font-size eplus-wrapper\" style=\"padding-right:var(--wp--preset--spacing--40);padding-left:var(--wp--preset--spacing--40);line-height:1.2\"><strong>M\u00e1s informaci\u00f3n sobre nuestras numerosas actividades, proyectos, conferencias y talleres en la web de nuestra red.<\/strong><\/p>\n\n\n\n<div class=\"wp-block-buttons eplus-wrapper is-horizontal is-content-justification-center is-layout-flex wp-container-core-buttons-is-layout-03627597 wp-block-buttons-is-layout-flex\"><div class=\"is-style-fill  wp-block-button has-custom-width wp-block-button__width-75 eplus-wrapper eplus-styles-uid-b88fb3\"><a class=\"wp-block-button__link has-background has-custom-font-size wp-element-button\" href=\"https:\/\/www.forte-cultura.network\/\" style=\"border-radius:30px;background-color:#000000;padding-top:var(--wp--preset--spacing--10);padding-right:var(--wp--preset--spacing--20);padding-bottom:var(--wp--preset--spacing--10);padding-left:var(--wp--preset--spacing--20);font-size:clamp(0.875rem, 0.875rem + ((1vw - 0.2rem) * 0.625), 1.25rem);\" target=\"_blank\" rel=\"noreferrer noopener\">FORTE CULTURA e.V. <\/a><\/div><\/div>\n\n\n\n<div style=\"height:12px\" aria-hidden=\"true\" class=\"wp-block-spacer eplus-wrapper\"><\/div>\n<\/div>\n<\/div>\n\n\n\n<div class=\"wp-block-column eplus-wrapper is-layout-flow wp-block-column-is-layout-flow\" style=\"flex-basis:10%\"><\/div>\n\n\n\n<div class=\"wp-block-column eplus-wrapper is-layout-flow wp-block-column-is-layout-flow\" style=\"flex-basis:20%\">\n<figure class=\"wp-block-image size-large eplus-wrapper\"><img loading=\"lazy\" decoding=\"async\" width=\"838\" height=\"1024\" src=\"https:\/\/forte-cultura.com\/wp-content\/uploads\/Logo-Forte-Cultura-Netzwerk-2020_de-838x1024.png\" alt=\"\" class=\"wp-image-1070\" srcset=\"https:\/\/forte-cultura.com\/wp-content\/uploads\/Logo-Forte-Cultura-Netzwerk-2020_de-838x1024.png 838w, https:\/\/forte-cultura.com\/wp-content\/uploads\/Logo-Forte-Cultura-Netzwerk-2020_de-246x300.png 246w, https:\/\/forte-cultura.com\/wp-content\/uploads\/Logo-Forte-Cultura-Netzwerk-2020_de-768x938.png 768w, https:\/\/forte-cultura.com\/wp-content\/uploads\/Logo-Forte-Cultura-Netzwerk-2020_de-1257x1536.png 1257w, https:\/\/forte-cultura.com\/wp-content\/uploads\/Logo-Forte-Cultura-Netzwerk-2020_de-1676x2048.png 1676w, https:\/\/forte-cultura.com\/wp-content\/uploads\/Logo-Forte-Cultura-Netzwerk-2020_de-200x244.png 200w, https:\/\/forte-cultura.com\/wp-content\/uploads\/Logo-Forte-Cultura-Netzwerk-2020_de.png 1800w\" sizes=\"auto, (max-width: 838px) 100vw, 838px\" \/><\/figure>\n\n\n\n<p class=\"has-text-align-center has-small-font-size eplus-wrapper\" style=\"line-height:1.2\">FORTE CULTURA e.V.<br>c\/o ECCOFORT<br>Albertinenstrasse 1<br>13086 Berl\u00edn<\/p>\n\n\n\n<p class=\"has-text-align-center has-small-font-size eplus-wrapper\" style=\"line-height:1.2\"><a href=\"https:\/\/www.forte-cultura.network\/\" target=\"_blank\" rel=\"noreferrer noopener\">www.forte-cultura.network<\/a><\/p>\n<\/div>\n<\/div>\n\n\n<hr class=\"is-style-wide wp-block-separator aligncenter has-text-color has-accent-2-color has-alpha-channel-opacity has-accent-2-background-color has-background eplus-wrapper\" style=\"margin-top:var(--wp--preset--spacing--10);margin-bottom:var(--wp--preset--spacing--10)\"\/>\n\n\n\n<div class=\"wp-block-group alignfull eplus-wrapper has-global-padding is-layout-constrained wp-container-core-group-is-layout-76be86f6 wp-block-group-is-layout-constrained\" style=\"margin-top:0;margin-bottom:0;padding-top:var(--wp--preset--spacing--20);padding-right:var(--wp--preset--spacing--50);padding-bottom:var(--wp--preset--spacing--30);padding-left:var(--wp--preset--spacing--50)\">\n<div class=\"wp-block-group alignwide eplus-wrapper is-vertical is-content-justification-center is-layout-flex wp-container-core-group-is-layout-ce155fab wp-block-group-is-layout-flex\">\n<h2 class=\"wp-block-heading has-text-align-center has-xx-large-font-size eplus-wrapper\">Nuestro equipo<\/h2>\n\n\n\n<p class=\"has-text-align-center eplus-wrapper\">La red FORTE CULTURA est\u00e1 gestionada por nuestro Consejo de Administraci\u00f3n.<\/p>\n<\/div>\n\n\n<div class=\"wp-block-columns alignwide eplus-wrapper is-layout-flex wp-container-core-columns-is-layout-4935966c wp-block-columns-is-layout-flex eplus-styles-uid-c29de8\" style=\"padding-right:0;padding-left:0\">\n<div class=\"wp-block-column eplus-wrapper is-layout-flow wp-block-column-is-layout-flow\">\n<figure class=\"is-style-rounded wp-block-image size-full eplus-wrapper is-style-rounded--1\"><img loading=\"lazy\" decoding=\"async\" width=\"425\" height=\"459\" src=\"https:\/\/forte-cultura.com\/wp-content\/uploads\/Filippo-Cailotto.jpg\" alt=\"\" class=\"wp-image-1102\" style=\"aspect-ratio:1;object-fit:cover\" srcset=\"https:\/\/forte-cultura.com\/wp-content\/uploads\/Filippo-Cailotto.jpg 425w, https:\/\/forte-cultura.com\/wp-content\/uploads\/Filippo-Cailotto-278x300.jpg 278w, https:\/\/forte-cultura.com\/wp-content\/uploads\/Filippo-Cailotto-200x216.jpg 200w\" sizes=\"auto, (max-width: 425px) 100vw, 425px\" \/><\/figure>\n\n\n\n<div class=\"wp-block-group eplus-wrapper is-vertical is-content-justification-center is-nowrap is-layout-flex wp-container-core-group-is-layout-21d4e958 wp-block-group-is-layout-flex\">\n<p class=\"has-text-align-center has-small-font-size eplus-wrapper\" style=\"line-height:1.2\"><strong>Filippo Cailotto<\/strong><br>Verona (IT)<\/p>\n\n\n\n<p class=\"has-text-align-center eplus-wrapper\" style=\"font-size:clamp(0.875rem, 0.875rem + ((1vw - 0.2rem) * 0.042), 0.9rem);\">Presidente<\/p>\n<\/div>\n<\/div>\n\n\n\n<div class=\"wp-block-column eplus-wrapper is-layout-flow wp-container-core-column-is-layout-0611eabd wp-block-column-is-layout-flow\" style=\"padding-right:0;padding-left:0\">\n<figure class=\"is-style-rounded wp-block-image size-full eplus-wrapper is-style-rounded--2\"><img loading=\"lazy\" decoding=\"async\" width=\"357\" height=\"440\" src=\"https:\/\/forte-cultura.com\/wp-content\/uploads\/Dirk-Roeder.jpg\" alt=\"\" class=\"wp-image-1094\" style=\"aspect-ratio:1;object-fit:cover\" srcset=\"https:\/\/forte-cultura.com\/wp-content\/uploads\/Dirk-Roeder.jpg 357w, https:\/\/forte-cultura.com\/wp-content\/uploads\/Dirk-Roeder-243x300.jpg 243w, https:\/\/forte-cultura.com\/wp-content\/uploads\/Dirk-Roeder-200x246.jpg 200w\" sizes=\"auto, (max-width: 357px) 100vw, 357px\" \/><\/figure>\n\n\n\n<div class=\"wp-block-group eplus-wrapper is-vertical is-content-justification-center is-nowrap is-layout-flex wp-container-core-group-is-layout-94c17544 wp-block-group-is-layout-flex\" style=\"margin-top:var(--wp--preset--spacing--10);margin-bottom:0;padding-top:0;padding-bottom:0\">\n<p class=\"has-text-align-center has-small-font-size eplus-wrapper\" style=\"line-height:1.2\"><strong>Dirk R\u00f6der<\/strong><br>Berl\u00edn (DE)<\/p>\n\n\n\n<p class=\"has-text-align-center eplus-wrapper\" style=\"margin-top:0;margin-bottom:0;padding-top:0;padding-bottom:0;font-size:clamp(0.875rem, 0.875rem + ((1vw - 0.2rem) * 0.042), 0.9rem);line-height:1.2\">Vicepresidente, Director de la Ruta Cultural, Jefe de la Oficina de la Red<\/p>\n<\/div>\n<\/div>\n\n\n\n<div class=\"wp-block-column eplus-wrapper is-layout-flow wp-block-column-is-layout-flow\">\n<figure class=\"is-style-rounded wp-block-image size-large eplus-wrapper is-style-rounded--3\"><img loading=\"lazy\" decoding=\"async\" width=\"963\" height=\"1024\" src=\"https:\/\/forte-cultura.com\/wp-content\/uploads\/Frauke-Vos-Firnkes-963x1024.png\" alt=\"\" class=\"wp-image-1099\" style=\"aspect-ratio:1;object-fit:cover\" srcset=\"https:\/\/forte-cultura.com\/wp-content\/uploads\/Frauke-Vos-Firnkes-963x1024.png 963w, https:\/\/forte-cultura.com\/wp-content\/uploads\/Frauke-Vos-Firnkes-282x300.png 282w, https:\/\/forte-cultura.com\/wp-content\/uploads\/Frauke-Vos-Firnkes-768x816.png 768w, https:\/\/forte-cultura.com\/wp-content\/uploads\/Frauke-Vos-Firnkes-200x213.png 200w, https:\/\/forte-cultura.com\/wp-content\/uploads\/Frauke-Vos-Firnkes.png 1300w\" sizes=\"auto, (max-width: 963px) 100vw, 963px\" \/><\/figure>\n\n\n\n<div class=\"wp-block-group eplus-wrapper is-vertical is-content-justification-center is-nowrap is-layout-flex wp-container-core-group-is-layout-63bfd6c1 wp-block-group-is-layout-flex\">\n<p class=\"has-text-align-center has-small-font-size eplus-wrapper\" style=\"line-height:1.2\"> <strong>Frauke Vos-Firnkes<\/strong><br>Germersheim (DE)<\/p>\n\n\n\n<p class=\"has-text-align-center has-small-font-size eplus-wrapper\" style=\"line-height:1.2\">Vicepresidente, Jefe del Cluster FORTE CULTURA Alto Rin<\/p>\n<\/div>\n<\/div>\n\n\n\n<div class=\"wp-block-column eplus-wrapper is-layout-flow wp-block-column-is-layout-flow\">\n<figure class=\"is-style-rounded wp-block-image size-full eplus-wrapper is-style-rounded--4\"><img loading=\"lazy\" decoding=\"async\" width=\"836\" height=\"919\" src=\"https:\/\/forte-cultura.com\/wp-content\/uploads\/Frank-Riesbeck.jpg\" alt=\"\" class=\"wp-image-1091\" style=\"aspect-ratio:1;object-fit:cover\" srcset=\"https:\/\/forte-cultura.com\/wp-content\/uploads\/Frank-Riesbeck.jpg 836w, https:\/\/forte-cultura.com\/wp-content\/uploads\/Frank-Riesbeck-273x300.jpg 273w, https:\/\/forte-cultura.com\/wp-content\/uploads\/Frank-Riesbeck-768x844.jpg 768w, https:\/\/forte-cultura.com\/wp-content\/uploads\/Frank-Riesbeck-200x220.jpg 200w\" sizes=\"auto, (max-width: 836px) 100vw, 836px\" \/><\/figure>\n\n\n\n<div class=\"wp-block-group eplus-wrapper is-vertical is-content-justification-center is-nowrap is-layout-flex wp-container-core-group-is-layout-21d4e958 wp-block-group-is-layout-flex\">\n<p class=\"has-text-align-center has-small-font-size eplus-wrapper\" style=\"line-height:1.2\"><strong> Dr. Frank Riesbeck<\/strong><br>Berl\u00edn (DE)<\/p>\n\n\n\n<p class=\"has-text-align-center has-small-font-size eplus-wrapper\" style=\"line-height:1.2\">Vicepresidente<\/p>\n<\/div>\n<\/div>\n\n\n\n<div class=\"wp-block-column eplus-wrapper is-layout-flow wp-block-column-is-layout-flow\">\n<figure class=\"is-style-rounded wp-block-image size-full eplus-wrapper is-style-rounded--5\"><img loading=\"lazy\" decoding=\"async\" width=\"328\" height=\"442\" src=\"https:\/\/forte-cultura.com\/wp-content\/uploads\/Agnieszka-Zurawska-Tatala.jpg\" alt=\"\" class=\"wp-image-1104\" style=\"aspect-ratio:1;object-fit:cover\" srcset=\"https:\/\/forte-cultura.com\/wp-content\/uploads\/Agnieszka-Zurawska-Tatala.jpg 328w, https:\/\/forte-cultura.com\/wp-content\/uploads\/Agnieszka-Zurawska-Tatala-223x300.jpg 223w, https:\/\/forte-cultura.com\/wp-content\/uploads\/Agnieszka-Zurawska-Tatala-200x270.jpg 200w\" sizes=\"auto, (max-width: 328px) 100vw, 328px\" \/><\/figure>\n\n\n\n<p class=\"has-text-align-center eplus-wrapper\" style=\"font-size:clamp(0.875rem, 0.875rem + ((1vw - 0.2rem) * 0.042), 0.9rem);line-height:1.2\"><strong>Agnieszka Zurawska-Tatala<\/strong><br>Kostrzyn nad Odra (PL)<br>Vicepresidente<\/p>\n<\/div>\n<\/div>\n\n<div class=\"wp-block-columns alignwide eplus-wrapper is-layout-flex wp-container-core-columns-is-layout-4935966c wp-block-columns-is-layout-flex eplus-styles-uid-8d90fd\" style=\"padding-right:0;padding-left:0\">\n<div class=\"wp-block-column eplus-wrapper is-layout-flow wp-block-column-is-layout-flow\">\n<figure class=\"is-style-rounded wp-block-image size-full eplus-wrapper is-style-rounded--6\"><img loading=\"lazy\" decoding=\"async\" width=\"207\" height=\"266\" src=\"https:\/\/forte-cultura.com\/wp-content\/uploads\/Natasa-Urosevic.jpg\" alt=\"\" class=\"wp-image-1109\" style=\"aspect-ratio:1;object-fit:cover\" srcset=\"https:\/\/forte-cultura.com\/wp-content\/uploads\/Natasa-Urosevic.jpg 207w, https:\/\/forte-cultura.com\/wp-content\/uploads\/Natasa-Urosevic-200x257.jpg 200w\" sizes=\"auto, (max-width: 207px) 100vw, 207px\" \/><\/figure>\n\n\n\n<div class=\"wp-block-group eplus-wrapper is-vertical is-content-justification-center is-nowrap is-layout-flex wp-container-core-group-is-layout-21d4e958 wp-block-group-is-layout-flex\">\n<p class=\"has-text-align-center has-small-font-size eplus-wrapper\" style=\"line-height:1.2\"><strong>Profesora adjunta Nata\u0161a Uro\u0161evi\u0107<\/strong><br>Pula (HR)<\/p>\n\n\n\n<p class=\"has-text-align-center has-small-font-size eplus-wrapper\" style=\"line-height:1.2\">Jefe del Consejo Cient\u00edfico Asesor<\/p>\n<\/div>\n<\/div>\n\n\n\n<div class=\"wp-block-column eplus-wrapper is-layout-flow wp-block-column-is-layout-flow\">\n<figure class=\"is-style-rounded wp-block-image size-full eplus-wrapper is-style-rounded--7\"><img loading=\"lazy\" decoding=\"async\" width=\"289\" height=\"369\" src=\"https:\/\/forte-cultura.com\/wp-content\/uploads\/Tomas-Jirouch.jpg\" alt=\"\" class=\"wp-image-1110\" style=\"aspect-ratio:1;object-fit:cover\" srcset=\"https:\/\/forte-cultura.com\/wp-content\/uploads\/Tomas-Jirouch.jpg 289w, https:\/\/forte-cultura.com\/wp-content\/uploads\/Tomas-Jirouch-235x300.jpg 235w, https:\/\/forte-cultura.com\/wp-content\/uploads\/Tomas-Jirouch-200x255.jpg 200w\" sizes=\"auto, (max-width: 289px) 100vw, 289px\" \/><\/figure>\n\n\n\n<div class=\"wp-block-group eplus-wrapper is-vertical is-content-justification-center is-nowrap is-layout-flex wp-container-core-group-is-layout-63bfd6c1 wp-block-group-is-layout-flex\">\n<p class=\"has-text-align-center has-small-font-size eplus-wrapper\" style=\"line-height:1.2\"><strong>Tom\u00e1\u0161 Jirouch<\/strong><br>Hradec Kr\u00e1lov\u00e9 (CZ)<\/p>\n\n\n\n<p class=\"has-text-align-center has-small-font-size eplus-wrapper\" style=\"line-height:1.2\">Asesor<\/p>\n<\/div>\n<\/div>\n\n\n\n<div class=\"wp-block-column eplus-wrapper is-layout-flow wp-block-column-is-layout-flow\">\n<figure class=\"is-style-rounded wp-block-image size-full eplus-wrapper is-style-rounded--8\"><img loading=\"lazy\" decoding=\"async\" width=\"1024\" height=\"1024\" src=\"https:\/\/forte-cultura.com\/wp-content\/uploads\/IMG_20200926_230542_601_small.jpg\" alt=\"\" class=\"wp-image-4087\" style=\"aspect-ratio:1;object-fit:cover\" srcset=\"https:\/\/forte-cultura.com\/wp-content\/uploads\/IMG_20200926_230542_601_small.jpg 1024w, https:\/\/forte-cultura.com\/wp-content\/uploads\/IMG_20200926_230542_601_small-300x300.jpg 300w, https:\/\/forte-cultura.com\/wp-content\/uploads\/IMG_20200926_230542_601_small-150x150.jpg 150w, https:\/\/forte-cultura.com\/wp-content\/uploads\/IMG_20200926_230542_601_small-768x768.jpg 768w, https:\/\/forte-cultura.com\/wp-content\/uploads\/IMG_20200926_230542_601_small-12x12.jpg 12w, https:\/\/forte-cultura.com\/wp-content\/uploads\/IMG_20200926_230542_601_small-600x600.jpg 600w\" sizes=\"auto, (max-width: 1024px) 100vw, 1024px\" \/><\/figure>\n\n\n\n<div class=\"wp-block-group eplus-wrapper is-vertical is-content-justification-center is-nowrap is-layout-flex wp-container-core-group-is-layout-63bfd6c1 wp-block-group-is-layout-flex\">\n<p class=\"has-text-align-center has-small-font-size eplus-wrapper\" style=\"line-height:1.2\"><strong><strong>Olha Tikhonova<\/strong><\/strong><br>Ucrania<\/p>\n\n\n\n<p class=\"has-text-align-center has-small-font-size eplus-wrapper\" style=\"line-height:1.2\">Asesor<\/p>\n<\/div>\n<\/div>\n\n\n\n<div class=\"wp-block-column eplus-wrapper is-layout-flow wp-block-column-is-layout-flow\">\n<figure class=\"is-style-rounded wp-block-image size-full eplus-wrapper is-style-rounded--9\"><img loading=\"lazy\" decoding=\"async\" width=\"962\" height=\"1600\" src=\"https:\/\/forte-cultura.com\/wp-content\/uploads\/Jelena-Koelble-1.jpg\" alt=\"\" class=\"wp-image-1576\" style=\"aspect-ratio:1;object-fit:cover\" srcset=\"https:\/\/forte-cultura.com\/wp-content\/uploads\/Jelena-Koelble-1.jpg 962w, https:\/\/forte-cultura.com\/wp-content\/uploads\/Jelena-Koelble-1-180x300.jpg 180w, https:\/\/forte-cultura.com\/wp-content\/uploads\/Jelena-Koelble-1-616x1024.jpg 616w, https:\/\/forte-cultura.com\/wp-content\/uploads\/Jelena-Koelble-1-768x1277.jpg 768w, https:\/\/forte-cultura.com\/wp-content\/uploads\/Jelena-Koelble-1-924x1536.jpg 924w, https:\/\/forte-cultura.com\/wp-content\/uploads\/Jelena-Koelble-1-200x333.jpg 200w\" sizes=\"auto, (max-width: 962px) 100vw, 962px\" \/><\/figure>\n\n\n\n<div class=\"wp-block-group eplus-wrapper is-vertical is-content-justification-center is-nowrap is-layout-flex wp-container-core-group-is-layout-63bfd6c1 wp-block-group-is-layout-flex\">\n<p class=\"has-text-align-center has-small-font-size eplus-wrapper\" style=\"line-height:1.2\"><strong>Jelena K\u00f6lble<\/strong><br>Berl\u00edn (DE)<\/p>\n\n\n\n<p class=\"has-text-align-center has-small-font-size eplus-wrapper\" style=\"line-height:1.2\">Redes sociales<\/p>\n<\/div>\n<\/div>\n\n\n\n<div class=\"wp-block-column eplus-wrapper is-layout-flow wp-block-column-is-layout-flow\">\n<p class=\"has-text-align-center eplus-wrapper\" style=\"font-size:clamp(0.875rem, 0.875rem + ((1vw - 0.2rem) * 0.042), 0.9rem);\"><\/p>\n<\/div>\n<\/div><\/div>\n\n\n\n<hr class=\"is-style-wide wp-block-separator aligncenter has-text-color has-accent-2-color has-alpha-channel-opacity has-accent-2-background-color has-background eplus-wrapper\" style=\"margin-top:var(--wp--preset--spacing--10);margin-bottom:var(--wp--preset--spacing--10)\"\/>\n\n\n<div id=\"travelersmap-container-69f2bae5e986a\" class=\"travelersmap-container\" style=\"z-index: 1; min-height: 10px; min-width:10px; height:400px;width:100%; max-width:1280px; max-height:; position:relative;\"><div style=\"position:absolute; z-index:-1;top: 50%;text-align: center;display: block;left: 50%;transform: translate(-50%,-50%);\">Mapa del viajero est\u00e1 cargando...<br>Si ves esto despu\u00e9s de que tu p\u00e1gina se haya cargado completamente, es que faltan archivos leafletJS.<\/div><\/div>\n\n\n\n<hr class=\"is-style-wide wp-block-separator aligncenter has-text-color has-accent-2-color has-alpha-channel-opacity has-accent-2-background-color has-background eplus-wrapper\"\/>\n\n\n\n<div class=\"wp-block-media-text has-media-on-the-right is-stacked-on-mobile eplus-wrapper\" style=\"padding-right:var(--wp--preset--spacing--10);padding-left:var(--wp--preset--spacing--10);grid-template-columns:auto 15%\"><div class=\"wp-block-media-text__content\">\n<h4 class=\"wp-block-heading eplus-wrapper\" style=\"font-size:clamp(0.875rem, 0.875rem + ((1vw - 0.2rem) * 0.542), 1.2rem);\"><strong>FORTE CULTURA e.V. es miembro de EFFORTS Europe<\/strong><\/h4>\n\n\n\n<p style=\"font-size:clamp(0.875rem, 0.875rem + ((1vw - 0.2rem) * 0.208), 1rem);\" class=\"eplus-wrapper\">EFFORTS (Federaci\u00f3n Europea de Sitios Fortificados) es una red europea de fortalezas y organizaciones de fortalezas con sede en Bruselas. Apoya y promueve el patrimonio cultural de los monumentos fortificados y lleva a cabo una labor de presi\u00f3n en la UE en favor del patrimonio fortificado europeo.<\/p>\n<\/div><figure class=\"wp-block-media-text__media\"><a href=\"https:\/\/www.efforts-europe.eu\/\" target=\"_blank\" rel=\"noreferrer noopener\"><img loading=\"lazy\" decoding=\"async\" width=\"252\" height=\"216\" src=\"https:\/\/forte-cultura.com\/wp-content\/uploads\/logo_efforts.jpg\" alt=\"\" class=\"wp-image-1159 size-full\" srcset=\"https:\/\/forte-cultura.com\/wp-content\/uploads\/logo_efforts.jpg 252w, https:\/\/forte-cultura.com\/wp-content\/uploads\/logo_efforts-200x171.jpg 200w\" sizes=\"auto, (max-width: 252px) 100vw, 252px\" \/><\/a><\/figure><\/div>","protected":false},"excerpt":{"rendered":"<p>FORTE CULTURA e.V.&nbsp;ist das Netzwerk der gleichnamigen Kulturroute Festungsmonumente FORTE CULTURA\u00ae. Die Mitglieder bestehen aus den St\u00e4dten, Institutionen und Vereinen entlang der Kulturroute, unterst\u00fctzt durch Expert*innen und Wissenschaftler*innen vieler Fachrichtungen. [&hellip;]<\/p>\n","protected":false},"author":1,"featured_media":0,"parent":0,"menu_order":0,"comment_status":"closed","ping_status":"closed","template":"","meta":{"editor_plus_copied_stylings":"{}","pgc_sgb_lightbox_settings":"","_price":"","_stock":"","_tribe_ticket_header":"","_tribe_default_ticket_provider":"","_tribe_ticket_capacity":"0","_ticket_start_date":"","_ticket_end_date":"","_tribe_ticket_show_description":"","_tribe_ticket_show_not_going":false,"_tribe_ticket_use_global_stock":"","_tribe_ticket_global_stock_level":"","_global_stock_mode":"","_global_stock_cap":"","_tribe_rsvp_for_event":"","_tribe_ticket_going_count":"","_tribe_ticket_not_going_count":"","_tribe_tickets_list":"[]","_tribe_ticket_has_attendee_info_fields":false,"_EventAllDay":false,"_EventTimezone":"","_EventStartDate":"","_EventEndDate":"","_EventStartDateUTC":"","_EventEndDateUTC":"","_EventShowMap":false,"_EventShowMapLink":false,"_EventURL":"","_EventCost":"","_EventCostDescription":"","_EventCurrencySymbol":"","_EventCurrencyCode":"","_EventCurrencyPosition":"","_EventDateTimeSeparator":"","_EventTimeRangeSeparator":"","_EventOrganizerID":[],"_EventVenueID":[],"_OrganizerEmail":"","_OrganizerPhone":"","_OrganizerWebsite":"","_VenueAddress":"","_VenueCity":"","_VenueCountry":"","_VenueProvince":"","_VenueState":"","_VenueZip":"","_VenuePhone":"","_VenueURL":"","_VenueStateProvince":"","_VenueLat":"","_VenueLng":"","_VenueShowMap":false,"_VenueShowMapLink":false,"footnotes":""},"class_list":["post-1063","page","type-page","status-publish","hentry"],"_links":{"self":[{"href":"https:\/\/forte-cultura.com\/es\/wp-json\/wp\/v2\/pages\/1063","targetHints":{"allow":["GET"]}}],"collection":[{"href":"https:\/\/forte-cultura.com\/es\/wp-json\/wp\/v2\/pages"}],"about":[{"href":"https:\/\/forte-cultura.com\/es\/wp-json\/wp\/v2\/types\/page"}],"author":[{"embeddable":true,"href":"https:\/\/forte-cultura.com\/es\/wp-json\/wp\/v2\/users\/1"}],"replies":[{"embeddable":true,"href":"https:\/\/forte-cultura.com\/es\/wp-json\/wp\/v2\/comments?post=1063"}],"version-history":[{"count":0,"href":"https:\/\/forte-cultura.com\/es\/wp-json\/wp\/v2\/pages\/1063\/revisions"}],"wp:attachment":[{"href":"https:\/\/forte-cultura.com\/es\/wp-json\/wp\/v2\/media?parent=1063"}],"curies":[{"name":"wp","href":"https:\/\/api.w.org\/{rel}","templated":true}]}}