{"id":3434,"date":"2025-05-02T13:22:29","date_gmt":"2025-05-02T11:22:29","guid":{"rendered":"https:\/\/forte-cultura.com\/?post_type=tribe_events&#038;p=3434"},"modified":"2025-05-02T13:24:49","modified_gmt":"2025-05-02T11:24:49","slug":"3-internationales-hochsprung-meeting-in-der-spandauer-zitadelle","status":"publish","type":"tribe_events","link":"https:\/\/forte-cultura.com\/de_de\/event\/3-internationales-hochsprung-meeting-in-der-spandauer-zitadelle\/","title":{"rendered":"3. Internationales Hochsprung-Meeting in der Spandauer Zitadelle"},"content":{"rendered":"<div  class=\"tribe-events-schedule tribe-clearfix\" >\n\t<p class=\"tribe-events-schedule__datetime\">\n\t\t<span class=\"tribe-events-schedule__date tribe-events-schedule__date--start\">\n\t\t\t10. Mai 2025\t\t<\/span>\n\n\t\t\t\t\t<span class=\"tribe-events-schedule__all-day\">Ganzt\u00e4gig<\/span>\n\t\t\n\t\t\t<\/p>\n<\/div>\n\n\n\n<p class=\" eplus-wrapper\">Dieses Jahr verspricht das Hochsprungmeeting ein ganz besonderes Ereignis zu werden, und der ausrichtende TSV Spandau 1860 freut sich schon jetzt riesig darauf, euch alle begr\u00fc\u00dfen zu d\u00fcrfen!<\/p>\n\n\n\n<p class=\" eplus-wrapper\">Um 10:00h springen die Spandauer Grundsch\u00fclerinnen mit und ohne H\u00f6rbeeintr\u00e4chtigungen gemeinsam um die 2. Grundschul-Hochsprungmeisterschaft. Es wird eine Einzel &#8211; und Mannschaftswertung geben.<\/p>\n\n\n\n<p class=\" eplus-wrapper\">Um 12:00h springt der Nachwuchskader des deutschen Leichtathletik-Verbandes, angef\u00fchrt von Kira Kalb, der amtierenden U18 Europameisterin, und der Siegerin der Jugendolympiade, Ella Obeta, gemeinsam mit den geh\u00f6rlosen Frauen in einem Wettbewerb. Die Europameisterin Iris Breginska aus Slowenien hat zugesagt.<\/p>\n\n\n\n<p class=\" eplus-wrapper\">in beiden Wettbewerben zeigen Menschen mit und ohne Beeintr\u00e4chtigungen ihre Leistungsf\u00e4higkeit. Das ist zur Zeit in Deutschland einzigartig.<\/p>\n\n\n\n<p class=\" eplus-wrapper\">Um 14:00h springt dann die Weltelite der Frauen. Das Feld wird dieses Jahr angef\u00fchrt von der amtierenden Asienmeisterin aus Kasachstan, Kristina Ovchinnikova und der Olympiafinalistin von Paris, Buse Savaskas, aus der T\u00fcrkei. Die nationale Spitze wird durch Bianca Stichling, der amtietrenden deutschen Hallenmeisterin, und Johanna G\u00f6ring, der Drittplatzierten, vertreten.<\/p>\n\n\n\n<p class=\" eplus-wrapper\">Da die Saison noch sehr jung ist, gibt es keine Favoritin und verspricht einen spannenden Wettkampf.<\/p>\n\n\n\n<p class=\" eplus-wrapper\">Es w\u00e4re fantastisch, wenn ihr uns mit eurer Unterst\u00fctzung bei diesem besonderen Ereignis behilflich sein k\u00f6nntet.<\/p>\n\n\n\n<p class=\" eplus-wrapper\">Bringt eure Familien, Freunde, Verwandten und Nachbarn mit &#8211; alle sind herzlich eingeladen! Und mit etwas Gl\u00fcck gewinnt ihr noch Freikarten f\u00fcr das ISTAF, \u00fcberreicht durch Berlinho, der erneut f\u00fcr viel Stimmung sorgen wird.<\/p>\n\n\n\n<p class=\" eplus-wrapper\">Je mehr, desto unvergesslicher wird unser gemeinsames Erlebnis!<\/p>\n\n\n\n<p class=\" eplus-wrapper\">\u00dcber den Nervenkitzel des Sports hinaus erwartet euch ein Feuerwerk an Attraktionen, das Gro\u00df und Klein begeistern wird und der <strong>Eintritt ist frei<\/strong><\/p>\n\n\n\n<p class=\" eplus-wrapper\"><strong>Unsere Attraktionen f\u00fcr unsere kleinen G\u00e4ste&nbsp;<\/strong><\/p>\n\n\n<ul class=\" wp-block-list eplus-wrapper eplus-styles-uid-99a83a\"><li class=\" eplus-wrapper eplus-styles-uid-8d9cae\">Eine Gigantische H\u00fcpfburg, die eure Kleinen in den siebten Himmel katapultiert!<\/li>\n\n<li class=\" eplus-wrapper eplus-styles-uid-8d9cae\">Fu\u00dfball-Tor-Schie\u00dfen, bei dem ihr eure Torj\u00e4ger-Qualit\u00e4ten beweisen k\u00f6nnt!<\/li>\n\n<li class=\" eplus-wrapper eplus-styles-uid-8d9cae\">Ninja-Parcour, der Geschicklichkeit und Mut auf die Probe stellt &#8211; seid bereit!<\/li>\n\n<li class=\" eplus-wrapper eplus-styles-uid-8d9cae\">Entenangeln\u00a0&#8211; ein Spa\u00df f\u00fcr Jung und Alt, bei dem ihr euer Gl\u00fcck versuchen k\u00f6nnt!<\/li>\n\n<li class=\" eplus-wrapper eplus-styles-uid-8d9cae\">Lichtschrankenrennen, bei dem die Geschwindigkeit im Mittelpunkt steht!<\/li>\n\n<li class=\" eplus-wrapper eplus-styles-uid-8d9cae\">Blinden-Parcour, bei den ihr in die Welt aus der &#8222;Sicht&#8220; von blinden-und sehbehinderten Menschen eintaucht!<\/li>\n\n<li class=\" eplus-wrapper eplus-styles-uid-8d9cae\"><strong>Und das ist nur ein kleiner Vorgeschmack auf das, was euch erwartet!<\/strong><\/li><\/ul>\n\n\n<p class=\" eplus-wrapper\">F\u00fcr die Erwachsenen haben wir unseren Grillstand in eine wahre Genuss-Oase verwandelt! Genie\u00dft k\u00fchle Getr\u00e4nke wie erfrischendes Bier, spritzige Cola und prickelndes Wasser, w\u00e4hrend ihr die Sonne genie\u00dft und euch von der sportlichen Atmosph\u00e4re anstecken lasst.<\/p>\n\n\n\n<figure class=\" wp-block-image size-large eplus-wrapper\"><img loading=\"lazy\" decoding=\"async\" width=\"738\" height=\"1024\" src=\"https:\/\/forte-cultura.com\/wp-content\/uploads\/Scan_20250425-738x1024.jpg\" alt=\"\" class=\"wp-image-3435\" srcset=\"https:\/\/forte-cultura.com\/wp-content\/uploads\/Scan_20250425-738x1024.jpg 738w, https:\/\/forte-cultura.com\/wp-content\/uploads\/Scan_20250425-216x300.jpg 216w, https:\/\/forte-cultura.com\/wp-content\/uploads\/Scan_20250425-768x1066.jpg 768w, https:\/\/forte-cultura.com\/wp-content\/uploads\/Scan_20250425-1106x1536.jpg 1106w, https:\/\/forte-cultura.com\/wp-content\/uploads\/Scan_20250425-1475x2048.jpg 1475w, https:\/\/forte-cultura.com\/wp-content\/uploads\/Scan_20250425-9x12.jpg 9w, https:\/\/forte-cultura.com\/wp-content\/uploads\/Scan_20250425-scaled.jpg 1844w\" sizes=\"auto, (max-width: 738px) 100vw, 738px\" \/><\/figure>\n\n\n<div  class=\"tribe-block tribe-block__event-price\" >\n\t\t<\/div>\n\n\n<div  class=\"tribe-block tribe-block__organizer__details tribe-clearfix\" >\n\t<div class=\"tribe-block__organizer__title\">\n\t\t<h3>TSV Spandau 1860<\/h3>\n\t<\/div>\n\t\t\t\t\t<p class=\"tribe-block__organizer__email\">i&#110;&#102;o&#064;s&#112;and&#097;&#117;&#101;&#114;-h&#111;c&#104;sp&#114;u&#110;gm&#101;et&#105;ng.de<\/p>\n\t<\/div>\n\n\n<div  class=\"tribe-block tribe-block__venue tribe-clearfix tribe-block__venue--has-map\" >\n\t\n\t\n<div class=\"tribe-block__venue__meta\">\n\t<div class=\"tribe-block__venue__name\">\n\t\t<h3>Zitadelle Spandau<\/h3>\n\t<\/div>\n\n\t\n\t\t\t\t\t\t<address class=\"tribe-block__venue__address\">\n\t\t\t\t<span class=\"tribe-address\">\n\n<span class=\"tribe-street-address\">Am Juliusturm 64<\/span>\n\t\n\t\t<br>\n\t\t<span class=\"tribe-locality\">Berlin<\/span><span class=\"tribe-delimiter\">,<\/span>\n\n\n\t<span class=\"tribe-postal-code\">13599<\/span>\n\n\t<span class=\"tribe-country-name\">Germany<\/span>\n\n<\/span>\n\n\t\t\t\t\t\t\t\t\t<a class=\"tribe-events-gmap\" href=\"https:\/\/maps.google.com\/maps?f=q&#038;source=s_q&#038;hl=en&#038;geocode=&#038;q=Am+Juliusturm+64+Berlin+13599+Germany\" title=\"Klicken, um Google Karte anzuzeigen\" target=\"_blank\" rel=\"noreferrer noopener\">Google Karte anzeigen<\/a>\t\t\t\t\t\t\t<\/address>\n\t\t\n\t\t\n\t\t\t\t\t<span class=\"tribe-block__venue__website\"><a href=\"http:\/\/www.zitadelle-berlin.de\/\" target=\"_self\" rel=\"external noopener\">Veranstaltungsort-Website anzeigen<\/a><\/span><br \/>\n\t\t\t\n\t<\/div>\n\t\n<div class=\"tribe-block__venue__map\">\n\t<div id=\"tribe-events-gmap-0\" style=\"height: 256px; width: 310px\" aria-hidden=\"true\"><\/div><!-- #tribe-events-gmap- -->\n<\/div>\n\n\t<\/div>\n\n\n<div  class=\"tribe-block tribe-block__event-website\" >\n\t<a href=\"https:\/\/www.spandauer-hochsprungmeeting.de\/\" target=\"_self\" rel=\"noopener\">\n\t\tEventwebseite\t<\/a>\n<\/div>\n\n\n\t<div  class=\"tribe-block tribe-block__events-link\" >\n\t\t<div class=\"tribe-events tribe-common\">\n\t\t\t<div class=\"tribe-events-c-subscribe-dropdown__container\">\n\t\t\t\t<div class=\"tribe-events-c-subscribe-dropdown\">\n\t\t\t\t\t<div class=\"tribe-common-c-btn-border tribe-events-c-subscribe-dropdown__button\">\n\t\t\t\t\t\t<svg\n\t class=\"tribe-common-c-svgicon tribe-common-c-svgicon--cal-export tribe-events-c-subscribe-dropdown__export-icon\" \taria-hidden=\"true\"\n\tviewBox=\"0 0 23 17\"\n\txmlns=\"http:\/\/www.w3.org\/2000\/svg\"\n>\n\t<path fill-rule=\"evenodd\" clip-rule=\"evenodd\" d=\"M.128.896V16.13c0 .211.145.383.323.383h15.354c.179 0 .323-.172.323-.383V.896c0-.212-.144-.383-.323-.383H.451C.273.513.128.684.128.896Zm16 6.742h-.901V4.679H1.009v10.729h14.218v-3.336h.901V7.638ZM1.01 1.614h14.218v2.058H1.009V1.614Z\" \/>\n\t<path d=\"M20.5 9.846H8.312M18.524 6.953l2.89 2.909-2.855 2.855\" stroke-width=\"1.2\" stroke-linecap=\"round\" stroke-linejoin=\"round\"\/>\n<\/svg>\n\t\t\t\t\t\t<button\n\t\t\t\t\t\t\tclass=\"tribe-events-c-subscribe-dropdown__button-text\"\n\t\t\t\t\t\t\taria-expanded=\"false\"\n\t\t\t\t\t\t\taria-controls=\"tribe-events-subscribe-dropdown-content\"\n\t\t\t\t\t\t\taria-label=\"Zeige Links an um Veranstaltungen zu deinem Kalender hinzuzuf\u00fcgen\"\n\t\t\t\t\t\t>\n\t\t\t\t\t\t\tZum Kalender hinzuf\u00fcgen\t\t\t\t\t\t<\/button>\n\t\t\t\t\t\t<svg\n\t class=\"tribe-common-c-svgicon tribe-common-c-svgicon--caret-down tribe-events-c-subscribe-dropdown__button-icon\" \taria-hidden=\"true\"\n\tviewBox=\"0 0 10 7\"\n\txmlns=\"http:\/\/www.w3.org\/2000\/svg\"\n>\n\t<path fill-rule=\"evenodd\" clip-rule=\"evenodd\" d=\"M1.008.609L5 4.6 8.992.61l.958.958L5 6.517.05 1.566l.958-.958z\" class=\"tribe-common-c-svgicon__svg-fill\"\/>\n<\/svg>\n\t\t\t\t\t<\/div>\n\t\t\t\t\t<div id=\"tribe-events-subscribe-dropdown-content\" class=\"tribe-events-c-subscribe-dropdown__content\">\n\t\t\t\t\t\t<ul class=\"tribe-events-c-subscribe-dropdown__list\">\n\t\t\t\t\t\t\t\t\t\t\t\t\t\t\t<li class=\"tribe-events-c-subscribe-dropdown__list-item tribe-events-c-subscribe-dropdown__list-item--gcal\">\n\t\t\t\t\t\t\t\t\t<a href=\"https:\/\/www.google.com\/calendar\/event?action=TEMPLATE&#038;dates=20250510T000000\/20250510T235959&#038;text=3.%20Internationales%20Hochsprung-Meeting%20in%20der%20Spandauer%20Zitadelle&#038;details=%3Cp+class%3D%22+eplus-wrapper%22%3EDieses+Jahr+verspricht+das+Hochsprungmeeting+ein+ganz+besonderes+Ereignis+zu+werden%2C+und+der+ausrichtende+TSV+Spandau+1860+freut+sich+schon+jetzt+riesig+darauf%2C+euch+alle+begr%C3%BC%C3%9Fen+zu+d%C3%BCrfen%21%3C%2Fp%3E+%3Cp+class%3D%22+eplus-wrapper%22%3EUm+10%3A00h+springen+die+Spandauer+Grundsch%C3%BClerinnen+mit+und+ohne+H%C3%B6rbeeintr%C3%A4chtigungen+gemeinsam+um+die+2.+Grundschul-Hochsprungmeisterschaft.+Es+wird+eine+Einzel+-+und+Mannschaftswertung+geben.%3C%2Fp%3E+%3Cp+class%3D%22+eplus-wrapper%22%3EUm+12%3A00h+springt+der+Nachwuchskader+des+deutschen+Leichtathletik-Verbandes%2C+angef%C3%BChrt+von+Kira+Kalb%2C+der+amtierenden+U18+Europameisterin%2C+und+der+Siegerin+der+Jugendolympiade%2C+Ella+Obeta%2C+gemeinsam+mit+den+geh%C3%B6rlosen+Frauen+in+einem+Wettbewerb.+Die+Europameisterin+Iris+Breginska+aus+Slowenien+hat+zugesagt.%3C%2Fp%3E+%3Cp+class%3D%22+eplus-wrapper%22%3Ein+beiden+Wettbewerben+zeigen+Menschen+mit+und+ohne+Beeintr%C3%A4chtigungen+ihre+Leistungsf%C3%A4higkeit.+Das+ist+zur+Zeit+in+Deutschland+einzigartig.%3C%2Fp%3E+%3Cp+class%3D%22+e+%28Zeige+vollst%C3%A4ndige+Veranstaltung-Beschreibung+hier+an%3A+https%3A%2F%2Fforte-cultura.com%2Fde_de%2Fevent%2F3-internationales-hochsprung-meeting-in-der-spandauer-zitadelle%2F%29&#038;location=Zitadelle%20Spandau,%20Am%20Juliusturm%2064,%20Berlin,%2013599,%20Germany&#038;trp=false&#038;ctz=Europe\/Berlin&#038;sprop=website:https:\/\/forte-cultura.com\/de_de\" class=\"tribe-events-c-subscribe-dropdown__list-item-link\" target=\"_blank\" rel=\"noopener noreferrer nofollow noindex\">\n\t\t\t\t\t\t\t\t\t\tGoogle Kalender\t\t\t\t\t\t\t\t\t<\/a>\n\t\t\t\t\t\t\t\t<\/li>\n\t\t\t\t\t\t\t\t\t\t\t\t\t\t\t<li class=\"tribe-events-c-subscribe-dropdown__list-item tribe-events-c-subscribe-dropdown__list-item--ical\">\n\t\t\t\t\t\t\t\t\t<a\n\t\t\t\t\t\t\t\t\t\thref=\"\"\n\t\t\t\t\t\t\t\t\t\tclass=\"tribe-events-c-subscribe-dropdown__list-item-link\"\n\t\t\t\t\t\t\t\t\t\ttarget=\"_blank\"\n\t\t\t\t\t\t\t\t\t\trel=\"noopener noreferrer nofollow noindex\"\n\t\t\t\t\t\t\t\t\t>\n\t\t\t\t\t\t\t\t\t\tiCalendar\t\t\t\t\t\t\t\t\t<\/a>\n\t\t\t\t\t\t\t\t<\/li>\n\t\t\t\t\t\t\t\t\t\t\t\t\t\t\t<li class=\"tribe-events-c-subscribe-dropdown__list-item tribe-events-c-subscribe-dropdown__list-item--outlook-365\">\n\t\t\t\t\t\t\t\t\t<a\n\t\t\t\t\t\t\t\t\t\thref=\"\"\n\t\t\t\t\t\t\t\t\t\tclass=\"tribe-events-c-subscribe-dropdown__list-item-link\"\n\t\t\t\t\t\t\t\t\t\ttarget=\"_blank\"\n\t\t\t\t\t\t\t\t\t\trel=\"noopener noreferrer nofollow noindex\"\n\t\t\t\t\t\t\t\t\t>\n\t\t\t\t\t\t\t\t\t\tOutlook 365\t\t\t\t\t\t\t\t\t<\/a>\n\t\t\t\t\t\t\t\t<\/li>\n\t\t\t\t\t\t\t\t\t\t\t\t\t\t\t<li class=\"tribe-events-c-subscribe-dropdown__list-item tribe-events-c-subscribe-dropdown__list-item--outlook-live\">\n\t\t\t\t\t\t\t\t\t<a\n\t\t\t\t\t\t\t\t\t\thref=\"\"\n\t\t\t\t\t\t\t\t\t\tclass=\"tribe-events-c-subscribe-dropdown__list-item-link\"\n\t\t\t\t\t\t\t\t\t\ttarget=\"_blank\"\n\t\t\t\t\t\t\t\t\t\trel=\"noopener noreferrer nofollow noindex\"\n\t\t\t\t\t\t\t\t\t>\n\t\t\t\t\t\t\t\t\t\tOutlook Live\t\t\t\t\t\t\t\t\t<\/a>\n\t\t\t\t\t\t\t\t<\/li>\n\t\t\t\t\t\t\t\t\t\t\t\t\t<\/ul>\n\t\t\t\t\t<\/div>\n\t\t\t\t<\/div>\n\t\t\t<\/div>\n\t\t<\/div>\n\t<\/div>\n\n\n\n\n\n","protected":false},"excerpt":{"rendered":"<p>Dieses Jahr verspricht das Hochsprungmeeting ein ganz besonderes Ereignis zu werden, und der ausrichtende TSV Spandau 1860 freut sich schon jetzt riesig darauf, euch alle begr\u00fc\u00dfen zu d\u00fcrfen! Um 10:00h [&hellip;]<\/p>\n","protected":false},"author":1,"featured_media":3442,"template":"","meta":{"editor_plus_copied_stylings":"{}","pgc_sgb_lightbox_settings":"","_price":"","_stock":"","_tribe_ticket_header":"","_tribe_default_ticket_provider":"","_tribe_ticket_capacity":"","_ticket_start_date":"","_ticket_end_date":"","_tribe_ticket_show_description":"","_tribe_ticket_show_not_going":false,"_tribe_ticket_use_global_stock":"","_tribe_ticket_global_stock_level":"","_global_stock_mode":"","_global_stock_cap":"","_tribe_rsvp_for_event":"","_tribe_ticket_going_count":"","_tribe_ticket_not_going_count":"","_tribe_tickets_list":"[]","_tribe_ticket_has_attendee_info_fields":false,"_EventAllDay":true,"_EventTimezone":"Europe\/Berlin","_EventStartDate":"2025-05-10 00:00:00","_EventEndDate":"2025-05-10 23:59:59","_EventStartDateUTC":"2025-05-09 22:00:00","_EventEndDateUTC":"2025-05-10 21:59:59","_EventShowMap":false,"_EventShowMapLink":false,"_EventURL":"https:\/\/www.spandauer-hochsprungmeeting.de\/","_EventCost":"","_EventCostDescription":"","_EventCurrencySymbol":"\u20ac","_EventCurrencyCode":"EUR","_EventCurrencyPosition":"prefix","_EventDateTimeSeparator":" @ ","_EventTimeRangeSeparator":" - ","_EventOrganizerID":[3437],"_EventVenueID":[3438],"_OrganizerEmail":"","_OrganizerPhone":"","_OrganizerWebsite":"","_VenueAddress":"","_VenueCity":"","_VenueCountry":"","_VenueProvince":"","_VenueState":"","_VenueZip":"","_VenuePhone":"","_VenueURL":"","_VenueStateProvince":"","_VenueLat":"","_VenueLng":"","_VenueShowMap":false,"_VenueShowMapLink":false,"_tribe_events_status":"","_tribe_events_status_reason":"","footnotes":"","_tec_slr_enabled":"","_tec_slr_layout":""},"tags":[491,461,460,472],"tribe_events_cat":[],"class_list":["post-3434","tribe_events","type-tribe_events","status-publish","has-post-thumbnail","hentry","tag-berlin","tag-familie","tag-kids","tag-sport"],"ticketed":false,"_links":{"self":[{"href":"https:\/\/forte-cultura.com\/de_de\/wp-json\/wp\/v2\/tribe_events\/3434","targetHints":{"allow":["GET"]}}],"collection":[{"href":"https:\/\/forte-cultura.com\/de_de\/wp-json\/wp\/v2\/tribe_events"}],"about":[{"href":"https:\/\/forte-cultura.com\/de_de\/wp-json\/wp\/v2\/types\/tribe_events"}],"author":[{"embeddable":true,"href":"https:\/\/forte-cultura.com\/de_de\/wp-json\/wp\/v2\/users\/1"}],"version-history":[{"count":0,"href":"https:\/\/forte-cultura.com\/de_de\/wp-json\/wp\/v2\/tribe_events\/3434\/revisions"}],"wp:featuredmedia":[{"embeddable":true,"href":"https:\/\/forte-cultura.com\/de_de\/wp-json\/wp\/v2\/media\/3442"}],"wp:attachment":[{"href":"https:\/\/forte-cultura.com\/de_de\/wp-json\/wp\/v2\/media?parent=3434"}],"wp:term":[{"taxonomy":"post_tag","embeddable":true,"href":"https:\/\/forte-cultura.com\/de_de\/wp-json\/wp\/v2\/tags?post=3434"},{"taxonomy":"tribe_events_cat","embeddable":true,"href":"https:\/\/forte-cultura.com\/de_de\/wp-json\/wp\/v2\/tribe_events_cat?post=3434"}],"curies":[{"name":"wp","href":"https:\/\/api.w.org\/{rel}","templated":true}]}}